{"id":11640,"date":"2026-09-01T20:41:31","date_gmt":"2026-09-01T18:41:31","guid":{"rendered":"https:\/\/ecocranes.hu\/?post_type=referencia&#038;p=11640"},"modified":"2026-09-03T14:33:52","modified_gmt":"2026-09-03T12:33:52","slug":"emelogep-szerkezeti-vizsgalat-vagy-fovizsgalat-mikor-melyikre-van-szukseg","status":"publish","type":"referencia","link":"https:\/\/ecocranes.hu\/ro\/referenciak\/emelogep-szerkezeti-vizsgalat-vagy-fovizsgalat-mikor-melyikre-van-szukseg\/","title":{"rendered":"Inspec\u021bia structural\u0103 sau inspec\u021bia general\u0103 a echipamentelor de ridicare \u2013 c\u00e2nd este necesar\u0103 fiecare dintre ele?"},"content":{"rendered":"<h2>Gyakorlati Eco-Cranes szerviztapasztalatok<\/h2>\n<p>Az Eco-Cranes munk\u00e1i k\u00f6z\u00f6tt \u00f6t emel\u0151 f\u0151vizsg\u00e1lata, daruk szerkezeti vizsg\u00e1lata, valamint daruk \u00e9s f\u00fcggeszt\u00e9kek egy\u00fcttes vizsg\u00e1lata is szerepel. Nagyobb telephelyen \u00e9rdemes egys\u00e9ges vizsg\u00e1lati nyilv\u00e1ntart\u00e1st vezetni.<\/p>\n<h2>Mikor melyik megold\u00e1s indokolt?<\/h2>\n<p>Az Emel\u0151g\u00e9p Biztons\u00e1gi Szab\u00e1lyzat az id\u0151szakos biztons\u00e1gi fel\u00fclvizsg\u00e1latot, a szerkezeti vizsg\u00e1latot \u00e9s a f\u0151vizsg\u00e1latot is id\u0151szakos vizsg\u00e1latk\u00e9nt kezeli. Az id\u0151szakos biztons\u00e1gi fel\u00fclvizsg\u00e1latot legal\u00e1bb \u00f6t\u00e9venk\u00e9nt, illetve a k\u00f6rnyezet megv\u00e1ltoz\u00e1sakor kell elv\u00e9gezni, ha a gy\u00e1rt\u00f3 nem \u00edr el\u0151 r\u00f6videbb gyakoris\u00e1got.<\/p>\n<h2>Jogszab\u00e1lyi \/ vizsg\u00e1lati h\u00e1tt\u00e9r<\/h2>\n<p>A kapcsol\u00f3d\u00f3 \u00e1ll\u00edt\u00e1sokat a 47\/1999. (VIII. 4.) GM rendelettel kiadott Emel\u0151g\u00e9p Biztons\u00e1gi Szab\u00e1lyzat alapj\u00e1n ellen\u0151rizt\u00fck. Hivatalos forr\u00e1s: https:\/\/njt.jog.gov.hu\/jogszabaly\/1999-47-20-83.4<\/p>\n<p>Kapcsol\u00f3d\u00f3 szakmai oldal: Eco-Cranes szerviz, karbantart\u00e1s \u00e9s emel\u0151g\u00e9p-vizsg\u00e1lat<\/p>","protected":false},"excerpt":{"rendered":"<p>A szerkezeti vizsg\u00e1lat \u00e9s a f\u0151vizsg\u00e1lat az emel\u0151g\u00e9pek id\u0151szakos vizsg\u00e1lati rendszer\u00e9nek k\u00fcl\u00f6n elemei. Az esed\u00e9kes vizsg\u00e1latot a berendez\u00e9s dokument\u00e1ci\u00f3ja \u00e9s vizsg\u00e1lati ciklusa alapj\u00e1n kell meghat\u00e1rozni.<\/p>","protected":false},"featured_media":10440,"menu_order":0,"template":"","meta":{"_acf_changed":false,"footnotes":""},"ref_tipus":[238],"ref_berendezes":[263],"ref_iparag":[],"ref_problema":[267],"class_list":["post-11640","referencia","type-referencia","status-publish","has-post-thumbnail","hentry","ref_tipus-problemak-es-megoldasok","ref_berendezes-vegyes-emelogep-allomany","ref_problema-vizsgalat","has-thumb"],"acf":[],"yoast_head":"<!-- This site is optimized with the Yoast SEO Premium plugin v26.2 (Yoast SEO v26.6) - https:\/\/yoast.com\/wordpress\/plugins\/seo\/ -->\n<title>Szerkezeti vizsg\u00e1lat vagy f\u0151vizsg\u00e1lat \u2013 melyik kell?<\/title>\n<meta name=\"description\" content=\"A szerkezeti vizsg\u00e1lat \u00e9s a f\u0151vizsg\u00e1lat az id\u0151szakos vizsg\u00e1lati rendszer k\u00fcl\u00f6n elemei. Az esed\u00e9kess\u00e9get a berendez\u00e9s dokument\u00e1ci\u00f3ja hat\u00e1rozza meg.\" \/>\n<meta name=\"robots\" content=\"index, follow, max-snippet:-1, max-image-preview:large, max-video-preview:-1\" \/>\n<link rel=\"canonical\" href=\"https:\/\/ecocranes.hu\/ro\/referenciak\/emelogep-szerkezeti-vizsgalat-vagy-fovizsgalat-mikor-melyikre-van-szukseg\/\" \/>\n<meta property=\"og:locale\" content=\"ro_RO\" \/>\n<meta property=\"og:type\" content=\"article\" \/>\n<meta property=\"og:title\" content=\"Emel\u0151g\u00e9p szerkezeti vizsg\u00e1lat vagy f\u0151vizsg\u00e1lat \u2013 mikor melyikre van sz\u00fcks\u00e9g?\" \/>\n<meta property=\"og:description\" content=\"A szerkezeti vizsg\u00e1lat \u00e9s a f\u0151vizsg\u00e1lat az id\u0151szakos vizsg\u00e1lati rendszer k\u00fcl\u00f6n elemei. Az esed\u00e9kess\u00e9get a berendez\u00e9s dokument\u00e1ci\u00f3ja hat\u00e1rozza meg.\" \/>\n<meta property=\"og:url\" content=\"https:\/\/ecocranes.hu\/ro\/referenciak\/emelogep-szerkezeti-vizsgalat-vagy-fovizsgalat-mikor-melyikre-van-szukseg\/\" \/>\n<meta property=\"og:site_name\" content=\"Eco-Cranes\" \/>\n<meta property=\"article:publisher\" content=\"https:\/\/www.facebook.com\/ecocranes\" \/>\n<meta property=\"article:modified_time\" content=\"2026-09-03T12:33:52+00:00\" \/>\n<meta property=\"og:image\" content=\"https:\/\/ecocranes.hu\/wp-content\/uploads\/2025\/11\/1.-14.jpg\" \/>\n\t<meta property=\"og:image:width\" content=\"1600\" \/>\n\t<meta property=\"og:image:height\" content=\"960\" \/>\n\t<meta property=\"og:image:type\" content=\"image\/jpeg\" \/>\n<meta name=\"twitter:card\" content=\"summary_large_image\" \/>\n<meta name=\"twitter:label1\" content=\"Timp estimat pentru citire\" \/>\n\t<meta name=\"twitter:data1\" content=\"1 minut\" \/>\n<script type=\"application\/ld+json\" class=\"yoast-schema-graph\">{\"@context\":\"https:\/\/schema.org\",\"@graph\":[{\"@type\":\"WebPage\",\"@id\":\"https:\/\/ecocranes.hu\/referenciak\/emelogep-szerkezeti-vizsgalat-vagy-fovizsgalat-mikor-melyikre-van-szukseg\/\",\"url\":\"https:\/\/ecocranes.hu\/referenciak\/emelogep-szerkezeti-vizsgalat-vagy-fovizsgalat-mikor-melyikre-van-szukseg\/\",\"name\":\"Szerkezeti vizsg\u00e1lat vagy f\u0151vizsg\u00e1lat \u2013 melyik kell?\",\"isPartOf\":{\"@id\":\"https:\/\/ecocranes.hu\/#website\"},\"primaryImageOfPage\":{\"@id\":\"https:\/\/ecocranes.hu\/referenciak\/emelogep-szerkezeti-vizsgalat-vagy-fovizsgalat-mikor-melyikre-van-szukseg\/#primaryimage\"},\"image\":{\"@id\":\"https:\/\/ecocranes.hu\/referenciak\/emelogep-szerkezeti-vizsgalat-vagy-fovizsgalat-mikor-melyikre-van-szukseg\/#primaryimage\"},\"thumbnailUrl\":\"https:\/\/ecocranes.hu\/wp-content\/uploads\/2025\/11\/1.-14.jpg\",\"datePublished\":\"2026-09-01T18:41:31+00:00\",\"dateModified\":\"2026-09-03T12:33:52+00:00\",\"description\":\"A szerkezeti vizsg\u00e1lat \u00e9s a f\u0151vizsg\u00e1lat az id\u0151szakos vizsg\u00e1lati rendszer k\u00fcl\u00f6n elemei. Az esed\u00e9kess\u00e9get a berendez\u00e9s dokument\u00e1ci\u00f3ja hat\u00e1rozza meg.\",\"breadcrumb\":{\"@id\":\"https:\/\/ecocranes.hu\/referenciak\/emelogep-szerkezeti-vizsgalat-vagy-fovizsgalat-mikor-melyikre-van-szukseg\/#breadcrumb\"},\"inLanguage\":\"ro-RO\",\"potentialAction\":[{\"@type\":\"ReadAction\",\"target\":[\"https:\/\/ecocranes.hu\/referenciak\/emelogep-szerkezeti-vizsgalat-vagy-fovizsgalat-mikor-melyikre-van-szukseg\/\"]}],\"speakable\":{\"@type\":\"SpeakableSpecification\",\"cssSelector\":[\"h1\",\".elementor-widget-text-editor\"]}},{\"@type\":\"ImageObject\",\"inLanguage\":\"ro-RO\",\"@id\":\"https:\/\/ecocranes.hu\/referenciak\/emelogep-szerkezeti-vizsgalat-vagy-fovizsgalat-mikor-melyikre-van-szukseg\/#primaryimage\",\"url\":\"https:\/\/ecocranes.hu\/wp-content\/uploads\/2025\/11\/1.-14.jpg\",\"contentUrl\":\"https:\/\/ecocranes.hu\/wp-content\/uploads\/2025\/11\/1.-14.jpg\",\"width\":1600,\"height\":960,\"caption\":\"Emel\u0151berendez\u00e9s ipari k\u00f6rnyezetben\"},{\"@type\":\"BreadcrumbList\",\"@id\":\"https:\/\/ecocranes.hu\/referenciak\/emelogep-szerkezeti-vizsgalat-vagy-fovizsgalat-mikor-melyikre-van-szukseg\/#breadcrumb\",\"itemListElement\":[{\"@type\":\"ListItem\",\"position\":1,\"name\":\"Home\",\"item\":\"https:\/\/ecocranes.hu\/en\/\"},{\"@type\":\"ListItem\",\"position\":2,\"name\":\"Emel\u0151g\u00e9p szerkezeti vizsg\u00e1lat vagy f\u0151vizsg\u00e1lat \u2013 mikor melyikre van sz\u00fcks\u00e9g?\"}]},{\"@type\":\"WebSite\",\"@id\":\"https:\/\/ecocranes.hu\/#website\",\"url\":\"https:\/\/ecocranes.hu\/\",\"name\":\"Eco-Cranes\",\"description\":\"Daruk \u00e9s emel\u0151g\u00e9pek\",\"publisher\":{\"@id\":\"https:\/\/ecocranes.hu\/#organization\"},\"potentialAction\":[{\"@type\":\"SearchAction\",\"target\":{\"@type\":\"EntryPoint\",\"urlTemplate\":\"https:\/\/ecocranes.hu\/?s={search_term_string}\"},\"query-input\":{\"@type\":\"PropertyValueSpecification\",\"valueRequired\":true,\"valueName\":\"search_term_string\"}}],\"inLanguage\":\"ro-RO\"},{\"@type\":\"Organization\",\"@id\":\"https:\/\/ecocranes.hu\/#organization\",\"name\":\"Eco-Cranes\",\"url\":\"https:\/\/ecocranes.hu\/\",\"logo\":{\"@type\":\"ImageObject\",\"inLanguage\":\"ro-RO\",\"@id\":\"https:\/\/ecocranes.hu\/#\/schema\/logo\/image\/\",\"url\":\"https:\/\/ecocranes.hu\/wp-content\/uploads\/2025\/09\/eco-cranes-logo.png\",\"contentUrl\":\"https:\/\/ecocranes.hu\/wp-content\/uploads\/2025\/09\/eco-cranes-logo.png\",\"width\":180,\"height\":18,\"caption\":\"Eco-Cranes\"},\"image\":{\"@id\":\"https:\/\/ecocranes.hu\/#\/schema\/logo\/image\/\"},\"sameAs\":[\"https:\/\/www.facebook.com\/ecocranes\"],\"address\":{\"@type\":\"PostalAddress\",\"streetAddress\":\"Ybl Mikl\u00f3s utca 42.\",\"addressLocality\":\"F\u00f3t\",\"postalCode\":\"2151\",\"addressCountry\":\"HU\"},\"geo\":{\"@type\":\"GeoCoordinates\",\"latitude\":47.61583300000000207319317269138991832733154296875,\"longitude\":19.181837000000001580701791681349277496337890625},\"openingHoursSpecification\":[{\"@type\":\"OpeningHoursSpecification\",\"dayOfWeek\":[\"Monday\",\"Tuesday\",\"Wednesday\",\"Thursday\",\"Friday\"],\"opens\":\"08:00\",\"closes\":\"17:00\"}],\"description\":\"Daruk, h\u00edddaruk, forg\u00f3daruk \u00e9s hidraulikus emel\u0151asztalok tervez\u00e9se, gy\u00e1rt\u00e1sa, telep\u00edt\u00e9se, szervize \u00e9s id\u0151szakos vizsg\u00e1lata.\",\"email\":\"info@ecocranes.hu\",\"telephone\":\"+36 27 360823\",\"legalName\":\"ECO-CRANES HUNGARY Daruk \u00e9s Emel\u0151g\u00e9pek Korl\u00e1tolt Felel\u0151ss\u00e9g\u0171 T\u00e1rsas\u00e1g\",\"vatID\":\"11912606-2-13\"}]}<\/script>\n<!-- \/ Yoast SEO Premium plugin. -->","yoast_head_json":{"title":"Szerkezeti vizsg\u00e1lat vagy f\u0151vizsg\u00e1lat \u2013 melyik kell?","description":"A szerkezeti vizsg\u00e1lat \u00e9s a f\u0151vizsg\u00e1lat az id\u0151szakos vizsg\u00e1lati rendszer k\u00fcl\u00f6n elemei. Az esed\u00e9kess\u00e9get a berendez\u00e9s dokument\u00e1ci\u00f3ja hat\u00e1rozza meg.","robots":{"index":"index","follow":"follow","max-snippet":"max-snippet:-1","max-image-preview":"max-image-preview:large","max-video-preview":"max-video-preview:-1"},"canonical":"https:\/\/ecocranes.hu\/ro\/referenciak\/emelogep-szerkezeti-vizsgalat-vagy-fovizsgalat-mikor-melyikre-van-szukseg\/","og_locale":"ro_RO","og_type":"article","og_title":"Emel\u0151g\u00e9p szerkezeti vizsg\u00e1lat vagy f\u0151vizsg\u00e1lat \u2013 mikor melyikre van sz\u00fcks\u00e9g?","og_description":"A szerkezeti vizsg\u00e1lat \u00e9s a f\u0151vizsg\u00e1lat az id\u0151szakos vizsg\u00e1lati rendszer k\u00fcl\u00f6n elemei. Az esed\u00e9kess\u00e9get a berendez\u00e9s dokument\u00e1ci\u00f3ja hat\u00e1rozza meg.","og_url":"https:\/\/ecocranes.hu\/ro\/referenciak\/emelogep-szerkezeti-vizsgalat-vagy-fovizsgalat-mikor-melyikre-van-szukseg\/","og_site_name":"Eco-Cranes","article_publisher":"https:\/\/www.facebook.com\/ecocranes","article_modified_time":"2026-09-03T12:33:52+00:00","og_image":[{"width":1600,"height":960,"url":"https:\/\/ecocranes.hu\/wp-content\/uploads\/2025\/11\/1.-14.jpg","type":"image\/jpeg"}],"twitter_card":"summary_large_image","twitter_misc":{"Timp estimat pentru citire":"1 minut"},"schema":{"@context":"https:\/\/schema.org","@graph":[{"@type":"WebPage","@id":"https:\/\/ecocranes.hu\/referenciak\/emelogep-szerkezeti-vizsgalat-vagy-fovizsgalat-mikor-melyikre-van-szukseg\/","url":"https:\/\/ecocranes.hu\/referenciak\/emelogep-szerkezeti-vizsgalat-vagy-fovizsgalat-mikor-melyikre-van-szukseg\/","name":"Szerkezeti vizsg\u00e1lat vagy f\u0151vizsg\u00e1lat \u2013 melyik kell?","isPartOf":{"@id":"https:\/\/ecocranes.hu\/#website"},"primaryImageOfPage":{"@id":"https:\/\/ecocranes.hu\/referenciak\/emelogep-szerkezeti-vizsgalat-vagy-fovizsgalat-mikor-melyikre-van-szukseg\/#primaryimage"},"image":{"@id":"https:\/\/ecocranes.hu\/referenciak\/emelogep-szerkezeti-vizsgalat-vagy-fovizsgalat-mikor-melyikre-van-szukseg\/#primaryimage"},"thumbnailUrl":"https:\/\/ecocranes.hu\/wp-content\/uploads\/2025\/11\/1.-14.jpg","datePublished":"2026-09-01T18:41:31+00:00","dateModified":"2026-09-03T12:33:52+00:00","description":"A szerkezeti vizsg\u00e1lat \u00e9s a f\u0151vizsg\u00e1lat az id\u0151szakos vizsg\u00e1lati rendszer k\u00fcl\u00f6n elemei. Az esed\u00e9kess\u00e9get a berendez\u00e9s dokument\u00e1ci\u00f3ja hat\u00e1rozza meg.","breadcrumb":{"@id":"https:\/\/ecocranes.hu\/referenciak\/emelogep-szerkezeti-vizsgalat-vagy-fovizsgalat-mikor-melyikre-van-szukseg\/#breadcrumb"},"inLanguage":"ro-RO","potentialAction":[{"@type":"ReadAction","target":["https:\/\/ecocranes.hu\/referenciak\/emelogep-szerkezeti-vizsgalat-vagy-fovizsgalat-mikor-melyikre-van-szukseg\/"]}],"speakable":{"@type":"SpeakableSpecification","cssSelector":["h1",".elementor-widget-text-editor"]}},{"@type":"ImageObject","inLanguage":"ro-RO","@id":"https:\/\/ecocranes.hu\/referenciak\/emelogep-szerkezeti-vizsgalat-vagy-fovizsgalat-mikor-melyikre-van-szukseg\/#primaryimage","url":"https:\/\/ecocranes.hu\/wp-content\/uploads\/2025\/11\/1.-14.jpg","contentUrl":"https:\/\/ecocranes.hu\/wp-content\/uploads\/2025\/11\/1.-14.jpg","width":1600,"height":960,"caption":"Emel\u0151berendez\u00e9s ipari k\u00f6rnyezetben"},{"@type":"BreadcrumbList","@id":"https:\/\/ecocranes.hu\/referenciak\/emelogep-szerkezeti-vizsgalat-vagy-fovizsgalat-mikor-melyikre-van-szukseg\/#breadcrumb","itemListElement":[{"@type":"ListItem","position":1,"name":"Home","item":"https:\/\/ecocranes.hu\/en\/"},{"@type":"ListItem","position":2,"name":"Emel\u0151g\u00e9p szerkezeti vizsg\u00e1lat vagy f\u0151vizsg\u00e1lat \u2013 mikor melyikre van sz\u00fcks\u00e9g?"}]},{"@type":"WebSite","@id":"https:\/\/ecocranes.hu\/#website","url":"https:\/\/ecocranes.hu\/","name":"Eco-Cranes","description":"Macarale \u0219i utilaje de ridicare","publisher":{"@id":"https:\/\/ecocranes.hu\/#organization"},"potentialAction":[{"@type":"SearchAction","target":{"@type":"EntryPoint","urlTemplate":"https:\/\/ecocranes.hu\/?s={search_term_string}"},"query-input":{"@type":"PropertyValueSpecification","valueRequired":true,"valueName":"search_term_string"}}],"inLanguage":"ro-RO"},{"@type":"Organization","@id":"https:\/\/ecocranes.hu\/#organization","name":"Eco-Cranes","url":"https:\/\/ecocranes.hu\/","logo":{"@type":"ImageObject","inLanguage":"ro-RO","@id":"https:\/\/ecocranes.hu\/#\/schema\/logo\/image\/","url":"https:\/\/ecocranes.hu\/wp-content\/uploads\/2025\/09\/eco-cranes-logo.png","contentUrl":"https:\/\/ecocranes.hu\/wp-content\/uploads\/2025\/09\/eco-cranes-logo.png","width":180,"height":18,"caption":"Eco-Cranes"},"image":{"@id":"https:\/\/ecocranes.hu\/#\/schema\/logo\/image\/"},"sameAs":["https:\/\/www.facebook.com\/ecocranes"],"address":{"@type":"PostalAddress","streetAddress":"Ybl Mikl\u00f3s utca 42.","addressLocality":"F\u00f3t","postalCode":"2151","addressCountry":"HU"},"geo":{"@type":"GeoCoordinates","latitude":47.61583300000000207319317269138991832733154296875,"longitude":19.181837000000001580701791681349277496337890625},"openingHoursSpecification":[{"@type":"OpeningHoursSpecification","dayOfWeek":["Monday","Tuesday","Wednesday","Thursday","Friday"],"opens":"08:00","closes":"17:00"}],"description":"Daruk, h\u00edddaruk, forg\u00f3daruk \u00e9s hidraulikus emel\u0151asztalok tervez\u00e9se, gy\u00e1rt\u00e1sa, telep\u00edt\u00e9se, szervize \u00e9s id\u0151szakos vizsg\u00e1lata.","email":"info@ecocranes.hu","telephone":"+36 27 360823","legalName":"ECO-CRANES HUNGARY Daruk \u00e9s Emel\u0151g\u00e9pek Korl\u00e1tolt Felel\u0151ss\u00e9g\u0171 T\u00e1rsas\u00e1g","vatID":"11912606-2-13"}]}},"_links":{"self":[{"href":"https:\/\/ecocranes.hu\/ro\/wp-json\/wp\/v2\/referencia\/11640","targetHints":{"allow":["GET"]}}],"collection":[{"href":"https:\/\/ecocranes.hu\/ro\/wp-json\/wp\/v2\/referencia"}],"about":[{"href":"https:\/\/ecocranes.hu\/ro\/wp-json\/wp\/v2\/types\/referencia"}],"version-history":[{"count":1,"href":"https:\/\/ecocranes.hu\/ro\/wp-json\/wp\/v2\/referencia\/11640\/revisions"}],"predecessor-version":[{"id":11723,"href":"https:\/\/ecocranes.hu\/ro\/wp-json\/wp\/v2\/referencia\/11640\/revisions\/11723"}],"wp:featuredmedia":[{"embeddable":true,"href":"https:\/\/ecocranes.hu\/ro\/wp-json\/wp\/v2\/media\/10440"}],"wp:attachment":[{"href":"https:\/\/ecocranes.hu\/ro\/wp-json\/wp\/v2\/media?parent=11640"}],"wp:term":[{"taxonomy":"ref_tipus","embeddable":true,"href":"https:\/\/ecocranes.hu\/ro\/wp-json\/wp\/v2\/ref_tipus?post=11640"},{"taxonomy":"ref_berendezes","embeddable":true,"href":"https:\/\/ecocranes.hu\/ro\/wp-json\/wp\/v2\/ref_berendezes?post=11640"},{"taxonomy":"ref_iparag","embeddable":true,"href":"https:\/\/ecocranes.hu\/ro\/wp-json\/wp\/v2\/ref_iparag?post=11640"},{"taxonomy":"ref_problema","embeddable":true,"href":"https:\/\/ecocranes.hu\/ro\/wp-json\/wp\/v2\/ref_problema?post=11640"}],"curies":[{"name":"wp","href":"https:\/\/api.w.org\/{rel}","templated":true}]}}