{"id":11639,"date":"2026-09-01T20:41:32","date_gmt":"2026-09-01T18:41:32","guid":{"rendered":"https:\/\/ecocranes.hu\/?post_type=referencia&#038;p=11639"},"modified":"2026-09-03T14:33:51","modified_gmt":"2026-09-03T12:33:51","slug":"hogyan-elozheto-meg-a-daru-varatlan-leallasa-rendszeres-emelogep-karbantartas","status":"publish","type":"referencia","link":"https:\/\/ecocranes.hu\/ro\/referenciak\/hogyan-elozheto-meg-a-daru-varatlan-leallasa-rendszeres-emelogep-karbantartas\/","title":{"rendered":"Cum se poate preveni oprirea nea\u0219teptat\u0103 a macaralei? \u2013 \u00eentre\u021binerea periodic\u0103 a echipamentelor de ridicare"},"content":{"rendered":"<h2>Gyakorlati Eco-Cranes szerviztapasztalatok<\/h2>\n<p>Nagyobb \u00e1llom\u00e1nyn\u00e1l k\u00fcl\u00f6n\u00f6sen fontos a berendez\u00e9sek azonos\u00edt\u00e1sa, a szervizel\u0151zm\u00e9nyek \u00e9s a felt\u00e1rt teend\u0151k k\u00f6vet\u00e9se. Az Eco-Cranes munk\u00e1i k\u00f6z\u00f6tt h\u00e1rom h\u00edddaru egy\u00fcttes karbantart\u00e1sa \u00e9s szerkezeti vizsg\u00e1lata, kilenc berendez\u00e9s karbantart\u00e1sa, valamint ism\u00e9tl\u0151d\u0151 karbantart\u00e1si \u00e9s szerkezeti vizsg\u00e1lati munk\u00e1k is szerepelnek.<\/p>\n<h2>Mikor melyik megold\u00e1s indokolt?<\/h2>\n<p>Az aj\u00e1nlatk\u00e9r\u00e9shez \u00e9rdemes el\u0151k\u00e9sz\u00edteni a berendez\u00e9slist\u00e1t, azonos\u00edt\u00f3kat, teherb\u00edr\u00e1sokat, telep\u00edt\u00e9si helyeket \u00e9s a kor\u00e1bbi dokument\u00e1ci\u00f3t.<\/p>\n<p>Kapcsol\u00f3d\u00f3 szakmai oldal: Eco-Cranes szerviz, karbantart\u00e1s \u00e9s emel\u0151g\u00e9p-vizsg\u00e1lat<\/p>","protected":false},"excerpt":{"rendered":"<p>A rendszeres karbantart\u00e1s c\u00e9lja, hogy a berendez\u00e9sek \u00e1llapota tervezetten k\u00f6vethet\u0151 legyen, \u00e9s a sz\u00fcks\u00e9ges beavatkoz\u00e1sok ne csak egy v\u00e1ratlan le\u00e1ll\u00e1s ut\u00e1n v\u00e1ljanak l\u00e1that\u00f3v\u00e1.<\/p>","protected":false},"featured_media":10446,"menu_order":0,"template":"","meta":{"_acf_changed":false,"footnotes":""},"ref_tipus":[238],"ref_berendezes":[263],"ref_iparag":[],"ref_problema":[265],"class_list":["post-11639","referencia","type-referencia","status-publish","has-post-thumbnail","hentry","ref_tipus-problemak-es-megoldasok","ref_berendezes-vegyes-emelogep-allomany","ref_problema-karbantartas","has-thumb"],"acf":[],"yoast_head":"<!-- This site is optimized with the Yoast SEO Premium plugin v26.2 (Yoast SEO v26.6) - https:\/\/yoast.com\/wordpress\/plugins\/seo\/ -->\n<title>Rendszeres emel\u0151g\u00e9p-karbantart\u00e1s \u2013 le\u00e1ll\u00e1s megel\u0151z\u00e9se<\/title>\n<meta name=\"description\" content=\"A tervezett karbantart\u00e1ssal a berendez\u00e9sek \u00e1llapota k\u00f6vethet\u0151, \u00e9s a beavatkoz\u00e1s nem csak egy v\u00e1ratlan le\u00e1ll\u00e1s ut\u00e1n v\u00e1lik l\u00e1that\u00f3v\u00e1.\" \/>\n<meta name=\"robots\" content=\"index, follow, max-snippet:-1, max-image-preview:large, max-video-preview:-1\" \/>\n<link rel=\"canonical\" href=\"https:\/\/ecocranes.hu\/ro\/referenciak\/hogyan-elozheto-meg-a-daru-varatlan-leallasa-rendszeres-emelogep-karbantartas\/\" \/>\n<meta property=\"og:locale\" content=\"ro_RO\" \/>\n<meta property=\"og:type\" content=\"article\" \/>\n<meta property=\"og:title\" content=\"Hogyan el\u0151zhet\u0151 meg a daru v\u00e1ratlan le\u00e1ll\u00e1sa? \u2013 rendszeres emel\u0151g\u00e9p-karbantart\u00e1s\" \/>\n<meta property=\"og:description\" content=\"A tervezett karbantart\u00e1ssal a berendez\u00e9sek \u00e1llapota k\u00f6vethet\u0151, \u00e9s a beavatkoz\u00e1s nem csak egy v\u00e1ratlan le\u00e1ll\u00e1s ut\u00e1n v\u00e1lik l\u00e1that\u00f3v\u00e1.\" \/>\n<meta property=\"og:url\" content=\"https:\/\/ecocranes.hu\/ro\/referenciak\/hogyan-elozheto-meg-a-daru-varatlan-leallasa-rendszeres-emelogep-karbantartas\/\" \/>\n<meta property=\"og:site_name\" content=\"Eco-Cranes\" \/>\n<meta property=\"article:publisher\" content=\"https:\/\/www.facebook.com\/ecocranes\" \/>\n<meta property=\"article:modified_time\" content=\"2026-09-03T12:33:51+00:00\" \/>\n<meta property=\"og:image\" content=\"https:\/\/ecocranes.hu\/wp-content\/uploads\/2025\/11\/1.-20.jpg\" \/>\n\t<meta property=\"og:image:width\" content=\"2560\" \/>\n\t<meta property=\"og:image:height\" content=\"1536\" \/>\n\t<meta property=\"og:image:type\" content=\"image\/jpeg\" \/>\n<meta name=\"twitter:card\" content=\"summary_large_image\" \/>\n<meta name=\"twitter:label1\" content=\"Timp estimat pentru citire\" \/>\n\t<meta name=\"twitter:data1\" content=\"1 minut\" \/>\n<script type=\"application\/ld+json\" class=\"yoast-schema-graph\">{\"@context\":\"https:\/\/schema.org\",\"@graph\":[{\"@type\":\"WebPage\",\"@id\":\"https:\/\/ecocranes.hu\/referenciak\/hogyan-elozheto-meg-a-daru-varatlan-leallasa-rendszeres-emelogep-karbantartas\/\",\"url\":\"https:\/\/ecocranes.hu\/referenciak\/hogyan-elozheto-meg-a-daru-varatlan-leallasa-rendszeres-emelogep-karbantartas\/\",\"name\":\"Rendszeres emel\u0151g\u00e9p-karbantart\u00e1s \u2013 le\u00e1ll\u00e1s megel\u0151z\u00e9se\",\"isPartOf\":{\"@id\":\"https:\/\/ecocranes.hu\/#website\"},\"primaryImageOfPage\":{\"@id\":\"https:\/\/ecocranes.hu\/referenciak\/hogyan-elozheto-meg-a-daru-varatlan-leallasa-rendszeres-emelogep-karbantartas\/#primaryimage\"},\"image\":{\"@id\":\"https:\/\/ecocranes.hu\/referenciak\/hogyan-elozheto-meg-a-daru-varatlan-leallasa-rendszeres-emelogep-karbantartas\/#primaryimage\"},\"thumbnailUrl\":\"https:\/\/ecocranes.hu\/wp-content\/uploads\/2025\/11\/1.-20.jpg\",\"datePublished\":\"2026-09-01T18:41:32+00:00\",\"dateModified\":\"2026-09-03T12:33:51+00:00\",\"description\":\"A tervezett karbantart\u00e1ssal a berendez\u00e9sek \u00e1llapota k\u00f6vethet\u0151, \u00e9s a beavatkoz\u00e1s nem csak egy v\u00e1ratlan le\u00e1ll\u00e1s ut\u00e1n v\u00e1lik l\u00e1that\u00f3v\u00e1.\",\"breadcrumb\":{\"@id\":\"https:\/\/ecocranes.hu\/referenciak\/hogyan-elozheto-meg-a-daru-varatlan-leallasa-rendszeres-emelogep-karbantartas\/#breadcrumb\"},\"inLanguage\":\"ro-RO\",\"potentialAction\":[{\"@type\":\"ReadAction\",\"target\":[\"https:\/\/ecocranes.hu\/referenciak\/hogyan-elozheto-meg-a-daru-varatlan-leallasa-rendszeres-emelogep-karbantartas\/\"]}],\"speakable\":{\"@type\":\"SpeakableSpecification\",\"cssSelector\":[\"h1\",\".elementor-widget-text-editor\"]}},{\"@type\":\"ImageObject\",\"inLanguage\":\"ro-RO\",\"@id\":\"https:\/\/ecocranes.hu\/referenciak\/hogyan-elozheto-meg-a-daru-varatlan-leallasa-rendszeres-emelogep-karbantartas\/#primaryimage\",\"url\":\"https:\/\/ecocranes.hu\/wp-content\/uploads\/2025\/11\/1.-20.jpg\",\"contentUrl\":\"https:\/\/ecocranes.hu\/wp-content\/uploads\/2025\/11\/1.-20.jpg\",\"width\":2560,\"height\":1536,\"caption\":\"User comments\"},{\"@type\":\"BreadcrumbList\",\"@id\":\"https:\/\/ecocranes.hu\/referenciak\/hogyan-elozheto-meg-a-daru-varatlan-leallasa-rendszeres-emelogep-karbantartas\/#breadcrumb\",\"itemListElement\":[{\"@type\":\"ListItem\",\"position\":1,\"name\":\"Home\",\"item\":\"https:\/\/ecocranes.hu\/en\/\"},{\"@type\":\"ListItem\",\"position\":2,\"name\":\"Hogyan el\u0151zhet\u0151 meg a daru v\u00e1ratlan le\u00e1ll\u00e1sa? \u2013 rendszeres emel\u0151g\u00e9p-karbantart\u00e1s\"}]},{\"@type\":\"WebSite\",\"@id\":\"https:\/\/ecocranes.hu\/#website\",\"url\":\"https:\/\/ecocranes.hu\/\",\"name\":\"Eco-Cranes\",\"description\":\"Daruk \u00e9s emel\u0151g\u00e9pek\",\"publisher\":{\"@id\":\"https:\/\/ecocranes.hu\/#organization\"},\"potentialAction\":[{\"@type\":\"SearchAction\",\"target\":{\"@type\":\"EntryPoint\",\"urlTemplate\":\"https:\/\/ecocranes.hu\/?s={search_term_string}\"},\"query-input\":{\"@type\":\"PropertyValueSpecification\",\"valueRequired\":true,\"valueName\":\"search_term_string\"}}],\"inLanguage\":\"ro-RO\"},{\"@type\":\"Organization\",\"@id\":\"https:\/\/ecocranes.hu\/#organization\",\"name\":\"Eco-Cranes\",\"url\":\"https:\/\/ecocranes.hu\/\",\"logo\":{\"@type\":\"ImageObject\",\"inLanguage\":\"ro-RO\",\"@id\":\"https:\/\/ecocranes.hu\/#\/schema\/logo\/image\/\",\"url\":\"https:\/\/ecocranes.hu\/wp-content\/uploads\/2025\/09\/eco-cranes-logo.png\",\"contentUrl\":\"https:\/\/ecocranes.hu\/wp-content\/uploads\/2025\/09\/eco-cranes-logo.png\",\"width\":180,\"height\":18,\"caption\":\"Eco-Cranes\"},\"image\":{\"@id\":\"https:\/\/ecocranes.hu\/#\/schema\/logo\/image\/\"},\"sameAs\":[\"https:\/\/www.facebook.com\/ecocranes\"],\"address\":{\"@type\":\"PostalAddress\",\"streetAddress\":\"Ybl Mikl\u00f3s utca 42.\",\"addressLocality\":\"F\u00f3t\",\"postalCode\":\"2151\",\"addressCountry\":\"HU\"},\"geo\":{\"@type\":\"GeoCoordinates\",\"latitude\":47.61583300000000207319317269138991832733154296875,\"longitude\":19.181837000000001580701791681349277496337890625},\"openingHoursSpecification\":[{\"@type\":\"OpeningHoursSpecification\",\"dayOfWeek\":[\"Monday\",\"Tuesday\",\"Wednesday\",\"Thursday\",\"Friday\"],\"opens\":\"08:00\",\"closes\":\"17:00\"}],\"description\":\"Daruk, h\u00edddaruk, forg\u00f3daruk \u00e9s hidraulikus emel\u0151asztalok tervez\u00e9se, gy\u00e1rt\u00e1sa, telep\u00edt\u00e9se, szervize \u00e9s id\u0151szakos vizsg\u00e1lata.\",\"email\":\"info@ecocranes.hu\",\"telephone\":\"+36 27 360823\",\"legalName\":\"ECO-CRANES HUNGARY Daruk \u00e9s Emel\u0151g\u00e9pek Korl\u00e1tolt Felel\u0151ss\u00e9g\u0171 T\u00e1rsas\u00e1g\",\"vatID\":\"11912606-2-13\"}]}<\/script>\n<!-- \/ Yoast SEO Premium plugin. -->","yoast_head_json":{"title":"Rendszeres emel\u0151g\u00e9p-karbantart\u00e1s \u2013 le\u00e1ll\u00e1s megel\u0151z\u00e9se","description":"A tervezett karbantart\u00e1ssal a berendez\u00e9sek \u00e1llapota k\u00f6vethet\u0151, \u00e9s a beavatkoz\u00e1s nem csak egy v\u00e1ratlan le\u00e1ll\u00e1s ut\u00e1n v\u00e1lik l\u00e1that\u00f3v\u00e1.","robots":{"index":"index","follow":"follow","max-snippet":"max-snippet:-1","max-image-preview":"max-image-preview:large","max-video-preview":"max-video-preview:-1"},"canonical":"https:\/\/ecocranes.hu\/ro\/referenciak\/hogyan-elozheto-meg-a-daru-varatlan-leallasa-rendszeres-emelogep-karbantartas\/","og_locale":"ro_RO","og_type":"article","og_title":"Hogyan el\u0151zhet\u0151 meg a daru v\u00e1ratlan le\u00e1ll\u00e1sa? \u2013 rendszeres emel\u0151g\u00e9p-karbantart\u00e1s","og_description":"A tervezett karbantart\u00e1ssal a berendez\u00e9sek \u00e1llapota k\u00f6vethet\u0151, \u00e9s a beavatkoz\u00e1s nem csak egy v\u00e1ratlan le\u00e1ll\u00e1s ut\u00e1n v\u00e1lik l\u00e1that\u00f3v\u00e1.","og_url":"https:\/\/ecocranes.hu\/ro\/referenciak\/hogyan-elozheto-meg-a-daru-varatlan-leallasa-rendszeres-emelogep-karbantartas\/","og_site_name":"Eco-Cranes","article_publisher":"https:\/\/www.facebook.com\/ecocranes","article_modified_time":"2026-09-03T12:33:51+00:00","og_image":[{"width":2560,"height":1536,"url":"https:\/\/ecocranes.hu\/wp-content\/uploads\/2025\/11\/1.-20.jpg","type":"image\/jpeg"}],"twitter_card":"summary_large_image","twitter_misc":{"Timp estimat pentru citire":"1 minut"},"schema":{"@context":"https:\/\/schema.org","@graph":[{"@type":"WebPage","@id":"https:\/\/ecocranes.hu\/referenciak\/hogyan-elozheto-meg-a-daru-varatlan-leallasa-rendszeres-emelogep-karbantartas\/","url":"https:\/\/ecocranes.hu\/referenciak\/hogyan-elozheto-meg-a-daru-varatlan-leallasa-rendszeres-emelogep-karbantartas\/","name":"Rendszeres emel\u0151g\u00e9p-karbantart\u00e1s \u2013 le\u00e1ll\u00e1s megel\u0151z\u00e9se","isPartOf":{"@id":"https:\/\/ecocranes.hu\/#website"},"primaryImageOfPage":{"@id":"https:\/\/ecocranes.hu\/referenciak\/hogyan-elozheto-meg-a-daru-varatlan-leallasa-rendszeres-emelogep-karbantartas\/#primaryimage"},"image":{"@id":"https:\/\/ecocranes.hu\/referenciak\/hogyan-elozheto-meg-a-daru-varatlan-leallasa-rendszeres-emelogep-karbantartas\/#primaryimage"},"thumbnailUrl":"https:\/\/ecocranes.hu\/wp-content\/uploads\/2025\/11\/1.-20.jpg","datePublished":"2026-09-01T18:41:32+00:00","dateModified":"2026-09-03T12:33:51+00:00","description":"A tervezett karbantart\u00e1ssal a berendez\u00e9sek \u00e1llapota k\u00f6vethet\u0151, \u00e9s a beavatkoz\u00e1s nem csak egy v\u00e1ratlan le\u00e1ll\u00e1s ut\u00e1n v\u00e1lik l\u00e1that\u00f3v\u00e1.","breadcrumb":{"@id":"https:\/\/ecocranes.hu\/referenciak\/hogyan-elozheto-meg-a-daru-varatlan-leallasa-rendszeres-emelogep-karbantartas\/#breadcrumb"},"inLanguage":"ro-RO","potentialAction":[{"@type":"ReadAction","target":["https:\/\/ecocranes.hu\/referenciak\/hogyan-elozheto-meg-a-daru-varatlan-leallasa-rendszeres-emelogep-karbantartas\/"]}],"speakable":{"@type":"SpeakableSpecification","cssSelector":["h1",".elementor-widget-text-editor"]}},{"@type":"ImageObject","inLanguage":"ro-RO","@id":"https:\/\/ecocranes.hu\/referenciak\/hogyan-elozheto-meg-a-daru-varatlan-leallasa-rendszeres-emelogep-karbantartas\/#primaryimage","url":"https:\/\/ecocranes.hu\/wp-content\/uploads\/2025\/11\/1.-20.jpg","contentUrl":"https:\/\/ecocranes.hu\/wp-content\/uploads\/2025\/11\/1.-20.jpg","width":2560,"height":1536,"caption":"User comments"},{"@type":"BreadcrumbList","@id":"https:\/\/ecocranes.hu\/referenciak\/hogyan-elozheto-meg-a-daru-varatlan-leallasa-rendszeres-emelogep-karbantartas\/#breadcrumb","itemListElement":[{"@type":"ListItem","position":1,"name":"Home","item":"https:\/\/ecocranes.hu\/en\/"},{"@type":"ListItem","position":2,"name":"Hogyan el\u0151zhet\u0151 meg a daru v\u00e1ratlan le\u00e1ll\u00e1sa? \u2013 rendszeres emel\u0151g\u00e9p-karbantart\u00e1s"}]},{"@type":"WebSite","@id":"https:\/\/ecocranes.hu\/#website","url":"https:\/\/ecocranes.hu\/","name":"Eco-Cranes","description":"Macarale \u0219i utilaje de ridicare","publisher":{"@id":"https:\/\/ecocranes.hu\/#organization"},"potentialAction":[{"@type":"SearchAction","target":{"@type":"EntryPoint","urlTemplate":"https:\/\/ecocranes.hu\/?s={search_term_string}"},"query-input":{"@type":"PropertyValueSpecification","valueRequired":true,"valueName":"search_term_string"}}],"inLanguage":"ro-RO"},{"@type":"Organization","@id":"https:\/\/ecocranes.hu\/#organization","name":"Eco-Cranes","url":"https:\/\/ecocranes.hu\/","logo":{"@type":"ImageObject","inLanguage":"ro-RO","@id":"https:\/\/ecocranes.hu\/#\/schema\/logo\/image\/","url":"https:\/\/ecocranes.hu\/wp-content\/uploads\/2025\/09\/eco-cranes-logo.png","contentUrl":"https:\/\/ecocranes.hu\/wp-content\/uploads\/2025\/09\/eco-cranes-logo.png","width":180,"height":18,"caption":"Eco-Cranes"},"image":{"@id":"https:\/\/ecocranes.hu\/#\/schema\/logo\/image\/"},"sameAs":["https:\/\/www.facebook.com\/ecocranes"],"address":{"@type":"PostalAddress","streetAddress":"Ybl Mikl\u00f3s utca 42.","addressLocality":"F\u00f3t","postalCode":"2151","addressCountry":"HU"},"geo":{"@type":"GeoCoordinates","latitude":47.61583300000000207319317269138991832733154296875,"longitude":19.181837000000001580701791681349277496337890625},"openingHoursSpecification":[{"@type":"OpeningHoursSpecification","dayOfWeek":["Monday","Tuesday","Wednesday","Thursday","Friday"],"opens":"08:00","closes":"17:00"}],"description":"Daruk, h\u00edddaruk, forg\u00f3daruk \u00e9s hidraulikus emel\u0151asztalok tervez\u00e9se, gy\u00e1rt\u00e1sa, telep\u00edt\u00e9se, szervize \u00e9s id\u0151szakos vizsg\u00e1lata.","email":"info@ecocranes.hu","telephone":"+36 27 360823","legalName":"ECO-CRANES HUNGARY Daruk \u00e9s Emel\u0151g\u00e9pek Korl\u00e1tolt Felel\u0151ss\u00e9g\u0171 T\u00e1rsas\u00e1g","vatID":"11912606-2-13"}]}},"_links":{"self":[{"href":"https:\/\/ecocranes.hu\/ro\/wp-json\/wp\/v2\/referencia\/11639","targetHints":{"allow":["GET"]}}],"collection":[{"href":"https:\/\/ecocranes.hu\/ro\/wp-json\/wp\/v2\/referencia"}],"about":[{"href":"https:\/\/ecocranes.hu\/ro\/wp-json\/wp\/v2\/types\/referencia"}],"version-history":[{"count":1,"href":"https:\/\/ecocranes.hu\/ro\/wp-json\/wp\/v2\/referencia\/11639\/revisions"}],"predecessor-version":[{"id":11722,"href":"https:\/\/ecocranes.hu\/ro\/wp-json\/wp\/v2\/referencia\/11639\/revisions\/11722"}],"wp:featuredmedia":[{"embeddable":true,"href":"https:\/\/ecocranes.hu\/ro\/wp-json\/wp\/v2\/media\/10446"}],"wp:attachment":[{"href":"https:\/\/ecocranes.hu\/ro\/wp-json\/wp\/v2\/media?parent=11639"}],"wp:term":[{"taxonomy":"ref_tipus","embeddable":true,"href":"https:\/\/ecocranes.hu\/ro\/wp-json\/wp\/v2\/ref_tipus?post=11639"},{"taxonomy":"ref_berendezes","embeddable":true,"href":"https:\/\/ecocranes.hu\/ro\/wp-json\/wp\/v2\/ref_berendezes?post=11639"},{"taxonomy":"ref_iparag","embeddable":true,"href":"https:\/\/ecocranes.hu\/ro\/wp-json\/wp\/v2\/ref_iparag?post=11639"},{"taxonomy":"ref_problema","embeddable":true,"href":"https:\/\/ecocranes.hu\/ro\/wp-json\/wp\/v2\/ref_problema?post=11639"}],"curies":[{"name":"wp","href":"https:\/\/api.w.org\/{rel}","templated":true}]}}