{"id":11637,"date":"2026-09-01T20:41:33","date_gmt":"2026-09-01T18:41:33","guid":{"rendered":"https:\/\/ecocranes.hu\/?post_type=referencia&#038;p=11637"},"modified":"2026-09-03T14:33:50","modified_gmt":"2026-09-03T12:33:50","slug":"emelogep-ugyintezes-es-idoszakos-karbantartas-gepipari-gyartovallalatnal","status":"publish","type":"referencia","link":"https:\/\/ecocranes.hu\/ro\/referenciak\/emelogep-ugyintezes-es-idoszakos-karbantartas-gepipari-gyartovallalatnal\/","title":{"rendered":"Gestionarea utilajelor de ridicare \u0219i \u00eentre\u021binerea periodic\u0103 la o \u00eentreprindere de produc\u021bie din industria mecanic\u0103"},"content":{"rendered":"<h2>A szervizk\u00f6rnyezet<\/h2>\n<p>A megrendel\u0151 a(z) g\u00e9pipar \/ j\u00e1rm\u0171- \u00e9s munkag\u00e9p-komponens gy\u00e1rt\u00e1s ter\u00fclet\u00e9n m\u0171k\u00f6dik. Nagyobb ipari k\u00f6rnyezetben az emel\u0151berendez\u00e9sek rendelkez\u00e9sre \u00e1ll\u00e1sa, biztons\u00e1gos m\u0171k\u00f6d\u00e9se \u00e9s dokument\u00e1lt vizsg\u00e1lata k\u00f6zvetlen\u00fcl befoly\u00e1solhatja a termel\u00e9si vagy \u00fczemeltet\u00e9si folyamatokat.<\/p>\n<h2>A feladat<\/h2>\n<p>A 13 munkasz\u00e1m jelent\u0151s r\u00e9sze emel\u0151g\u00e9p-\u00fcgyint\u00e9z\u00e9si feladat, amelyhez t\u00f6bb alkalommal karbantart\u00e1s, szerkezeti vagy f\u0151vizsg\u00e1lat kapcsol\u00f3dik.<\/p>\n<h2>Az Eco-Cranes \u00e1ltal v\u00e9gzett munk\u00e1k<\/h2>\n<ul>\n<li>visszat\u00e9r\u0151 emel\u0151g\u00e9p-\u00fcgyint\u00e9z\u00e9s<\/li>\n<li>karbantart\u00e1s \u00e9s szerkezeti vizsg\u00e1lat<\/li>\n<li>karbantart\u00e1s \u00e9s f\u0151vizsg\u00e1lat<\/li>\n<li>vizsg\u00e1lati \u00e9s adminisztrat\u00edv feladatok \u00f6sszehangol\u00e1sa<\/li>\n<\/ul>\n<h2>Milyen probl\u00e9m\u00e1ra ad v\u00e1laszt ez a referencia?<\/h2>\n<p>A referencia azt mutatja, hogy a emel\u0151g\u00e9p \u00fcgyint\u00e9z\u00e9s \u00e9s karbantart\u00e1s nem egyszeri beavatkoz\u00e1sk\u00e9nt, hanem az emel\u0151berendez\u00e9sek teljes \u00fczemeltet\u00e9si ciklus\u00e1ba illesztve kezelhet\u0151. A rendszeres feladatok mellett az eseti hib\u00e1k, jav\u00edt\u00e1sok, \u00e1talak\u00edt\u00e1sok vagy vizsg\u00e1latok is ugyanahhoz a dokument\u00e1lt szervizfolyamathoz kapcsolhat\u00f3k.<\/p>","protected":false},"excerpt":{"rendered":"<p>Eco-Cranes a efectuat lucr\u0103ri recurente de service, \u00eentre\u021binere \u0219i inspec\u021bie la echipamentele de ridicare ale unei companii produc\u0103toare de componente pentru vehicule \u0219i utilaje de lucru.<\/p>","protected":false},"featured_media":10441,"menu_order":0,"template":"","meta":{"_acf_changed":false,"footnotes":""},"ref_tipus":[237],"ref_berendezes":[263],"ref_iparag":[245],"ref_problema":[265],"class_list":["post-11637","referencia","type-referencia","status-publish","has-post-thumbnail","hentry","ref_tipus-szerviz-referenciak","ref_berendezes-vegyes-emelogep-allomany","ref_iparag-gepipar-es-gepgyartas","ref_problema-karbantartas","has-thumb"],"acf":[],"yoast_head":"<!-- This site is optimized with the Yoast SEO Premium plugin v26.2 (Yoast SEO v26.6) - https:\/\/yoast.com\/wordpress\/plugins\/seo\/ -->\n<title>Emel\u0151g\u00e9p-\u00fcgyint\u00e9z\u00e9s \u00e9s id\u0151szakos karbantart\u00e1s<\/title>\n<meta name=\"description\" content=\"Emel\u0151g\u00e9p \u00fcgyint\u00e9z\u00e9s \u00e9s karbantart\u00e1s j\u00e1rm\u0171- \u00e9s munkag\u00e9p-komponenseket gy\u00e1rt\u00f3 \u00fczem k\u00f6rnyezet\u00e9ben, 13 kapcsol\u00f3d\u00f3 szervizmunk\u00e1val.\" \/>\n<meta name=\"robots\" content=\"index, follow, max-snippet:-1, max-image-preview:large, max-video-preview:-1\" \/>\n<link rel=\"canonical\" href=\"https:\/\/ecocranes.hu\/ro\/referenciak\/emelogep-ugyintezes-es-idoszakos-karbantartas-gepipari-gyartovallalatnal\/\" \/>\n<meta property=\"og:locale\" content=\"ro_RO\" \/>\n<meta property=\"og:type\" content=\"article\" \/>\n<meta property=\"og:title\" content=\"Emel\u0151g\u00e9p-\u00fcgyint\u00e9z\u00e9s \u00e9s id\u0151szakos karbantart\u00e1s g\u00e9pipari gy\u00e1rt\u00f3v\u00e1llalatn\u00e1l\" \/>\n<meta property=\"og:description\" content=\"Emel\u0151g\u00e9p \u00fcgyint\u00e9z\u00e9s \u00e9s karbantart\u00e1s j\u00e1rm\u0171- \u00e9s munkag\u00e9p-komponenseket gy\u00e1rt\u00f3 \u00fczem k\u00f6rnyezet\u00e9ben, 13 kapcsol\u00f3d\u00f3 szervizmunk\u00e1val.\" \/>\n<meta property=\"og:url\" content=\"https:\/\/ecocranes.hu\/ro\/referenciak\/emelogep-ugyintezes-es-idoszakos-karbantartas-gepipari-gyartovallalatnal\/\" \/>\n<meta property=\"og:site_name\" content=\"Eco-Cranes\" \/>\n<meta property=\"article:publisher\" content=\"https:\/\/www.facebook.com\/ecocranes\" \/>\n<meta property=\"article:modified_time\" content=\"2026-09-03T12:33:50+00:00\" \/>\n<meta property=\"og:image\" content=\"https:\/\/ecocranes.hu\/wp-content\/uploads\/2025\/11\/1.-15.jpg\" \/>\n\t<meta property=\"og:image:width\" content=\"2560\" \/>\n\t<meta property=\"og:image:height\" content=\"1536\" \/>\n\t<meta property=\"og:image:type\" content=\"image\/jpeg\" \/>\n<meta name=\"twitter:card\" content=\"summary_large_image\" \/>\n<meta name=\"twitter:label1\" content=\"Timp estimat pentru citire\" \/>\n\t<meta name=\"twitter:data1\" content=\"1 minut\" \/>\n<script type=\"application\/ld+json\" class=\"yoast-schema-graph\">{\"@context\":\"https:\/\/schema.org\",\"@graph\":[{\"@type\":\"WebPage\",\"@id\":\"https:\/\/ecocranes.hu\/referenciak\/emelogep-ugyintezes-es-idoszakos-karbantartas-gepipari-gyartovallalatnal\/\",\"url\":\"https:\/\/ecocranes.hu\/referenciak\/emelogep-ugyintezes-es-idoszakos-karbantartas-gepipari-gyartovallalatnal\/\",\"name\":\"Emel\u0151g\u00e9p-\u00fcgyint\u00e9z\u00e9s \u00e9s id\u0151szakos karbantart\u00e1s\",\"isPartOf\":{\"@id\":\"https:\/\/ecocranes.hu\/#website\"},\"primaryImageOfPage\":{\"@id\":\"https:\/\/ecocranes.hu\/referenciak\/emelogep-ugyintezes-es-idoszakos-karbantartas-gepipari-gyartovallalatnal\/#primaryimage\"},\"image\":{\"@id\":\"https:\/\/ecocranes.hu\/referenciak\/emelogep-ugyintezes-es-idoszakos-karbantartas-gepipari-gyartovallalatnal\/#primaryimage\"},\"thumbnailUrl\":\"https:\/\/ecocranes.hu\/wp-content\/uploads\/2025\/11\/1.-15.jpg\",\"datePublished\":\"2026-09-01T18:41:33+00:00\",\"dateModified\":\"2026-09-03T12:33:50+00:00\",\"description\":\"Emel\u0151g\u00e9p \u00fcgyint\u00e9z\u00e9s \u00e9s karbantart\u00e1s j\u00e1rm\u0171- \u00e9s munkag\u00e9p-komponenseket gy\u00e1rt\u00f3 \u00fczem k\u00f6rnyezet\u00e9ben, 13 kapcsol\u00f3d\u00f3 szervizmunk\u00e1val.\",\"breadcrumb\":{\"@id\":\"https:\/\/ecocranes.hu\/referenciak\/emelogep-ugyintezes-es-idoszakos-karbantartas-gepipari-gyartovallalatnal\/#breadcrumb\"},\"inLanguage\":\"ro-RO\",\"potentialAction\":[{\"@type\":\"ReadAction\",\"target\":[\"https:\/\/ecocranes.hu\/referenciak\/emelogep-ugyintezes-es-idoszakos-karbantartas-gepipari-gyartovallalatnal\/\"]}],\"speakable\":{\"@type\":\"SpeakableSpecification\",\"cssSelector\":[\"h1\",\".elementor-widget-text-editor\"]}},{\"@type\":\"ImageObject\",\"inLanguage\":\"ro-RO\",\"@id\":\"https:\/\/ecocranes.hu\/referenciak\/emelogep-ugyintezes-es-idoszakos-karbantartas-gepipari-gyartovallalatnal\/#primaryimage\",\"url\":\"https:\/\/ecocranes.hu\/wp-content\/uploads\/2025\/11\/1.-15.jpg\",\"contentUrl\":\"https:\/\/ecocranes.hu\/wp-content\/uploads\/2025\/11\/1.-15.jpg\",\"width\":2560,\"height\":1536,\"caption\":\"User comments\"},{\"@type\":\"BreadcrumbList\",\"@id\":\"https:\/\/ecocranes.hu\/referenciak\/emelogep-ugyintezes-es-idoszakos-karbantartas-gepipari-gyartovallalatnal\/#breadcrumb\",\"itemListElement\":[{\"@type\":\"ListItem\",\"position\":1,\"name\":\"Home\",\"item\":\"https:\/\/ecocranes.hu\/en\/\"},{\"@type\":\"ListItem\",\"position\":2,\"name\":\"Emel\u0151g\u00e9p-\u00fcgyint\u00e9z\u00e9s \u00e9s id\u0151szakos karbantart\u00e1s g\u00e9pipari gy\u00e1rt\u00f3v\u00e1llalatn\u00e1l\"}]},{\"@type\":\"WebSite\",\"@id\":\"https:\/\/ecocranes.hu\/#website\",\"url\":\"https:\/\/ecocranes.hu\/\",\"name\":\"Eco-Cranes\",\"description\":\"Daruk \u00e9s emel\u0151g\u00e9pek\",\"publisher\":{\"@id\":\"https:\/\/ecocranes.hu\/#organization\"},\"potentialAction\":[{\"@type\":\"SearchAction\",\"target\":{\"@type\":\"EntryPoint\",\"urlTemplate\":\"https:\/\/ecocranes.hu\/?s={search_term_string}\"},\"query-input\":{\"@type\":\"PropertyValueSpecification\",\"valueRequired\":true,\"valueName\":\"search_term_string\"}}],\"inLanguage\":\"ro-RO\"},{\"@type\":\"Organization\",\"@id\":\"https:\/\/ecocranes.hu\/#organization\",\"name\":\"Eco-Cranes\",\"url\":\"https:\/\/ecocranes.hu\/\",\"logo\":{\"@type\":\"ImageObject\",\"inLanguage\":\"ro-RO\",\"@id\":\"https:\/\/ecocranes.hu\/#\/schema\/logo\/image\/\",\"url\":\"https:\/\/ecocranes.hu\/wp-content\/uploads\/2025\/09\/eco-cranes-logo.png\",\"contentUrl\":\"https:\/\/ecocranes.hu\/wp-content\/uploads\/2025\/09\/eco-cranes-logo.png\",\"width\":180,\"height\":18,\"caption\":\"Eco-Cranes\"},\"image\":{\"@id\":\"https:\/\/ecocranes.hu\/#\/schema\/logo\/image\/\"},\"sameAs\":[\"https:\/\/www.facebook.com\/ecocranes\"],\"address\":{\"@type\":\"PostalAddress\",\"streetAddress\":\"Ybl Mikl\u00f3s utca 42.\",\"addressLocality\":\"F\u00f3t\",\"postalCode\":\"2151\",\"addressCountry\":\"HU\"},\"geo\":{\"@type\":\"GeoCoordinates\",\"latitude\":47.61583300000000207319317269138991832733154296875,\"longitude\":19.181837000000001580701791681349277496337890625},\"openingHoursSpecification\":[{\"@type\":\"OpeningHoursSpecification\",\"dayOfWeek\":[\"Monday\",\"Tuesday\",\"Wednesday\",\"Thursday\",\"Friday\"],\"opens\":\"08:00\",\"closes\":\"17:00\"}],\"description\":\"Daruk, h\u00edddaruk, forg\u00f3daruk \u00e9s hidraulikus emel\u0151asztalok tervez\u00e9se, gy\u00e1rt\u00e1sa, telep\u00edt\u00e9se, szervize \u00e9s id\u0151szakos vizsg\u00e1lata.\",\"email\":\"info@ecocranes.hu\",\"telephone\":\"+36 27 360823\",\"legalName\":\"ECO-CRANES HUNGARY Daruk \u00e9s Emel\u0151g\u00e9pek Korl\u00e1tolt Felel\u0151ss\u00e9g\u0171 T\u00e1rsas\u00e1g\",\"vatID\":\"11912606-2-13\"}]}<\/script>\n<!-- \/ Yoast SEO Premium plugin. -->","yoast_head_json":{"title":"Emel\u0151g\u00e9p-\u00fcgyint\u00e9z\u00e9s \u00e9s id\u0151szakos karbantart\u00e1s","description":"Emel\u0151g\u00e9p \u00fcgyint\u00e9z\u00e9s \u00e9s karbantart\u00e1s j\u00e1rm\u0171- \u00e9s munkag\u00e9p-komponenseket gy\u00e1rt\u00f3 \u00fczem k\u00f6rnyezet\u00e9ben, 13 kapcsol\u00f3d\u00f3 szervizmunk\u00e1val.","robots":{"index":"index","follow":"follow","max-snippet":"max-snippet:-1","max-image-preview":"max-image-preview:large","max-video-preview":"max-video-preview:-1"},"canonical":"https:\/\/ecocranes.hu\/ro\/referenciak\/emelogep-ugyintezes-es-idoszakos-karbantartas-gepipari-gyartovallalatnal\/","og_locale":"ro_RO","og_type":"article","og_title":"Emel\u0151g\u00e9p-\u00fcgyint\u00e9z\u00e9s \u00e9s id\u0151szakos karbantart\u00e1s g\u00e9pipari gy\u00e1rt\u00f3v\u00e1llalatn\u00e1l","og_description":"Emel\u0151g\u00e9p \u00fcgyint\u00e9z\u00e9s \u00e9s karbantart\u00e1s j\u00e1rm\u0171- \u00e9s munkag\u00e9p-komponenseket gy\u00e1rt\u00f3 \u00fczem k\u00f6rnyezet\u00e9ben, 13 kapcsol\u00f3d\u00f3 szervizmunk\u00e1val.","og_url":"https:\/\/ecocranes.hu\/ro\/referenciak\/emelogep-ugyintezes-es-idoszakos-karbantartas-gepipari-gyartovallalatnal\/","og_site_name":"Eco-Cranes","article_publisher":"https:\/\/www.facebook.com\/ecocranes","article_modified_time":"2026-09-03T12:33:50+00:00","og_image":[{"width":2560,"height":1536,"url":"https:\/\/ecocranes.hu\/wp-content\/uploads\/2025\/11\/1.-15.jpg","type":"image\/jpeg"}],"twitter_card":"summary_large_image","twitter_misc":{"Timp estimat pentru citire":"1 minut"},"schema":{"@context":"https:\/\/schema.org","@graph":[{"@type":"WebPage","@id":"https:\/\/ecocranes.hu\/referenciak\/emelogep-ugyintezes-es-idoszakos-karbantartas-gepipari-gyartovallalatnal\/","url":"https:\/\/ecocranes.hu\/referenciak\/emelogep-ugyintezes-es-idoszakos-karbantartas-gepipari-gyartovallalatnal\/","name":"Emel\u0151g\u00e9p-\u00fcgyint\u00e9z\u00e9s \u00e9s id\u0151szakos karbantart\u00e1s","isPartOf":{"@id":"https:\/\/ecocranes.hu\/#website"},"primaryImageOfPage":{"@id":"https:\/\/ecocranes.hu\/referenciak\/emelogep-ugyintezes-es-idoszakos-karbantartas-gepipari-gyartovallalatnal\/#primaryimage"},"image":{"@id":"https:\/\/ecocranes.hu\/referenciak\/emelogep-ugyintezes-es-idoszakos-karbantartas-gepipari-gyartovallalatnal\/#primaryimage"},"thumbnailUrl":"https:\/\/ecocranes.hu\/wp-content\/uploads\/2025\/11\/1.-15.jpg","datePublished":"2026-09-01T18:41:33+00:00","dateModified":"2026-09-03T12:33:50+00:00","description":"Emel\u0151g\u00e9p \u00fcgyint\u00e9z\u00e9s \u00e9s karbantart\u00e1s j\u00e1rm\u0171- \u00e9s munkag\u00e9p-komponenseket gy\u00e1rt\u00f3 \u00fczem k\u00f6rnyezet\u00e9ben, 13 kapcsol\u00f3d\u00f3 szervizmunk\u00e1val.","breadcrumb":{"@id":"https:\/\/ecocranes.hu\/referenciak\/emelogep-ugyintezes-es-idoszakos-karbantartas-gepipari-gyartovallalatnal\/#breadcrumb"},"inLanguage":"ro-RO","potentialAction":[{"@type":"ReadAction","target":["https:\/\/ecocranes.hu\/referenciak\/emelogep-ugyintezes-es-idoszakos-karbantartas-gepipari-gyartovallalatnal\/"]}],"speakable":{"@type":"SpeakableSpecification","cssSelector":["h1",".elementor-widget-text-editor"]}},{"@type":"ImageObject","inLanguage":"ro-RO","@id":"https:\/\/ecocranes.hu\/referenciak\/emelogep-ugyintezes-es-idoszakos-karbantartas-gepipari-gyartovallalatnal\/#primaryimage","url":"https:\/\/ecocranes.hu\/wp-content\/uploads\/2025\/11\/1.-15.jpg","contentUrl":"https:\/\/ecocranes.hu\/wp-content\/uploads\/2025\/11\/1.-15.jpg","width":2560,"height":1536,"caption":"User comments"},{"@type":"BreadcrumbList","@id":"https:\/\/ecocranes.hu\/referenciak\/emelogep-ugyintezes-es-idoszakos-karbantartas-gepipari-gyartovallalatnal\/#breadcrumb","itemListElement":[{"@type":"ListItem","position":1,"name":"Home","item":"https:\/\/ecocranes.hu\/en\/"},{"@type":"ListItem","position":2,"name":"Emel\u0151g\u00e9p-\u00fcgyint\u00e9z\u00e9s \u00e9s id\u0151szakos karbantart\u00e1s g\u00e9pipari gy\u00e1rt\u00f3v\u00e1llalatn\u00e1l"}]},{"@type":"WebSite","@id":"https:\/\/ecocranes.hu\/#website","url":"https:\/\/ecocranes.hu\/","name":"Eco-Cranes","description":"Macarale \u0219i utilaje de ridicare","publisher":{"@id":"https:\/\/ecocranes.hu\/#organization"},"potentialAction":[{"@type":"SearchAction","target":{"@type":"EntryPoint","urlTemplate":"https:\/\/ecocranes.hu\/?s={search_term_string}"},"query-input":{"@type":"PropertyValueSpecification","valueRequired":true,"valueName":"search_term_string"}}],"inLanguage":"ro-RO"},{"@type":"Organization","@id":"https:\/\/ecocranes.hu\/#organization","name":"Eco-Cranes","url":"https:\/\/ecocranes.hu\/","logo":{"@type":"ImageObject","inLanguage":"ro-RO","@id":"https:\/\/ecocranes.hu\/#\/schema\/logo\/image\/","url":"https:\/\/ecocranes.hu\/wp-content\/uploads\/2025\/09\/eco-cranes-logo.png","contentUrl":"https:\/\/ecocranes.hu\/wp-content\/uploads\/2025\/09\/eco-cranes-logo.png","width":180,"height":18,"caption":"Eco-Cranes"},"image":{"@id":"https:\/\/ecocranes.hu\/#\/schema\/logo\/image\/"},"sameAs":["https:\/\/www.facebook.com\/ecocranes"],"address":{"@type":"PostalAddress","streetAddress":"Ybl Mikl\u00f3s utca 42.","addressLocality":"F\u00f3t","postalCode":"2151","addressCountry":"HU"},"geo":{"@type":"GeoCoordinates","latitude":47.61583300000000207319317269138991832733154296875,"longitude":19.181837000000001580701791681349277496337890625},"openingHoursSpecification":[{"@type":"OpeningHoursSpecification","dayOfWeek":["Monday","Tuesday","Wednesday","Thursday","Friday"],"opens":"08:00","closes":"17:00"}],"description":"Daruk, h\u00edddaruk, forg\u00f3daruk \u00e9s hidraulikus emel\u0151asztalok tervez\u00e9se, gy\u00e1rt\u00e1sa, telep\u00edt\u00e9se, szervize \u00e9s id\u0151szakos vizsg\u00e1lata.","email":"info@ecocranes.hu","telephone":"+36 27 360823","legalName":"ECO-CRANES HUNGARY Daruk \u00e9s Emel\u0151g\u00e9pek Korl\u00e1tolt Felel\u0151ss\u00e9g\u0171 T\u00e1rsas\u00e1g","vatID":"11912606-2-13"}]}},"_links":{"self":[{"href":"https:\/\/ecocranes.hu\/ro\/wp-json\/wp\/v2\/referencia\/11637","targetHints":{"allow":["GET"]}}],"collection":[{"href":"https:\/\/ecocranes.hu\/ro\/wp-json\/wp\/v2\/referencia"}],"about":[{"href":"https:\/\/ecocranes.hu\/ro\/wp-json\/wp\/v2\/types\/referencia"}],"version-history":[{"count":3,"href":"https:\/\/ecocranes.hu\/ro\/wp-json\/wp\/v2\/referencia\/11637\/revisions"}],"predecessor-version":[{"id":11830,"href":"https:\/\/ecocranes.hu\/ro\/wp-json\/wp\/v2\/referencia\/11637\/revisions\/11830"}],"wp:featuredmedia":[{"embeddable":true,"href":"https:\/\/ecocranes.hu\/ro\/wp-json\/wp\/v2\/media\/10441"}],"wp:attachment":[{"href":"https:\/\/ecocranes.hu\/ro\/wp-json\/wp\/v2\/media?parent=11637"}],"wp:term":[{"taxonomy":"ref_tipus","embeddable":true,"href":"https:\/\/ecocranes.hu\/ro\/wp-json\/wp\/v2\/ref_tipus?post=11637"},{"taxonomy":"ref_berendezes","embeddable":true,"href":"https:\/\/ecocranes.hu\/ro\/wp-json\/wp\/v2\/ref_berendezes?post=11637"},{"taxonomy":"ref_iparag","embeddable":true,"href":"https:\/\/ecocranes.hu\/ro\/wp-json\/wp\/v2\/ref_iparag?post=11637"},{"taxonomy":"ref_problema","embeddable":true,"href":"https:\/\/ecocranes.hu\/ro\/wp-json\/wp\/v2\/ref_problema?post=11637"}],"curies":[{"name":"wp","href":"https:\/\/api.w.org\/{rel}","templated":true}]}}