{"id":11631,"date":"2026-09-01T20:41:37","date_gmt":"2026-09-01T18:41:37","guid":{"rendered":"https:\/\/ecocranes.hu\/?post_type=referencia&#038;p=11631"},"modified":"2026-09-03T14:33:46","modified_gmt":"2026-09-03T12:33:46","slug":"emeloberendezes-karbantartas-kritikus-infrastrukturaban","status":"publish","type":"referencia","link":"https:\/\/ecocranes.hu\/ro\/referenciak\/emeloberendezes-karbantartas-kritikus-infrastrukturaban\/","title":{"rendered":"\u00centre\u021binerea \u0219i testarea la sarcin\u0103 a echipamentelor de ridicare \u00een infrastructurile critice"},"content":{"rendered":"<h2>A szervizk\u00f6rnyezet<\/h2>\n<p>A megrendel\u0151 a(z) v\u00edzik\u00f6zm\u0171 \/ kritikus infrastrukt\u00fara ter\u00fclet\u00e9n m\u0171k\u00f6dik. Nagyobb ipari k\u00f6rnyezetben az emel\u0151berendez\u00e9sek rendelkez\u00e9sre \u00e1ll\u00e1sa, biztons\u00e1gos m\u0171k\u00f6d\u00e9se \u00e9s dokument\u00e1lt vizsg\u00e1lata k\u00f6zvetlen\u00fcl befoly\u00e1solhatja a termel\u00e9si vagy \u00fczemeltet\u00e9si folyamatokat.<\/p>\n<h2>A feladat<\/h2>\n<p>A munk\u00e1k t\u00f6bb \u00fczemegys\u00e9g daruit, emel\u0151it, hevedereit, targonc\u00e1it \u00e9s raklapemel\u0151it \u00e9rintik; t\u00f6bb esetben nagyobb berendez\u00e9s\u00e1llom\u00e1ny karbantart\u00e1sa \u00e9s terhel\u00e9si pr\u00f3b\u00e1ja egy munk\u00e1n bel\u00fcl t\u00f6rt\u00e9nt.<\/p>\n<h2>Az Eco-Cranes \u00e1ltal v\u00e9gzett munk\u00e1k<\/h2>\n<ul>\n<li>daruk \u00e9ves karbantart\u00e1sa \u00e9s terhel\u00e9si pr\u00f3b\u00e1ja<\/li>\n<li>hevederek id\u0151szakos vizsg\u00e1lata<\/li>\n<li>l\u00e1ncos emel\u0151k karbantart\u00e1sa \u00e9s jav\u00edt\u00e1sa<\/li>\n<li>targonc\u00e1k \u00e9s raklapemel\u0151k karbantart\u00e1sa, terhel\u00e9si pr\u00f3b\u00e1ja<\/li>\n<li>nagyobb emel\u0151berendez\u00e9s-\u00e1llom\u00e1ny karbantart\u00e1sa teherpr\u00f3b\u00e1val<\/li>\n<\/ul>\n<h2>Milyen probl\u00e9m\u00e1ra ad v\u00e1laszt ez a referencia?<\/h2>\n<p>A referencia azt mutatja, hogy a emel\u0151berendez\u00e9sek karbantart\u00e1sa \u00e9s terhel\u00e9si pr\u00f3b\u00e1ja nem egyszeri beavatkoz\u00e1sk\u00e9nt, hanem az emel\u0151berendez\u00e9sek teljes \u00fczemeltet\u00e9si ciklus\u00e1ba illesztve kezelhet\u0151. A rendszeres feladatok mellett az eseti hib\u00e1k, jav\u00edt\u00e1sok, \u00e1talak\u00edt\u00e1sok vagy vizsg\u00e1latok is ugyanahhoz a dokument\u00e1lt szervizfolyamathoz kapcsolhat\u00f3k.<\/p>","protected":false},"excerpt":{"rendered":"<p>Egy k\u00f6zm\u0171- \u00e9s v\u00edzik\u00f6zm\u0171-szolg\u00e1ltat\u00f3 emel\u0151berendez\u00e9sein az Eco-Cranes visszat\u00e9r\u0151 szerviz-, karbantart\u00e1si \u00e9s vizsg\u00e1lati feladatokat v\u00e9gzett. A munka nagy volumen\u0171, rendszeresen visszat\u00e9r\u0151 karbantart\u00e1si \u00e9s vizsg\u00e1lati feladatokat foglalt mag\u00e1ban; a referencia c\u00e9lja annak bemutat\u00e1sa, milyen \u00fczemi\u2026<\/p>","protected":false},"featured_media":10438,"menu_order":0,"template":"","meta":{"_acf_changed":false,"footnotes":""},"ref_tipus":[237],"ref_berendezes":[257,259],"ref_iparag":[251],"ref_problema":[265],"class_list":["post-11631","referencia","type-referencia","status-publish","has-post-thumbnail","hentry","ref_tipus-szerviz-referenciak","ref_berendezes-emelomu-es-futomacska","ref_berendezes-fuggesztek-es-kotozoeszkoz","ref_iparag-viz-es-kozmuipar","ref_problema-karbantartas","has-thumb"],"acf":[],"yoast_head":"<!-- This site is optimized with the Yoast SEO Premium plugin v26.2 (Yoast SEO v26.6) - https:\/\/yoast.com\/wordpress\/plugins\/seo\/ -->\n<title>Emel\u0151berendez\u00e9s-karbantart\u00e1s kritikus infrastrukt\u00far\u00e1ban<\/title>\n<meta name=\"description\" content=\"Emel\u0151berendez\u00e9sek karbantart\u00e1sa \u00e9s terhel\u00e9si pr\u00f3b\u00e1ja k\u00f6zm\u0171-szolg\u00e1ltat\u00f3i \u00fczemi k\u00f6rnyezetben, 44 kapcsol\u00f3d\u00f3 szervizmunk\u00e1val.\" \/>\n<meta name=\"robots\" content=\"index, follow, max-snippet:-1, max-image-preview:large, max-video-preview:-1\" \/>\n<link rel=\"canonical\" href=\"https:\/\/ecocranes.hu\/ro\/referenciak\/emeloberendezes-karbantartas-kritikus-infrastrukturaban\/\" \/>\n<meta property=\"og:locale\" content=\"ro_RO\" \/>\n<meta property=\"og:type\" content=\"article\" \/>\n<meta property=\"og:title\" content=\"Emel\u0151berendez\u00e9sek karbantart\u00e1sa \u00e9s terhel\u00e9si pr\u00f3b\u00e1ja kritikus infrastrukt\u00far\u00e1ban\" \/>\n<meta property=\"og:description\" content=\"Emel\u0151berendez\u00e9sek karbantart\u00e1sa \u00e9s terhel\u00e9si pr\u00f3b\u00e1ja k\u00f6zm\u0171-szolg\u00e1ltat\u00f3i \u00fczemi k\u00f6rnyezetben, 44 kapcsol\u00f3d\u00f3 szervizmunk\u00e1val.\" \/>\n<meta property=\"og:url\" content=\"https:\/\/ecocranes.hu\/ro\/referenciak\/emeloberendezes-karbantartas-kritikus-infrastrukturaban\/\" \/>\n<meta property=\"og:site_name\" content=\"Eco-Cranes\" \/>\n<meta property=\"article:publisher\" content=\"https:\/\/www.facebook.com\/ecocranes\" \/>\n<meta property=\"article:modified_time\" content=\"2026-09-03T12:33:46+00:00\" \/>\n<meta property=\"og:image\" content=\"https:\/\/ecocranes.hu\/wp-content\/uploads\/2025\/11\/1.-12.jpg\" \/>\n\t<meta property=\"og:image:width\" content=\"1600\" \/>\n\t<meta property=\"og:image:height\" content=\"1200\" \/>\n\t<meta property=\"og:image:type\" content=\"image\/jpeg\" \/>\n<meta name=\"twitter:card\" content=\"summary_large_image\" \/>\n<meta name=\"twitter:label1\" content=\"Timp estimat pentru citire\" \/>\n\t<meta name=\"twitter:data1\" content=\"1 minut\" \/>\n<script type=\"application\/ld+json\" class=\"yoast-schema-graph\">{\"@context\":\"https:\/\/schema.org\",\"@graph\":[{\"@type\":\"WebPage\",\"@id\":\"https:\/\/ecocranes.hu\/referenciak\/emeloberendezes-karbantartas-kritikus-infrastrukturaban\/\",\"url\":\"https:\/\/ecocranes.hu\/referenciak\/emeloberendezes-karbantartas-kritikus-infrastrukturaban\/\",\"name\":\"Emel\u0151berendez\u00e9s-karbantart\u00e1s kritikus infrastrukt\u00far\u00e1ban\",\"isPartOf\":{\"@id\":\"https:\/\/ecocranes.hu\/#website\"},\"primaryImageOfPage\":{\"@id\":\"https:\/\/ecocranes.hu\/referenciak\/emeloberendezes-karbantartas-kritikus-infrastrukturaban\/#primaryimage\"},\"image\":{\"@id\":\"https:\/\/ecocranes.hu\/referenciak\/emeloberendezes-karbantartas-kritikus-infrastrukturaban\/#primaryimage\"},\"thumbnailUrl\":\"https:\/\/ecocranes.hu\/wp-content\/uploads\/2025\/11\/1.-12.jpg\",\"datePublished\":\"2026-09-01T18:41:37+00:00\",\"dateModified\":\"2026-09-03T12:33:46+00:00\",\"description\":\"Emel\u0151berendez\u00e9sek karbantart\u00e1sa \u00e9s terhel\u00e9si pr\u00f3b\u00e1ja k\u00f6zm\u0171-szolg\u00e1ltat\u00f3i \u00fczemi k\u00f6rnyezetben, 44 kapcsol\u00f3d\u00f3 szervizmunk\u00e1val.\",\"breadcrumb\":{\"@id\":\"https:\/\/ecocranes.hu\/referenciak\/emeloberendezes-karbantartas-kritikus-infrastrukturaban\/#breadcrumb\"},\"inLanguage\":\"ro-RO\",\"potentialAction\":[{\"@type\":\"ReadAction\",\"target\":[\"https:\/\/ecocranes.hu\/referenciak\/emeloberendezes-karbantartas-kritikus-infrastrukturaban\/\"]}],\"speakable\":{\"@type\":\"SpeakableSpecification\",\"cssSelector\":[\"h1\",\".elementor-widget-text-editor\"]}},{\"@type\":\"ImageObject\",\"inLanguage\":\"ro-RO\",\"@id\":\"https:\/\/ecocranes.hu\/referenciak\/emeloberendezes-karbantartas-kritikus-infrastrukturaban\/#primaryimage\",\"url\":\"https:\/\/ecocranes.hu\/wp-content\/uploads\/2025\/11\/1.-12.jpg\",\"contentUrl\":\"https:\/\/ecocranes.hu\/wp-content\/uploads\/2025\/11\/1.-12.jpg\",\"width\":1600,\"height\":1200,\"caption\":\"Daru emel\u0151m\u0171ve ipari csarnokban\"},{\"@type\":\"BreadcrumbList\",\"@id\":\"https:\/\/ecocranes.hu\/referenciak\/emeloberendezes-karbantartas-kritikus-infrastrukturaban\/#breadcrumb\",\"itemListElement\":[{\"@type\":\"ListItem\",\"position\":1,\"name\":\"Home\",\"item\":\"https:\/\/ecocranes.hu\/en\/\"},{\"@type\":\"ListItem\",\"position\":2,\"name\":\"Emel\u0151berendez\u00e9sek karbantart\u00e1sa \u00e9s terhel\u00e9si pr\u00f3b\u00e1ja kritikus infrastrukt\u00far\u00e1ban\"}]},{\"@type\":\"WebSite\",\"@id\":\"https:\/\/ecocranes.hu\/#website\",\"url\":\"https:\/\/ecocranes.hu\/\",\"name\":\"Eco-Cranes\",\"description\":\"Daruk \u00e9s emel\u0151g\u00e9pek\",\"publisher\":{\"@id\":\"https:\/\/ecocranes.hu\/#organization\"},\"potentialAction\":[{\"@type\":\"SearchAction\",\"target\":{\"@type\":\"EntryPoint\",\"urlTemplate\":\"https:\/\/ecocranes.hu\/?s={search_term_string}\"},\"query-input\":{\"@type\":\"PropertyValueSpecification\",\"valueRequired\":true,\"valueName\":\"search_term_string\"}}],\"inLanguage\":\"ro-RO\"},{\"@type\":\"Organization\",\"@id\":\"https:\/\/ecocranes.hu\/#organization\",\"name\":\"Eco-Cranes\",\"url\":\"https:\/\/ecocranes.hu\/\",\"logo\":{\"@type\":\"ImageObject\",\"inLanguage\":\"ro-RO\",\"@id\":\"https:\/\/ecocranes.hu\/#\/schema\/logo\/image\/\",\"url\":\"https:\/\/ecocranes.hu\/wp-content\/uploads\/2025\/09\/eco-cranes-logo.png\",\"contentUrl\":\"https:\/\/ecocranes.hu\/wp-content\/uploads\/2025\/09\/eco-cranes-logo.png\",\"width\":180,\"height\":18,\"caption\":\"Eco-Cranes\"},\"image\":{\"@id\":\"https:\/\/ecocranes.hu\/#\/schema\/logo\/image\/\"},\"sameAs\":[\"https:\/\/www.facebook.com\/ecocranes\"],\"address\":{\"@type\":\"PostalAddress\",\"streetAddress\":\"Ybl Mikl\u00f3s utca 42.\",\"addressLocality\":\"F\u00f3t\",\"postalCode\":\"2151\",\"addressCountry\":\"HU\"},\"geo\":{\"@type\":\"GeoCoordinates\",\"latitude\":47.61583300000000207319317269138991832733154296875,\"longitude\":19.181837000000001580701791681349277496337890625},\"openingHoursSpecification\":[{\"@type\":\"OpeningHoursSpecification\",\"dayOfWeek\":[\"Monday\",\"Tuesday\",\"Wednesday\",\"Thursday\",\"Friday\"],\"opens\":\"08:00\",\"closes\":\"17:00\"}],\"description\":\"Daruk, h\u00edddaruk, forg\u00f3daruk \u00e9s hidraulikus emel\u0151asztalok tervez\u00e9se, gy\u00e1rt\u00e1sa, telep\u00edt\u00e9se, szervize \u00e9s id\u0151szakos vizsg\u00e1lata.\",\"email\":\"info@ecocranes.hu\",\"telephone\":\"+36 27 360823\",\"legalName\":\"ECO-CRANES HUNGARY Daruk \u00e9s Emel\u0151g\u00e9pek Korl\u00e1tolt Felel\u0151ss\u00e9g\u0171 T\u00e1rsas\u00e1g\",\"vatID\":\"11912606-2-13\"}]}<\/script>\n<!-- \/ Yoast SEO Premium plugin. -->","yoast_head_json":{"title":"Emel\u0151berendez\u00e9s-karbantart\u00e1s kritikus infrastrukt\u00far\u00e1ban","description":"Emel\u0151berendez\u00e9sek karbantart\u00e1sa \u00e9s terhel\u00e9si pr\u00f3b\u00e1ja k\u00f6zm\u0171-szolg\u00e1ltat\u00f3i \u00fczemi k\u00f6rnyezetben, 44 kapcsol\u00f3d\u00f3 szervizmunk\u00e1val.","robots":{"index":"index","follow":"follow","max-snippet":"max-snippet:-1","max-image-preview":"max-image-preview:large","max-video-preview":"max-video-preview:-1"},"canonical":"https:\/\/ecocranes.hu\/ro\/referenciak\/emeloberendezes-karbantartas-kritikus-infrastrukturaban\/","og_locale":"ro_RO","og_type":"article","og_title":"Emel\u0151berendez\u00e9sek karbantart\u00e1sa \u00e9s terhel\u00e9si pr\u00f3b\u00e1ja kritikus infrastrukt\u00far\u00e1ban","og_description":"Emel\u0151berendez\u00e9sek karbantart\u00e1sa \u00e9s terhel\u00e9si pr\u00f3b\u00e1ja k\u00f6zm\u0171-szolg\u00e1ltat\u00f3i \u00fczemi k\u00f6rnyezetben, 44 kapcsol\u00f3d\u00f3 szervizmunk\u00e1val.","og_url":"https:\/\/ecocranes.hu\/ro\/referenciak\/emeloberendezes-karbantartas-kritikus-infrastrukturaban\/","og_site_name":"Eco-Cranes","article_publisher":"https:\/\/www.facebook.com\/ecocranes","article_modified_time":"2026-09-03T12:33:46+00:00","og_image":[{"width":1600,"height":1200,"url":"https:\/\/ecocranes.hu\/wp-content\/uploads\/2025\/11\/1.-12.jpg","type":"image\/jpeg"}],"twitter_card":"summary_large_image","twitter_misc":{"Timp estimat pentru citire":"1 minut"},"schema":{"@context":"https:\/\/schema.org","@graph":[{"@type":"WebPage","@id":"https:\/\/ecocranes.hu\/referenciak\/emeloberendezes-karbantartas-kritikus-infrastrukturaban\/","url":"https:\/\/ecocranes.hu\/referenciak\/emeloberendezes-karbantartas-kritikus-infrastrukturaban\/","name":"Emel\u0151berendez\u00e9s-karbantart\u00e1s kritikus infrastrukt\u00far\u00e1ban","isPartOf":{"@id":"https:\/\/ecocranes.hu\/#website"},"primaryImageOfPage":{"@id":"https:\/\/ecocranes.hu\/referenciak\/emeloberendezes-karbantartas-kritikus-infrastrukturaban\/#primaryimage"},"image":{"@id":"https:\/\/ecocranes.hu\/referenciak\/emeloberendezes-karbantartas-kritikus-infrastrukturaban\/#primaryimage"},"thumbnailUrl":"https:\/\/ecocranes.hu\/wp-content\/uploads\/2025\/11\/1.-12.jpg","datePublished":"2026-09-01T18:41:37+00:00","dateModified":"2026-09-03T12:33:46+00:00","description":"Emel\u0151berendez\u00e9sek karbantart\u00e1sa \u00e9s terhel\u00e9si pr\u00f3b\u00e1ja k\u00f6zm\u0171-szolg\u00e1ltat\u00f3i \u00fczemi k\u00f6rnyezetben, 44 kapcsol\u00f3d\u00f3 szervizmunk\u00e1val.","breadcrumb":{"@id":"https:\/\/ecocranes.hu\/referenciak\/emeloberendezes-karbantartas-kritikus-infrastrukturaban\/#breadcrumb"},"inLanguage":"ro-RO","potentialAction":[{"@type":"ReadAction","target":["https:\/\/ecocranes.hu\/referenciak\/emeloberendezes-karbantartas-kritikus-infrastrukturaban\/"]}],"speakable":{"@type":"SpeakableSpecification","cssSelector":["h1",".elementor-widget-text-editor"]}},{"@type":"ImageObject","inLanguage":"ro-RO","@id":"https:\/\/ecocranes.hu\/referenciak\/emeloberendezes-karbantartas-kritikus-infrastrukturaban\/#primaryimage","url":"https:\/\/ecocranes.hu\/wp-content\/uploads\/2025\/11\/1.-12.jpg","contentUrl":"https:\/\/ecocranes.hu\/wp-content\/uploads\/2025\/11\/1.-12.jpg","width":1600,"height":1200,"caption":"Daru emel\u0151m\u0171ve ipari csarnokban"},{"@type":"BreadcrumbList","@id":"https:\/\/ecocranes.hu\/referenciak\/emeloberendezes-karbantartas-kritikus-infrastrukturaban\/#breadcrumb","itemListElement":[{"@type":"ListItem","position":1,"name":"Home","item":"https:\/\/ecocranes.hu\/en\/"},{"@type":"ListItem","position":2,"name":"Emel\u0151berendez\u00e9sek karbantart\u00e1sa \u00e9s terhel\u00e9si pr\u00f3b\u00e1ja kritikus infrastrukt\u00far\u00e1ban"}]},{"@type":"WebSite","@id":"https:\/\/ecocranes.hu\/#website","url":"https:\/\/ecocranes.hu\/","name":"Eco-Cranes","description":"Macarale \u0219i utilaje de ridicare","publisher":{"@id":"https:\/\/ecocranes.hu\/#organization"},"potentialAction":[{"@type":"SearchAction","target":{"@type":"EntryPoint","urlTemplate":"https:\/\/ecocranes.hu\/?s={search_term_string}"},"query-input":{"@type":"PropertyValueSpecification","valueRequired":true,"valueName":"search_term_string"}}],"inLanguage":"ro-RO"},{"@type":"Organization","@id":"https:\/\/ecocranes.hu\/#organization","name":"Eco-Cranes","url":"https:\/\/ecocranes.hu\/","logo":{"@type":"ImageObject","inLanguage":"ro-RO","@id":"https:\/\/ecocranes.hu\/#\/schema\/logo\/image\/","url":"https:\/\/ecocranes.hu\/wp-content\/uploads\/2025\/09\/eco-cranes-logo.png","contentUrl":"https:\/\/ecocranes.hu\/wp-content\/uploads\/2025\/09\/eco-cranes-logo.png","width":180,"height":18,"caption":"Eco-Cranes"},"image":{"@id":"https:\/\/ecocranes.hu\/#\/schema\/logo\/image\/"},"sameAs":["https:\/\/www.facebook.com\/ecocranes"],"address":{"@type":"PostalAddress","streetAddress":"Ybl Mikl\u00f3s utca 42.","addressLocality":"F\u00f3t","postalCode":"2151","addressCountry":"HU"},"geo":{"@type":"GeoCoordinates","latitude":47.61583300000000207319317269138991832733154296875,"longitude":19.181837000000001580701791681349277496337890625},"openingHoursSpecification":[{"@type":"OpeningHoursSpecification","dayOfWeek":["Monday","Tuesday","Wednesday","Thursday","Friday"],"opens":"08:00","closes":"17:00"}],"description":"Daruk, h\u00edddaruk, forg\u00f3daruk \u00e9s hidraulikus emel\u0151asztalok tervez\u00e9se, gy\u00e1rt\u00e1sa, telep\u00edt\u00e9se, szervize \u00e9s id\u0151szakos vizsg\u00e1lata.","email":"info@ecocranes.hu","telephone":"+36 27 360823","legalName":"ECO-CRANES HUNGARY Daruk \u00e9s Emel\u0151g\u00e9pek Korl\u00e1tolt Felel\u0151ss\u00e9g\u0171 T\u00e1rsas\u00e1g","vatID":"11912606-2-13"}]}},"_links":{"self":[{"href":"https:\/\/ecocranes.hu\/ro\/wp-json\/wp\/v2\/referencia\/11631","targetHints":{"allow":["GET"]}}],"collection":[{"href":"https:\/\/ecocranes.hu\/ro\/wp-json\/wp\/v2\/referencia"}],"about":[{"href":"https:\/\/ecocranes.hu\/ro\/wp-json\/wp\/v2\/types\/referencia"}],"version-history":[{"count":3,"href":"https:\/\/ecocranes.hu\/ro\/wp-json\/wp\/v2\/referencia\/11631\/revisions"}],"predecessor-version":[{"id":11851,"href":"https:\/\/ecocranes.hu\/ro\/wp-json\/wp\/v2\/referencia\/11631\/revisions\/11851"}],"wp:featuredmedia":[{"embeddable":true,"href":"https:\/\/ecocranes.hu\/ro\/wp-json\/wp\/v2\/media\/10438"}],"wp:attachment":[{"href":"https:\/\/ecocranes.hu\/ro\/wp-json\/wp\/v2\/media?parent=11631"}],"wp:term":[{"taxonomy":"ref_tipus","embeddable":true,"href":"https:\/\/ecocranes.hu\/ro\/wp-json\/wp\/v2\/ref_tipus?post=11631"},{"taxonomy":"ref_berendezes","embeddable":true,"href":"https:\/\/ecocranes.hu\/ro\/wp-json\/wp\/v2\/ref_berendezes?post=11631"},{"taxonomy":"ref_iparag","embeddable":true,"href":"https:\/\/ecocranes.hu\/ro\/wp-json\/wp\/v2\/ref_iparag?post=11631"},{"taxonomy":"ref_problema","embeddable":true,"href":"https:\/\/ecocranes.hu\/ro\/wp-json\/wp\/v2\/ref_problema?post=11631"}],"curies":[{"name":"wp","href":"https:\/\/api.w.org\/{rel}","templated":true}]}}