{"id":11565,"date":"2026-09-01T20:42:18","date_gmt":"2026-09-01T18:42:18","guid":{"rendered":"https:\/\/ecocranes.hu\/?post_type=referencia&#038;p=11565"},"modified":"2026-09-03T14:33:03","modified_gmt":"2026-09-03T12:33:03","slug":"25-tonnas-ketfotartos-hiddaru-aceltekercs-feldolgozo-uzemben","status":"publish","type":"referencia","link":"https:\/\/ecocranes.hu\/ro\/referenciak\/25-tonnas-ketfotartos-hiddaru-aceltekercs-feldolgozo-uzemben\/","title":{"rendered":"Macara de pod cu dou\u0103 coloane, de 25 de tone, \u00eentr-o fabric\u0103 de prelucrare a bobinelor de o\u021bel"},"content":{"rendered":"<h2>A probl\u00e9ma \u00e9s a feladat<\/h2>\n<p>Az Eco-Cranes helysz\u00edni felm\u00e9r\u00e9ssel hat\u00e1rozta meg a csarnok \u00e9s az emel\u00e9si feladat f\u0151 m\u0171szaki adotts\u00e1gait. A felm\u00e9r\u00e9s alapj\u00e1n az Eco-Cranes olyan nagy teherb\u00edr\u00e1s\u00fa h\u00edddaru-rendszert alak\u00edtott ki, amely a nagy t\u00f6meg\u0171 terhek emel\u00e9s\u00e9t \u00e9s a csarnok hossz\u00e1ban t\u00f6rt\u00e9n\u0151 mozgat\u00e1s\u00e1t szolg\u00e1lja. A felm\u00e9r\u00e9s eredm\u00e9nyei alapj\u00e1n az emel\u0151berendez\u00e9s \u00e9s a darup\u00e1lya egym\u00e1shoz, valamint a gy\u00e1rt\u00e1si k\u00f6rnyezethez illeszked\u0151 rendszerk\u00e9nt k\u00e9sz\u00fclt el.<\/p>\n<h2>A gy\u00e1rt\u00e1si k\u00f6rnyezet<\/h2>\n<p>A megrendel\u0151 ac\u00e9l- \u00e9s alum\u00edniumlemezek, tekercsek, has\u00edt\u00e9kok \u00e9s hossz\u00fa\u00e1ruk feldolgoz\u00e1s\u00e1val, valamint kereskedelm\u00e9vel foglalkoz\u00f3 hazai v\u00e1llalat. Ebben a gy\u00e1rt\u00e1si k\u00f6rnyezetben k\u00fcl\u00f6nb\u00f6z\u0151 alak\u00fa \u00e9s m\u00e9ret\u0171 f\u00e9mipari alapanyagok, f\u00e9lk\u00e9sz term\u00e9kek \u00e9s munkadarabok fordulnak el\u0151.<\/p>\n<p>A daru kialak\u00edt\u00e1s\u00e1n\u00e1l ez\u00e9rt a n\u00e9vleges teherb\u00edr\u00e1s mellett a csarnok geometri\u00e1j\u00e1t \u00e9s a rendelkez\u00e9sre \u00e1ll\u00f3 mozg\u00e1si ter\u00fcletet is figyelembe kellett venni.<\/p>\n<h2>Solu\u021bia<\/h2>\n<ul>\n<li>1 db 25 000 kg teherb\u00edr\u00e1s\u00fa, k\u00e9tf\u0151tart\u00f3s fel\u00fclfut\u00f3 h\u00edddaru<\/li>\n<li>15,2 m feszt\u00e1v<\/li>\n<li>53,4 m hossz\u00fa darup\u00e1lya<\/li>\n<li>2-f\u00e9le tehermegfog\u00f3 \u00e9s a t\u00e1rol\u00e1sukra k\u00e9sz\u00fclt \u00e1llv\u00e1ny<\/li>\n<\/ul>\n<p>A k\u00e9tf\u0151tart\u00f3s fel\u00fclfut\u00f3 h\u00edddaru a csarnok fels\u0151 darup\u00e1ly\u00e1j\u00e1n k\u00f6zlekedik. A feszt\u00e1v a daru \u00e1ltal \u00e1thidalt sz\u00e9less\u00e9get, a darup\u00e1lya pedig a hosszir\u00e1ny\u00fa mozg\u00e1s rendelkez\u00e9sre \u00e1ll\u00f3 \u00fatj\u00e1t hat\u00e1rozza meg.<\/p>\n<h2>Milyen probl\u00e9m\u00e1ra ad v\u00e1laszt?<\/h2>\n<p>A kialak\u00edt\u00e1s arra a helyzetre ad m\u0171szaki v\u00e1laszt, amikor nagy teherb\u00edr\u00e1s\u00fa emel\u00e9st \u00e9s hossz\u00fa csarnokon bel\u00fcli mozg\u00e1si \u00fatvonalat kell egy rendszerben kezelni. A k\u00e9tf\u0151tart\u00f3s h\u00edddaru \u00e9s a hozz\u00e1 illeszked\u0151 darup\u00e1lya egys\u00e9ges rendszert alkot a csarnokon bel\u00fcli anyagmozgat\u00e1shoz.<\/p>","protected":false},"excerpt":{"rendered":"<p>Egy hazai ac\u00e9l- \u00e9s alum\u00edniumlemez-, illetve tekercsfeldolgoz\u00f3 \u00fczem sz\u00e1m\u00e1ra 25 tonna teherb\u00edr\u00e1s\u00fa, k\u00e9tf\u0151tart\u00f3s fel\u00fclfut\u00f3 h\u00edddaru k\u00e9sz\u00fclt t\u00f6bb mint 50 m\u00e9ter hossz\u00fa darup\u00e1ly\u00e1val. A tervez\u00e9sn\u00e9l a terhek biztons\u00e1gos megfog\u00e1s\u00e1ra is figyelni kellett.<\/p>","protected":false},"featured_media":10253,"menu_order":0,"template":"","meta":{"_acf_changed":false,"footnotes":""},"ref_tipus":[236],"ref_berendezes":[260],"ref_iparag":[243],"ref_problema":[269],"class_list":["post-11565","referencia","type-referencia","status-publish","has-post-thumbnail","hentry","ref_tipus-gyartasi-referenciak","ref_berendezes-hiddaru","ref_iparag-femipar-es-acelszerkezet","ref_problema-uj-telepites","has-thumb"],"acf":[],"yoast_head":"<!-- This site is optimized with the Yoast SEO Premium plugin v26.2 (Yoast SEO v26.6) - https:\/\/yoast.com\/wordpress\/plugins\/seo\/ -->\n<title>25 tonn\u00e1s k\u00e9tf\u0151tart\u00f3s h\u00edddaru ac\u00e9lipari \u00fczemben<\/title>\n<meta name=\"description\" content=\"25 tonn\u00e1s, 15,2 m feszt\u00e1v\u00fa k\u00e9tf\u0151tart\u00f3s h\u00edddaru 53,4 m darup\u00e1ly\u00e1val, k\u00e9tf\u00e9le tehermegfog\u00f3val \u00e9s t\u00e1rol\u00f3\u00e1llv\u00e1nnyal.\" \/>\n<meta name=\"robots\" content=\"index, follow, max-snippet:-1, max-image-preview:large, max-video-preview:-1\" \/>\n<link rel=\"canonical\" href=\"https:\/\/ecocranes.hu\/ro\/referenciak\/25-tonnas-ketfotartos-hiddaru-aceltekercs-feldolgozo-uzemben\/\" \/>\n<meta property=\"og:locale\" content=\"ro_RO\" \/>\n<meta property=\"og:type\" content=\"article\" \/>\n<meta property=\"og:title\" content=\"25 tonn\u00e1s k\u00e9tf\u0151tart\u00f3s h\u00edddaru ac\u00e9ltekercs-feldolgoz\u00f3 \u00fczemben\" \/>\n<meta property=\"og:description\" content=\"25 tonn\u00e1s, 15,2 m feszt\u00e1v\u00fa k\u00e9tf\u0151tart\u00f3s h\u00edddaru 53,4 m darup\u00e1ly\u00e1val, k\u00e9tf\u00e9le tehermegfog\u00f3val \u00e9s t\u00e1rol\u00f3\u00e1llv\u00e1nnyal.\" \/>\n<meta property=\"og:url\" content=\"https:\/\/ecocranes.hu\/ro\/referenciak\/25-tonnas-ketfotartos-hiddaru-aceltekercs-feldolgozo-uzemben\/\" \/>\n<meta property=\"og:site_name\" content=\"Eco-Cranes\" \/>\n<meta property=\"article:publisher\" content=\"https:\/\/www.facebook.com\/ecocranes\" \/>\n<meta property=\"article:modified_time\" content=\"2026-09-03T12:33:03+00:00\" \/>\n<meta property=\"og:image\" content=\"https:\/\/ecocranes.hu\/wp-content\/uploads\/2025\/11\/F.2-1.jpg\" \/>\n\t<meta property=\"og:image:width\" content=\"2304\" \/>\n\t<meta property=\"og:image:height\" content=\"1728\" \/>\n\t<meta property=\"og:image:type\" content=\"image\/jpeg\" \/>\n<meta name=\"twitter:card\" content=\"summary_large_image\" \/>\n<meta name=\"twitter:label1\" content=\"Timp estimat pentru citire\" \/>\n\t<meta name=\"twitter:data1\" content=\"2 minute\" \/>\n<script type=\"application\/ld+json\" class=\"yoast-schema-graph\">{\"@context\":\"https:\/\/schema.org\",\"@graph\":[{\"@type\":\"WebPage\",\"@id\":\"https:\/\/ecocranes.hu\/referenciak\/25-tonnas-ketfotartos-hiddaru-aceltekercs-feldolgozo-uzemben\/\",\"url\":\"https:\/\/ecocranes.hu\/referenciak\/25-tonnas-ketfotartos-hiddaru-aceltekercs-feldolgozo-uzemben\/\",\"name\":\"25 tonn\u00e1s k\u00e9tf\u0151tart\u00f3s h\u00edddaru ac\u00e9lipari \u00fczemben\",\"isPartOf\":{\"@id\":\"https:\/\/ecocranes.hu\/#website\"},\"primaryImageOfPage\":{\"@id\":\"https:\/\/ecocranes.hu\/referenciak\/25-tonnas-ketfotartos-hiddaru-aceltekercs-feldolgozo-uzemben\/#primaryimage\"},\"image\":{\"@id\":\"https:\/\/ecocranes.hu\/referenciak\/25-tonnas-ketfotartos-hiddaru-aceltekercs-feldolgozo-uzemben\/#primaryimage\"},\"thumbnailUrl\":\"https:\/\/ecocranes.hu\/wp-content\/uploads\/2025\/11\/F.2-1.jpg\",\"datePublished\":\"2026-09-01T18:42:18+00:00\",\"dateModified\":\"2026-09-03T12:33:03+00:00\",\"description\":\"25 tonn\u00e1s, 15,2 m feszt\u00e1v\u00fa k\u00e9tf\u0151tart\u00f3s h\u00edddaru 53,4 m darup\u00e1ly\u00e1val, k\u00e9tf\u00e9le tehermegfog\u00f3val \u00e9s t\u00e1rol\u00f3\u00e1llv\u00e1nnyal.\",\"breadcrumb\":{\"@id\":\"https:\/\/ecocranes.hu\/referenciak\/25-tonnas-ketfotartos-hiddaru-aceltekercs-feldolgozo-uzemben\/#breadcrumb\"},\"inLanguage\":\"ro-RO\",\"potentialAction\":[{\"@type\":\"ReadAction\",\"target\":[\"https:\/\/ecocranes.hu\/referenciak\/25-tonnas-ketfotartos-hiddaru-aceltekercs-feldolgozo-uzemben\/\"]}],\"speakable\":{\"@type\":\"SpeakableSpecification\",\"cssSelector\":[\"h1\",\".elementor-widget-text-editor\"]}},{\"@type\":\"ImageObject\",\"inLanguage\":\"ro-RO\",\"@id\":\"https:\/\/ecocranes.hu\/referenciak\/25-tonnas-ketfotartos-hiddaru-aceltekercs-feldolgozo-uzemben\/#primaryimage\",\"url\":\"https:\/\/ecocranes.hu\/wp-content\/uploads\/2025\/11\/F.2-1.jpg\",\"contentUrl\":\"https:\/\/ecocranes.hu\/wp-content\/uploads\/2025\/11\/F.2-1.jpg\",\"width\":2304,\"height\":1728,\"caption\":\"K\u00e9tf\u0151tart\u00f3s h\u00edddaru ipari csarnokban\"},{\"@type\":\"BreadcrumbList\",\"@id\":\"https:\/\/ecocranes.hu\/referenciak\/25-tonnas-ketfotartos-hiddaru-aceltekercs-feldolgozo-uzemben\/#breadcrumb\",\"itemListElement\":[{\"@type\":\"ListItem\",\"position\":1,\"name\":\"Home\",\"item\":\"https:\/\/ecocranes.hu\/en\/\"},{\"@type\":\"ListItem\",\"position\":2,\"name\":\"25 tonn\u00e1s k\u00e9tf\u0151tart\u00f3s h\u00edddaru ac\u00e9ltekercs-feldolgoz\u00f3 \u00fczemben\"}]},{\"@type\":\"WebSite\",\"@id\":\"https:\/\/ecocranes.hu\/#website\",\"url\":\"https:\/\/ecocranes.hu\/\",\"name\":\"Eco-Cranes\",\"description\":\"Daruk \u00e9s emel\u0151g\u00e9pek\",\"publisher\":{\"@id\":\"https:\/\/ecocranes.hu\/#organization\"},\"potentialAction\":[{\"@type\":\"SearchAction\",\"target\":{\"@type\":\"EntryPoint\",\"urlTemplate\":\"https:\/\/ecocranes.hu\/?s={search_term_string}\"},\"query-input\":{\"@type\":\"PropertyValueSpecification\",\"valueRequired\":true,\"valueName\":\"search_term_string\"}}],\"inLanguage\":\"ro-RO\"},{\"@type\":\"Organization\",\"@id\":\"https:\/\/ecocranes.hu\/#organization\",\"name\":\"Eco-Cranes\",\"url\":\"https:\/\/ecocranes.hu\/\",\"logo\":{\"@type\":\"ImageObject\",\"inLanguage\":\"ro-RO\",\"@id\":\"https:\/\/ecocranes.hu\/#\/schema\/logo\/image\/\",\"url\":\"https:\/\/ecocranes.hu\/wp-content\/uploads\/2025\/09\/eco-cranes-logo.png\",\"contentUrl\":\"https:\/\/ecocranes.hu\/wp-content\/uploads\/2025\/09\/eco-cranes-logo.png\",\"width\":180,\"height\":18,\"caption\":\"Eco-Cranes\"},\"image\":{\"@id\":\"https:\/\/ecocranes.hu\/#\/schema\/logo\/image\/\"},\"sameAs\":[\"https:\/\/www.facebook.com\/ecocranes\"],\"address\":{\"@type\":\"PostalAddress\",\"streetAddress\":\"Ybl Mikl\u00f3s utca 42.\",\"addressLocality\":\"F\u00f3t\",\"postalCode\":\"2151\",\"addressCountry\":\"HU\"},\"geo\":{\"@type\":\"GeoCoordinates\",\"latitude\":47.61583300000000207319317269138991832733154296875,\"longitude\":19.181837000000001580701791681349277496337890625},\"openingHoursSpecification\":[{\"@type\":\"OpeningHoursSpecification\",\"dayOfWeek\":[\"Monday\",\"Tuesday\",\"Wednesday\",\"Thursday\",\"Friday\"],\"opens\":\"08:00\",\"closes\":\"17:00\"}],\"description\":\"Daruk, h\u00edddaruk, forg\u00f3daruk \u00e9s hidraulikus emel\u0151asztalok tervez\u00e9se, gy\u00e1rt\u00e1sa, telep\u00edt\u00e9se, szervize \u00e9s id\u0151szakos vizsg\u00e1lata.\",\"email\":\"info@ecocranes.hu\",\"telephone\":\"+36 27 360823\",\"legalName\":\"ECO-CRANES HUNGARY Daruk \u00e9s Emel\u0151g\u00e9pek Korl\u00e1tolt Felel\u0151ss\u00e9g\u0171 T\u00e1rsas\u00e1g\",\"vatID\":\"11912606-2-13\"}]}<\/script>\n<!-- \/ Yoast SEO Premium plugin. -->","yoast_head_json":{"title":"25 tonn\u00e1s k\u00e9tf\u0151tart\u00f3s h\u00edddaru ac\u00e9lipari \u00fczemben","description":"25 tonn\u00e1s, 15,2 m feszt\u00e1v\u00fa k\u00e9tf\u0151tart\u00f3s h\u00edddaru 53,4 m darup\u00e1ly\u00e1val, k\u00e9tf\u00e9le tehermegfog\u00f3val \u00e9s t\u00e1rol\u00f3\u00e1llv\u00e1nnyal.","robots":{"index":"index","follow":"follow","max-snippet":"max-snippet:-1","max-image-preview":"max-image-preview:large","max-video-preview":"max-video-preview:-1"},"canonical":"https:\/\/ecocranes.hu\/ro\/referenciak\/25-tonnas-ketfotartos-hiddaru-aceltekercs-feldolgozo-uzemben\/","og_locale":"ro_RO","og_type":"article","og_title":"25 tonn\u00e1s k\u00e9tf\u0151tart\u00f3s h\u00edddaru ac\u00e9ltekercs-feldolgoz\u00f3 \u00fczemben","og_description":"25 tonn\u00e1s, 15,2 m feszt\u00e1v\u00fa k\u00e9tf\u0151tart\u00f3s h\u00edddaru 53,4 m darup\u00e1ly\u00e1val, k\u00e9tf\u00e9le tehermegfog\u00f3val \u00e9s t\u00e1rol\u00f3\u00e1llv\u00e1nnyal.","og_url":"https:\/\/ecocranes.hu\/ro\/referenciak\/25-tonnas-ketfotartos-hiddaru-aceltekercs-feldolgozo-uzemben\/","og_site_name":"Eco-Cranes","article_publisher":"https:\/\/www.facebook.com\/ecocranes","article_modified_time":"2026-09-03T12:33:03+00:00","og_image":[{"width":2304,"height":1728,"url":"https:\/\/ecocranes.hu\/wp-content\/uploads\/2025\/11\/F.2-1.jpg","type":"image\/jpeg"}],"twitter_card":"summary_large_image","twitter_misc":{"Timp estimat pentru citire":"2 minute"},"schema":{"@context":"https:\/\/schema.org","@graph":[{"@type":"WebPage","@id":"https:\/\/ecocranes.hu\/referenciak\/25-tonnas-ketfotartos-hiddaru-aceltekercs-feldolgozo-uzemben\/","url":"https:\/\/ecocranes.hu\/referenciak\/25-tonnas-ketfotartos-hiddaru-aceltekercs-feldolgozo-uzemben\/","name":"25 tonn\u00e1s k\u00e9tf\u0151tart\u00f3s h\u00edddaru ac\u00e9lipari \u00fczemben","isPartOf":{"@id":"https:\/\/ecocranes.hu\/#website"},"primaryImageOfPage":{"@id":"https:\/\/ecocranes.hu\/referenciak\/25-tonnas-ketfotartos-hiddaru-aceltekercs-feldolgozo-uzemben\/#primaryimage"},"image":{"@id":"https:\/\/ecocranes.hu\/referenciak\/25-tonnas-ketfotartos-hiddaru-aceltekercs-feldolgozo-uzemben\/#primaryimage"},"thumbnailUrl":"https:\/\/ecocranes.hu\/wp-content\/uploads\/2025\/11\/F.2-1.jpg","datePublished":"2026-09-01T18:42:18+00:00","dateModified":"2026-09-03T12:33:03+00:00","description":"25 tonn\u00e1s, 15,2 m feszt\u00e1v\u00fa k\u00e9tf\u0151tart\u00f3s h\u00edddaru 53,4 m darup\u00e1ly\u00e1val, k\u00e9tf\u00e9le tehermegfog\u00f3val \u00e9s t\u00e1rol\u00f3\u00e1llv\u00e1nnyal.","breadcrumb":{"@id":"https:\/\/ecocranes.hu\/referenciak\/25-tonnas-ketfotartos-hiddaru-aceltekercs-feldolgozo-uzemben\/#breadcrumb"},"inLanguage":"ro-RO","potentialAction":[{"@type":"ReadAction","target":["https:\/\/ecocranes.hu\/referenciak\/25-tonnas-ketfotartos-hiddaru-aceltekercs-feldolgozo-uzemben\/"]}],"speakable":{"@type":"SpeakableSpecification","cssSelector":["h1",".elementor-widget-text-editor"]}},{"@type":"ImageObject","inLanguage":"ro-RO","@id":"https:\/\/ecocranes.hu\/referenciak\/25-tonnas-ketfotartos-hiddaru-aceltekercs-feldolgozo-uzemben\/#primaryimage","url":"https:\/\/ecocranes.hu\/wp-content\/uploads\/2025\/11\/F.2-1.jpg","contentUrl":"https:\/\/ecocranes.hu\/wp-content\/uploads\/2025\/11\/F.2-1.jpg","width":2304,"height":1728,"caption":"K\u00e9tf\u0151tart\u00f3s h\u00edddaru ipari csarnokban"},{"@type":"BreadcrumbList","@id":"https:\/\/ecocranes.hu\/referenciak\/25-tonnas-ketfotartos-hiddaru-aceltekercs-feldolgozo-uzemben\/#breadcrumb","itemListElement":[{"@type":"ListItem","position":1,"name":"Home","item":"https:\/\/ecocranes.hu\/en\/"},{"@type":"ListItem","position":2,"name":"25 tonn\u00e1s k\u00e9tf\u0151tart\u00f3s h\u00edddaru ac\u00e9ltekercs-feldolgoz\u00f3 \u00fczemben"}]},{"@type":"WebSite","@id":"https:\/\/ecocranes.hu\/#website","url":"https:\/\/ecocranes.hu\/","name":"Eco-Cranes","description":"Macarale \u0219i utilaje de ridicare","publisher":{"@id":"https:\/\/ecocranes.hu\/#organization"},"potentialAction":[{"@type":"SearchAction","target":{"@type":"EntryPoint","urlTemplate":"https:\/\/ecocranes.hu\/?s={search_term_string}"},"query-input":{"@type":"PropertyValueSpecification","valueRequired":true,"valueName":"search_term_string"}}],"inLanguage":"ro-RO"},{"@type":"Organization","@id":"https:\/\/ecocranes.hu\/#organization","name":"Eco-Cranes","url":"https:\/\/ecocranes.hu\/","logo":{"@type":"ImageObject","inLanguage":"ro-RO","@id":"https:\/\/ecocranes.hu\/#\/schema\/logo\/image\/","url":"https:\/\/ecocranes.hu\/wp-content\/uploads\/2025\/09\/eco-cranes-logo.png","contentUrl":"https:\/\/ecocranes.hu\/wp-content\/uploads\/2025\/09\/eco-cranes-logo.png","width":180,"height":18,"caption":"Eco-Cranes"},"image":{"@id":"https:\/\/ecocranes.hu\/#\/schema\/logo\/image\/"},"sameAs":["https:\/\/www.facebook.com\/ecocranes"],"address":{"@type":"PostalAddress","streetAddress":"Ybl Mikl\u00f3s utca 42.","addressLocality":"F\u00f3t","postalCode":"2151","addressCountry":"HU"},"geo":{"@type":"GeoCoordinates","latitude":47.61583300000000207319317269138991832733154296875,"longitude":19.181837000000001580701791681349277496337890625},"openingHoursSpecification":[{"@type":"OpeningHoursSpecification","dayOfWeek":["Monday","Tuesday","Wednesday","Thursday","Friday"],"opens":"08:00","closes":"17:00"}],"description":"Daruk, h\u00edddaruk, forg\u00f3daruk \u00e9s hidraulikus emel\u0151asztalok tervez\u00e9se, gy\u00e1rt\u00e1sa, telep\u00edt\u00e9se, szervize \u00e9s id\u0151szakos vizsg\u00e1lata.","email":"info@ecocranes.hu","telephone":"+36 27 360823","legalName":"ECO-CRANES HUNGARY Daruk \u00e9s Emel\u0151g\u00e9pek Korl\u00e1tolt Felel\u0151ss\u00e9g\u0171 T\u00e1rsas\u00e1g","vatID":"11912606-2-13"}]}},"_links":{"self":[{"href":"https:\/\/ecocranes.hu\/ro\/wp-json\/wp\/v2\/referencia\/11565","targetHints":{"allow":["GET"]}}],"collection":[{"href":"https:\/\/ecocranes.hu\/ro\/wp-json\/wp\/v2\/referencia"}],"about":[{"href":"https:\/\/ecocranes.hu\/ro\/wp-json\/wp\/v2\/types\/referencia"}],"version-history":[{"count":1,"href":"https:\/\/ecocranes.hu\/ro\/wp-json\/wp\/v2\/referencia\/11565\/revisions"}],"predecessor-version":[{"id":11648,"href":"https:\/\/ecocranes.hu\/ro\/wp-json\/wp\/v2\/referencia\/11565\/revisions\/11648"}],"wp:featuredmedia":[{"embeddable":true,"href":"https:\/\/ecocranes.hu\/ro\/wp-json\/wp\/v2\/media\/10253"}],"wp:attachment":[{"href":"https:\/\/ecocranes.hu\/ro\/wp-json\/wp\/v2\/media?parent=11565"}],"wp:term":[{"taxonomy":"ref_tipus","embeddable":true,"href":"https:\/\/ecocranes.hu\/ro\/wp-json\/wp\/v2\/ref_tipus?post=11565"},{"taxonomy":"ref_berendezes","embeddable":true,"href":"https:\/\/ecocranes.hu\/ro\/wp-json\/wp\/v2\/ref_berendezes?post=11565"},{"taxonomy":"ref_iparag","embeddable":true,"href":"https:\/\/ecocranes.hu\/ro\/wp-json\/wp\/v2\/ref_iparag?post=11565"},{"taxonomy":"ref_problema","embeddable":true,"href":"https:\/\/ecocranes.hu\/ro\/wp-json\/wp\/v2\/ref_problema?post=11565"}],"curies":[{"name":"wp","href":"https:\/\/api.w.org\/{rel}","templated":true}]}}