{"id":7321,"date":"2020-06-25T10:15:23","date_gmt":"2020-06-25T08:15:23","guid":{"rendered":"https:\/\/ecocranes.hu\/daru-es-emelovizsgalatok-tipusai\/"},"modified":"2025-11-14T12:11:39","modified_gmt":"2025-11-14T11:11:39","slug":"daru-es-emelovizsgalatok-tipusai","status":"publish","type":"page","link":"https:\/\/ecocranes.hu\/ro\/daru-es-emelovizsgalatok-tipusai\/","title":{"rendered":"Tipuri de \u00eencerc\u0103ri la macarale \u0219i dispozitive de ridicare"},"content":{"rendered":"\t\t<div data-elementor-type=\"wp-page\" data-elementor-id=\"7321\" class=\"elementor elementor-7321\" data-elementor-post-type=\"page\">\n\t\t\t\t\t\t<section class=\"elementor-section elementor-top-section elementor-element elementor-element-c5ee4da elementor-section-boxed elementor-section-height-default elementor-section-height-default\" data-id=\"c5ee4da\" data-element_type=\"section\" data-settings=\"{&quot;jet_parallax_layout_list&quot;:[{&quot;jet_parallax_layout_image&quot;:{&quot;url&quot;:&quot;&quot;,&quot;id&quot;:&quot;&quot;,&quot;size&quot;:&quot;&quot;},&quot;_id&quot;:&quot;fb334ef&quot;,&quot;jet_parallax_layout_image_tablet&quot;:{&quot;url&quot;:&quot;&quot;,&quot;id&quot;:&quot;&quot;,&quot;size&quot;:&quot;&quot;},&quot;jet_parallax_layout_image_mobile&quot;:{&quot;url&quot;:&quot;&quot;,&quot;id&quot;:&quot;&quot;,&quot;size&quot;:&quot;&quot;},&quot;jet_parallax_layout_speed&quot;:{&quot;unit&quot;:&quot;%&quot;,&quot;size&quot;:50,&quot;sizes&quot;:[]},&quot;jet_parallax_layout_type&quot;:&quot;scroll&quot;,&quot;jet_parallax_layout_direction&quot;:&quot;1&quot;,&quot;jet_parallax_layout_fx_direction&quot;:null,&quot;jet_parallax_layout_z_index&quot;:&quot;&quot;,&quot;jet_parallax_layout_bg_x&quot;:50,&quot;jet_parallax_layout_bg_x_tablet&quot;:&quot;&quot;,&quot;jet_parallax_layout_bg_x_mobile&quot;:&quot;&quot;,&quot;jet_parallax_layout_bg_y&quot;:50,&quot;jet_parallax_layout_bg_y_tablet&quot;:&quot;&quot;,&quot;jet_parallax_layout_bg_y_mobile&quot;:&quot;&quot;,&quot;jet_parallax_layout_bg_size&quot;:&quot;auto&quot;,&quot;jet_parallax_layout_bg_size_tablet&quot;:&quot;&quot;,&quot;jet_parallax_layout_bg_size_mobile&quot;:&quot;&quot;,&quot;jet_parallax_layout_animation_prop&quot;:&quot;transform&quot;,&quot;jet_parallax_layout_on&quot;:[&quot;desktop&quot;,&quot;tablet&quot;]}]}\">\n\t\t\t\t\t\t<div class=\"elementor-container elementor-column-gap-default\">\n\t\t\t\t\t<div class=\"elementor-column elementor-col-100 elementor-top-column elementor-element elementor-element-3fc52ea\" data-id=\"3fc52ea\" data-element_type=\"column\">\n\t\t\t<div class=\"elementor-widget-wrap elementor-element-populated\">\n\t\t\t\t\t\t<div class=\"elementor-element elementor-element-e61ffc3 elementor-widget elementor-widget-accordion\" data-id=\"e61ffc3\" data-element_type=\"widget\" data-widget_type=\"accordion.default\">\n\t\t\t\t\t\t\t<div class=\"elementor-accordion\">\n\t\t\t\t\t\t\t<div class=\"elementor-accordion-item\">\n\t\t\t\t\t<div id=\"elementor-tab-title-2411\" class=\"elementor-tab-title\" data-tab=\"1\" role=\"button\" aria-controls=\"elementor-tab-content-2411\" aria-expanded=\"false\">\n\t\t\t\t\t\t\t\t\t\t\t\t\t<span class=\"elementor-accordion-icon elementor-accordion-icon-left\" aria-hidden=\"true\">\n\t\t\t\t\t\t\t\t\t\t\t\t\t\t\t<span class=\"elementor-accordion-icon-closed\"><svg class=\"e-font-icon-svg e-fas-plus\" viewBox=\"0 0 448 512\" xmlns=\"http:\/\/www.w3.org\/2000\/svg\"><path d=\"M416 208H272V64c0-17.67-14.33-32-32-32h-32c-17.67 0-32 14.33-32 32v144H32c-17.67 0-32 14.33-32 32v32c0 17.67 14.33 32 32 32h144v144c0 17.67 14.33 32 32 32h32c17.67 0 32-14.33 32-32V304h144c17.67 0 32-14.33 32-32v-32c0-17.67-14.33-32-32-32z\"><\/path><\/svg><\/span>\n\t\t\t\t\t\t\t\t<span class=\"elementor-accordion-icon-opened\"><svg class=\"e-font-icon-svg e-fas-minus\" viewBox=\"0 0 448 512\" xmlns=\"http:\/\/www.w3.org\/2000\/svg\"><path d=\"M416 208H32c-17.67 0-32 14.33-32 32v32c0 17.67 14.33 32 32 32h384c17.67 0 32-14.33 32-32v-32c0-17.67-14.33-32-32-32z\"><\/path><\/svg><\/span>\n\t\t\t\t\t\t\t\t\t\t\t\t\t\t<\/span>\n\t\t\t\t\t\t\t\t\t\t\t\t<a class=\"elementor-accordion-title\" tabindex=\"0\">\u00dczembe helyez\u00e9s el\u0151tti vizsg\u00e1lat<\/a>\n\t\t\t\t\t<\/div>\n\t\t\t\t\t<div id=\"elementor-tab-content-2411\" class=\"elementor-tab-content elementor-clearfix\" data-tab=\"1\" role=\"region\" aria-labelledby=\"elementor-tab-title-2411\"><p>A vizsg\u00e1latot haszn\u00e1lati utas\u00edt\u00e1s szerinti felt\u00e9telek, illetve \u00fczemi k\u00f6r\u00fclm\u00e9nyek k\u00f6z\u00f6tt az <em><strong>\u00fczemk\u00e9sz emel\u0151- eszk\u00f6z\u00f6n lehet elv\u00e9gezni<\/strong><\/em>.<\/p><p><em><strong>A vizsg\u00e1lat csak akkor kezdhet\u0151 meg<\/strong><\/em>, ha az \u00e9rint\u00e9sv\u00e9delmi \u00e9s a szigetel\u00e9si ellen\u00e1ll\u00e1s vizsg\u00e1lati jegyz\u0151- k\u00f6nyvben foglalt m\u00e9r\u00e9si eredm\u00e9nyei, illetve a k\u00fcl\u00f6nleges m\u00e9r\u00e9ses elj\u00e1r\u00e1ssal ellen\u0151rz\u00f6tt biztons\u00e1gi berendez\u00e9sek \u00e9s szerkezetek (p\u00e9ld\u00e1ul hidraulikus elemek) vizsg\u00e1lati eredm\u00e9nyei megfelelnek az el\u0151\u00edrtaknak.<\/p><pre>A vizsg\u00e1latkor figyelembe kell venni a jogszab\u00e1lyok, a haszn\u00e1lati utas\u00edt\u00e1s, valamint az emel\u0151g\u00e9pre vonatkoz\u00f3 m\u0171szaki k\u00f6vetelm\u00e9nyeket tartalmaz\u00f3 szabv\u00e1nyok el\u0151\u00edr\u00e1sait.<\/pre><p><em><strong>A terhel\u00e9s n\u00e9lk\u00fcli vizsg\u00e1latok<\/strong><\/em> kedvez\u0151 eredm\u00e9nye ut\u00e1n a terhel\u00e9ses vizsg\u00e1latok k\u00f6telez\u0151 sorrendje: statikai, \u00e1ll\u00e9konys\u00e1gi \u00e9s dinamikai vizsg\u00e1lat. B\u00e1rmely vizsg\u00e1lat csak akkor kezdhet\u0151 el, ha az el\u0151z\u0151 kedvez\u0151 eredm\u00e9nnyel z\u00e1rult.<\/p><p><em><strong>Azokat a vizsg\u00e1latokat nem kell v\u00e9grehajtani<\/strong><\/em>, amelyeket kor\u00e1bban m\u00e1r dokument\u00e1ltan elv\u00e9geztek, \u00e9s amelyeket k\u00f6vet\u0151en az emel\u0151g\u00e9p nem v\u00e1ltozott olyan m\u00f3don, hogy az befoly\u00e1solja a kor\u00e1bbi nyilatkozat vagy tan\u00fas\u00edtv\u00e1ny felt\u00e9teleit \u00e9s eredm\u00e9ny\u00e9t.<\/p><p><em><strong>A statikai vizsg\u00e1latkor<\/strong><\/em> az emel\u0151g\u00e9pet a n\u00e9vleges teherb\u00edr\u00e1s\u00e1nak 1,25-szoros\u00e1val kell terhelni, ha egy\u00e9b el\u0151\u00edr\u00e1s nem tartalmaz enn\u00e9l a vizsg\u00e1lati terhel\u00e9sn\u00e9l nagyobbat. A terhet 100\u2013200 mm magasra kell felemelni, \u00e9s legal\u00e1bb 10 percig kell ebben a helyzetben tartani. A vizsg\u00e1lati terhet \u00fagy kell elhelyezni, hogy a legnagyobb ig\u00e9nybev\u00e9telt okozza.<\/p><p><em><strong>V\u00e1ltoz\u00f3 teherb\u00edr\u00e1s\u00fa emel\u0151g\u00e9pet<\/strong> <\/em>a tervez\u0151 \u00e1ltal el\u0151\u00edrt kritikus helyzetben, el\u0151\u00edr\u00e1s hi\u00e1ny\u00e1ban pedig legal\u00e1bb a legnagyobb \u00e9s legkisebb teherb\u00edr\u00e1s\u00fa helyzetben is vizsg\u00e1lni kell az abban a helyzetben enged\u00e9lyezett teherb\u00edr\u00e1s 1,25-szoros\u00e1val.<\/p><pre><em><strong>A vizsg\u00e1lat sor\u00e1n<\/strong><\/em>, illetve ut\u00e1n ellen\u0151rizni kell, hogy nem k\u00f6vetkezett-e be a szerkezeti r\u00e9szekben k\u00e1ros elv\u00e1ltoz\u00e1s, illetve az alakv\u00e1ltoz\u00e1s (p\u00e9ld\u00e1ul legnagyobb lehajl\u00e1s) m\u00e9rt\u00e9ke a megengedett (haszn\u00e1lati utas\u00edt\u00e1s szerinti vagy ut\u00f3lag sz\u00e1m\u00edtott stb.) \u00e9rt\u00e9k alatt maradt-e, \u00e9s nem vesz\u00e9lyezteti-e a tov\u00e1bbi biztons\u00e1gos \u00fczemeltet\u00e9st.<\/pre><p><em><strong>A vizsg\u00e1lat ut\u00e1n<\/strong> <\/em>fokozott figyelemmel kell ellen\u0151rizni a tehermegfog\u00f3 szerkezetet, hogy nincs-e rajta k\u00e1rosod\u00e1s.<\/p><p>A vizsg\u00e1lat sor\u00e1n m\u00e9rt (rugalmas \u00e9s esetleg marad\u00f3) alakv\u00e1ltoz\u00e1st, valamint a hidraulikus elemek elmozdul\u00e1s\u00e1nak m\u00e9rt\u00e9k\u00e9t a <em><strong>vizsg\u00e1lati jegyz\u0151k\u00f6nyvben<\/strong> <\/em>mm-ben kell megadni. A m\u00e9rt \u00e9rt\u00e9k mellett fel kell t\u00fcntetni az \u00f6sszehasonl\u00edt\u00e1si alapul szolg\u00e1l\u00f3, megengedett deform\u00e1ci\u00f3, illetve elmozdul\u00e1s nagys\u00e1g\u00e1t is.<\/p><p><em><strong>A h\u00edddaruk statikai vizsg\u00e1latakor<\/strong><\/em> a darut a darup\u00e1lya-al\u00e1t\u00e1maszt\u00e1s f\u00f6l\u00e9, a fut\u00f3macsk\u00e1t pedig a daruh\u00edd legnagyobb behajl\u00e1s\u00e1nak megfelel\u0151 helyzetbe kell \u00e1ll\u00edtani.<\/p><p><em><strong>A konzolos h\u00edddaru statikai<\/strong> <\/em>vizsg\u00e1latakor a rugalmas behajl\u00e1s \u00e9s a maradand\u00f3 deform\u00e1ci\u00f3 nagys\u00e1g\u00e1t ellen\u0151rizni kell a fut\u00f3macska darul\u00e1bak k\u00f6z\u00f6tti \u00e9s a konzol v\u00e9g\u00e9n l\u00e9v\u0151 helyzet\u00e9ben is.<\/p><p><em><strong>G\u00e9mes daru statikai vizsg\u00e1lat\u00e1t<\/strong><\/em> a daru legkisebb \u00e1ll\u00e9konys\u00e1g\u00e1hoz tartoz\u00f3 legkisebb \u00e9s legnagyobb g\u00e9m- kiny\u00fal\u00e1ssal kell v\u00e9gezni.<\/p><p>Ha az emel\u0151g\u00e9pen van <em><strong>t\u00falterhel\u00e9sg\u00e1tl\u00f3<\/strong><\/em>, akkor azt a statikai vizsg\u00e1lat idej\u00e9re ki kell iktatni, illetve ut\u00e1na \u00fajra, el\u0151\u00edr\u00e1s szerinti m\u0171k\u00f6d\u0151k\u00e9pes \u00e1llapotba kell hozni.A statikai vizsg\u00e1lat sor\u00e1n a t\u00falterhel\u00e9sg\u00e1tl\u00f3 ellen\u0151rz\u00e9se c\u00e9lj\u00e1b\u00f3l vagy a felemelt t\u00f6meg, vagy a nyomat\u00e9k n\u00f6vel\u00e9s\u00e9vel m\u0171k\u00f6d\u00e9sbe kell hozni a t\u00falterhel\u00e9s v\u00e9delmet.<\/p><p>A t\u00falterhel\u00e9sg\u00e1tl\u00f3t m\u0171k\u00f6dtet\u0151 terhel\u00e9st \u00f6ssze kell hasonl\u00edtani a haszn\u00e1lati utas\u00edt\u00e1s szerinti adatokkal, \u00e9s ennek alapj\u00e1n kell eld\u00f6nteni, hogy el\u0151\u00edr\u00e1s szerint \u00fczemel-e.<\/p><p>Ellen\u0151rizni kell azt is, hogy a t\u00falterhel\u00e9sg\u00e1tl\u00f3 a haszn\u00e1lati utas\u00edt\u00e1s szerint m\u0171k\u00f6dik-e (jelz\u00e9s, mozgat\u00e1si m\u0171veletek le\u00e1ll\u00edt\u00e1sa vagy m\u0171k\u00f6d\u0151k\u00e9pess\u00e9g\u00fck fenntart\u00e1sa).<\/p><\/div>\n\t\t\t\t<\/div>\n\t\t\t\t\t\t\t<div class=\"elementor-accordion-item\">\n\t\t\t\t\t<div id=\"elementor-tab-title-2412\" class=\"elementor-tab-title\" data-tab=\"2\" role=\"button\" aria-controls=\"elementor-tab-content-2412\" aria-expanded=\"false\">\n\t\t\t\t\t\t\t\t\t\t\t\t\t<span class=\"elementor-accordion-icon elementor-accordion-icon-left\" aria-hidden=\"true\">\n\t\t\t\t\t\t\t\t\t\t\t\t\t\t\t<span class=\"elementor-accordion-icon-closed\"><svg class=\"e-font-icon-svg e-fas-plus\" viewBox=\"0 0 448 512\" xmlns=\"http:\/\/www.w3.org\/2000\/svg\"><path d=\"M416 208H272V64c0-17.67-14.33-32-32-32h-32c-17.67 0-32 14.33-32 32v144H32c-17.67 0-32 14.33-32 32v32c0 17.67 14.33 32 32 32h144v144c0 17.67 14.33 32 32 32h32c17.67 0 32-14.33 32-32V304h144c17.67 0 32-14.33 32-32v-32c0-17.67-14.33-32-32-32z\"><\/path><\/svg><\/span>\n\t\t\t\t\t\t\t\t<span class=\"elementor-accordion-icon-opened\"><svg class=\"e-font-icon-svg e-fas-minus\" viewBox=\"0 0 448 512\" xmlns=\"http:\/\/www.w3.org\/2000\/svg\"><path d=\"M416 208H32c-17.67 0-32 14.33-32 32v32c0 17.67 14.33 32 32 32h384c17.67 0 32-14.33 32-32v-32c0-17.67-14.33-32-32-32z\"><\/path><\/svg><\/span>\n\t\t\t\t\t\t\t\t\t\t\t\t\t\t<\/span>\n\t\t\t\t\t\t\t\t\t\t\t\t<a class=\"elementor-accordion-title\" tabindex=\"0\"> Szerkezeti vizsg\u00e1lat<\/a>\n\t\t\t\t\t<\/div>\n\t\t\t\t\t<div id=\"elementor-tab-content-2412\" class=\"elementor-tab-content elementor-clearfix\" data-tab=\"2\" role=\"region\" aria-labelledby=\"elementor-tab-title-2412\"><p>A szerkezeti vizsg\u00e1lat t\u00e1rgya az<em><strong> MSZ 9721-1:2009<\/strong><\/em> szerint:<\/p><ul><li>A<em><strong> haszn\u00e1lati utas\u00edt\u00e1s \u00e9s a k\u00eds\u00e9r\u0151dokument\u00e1ci\u00f3k<\/strong> <\/em>megl\u00e9te, naprak\u00e9szs\u00e9ge.<\/li><li><em><strong>Emel\u0151g\u00e9pnapl\u00f3<\/strong> <\/em>megl\u00e9te \u00e9s tartalma (naprak\u00e9szs\u00e9ge).<\/li><li>A tehertart\u00e1s \u00e9s \u2013mozgat\u00e1s szerkezeti egys\u00e9geinek,elemeinek <em><strong>\u00e1llapota, \u00e9ps\u00e9ge,<\/strong><\/em> deform\u00e1ci\u00f3-, k\u00e1rosod\u00e1s- \u00e9s roncsol\u00e1smentess\u00e9ge.<\/li><li>Az <em><strong>emel\u0151g\u00e9p szerkezeti elemei<\/strong> <\/em>(fut\u00f3kerekek, fogaskerekek, k\u00f6t\u00e9ldobok, k\u00f6t\u00e9lkorongok, f\u00e9kt\u00e1rcs\u00e1k ellens\u00faly, k\u00f6zponti nehez\u00e9k, stb.) \u00e1llapota.<\/li><li>A villamos berendez\u00e9sek, a hidraulikus vagy a pneumatikus rendszerek <em><strong>szerkezeti elemeinek \u00e1llapota.<\/strong><\/em><\/li><li><em><strong>A villamos vezet\u00e9kek<\/strong><\/em> \u00e9s k\u00e1belek, hidraulikus, pneumatikus vezet\u00e9kek \u00e1llapota.<\/li><li><em><strong>Vez\u00e9rl\u0151- \u00e9s jelz\u0151berendez\u00e9sek<\/strong> <\/em>megl\u00e9te, \u00e9ps\u00e9ge, m\u0171k\u00f6d\u00e9sk\u00e9pess\u00e9ge, illetve m\u0171k\u00f6d\u00e9s\u00e9nek felt\u00e9telei.<\/li><li><em><strong>Hidraulikus vagy pneumatikus<\/strong> <\/em>berendez\u00e9sek t\u00f6m\u00edtetts\u00e9ge.<\/li><li>A <em><strong>teherfelvev\u0151<\/strong><\/em> eszk\u00f6z\u00f6k \u00e1llapota, m\u0171k\u00f6d\u00e9sk\u00e9pess\u00e9ge.<\/li><li>Az emel\u0151k\u00f6t\u00e9l, teherl\u00e1nc, emel\u0151dob, k\u00f6t\u00e9lkorongok, k\u00f6t\u00e9lvezet\u00e9s \u00e9s k\u00f6t\u00e9lv\u00e9g <em><strong>r\u00f6gz\u00edt\u00e9s \u00e1llapota<\/strong><\/em>.<\/li><li>Az <em><strong>energiaell\u00e1t\u00e1s<\/strong> <\/em>(\u00e1ram-hozz\u00e1vezet\u00e9s, \u00e1ramszed\u0151k) szerkezet\u00e9nek \u00e1llapota.<\/li><li>Az emel\u0151g\u00e9p haszn\u00e1lati utas\u00edt\u00e1s\u00e1ban el\u0151\u00edrt egy\u00e9b <em><strong>szerkezetek r\u00e9szegys\u00e9gek<\/strong> <\/em>m\u0171k\u00f6d\u0151k\u00e9pess\u00e9ge, \u00e1llapota.<\/li><li>A <em><strong>f\u00e9kek, biztons\u00e1gi berendez\u00e9sek<\/strong><\/em> \u00e9s a burkolatok megl\u00e9te, \u00e9ps\u00e9ge, m\u0171k\u00f6d\u0151k\u00e9pess\u00e9ge, illetve m\u0171k\u00f6d\u00e9s\u00e9nek felt\u00e9telei.<\/li><li><em><strong>Hajt\u00f3m\u0171vek, ken\u0151helyek<\/strong> <\/em>ken\u0151anyaggal val\u00f3 ell\u00e1totts\u00e1ga.<\/li><li><em><strong>Emel\u0151k\u00f6t\u00e9l<\/strong><\/em> ken\u0151anyaggal val\u00f3 tel\u00edtetts\u00e9ge.<\/li><li>Az <em><strong>emel\u0151g\u00e9p p\u00e1ly\u00e1ja<\/strong> <\/em>\u00e9s a p\u00e1lya szerkezeti elemei (s\u00ednlek\u00f6t\u00e9sek, p\u00e1lya v\u00e9g\u00fctk\u00f6z\u0151k) a p\u00e1lyar\u00e9szek k\u00f6z\u00f6tti f\u00f6ldel\u0151 \u00e1tk\u00f6t\u00e9sek megl\u00e9te \u00e9s \u00e1llapota.<\/li><li>A vez\u00e9rl\u0151elemek <em><strong>jel\u00f6l\u00e9se<\/strong><\/em>.<\/li><li>A <em><strong>vesz\u00e9lyes r\u00e9szek sz\u00ednjel\u00f6l\u00e9se<\/strong><\/em>, a figyelmeztet\u0151 \u00e9s a t\u00e1j\u00e9koztat\u00f3 feliratok, valamint a gy\u00e1ri adatt\u00e1bl\u00e1k \u00e9s a burkolatok megl\u00e9te \u00e9s \u00e1llapota.<\/li><li>A kezel\u0151hely k\u00fcls\u0151 behat\u00e1sokt\u00f3l <em><strong>v\u00e9d\u0151 rendszere<\/strong> <\/em>(szerkezet).<\/li><li>Az <em><strong>ergon\u00f3miai<\/strong><\/em> k\u00f6vetelm\u00e9nyek\/felt\u00e9telek megl\u00e9te.<\/li><li>Az ac\u00e9lszerkezet, a j\u00e1rd\u00e1k, a korl\u00e1tok, a felj\u00e1r\u00f3k \u00e1llapota \u00e9s az emel\u0151g\u00e9p <em><strong>korr\u00f3zi\u00f3v\u00e9delme<\/strong><\/em>.<\/li><li>Az <em><strong>emel\u0151g\u00e9pek kezel\u00e9si \u00e9s karbantart\u00e1si le\u00edr\u00e1s\u00e1ba<\/strong><\/em>n el\u0151\u00edrt esetleges szerkezeti r\u00e9szegys\u00e9gek.<\/li><\/ul><\/div>\n\t\t\t\t<\/div>\n\t\t\t\t\t\t\t<div class=\"elementor-accordion-item\">\n\t\t\t\t\t<div id=\"elementor-tab-title-2413\" class=\"elementor-tab-title\" data-tab=\"3\" role=\"button\" aria-controls=\"elementor-tab-content-2413\" aria-expanded=\"false\">\n\t\t\t\t\t\t\t\t\t\t\t\t\t<span class=\"elementor-accordion-icon elementor-accordion-icon-left\" aria-hidden=\"true\">\n\t\t\t\t\t\t\t\t\t\t\t\t\t\t\t<span class=\"elementor-accordion-icon-closed\"><svg class=\"e-font-icon-svg e-fas-plus\" viewBox=\"0 0 448 512\" xmlns=\"http:\/\/www.w3.org\/2000\/svg\"><path d=\"M416 208H272V64c0-17.67-14.33-32-32-32h-32c-17.67 0-32 14.33-32 32v144H32c-17.67 0-32 14.33-32 32v32c0 17.67 14.33 32 32 32h144v144c0 17.67 14.33 32 32 32h32c17.67 0 32-14.33 32-32V304h144c17.67 0 32-14.33 32-32v-32c0-17.67-14.33-32-32-32z\"><\/path><\/svg><\/span>\n\t\t\t\t\t\t\t\t<span class=\"elementor-accordion-icon-opened\"><svg class=\"e-font-icon-svg e-fas-minus\" viewBox=\"0 0 448 512\" xmlns=\"http:\/\/www.w3.org\/2000\/svg\"><path d=\"M416 208H32c-17.67 0-32 14.33-32 32v32c0 17.67 14.33 32 32 32h384c17.67 0 32-14.33 32-32v-32c0-17.67-14.33-32-32-32z\"><\/path><\/svg><\/span>\n\t\t\t\t\t\t\t\t\t\t\t\t\t\t<\/span>\n\t\t\t\t\t\t\t\t\t\t\t\t<a class=\"elementor-accordion-title\" tabindex=\"0\">F\u0151vizsg\u00e1lat<\/a>\n\t\t\t\t\t<\/div>\n\t\t\t\t\t<div id=\"elementor-tab-content-2413\" class=\"elementor-tab-content elementor-clearfix\" data-tab=\"3\" role=\"region\" aria-labelledby=\"elementor-tab-title-2413\"><p>A f\u0151vizsg\u00e1lat t\u00e1rgya az <em><strong>MSZ 9721-1:2009<\/strong><\/em> szerint:<\/p><ul><li>A <em><strong>szerkezeti vizsg\u00e1latokban<\/strong> <\/em>szerepl\u0151 vizsg\u00e1latok.<\/li><li>A szerkezeti vizsg\u00e1latot <em><strong>kieg\u00e9sz\u00edt\u0151 vizsg\u00e1latok<\/strong><\/em>.<\/li><li>A tart\u00f3szerkezet \u00e9s a p\u00e1lya \u00e1llapota, anyag\u00e1nak \u00e9ps\u00e9ge, k\u00e1rosod\u00e1s-, deform\u00e1ci\u00f3, illetve roncsol\u00e1smentess\u00e9ge. <em><strong>F\u00e1rad\u00e1sra utal\u00f3 jelek.<\/strong><\/em><\/li><li>Az ac\u00e9lszerkezet, j\u00e1rd\u00e1k, a korl\u00e1tok, a felj\u00e1r\u00f3k <em><strong>\u00e1llapota \u00e9s alaktart\u00e1sa.<\/strong><\/em><\/li><li>A <em><strong>tart\u00f3szerkezet<\/strong><\/em> (f\u0151tart\u00f3, seg\u00e9dtart\u00f3, ker\u00e9kszekr\u00e9ny, g\u00e9m- \u00e9s port\u00e1lszerkezet) hegesztett k\u00f6t\u00e9seinek \u00e1llapota.<\/li><li>Az emel\u0151g\u00e9p l\u00e9tes\u00edt\u00e9si <em><strong>biztons\u00e1gi t\u00e1vols\u00e1gai<\/strong><\/em>.<\/li><li>A tart\u00f3szerkezet <em><strong>alaktart\u00e1sa.<\/strong><\/em><\/li><li><em><strong>M\u0171szaki jellemz\u0151k<\/strong><\/em>.<\/li><li>Az <em><strong>\u00e9rint\u00e9sv\u00e9delem<\/strong> <\/em>\u00e9s a vezet\u00e9kek szigetel\u00e9si ellen\u00e1ll\u00e1sa.<\/li><li><em><strong>Szerelhet\u0151s\u00e9g<\/strong><\/em>.<\/li><li><em><strong>Korr\u00f3zi\u00f3 ellen<\/strong><\/em> v\u00e9d\u0151 bevonatok \u00e9ps\u00e9ge.<\/li><li><em><strong>Karbantarthat\u00f3s\u00e1g<\/strong><\/em>.<\/li><li>A <em><strong>p\u00e1lya alaktart\u00e1sa<\/strong> <\/em>(p\u00e1rhuzamoss\u00e1g, k\u00edgy\u00f3z\u00e1s stb.).<\/li><li><em><strong>Kezel\u0151hely<\/strong><\/em> megk\u00f6zel\u00edthet\u0151s\u00e9ge.<\/li><\/ul><\/div>\n\t\t\t\t<\/div>\n\t\t\t\t\t\t\t<div class=\"elementor-accordion-item\">\n\t\t\t\t\t<div id=\"elementor-tab-title-2414\" class=\"elementor-tab-title\" data-tab=\"4\" role=\"button\" aria-controls=\"elementor-tab-content-2414\" aria-expanded=\"false\">\n\t\t\t\t\t\t\t\t\t\t\t\t\t<span class=\"elementor-accordion-icon elementor-accordion-icon-left\" aria-hidden=\"true\">\n\t\t\t\t\t\t\t\t\t\t\t\t\t\t\t<span class=\"elementor-accordion-icon-closed\"><svg class=\"e-font-icon-svg e-fas-plus\" viewBox=\"0 0 448 512\" xmlns=\"http:\/\/www.w3.org\/2000\/svg\"><path d=\"M416 208H272V64c0-17.67-14.33-32-32-32h-32c-17.67 0-32 14.33-32 32v144H32c-17.67 0-32 14.33-32 32v32c0 17.67 14.33 32 32 32h144v144c0 17.67 14.33 32 32 32h32c17.67 0 32-14.33 32-32V304h144c17.67 0 32-14.33 32-32v-32c0-17.67-14.33-32-32-32z\"><\/path><\/svg><\/span>\n\t\t\t\t\t\t\t\t<span class=\"elementor-accordion-icon-opened\"><svg class=\"e-font-icon-svg e-fas-minus\" viewBox=\"0 0 448 512\" xmlns=\"http:\/\/www.w3.org\/2000\/svg\"><path d=\"M416 208H32c-17.67 0-32 14.33-32 32v32c0 17.67 14.33 32 32 32h384c17.67 0 32-14.33 32-32v-32c0-17.67-14.33-32-32-32z\"><\/path><\/svg><\/span>\n\t\t\t\t\t\t\t\t\t\t\t\t\t\t<\/span>\n\t\t\t\t\t\t\t\t\t\t\t\t<a class=\"elementor-accordion-title\" tabindex=\"0\"> Id\u0151szakos biztons\u00e1gi vizsg\u00e1lat<\/a>\n\t\t\t\t\t<\/div>\n\t\t\t\t\t<div id=\"elementor-tab-content-2414\" class=\"elementor-tab-content elementor-clearfix\" data-tab=\"4\" role=\"region\" aria-labelledby=\"elementor-tab-title-2414\"><p>A biztons\u00e1gi vizsg\u00e1lat t\u00e1rgya az <em><strong>MSZ 9721-1:2009<\/strong><\/em> szerint:<\/p><ul><li><em><strong>A haszn\u00e1lati utas\u00edt\u00e1s \u00e9s a k\u00eds\u00e9r\u0151dokument\u00e1ci\u00f3k<\/strong><\/em> megl\u00e9te, naprak\u00e9szs\u00e9ge.<\/li><li><em><strong>Emel\u0151g\u00e9pnapl\u00f3<\/strong><\/em> megl\u00e9te \u00e9s tartalma (naprak\u00e9szs\u00e9ge).<\/li><li>Az emel\u0151g\u00e9pre \u00e9s a k\u00f6rnyezetre \u00e9rv\u00e9nyes <em><strong>biztons\u00e1gi el\u0151\u00edr\u00e1sok<\/strong><\/em> teljes\u00edt\u00e9se.<\/li><\/ul><\/div>\n\t\t\t\t<\/div>\n\t\t\t\t\t\t\t\t\t\t<script type=\"application\/ld+json\">{\"@context\":\"https:\\\/\\\/schema.org\",\"@type\":\"FAQPage\",\"mainEntity\":[{\"@type\":\"Question\",\"name\":\"\\u00dczembe helyez\\u00e9s el\\u0151tti vizsg\\u00e1lat\",\"acceptedAnswer\":{\"@type\":\"Answer\",\"text\":\"<p>A vizsg\\u00e1latot haszn\\u00e1lati utas\\u00edt\\u00e1s szerinti felt\\u00e9telek, illetve \\u00fczemi k\\u00f6r\\u00fclm\\u00e9nyek k\\u00f6z\\u00f6tt az <em><strong>\\u00fczemk\\u00e9sz emel\\u0151- eszk\\u00f6z\\u00f6n lehet elv\\u00e9gezni<\\\/strong><\\\/em>.<\\\/p><p><em><strong>A vizsg\\u00e1lat csak akkor kezdhet\\u0151 meg<\\\/strong><\\\/em>, ha az \\u00e9rint\\u00e9sv\\u00e9delmi \\u00e9s a szigetel\\u00e9si ellen\\u00e1ll\\u00e1s vizsg\\u00e1lati jegyz\\u0151- k\\u00f6nyvben foglalt m\\u00e9r\\u00e9si eredm\\u00e9nyei, illetve a k\\u00fcl\\u00f6nleges m\\u00e9r\\u00e9ses elj\\u00e1r\\u00e1ssal ellen\\u0151rz\\u00f6tt biztons\\u00e1gi berendez\\u00e9sek \\u00e9s szerkezetek (p\\u00e9ld\\u00e1ul hidraulikus elemek) vizsg\\u00e1lati eredm\\u00e9nyei megfelelnek az el\\u0151\\u00edrtaknak.<\\\/p><pre>A vizsg\\u00e1latkor figyelembe kell venni a jogszab\\u00e1lyok, a haszn\\u00e1lati utas\\u00edt\\u00e1s, valamint az emel\\u0151g\\u00e9pre vonatkoz\\u00f3 m\\u0171szaki k\\u00f6vetelm\\u00e9nyeket tartalmaz\\u00f3 szabv\\u00e1nyok el\\u0151\\u00edr\\u00e1sait.<\\\/pre><p><em><strong>A terhel\\u00e9s n\\u00e9lk\\u00fcli vizsg\\u00e1latok<\\\/strong><\\\/em> kedvez\\u0151 eredm\\u00e9nye ut\\u00e1n a terhel\\u00e9ses vizsg\\u00e1latok k\\u00f6telez\\u0151 sorrendje: statikai, \\u00e1ll\\u00e9konys\\u00e1gi \\u00e9s dinamikai vizsg\\u00e1lat. B\\u00e1rmely vizsg\\u00e1lat csak akkor kezdhet\\u0151 el, ha az el\\u0151z\\u0151 kedvez\\u0151 eredm\\u00e9nnyel z\\u00e1rult.<\\\/p><p><em><strong>Azokat a vizsg\\u00e1latokat nem kell v\\u00e9grehajtani<\\\/strong><\\\/em>, amelyeket kor\\u00e1bban m\\u00e1r dokument\\u00e1ltan elv\\u00e9geztek, \\u00e9s amelyeket k\\u00f6vet\\u0151en az emel\\u0151g\\u00e9p nem v\\u00e1ltozott olyan m\\u00f3don, hogy az befoly\\u00e1solja a kor\\u00e1bbi nyilatkozat vagy tan\\u00fas\\u00edtv\\u00e1ny felt\\u00e9teleit \\u00e9s eredm\\u00e9ny\\u00e9t.<\\\/p><p><em><strong>A statikai vizsg\\u00e1latkor<\\\/strong><\\\/em> az emel\\u0151g\\u00e9pet a n\\u00e9vleges teherb\\u00edr\\u00e1s\\u00e1nak 1,25-szoros\\u00e1val kell terhelni, ha egy\\u00e9b el\\u0151\\u00edr\\u00e1s nem tartalmaz enn\\u00e9l a vizsg\\u00e1lati terhel\\u00e9sn\\u00e9l nagyobbat. A terhet 100\\u2013200 mm magasra kell felemelni, \\u00e9s legal\\u00e1bb 10 percig kell ebben a helyzetben tartani. A vizsg\\u00e1lati terhet \\u00fagy kell elhelyezni, hogy a legnagyobb ig\\u00e9nybev\\u00e9telt okozza.<\\\/p><p><em><strong>V\\u00e1ltoz\\u00f3 teherb\\u00edr\\u00e1s\\u00fa emel\\u0151g\\u00e9pet<\\\/strong> <\\\/em>a tervez\\u0151 \\u00e1ltal el\\u0151\\u00edrt kritikus helyzetben, el\\u0151\\u00edr\\u00e1s hi\\u00e1ny\\u00e1ban pedig legal\\u00e1bb a legnagyobb \\u00e9s legkisebb teherb\\u00edr\\u00e1s\\u00fa helyzetben is vizsg\\u00e1lni kell az abban a helyzetben enged\\u00e9lyezett teherb\\u00edr\\u00e1s 1,25-szoros\\u00e1val.<\\\/p><pre><em><strong>A vizsg\\u00e1lat sor\\u00e1n<\\\/strong><\\\/em>, illetve ut\\u00e1n ellen\\u0151rizni kell, hogy nem k\\u00f6vetkezett-e be a szerkezeti r\\u00e9szekben k\\u00e1ros elv\\u00e1ltoz\\u00e1s, illetve az alakv\\u00e1ltoz\\u00e1s (p\\u00e9ld\\u00e1ul legnagyobb lehajl\\u00e1s) m\\u00e9rt\\u00e9ke a megengedett (haszn\\u00e1lati utas\\u00edt\\u00e1s szerinti vagy ut\\u00f3lag sz\\u00e1m\\u00edtott stb.) \\u00e9rt\\u00e9k alatt maradt-e, \\u00e9s nem vesz\\u00e9lyezteti-e a tov\\u00e1bbi biztons\\u00e1gos \\u00fczemeltet\\u00e9st.<\\\/pre><p><em><strong>A vizsg\\u00e1lat ut\\u00e1n<\\\/strong> <\\\/em>fokozott figyelemmel kell ellen\\u0151rizni a tehermegfog\\u00f3 szerkezetet, hogy nincs-e rajta k\\u00e1rosod\\u00e1s.<\\\/p><p>A vizsg\\u00e1lat sor\\u00e1n m\\u00e9rt (rugalmas \\u00e9s esetleg marad\\u00f3) alakv\\u00e1ltoz\\u00e1st, valamint a hidraulikus elemek elmozdul\\u00e1s\\u00e1nak m\\u00e9rt\\u00e9k\\u00e9t a <em><strong>vizsg\\u00e1lati jegyz\\u0151k\\u00f6nyvben<\\\/strong> <\\\/em>mm-ben kell megadni. A m\\u00e9rt \\u00e9rt\\u00e9k mellett fel kell t\\u00fcntetni az \\u00f6sszehasonl\\u00edt\\u00e1si alapul szolg\\u00e1l\\u00f3, megengedett deform\\u00e1ci\\u00f3, illetve elmozdul\\u00e1s nagys\\u00e1g\\u00e1t is.<\\\/p><p><em><strong>A h\\u00edddaruk statikai vizsg\\u00e1latakor<\\\/strong><\\\/em> a darut a darup\\u00e1lya-al\\u00e1t\\u00e1maszt\\u00e1s f\\u00f6l\\u00e9, a fut\\u00f3macsk\\u00e1t pedig a daruh\\u00edd legnagyobb behajl\\u00e1s\\u00e1nak megfelel\\u0151 helyzetbe kell \\u00e1ll\\u00edtani.<\\\/p><p><em><strong>A konzolos h\\u00edddaru statikai<\\\/strong> <\\\/em>vizsg\\u00e1latakor a rugalmas behajl\\u00e1s \\u00e9s a maradand\\u00f3 deform\\u00e1ci\\u00f3 nagys\\u00e1g\\u00e1t ellen\\u0151rizni kell a fut\\u00f3macska darul\\u00e1bak k\\u00f6z\\u00f6tti \\u00e9s a konzol v\\u00e9g\\u00e9n l\\u00e9v\\u0151 helyzet\\u00e9ben is.<\\\/p><p><em><strong>G\\u00e9mes daru statikai vizsg\\u00e1lat\\u00e1t<\\\/strong><\\\/em> a daru legkisebb \\u00e1ll\\u00e9konys\\u00e1g\\u00e1hoz tartoz\\u00f3 legkisebb \\u00e9s legnagyobb g\\u00e9m- kiny\\u00fal\\u00e1ssal kell v\\u00e9gezni.<\\\/p><p>Ha az emel\\u0151g\\u00e9pen van <em><strong>t\\u00falterhel\\u00e9sg\\u00e1tl\\u00f3<\\\/strong><\\\/em>, akkor azt a statikai vizsg\\u00e1lat idej\\u00e9re ki kell iktatni, illetve ut\\u00e1na \\u00fajra, el\\u0151\\u00edr\\u00e1s szerinti m\\u0171k\\u00f6d\\u0151k\\u00e9pes \\u00e1llapotba kell hozni.A statikai vizsg\\u00e1lat sor\\u00e1n a t\\u00falterhel\\u00e9sg\\u00e1tl\\u00f3 ellen\\u0151rz\\u00e9se c\\u00e9lj\\u00e1b\\u00f3l vagy a felemelt t\\u00f6meg, vagy a nyomat\\u00e9k n\\u00f6vel\\u00e9s\\u00e9vel m\\u0171k\\u00f6d\\u00e9sbe kell hozni a t\\u00falterhel\\u00e9s v\\u00e9delmet.<\\\/p><p>A t\\u00falterhel\\u00e9sg\\u00e1tl\\u00f3t m\\u0171k\\u00f6dtet\\u0151 terhel\\u00e9st \\u00f6ssze kell hasonl\\u00edtani a haszn\\u00e1lati utas\\u00edt\\u00e1s szerinti adatokkal, \\u00e9s ennek alapj\\u00e1n kell eld\\u00f6nteni, hogy el\\u0151\\u00edr\\u00e1s szerint \\u00fczemel-e.<\\\/p><p>Ellen\\u0151rizni kell azt is, hogy a t\\u00falterhel\\u00e9sg\\u00e1tl\\u00f3 a haszn\\u00e1lati utas\\u00edt\\u00e1s szerint m\\u0171k\\u00f6dik-e (jelz\\u00e9s, mozgat\\u00e1si m\\u0171veletek le\\u00e1ll\\u00edt\\u00e1sa vagy m\\u0171k\\u00f6d\\u0151k\\u00e9pess\\u00e9g\\u00fck fenntart\\u00e1sa).<\\\/p>\"}},{\"@type\":\"Question\",\"name\":\"Szerkezeti vizsg\\u00e1lat\",\"acceptedAnswer\":{\"@type\":\"Answer\",\"text\":\"<p>A szerkezeti vizsg\\u00e1lat t\\u00e1rgya az<em><strong> MSZ 9721-1:2009<\\\/strong><\\\/em> szerint:<\\\/p><ul><li>A<em><strong> haszn\\u00e1lati utas\\u00edt\\u00e1s \\u00e9s a k\\u00eds\\u00e9r\\u0151dokument\\u00e1ci\\u00f3k<\\\/strong> <\\\/em>megl\\u00e9te, naprak\\u00e9szs\\u00e9ge.<\\\/li><li><em><strong>Emel\\u0151g\\u00e9pnapl\\u00f3<\\\/strong> <\\\/em>megl\\u00e9te \\u00e9s tartalma (naprak\\u00e9szs\\u00e9ge).<\\\/li><li>A tehertart\\u00e1s \\u00e9s \\u2013mozgat\\u00e1s szerkezeti egys\\u00e9geinek,elemeinek <em><strong>\\u00e1llapota, \\u00e9ps\\u00e9ge,<\\\/strong><\\\/em> deform\\u00e1ci\\u00f3-, k\\u00e1rosod\\u00e1s- \\u00e9s roncsol\\u00e1smentess\\u00e9ge.<\\\/li><li>Az <em><strong>emel\\u0151g\\u00e9p szerkezeti elemei<\\\/strong> <\\\/em>(fut\\u00f3kerekek, fogaskerekek, k\\u00f6t\\u00e9ldobok, k\\u00f6t\\u00e9lkorongok, f\\u00e9kt\\u00e1rcs\\u00e1k ellens\\u00faly, k\\u00f6zponti nehez\\u00e9k, stb.) \\u00e1llapota.<\\\/li><li>A villamos berendez\\u00e9sek, a hidraulikus vagy a pneumatikus rendszerek <em><strong>szerkezeti elemeinek \\u00e1llapota.<\\\/strong><\\\/em><\\\/li><li><em><strong>A villamos vezet\\u00e9kek<\\\/strong><\\\/em> \\u00e9s k\\u00e1belek, hidraulikus, pneumatikus vezet\\u00e9kek \\u00e1llapota.<\\\/li><li><em><strong>Vez\\u00e9rl\\u0151- \\u00e9s jelz\\u0151berendez\\u00e9sek<\\\/strong> <\\\/em>megl\\u00e9te, \\u00e9ps\\u00e9ge, m\\u0171k\\u00f6d\\u00e9sk\\u00e9pess\\u00e9ge, illetve m\\u0171k\\u00f6d\\u00e9s\\u00e9nek felt\\u00e9telei.<\\\/li><li><em><strong>Hidraulikus vagy pneumatikus<\\\/strong> <\\\/em>berendez\\u00e9sek t\\u00f6m\\u00edtetts\\u00e9ge.<\\\/li><li>A <em><strong>teherfelvev\\u0151<\\\/strong><\\\/em> eszk\\u00f6z\\u00f6k \\u00e1llapota, m\\u0171k\\u00f6d\\u00e9sk\\u00e9pess\\u00e9ge.<\\\/li><li>Az emel\\u0151k\\u00f6t\\u00e9l, teherl\\u00e1nc, emel\\u0151dob, k\\u00f6t\\u00e9lkorongok, k\\u00f6t\\u00e9lvezet\\u00e9s \\u00e9s k\\u00f6t\\u00e9lv\\u00e9g <em><strong>r\\u00f6gz\\u00edt\\u00e9s \\u00e1llapota<\\\/strong><\\\/em>.<\\\/li><li>Az <em><strong>energiaell\\u00e1t\\u00e1s<\\\/strong> <\\\/em>(\\u00e1ram-hozz\\u00e1vezet\\u00e9s, \\u00e1ramszed\\u0151k) szerkezet\\u00e9nek \\u00e1llapota.<\\\/li><li>Az emel\\u0151g\\u00e9p haszn\\u00e1lati utas\\u00edt\\u00e1s\\u00e1ban el\\u0151\\u00edrt egy\\u00e9b <em><strong>szerkezetek r\\u00e9szegys\\u00e9gek<\\\/strong> <\\\/em>m\\u0171k\\u00f6d\\u0151k\\u00e9pess\\u00e9ge, \\u00e1llapota.<\\\/li><li>A <em><strong>f\\u00e9kek, biztons\\u00e1gi berendez\\u00e9sek<\\\/strong><\\\/em> \\u00e9s a burkolatok megl\\u00e9te, \\u00e9ps\\u00e9ge, m\\u0171k\\u00f6d\\u0151k\\u00e9pess\\u00e9ge, illetve m\\u0171k\\u00f6d\\u00e9s\\u00e9nek felt\\u00e9telei.<\\\/li><li><em><strong>Hajt\\u00f3m\\u0171vek, ken\\u0151helyek<\\\/strong> <\\\/em>ken\\u0151anyaggal val\\u00f3 ell\\u00e1totts\\u00e1ga.<\\\/li><li><em><strong>Emel\\u0151k\\u00f6t\\u00e9l<\\\/strong><\\\/em> ken\\u0151anyaggal val\\u00f3 tel\\u00edtetts\\u00e9ge.<\\\/li><li>Az <em><strong>emel\\u0151g\\u00e9p p\\u00e1ly\\u00e1ja<\\\/strong> <\\\/em>\\u00e9s a p\\u00e1lya szerkezeti elemei (s\\u00ednlek\\u00f6t\\u00e9sek, p\\u00e1lya v\\u00e9g\\u00fctk\\u00f6z\\u0151k) a p\\u00e1lyar\\u00e9szek k\\u00f6z\\u00f6tti f\\u00f6ldel\\u0151 \\u00e1tk\\u00f6t\\u00e9sek megl\\u00e9te \\u00e9s \\u00e1llapota.<\\\/li><li>A vez\\u00e9rl\\u0151elemek <em><strong>jel\\u00f6l\\u00e9se<\\\/strong><\\\/em>.<\\\/li><li>A <em><strong>vesz\\u00e9lyes r\\u00e9szek sz\\u00ednjel\\u00f6l\\u00e9se<\\\/strong><\\\/em>, a figyelmeztet\\u0151 \\u00e9s a t\\u00e1j\\u00e9koztat\\u00f3 feliratok, valamint a gy\\u00e1ri adatt\\u00e1bl\\u00e1k \\u00e9s a burkolatok megl\\u00e9te \\u00e9s \\u00e1llapota.<\\\/li><li>A kezel\\u0151hely k\\u00fcls\\u0151 behat\\u00e1sokt\\u00f3l <em><strong>v\\u00e9d\\u0151 rendszere<\\\/strong> <\\\/em>(szerkezet).<\\\/li><li>Az <em><strong>ergon\\u00f3miai<\\\/strong><\\\/em> k\\u00f6vetelm\\u00e9nyek\\\/felt\\u00e9telek megl\\u00e9te.<\\\/li><li>Az ac\\u00e9lszerkezet, a j\\u00e1rd\\u00e1k, a korl\\u00e1tok, a felj\\u00e1r\\u00f3k \\u00e1llapota \\u00e9s az emel\\u0151g\\u00e9p <em><strong>korr\\u00f3zi\\u00f3v\\u00e9delme<\\\/strong><\\\/em>.<\\\/li><li>Az <em><strong>emel\\u0151g\\u00e9pek kezel\\u00e9si \\u00e9s karbantart\\u00e1si le\\u00edr\\u00e1s\\u00e1ba<\\\/strong><\\\/em>n el\\u0151\\u00edrt esetleges szerkezeti r\\u00e9szegys\\u00e9gek.<\\\/li><\\\/ul>\"}},{\"@type\":\"Question\",\"name\":\"F\\u0151vizsg\\u00e1lat\",\"acceptedAnswer\":{\"@type\":\"Answer\",\"text\":\"<p>A f\\u0151vizsg\\u00e1lat t\\u00e1rgya az <em><strong>MSZ 9721-1:2009<\\\/strong><\\\/em> szerint:<\\\/p><ul><li>A <em><strong>szerkezeti vizsg\\u00e1latokban<\\\/strong> <\\\/em>szerepl\\u0151 vizsg\\u00e1latok.<\\\/li><li>A szerkezeti vizsg\\u00e1latot <em><strong>kieg\\u00e9sz\\u00edt\\u0151 vizsg\\u00e1latok<\\\/strong><\\\/em>.<\\\/li><li>A tart\\u00f3szerkezet \\u00e9s a p\\u00e1lya \\u00e1llapota, anyag\\u00e1nak \\u00e9ps\\u00e9ge, k\\u00e1rosod\\u00e1s-, deform\\u00e1ci\\u00f3, illetve roncsol\\u00e1smentess\\u00e9ge. <em><strong>F\\u00e1rad\\u00e1sra utal\\u00f3 jelek.<\\\/strong><\\\/em><\\\/li><li>Az ac\\u00e9lszerkezet, j\\u00e1rd\\u00e1k, a korl\\u00e1tok, a felj\\u00e1r\\u00f3k <em><strong>\\u00e1llapota \\u00e9s alaktart\\u00e1sa.<\\\/strong><\\\/em><\\\/li><li>A <em><strong>tart\\u00f3szerkezet<\\\/strong><\\\/em> (f\\u0151tart\\u00f3, seg\\u00e9dtart\\u00f3, ker\\u00e9kszekr\\u00e9ny, g\\u00e9m- \\u00e9s port\\u00e1lszerkezet) hegesztett k\\u00f6t\\u00e9seinek \\u00e1llapota.<\\\/li><li>Az emel\\u0151g\\u00e9p l\\u00e9tes\\u00edt\\u00e9si <em><strong>biztons\\u00e1gi t\\u00e1vols\\u00e1gai<\\\/strong><\\\/em>.<\\\/li><li>A tart\\u00f3szerkezet <em><strong>alaktart\\u00e1sa.<\\\/strong><\\\/em><\\\/li><li><em><strong>M\\u0171szaki jellemz\\u0151k<\\\/strong><\\\/em>.<\\\/li><li>Az <em><strong>\\u00e9rint\\u00e9sv\\u00e9delem<\\\/strong> <\\\/em>\\u00e9s a vezet\\u00e9kek szigetel\\u00e9si ellen\\u00e1ll\\u00e1sa.<\\\/li><li><em><strong>Szerelhet\\u0151s\\u00e9g<\\\/strong><\\\/em>.<\\\/li><li><em><strong>Korr\\u00f3zi\\u00f3 ellen<\\\/strong><\\\/em> v\\u00e9d\\u0151 bevonatok \\u00e9ps\\u00e9ge.<\\\/li><li><em><strong>Karbantarthat\\u00f3s\\u00e1g<\\\/strong><\\\/em>.<\\\/li><li>A <em><strong>p\\u00e1lya alaktart\\u00e1sa<\\\/strong> <\\\/em>(p\\u00e1rhuzamoss\\u00e1g, k\\u00edgy\\u00f3z\\u00e1s stb.).<\\\/li><li><em><strong>Kezel\\u0151hely<\\\/strong><\\\/em> megk\\u00f6zel\\u00edthet\\u0151s\\u00e9ge.<\\\/li><\\\/ul>\"}},{\"@type\":\"Question\",\"name\":\"Id\\u0151szakos biztons\\u00e1gi vizsg\\u00e1lat\",\"acceptedAnswer\":{\"@type\":\"Answer\",\"text\":\"<p>A biztons\\u00e1gi vizsg\\u00e1lat t\\u00e1rgya az <em><strong>MSZ 9721-1:2009<\\\/strong><\\\/em> szerint:<\\\/p><ul><li><em><strong>A haszn\\u00e1lati utas\\u00edt\\u00e1s \\u00e9s a k\\u00eds\\u00e9r\\u0151dokument\\u00e1ci\\u00f3k<\\\/strong><\\\/em> megl\\u00e9te, naprak\\u00e9szs\\u00e9ge.<\\\/li><li><em><strong>Emel\\u0151g\\u00e9pnapl\\u00f3<\\\/strong><\\\/em> megl\\u00e9te \\u00e9s tartalma (naprak\\u00e9szs\\u00e9ge).<\\\/li><li>Az emel\\u0151g\\u00e9pre \\u00e9s a k\\u00f6rnyezetre \\u00e9rv\\u00e9nyes <em><strong>biztons\\u00e1gi el\\u0151\\u00edr\\u00e1sok<\\\/strong><\\\/em> teljes\\u00edt\\u00e9se.<\\\/li><\\\/ul>\"}}]}<\/script>\n\t\t\t\t\t<\/div>\n\t\t\t\t\t\t<\/div>\n\t\t\t\t\t<\/div>\n\t\t<\/div>\n\t\t\t\t\t<\/div>\n\t\t<\/section>\n\t\t\t\t<section class=\"elementor-section elementor-top-section elementor-element elementor-element-1e818e3 elementor-section-boxed elementor-section-height-default elementor-section-height-default\" data-id=\"1e818e3\" data-element_type=\"section\" data-settings=\"{&quot;jet_parallax_layout_list&quot;:[{&quot;jet_parallax_layout_image&quot;:{&quot;url&quot;:&quot;&quot;,&quot;id&quot;:&quot;&quot;,&quot;size&quot;:&quot;&quot;},&quot;_id&quot;:&quot;bbd2fa7&quot;,&quot;jet_parallax_layout_image_tablet&quot;:{&quot;url&quot;:&quot;&quot;,&quot;id&quot;:&quot;&quot;,&quot;size&quot;:&quot;&quot;},&quot;jet_parallax_layout_image_mobile&quot;:{&quot;url&quot;:&quot;&quot;,&quot;id&quot;:&quot;&quot;,&quot;size&quot;:&quot;&quot;},&quot;jet_parallax_layout_speed&quot;:{&quot;unit&quot;:&quot;%&quot;,&quot;size&quot;:50,&quot;sizes&quot;:[]},&quot;jet_parallax_layout_type&quot;:&quot;scroll&quot;,&quot;jet_parallax_layout_direction&quot;:&quot;1&quot;,&quot;jet_parallax_layout_fx_direction&quot;:null,&quot;jet_parallax_layout_z_index&quot;:&quot;&quot;,&quot;jet_parallax_layout_bg_x&quot;:50,&quot;jet_parallax_layout_bg_x_tablet&quot;:&quot;&quot;,&quot;jet_parallax_layout_bg_x_mobile&quot;:&quot;&quot;,&quot;jet_parallax_layout_bg_y&quot;:50,&quot;jet_parallax_layout_bg_y_tablet&quot;:&quot;&quot;,&quot;jet_parallax_layout_bg_y_mobile&quot;:&quot;&quot;,&quot;jet_parallax_layout_bg_size&quot;:&quot;auto&quot;,&quot;jet_parallax_layout_bg_size_tablet&quot;:&quot;&quot;,&quot;jet_parallax_layout_bg_size_mobile&quot;:&quot;&quot;,&quot;jet_parallax_layout_animation_prop&quot;:&quot;transform&quot;,&quot;jet_parallax_layout_on&quot;:[&quot;desktop&quot;,&quot;tablet&quot;]}]}\">\n\t\t\t\t\t\t<div class=\"elementor-container elementor-column-gap-default\">\n\t\t\t\t\t<div class=\"elementor-column elementor-col-50 elementor-top-column elementor-element elementor-element-366dbe4\" data-id=\"366dbe4\" data-element_type=\"column\">\n\t\t\t<div class=\"elementor-widget-wrap elementor-element-populated\">\n\t\t\t\t\t\t<div class=\"elementor-element elementor-element-8108495 elementor-widget elementor-widget-button\" data-id=\"8108495\" data-element_type=\"widget\" data-widget_type=\"button.default\">\n\t\t\t\t\t\t\t\t\t\t<a class=\"elementor-button elementor-button-link elementor-size-sm\" href=\"https:\/\/ecocranes.hu\/daru-emelo-vizsgalatokrol\/\">\n\t\t\t\t\t\t<span class=\"elementor-button-content-wrapper\">\n\t\t\t\t\t\t\t\t\t<span class=\"elementor-button-text\">Daru- \u00e9s emel\u0151vizsg\u00e1lat folyamatai<\/span>\n\t\t\t\t\t<\/span>\n\t\t\t\t\t<\/a>\n\t\t\t\t\t\t\t\t<\/div>\n\t\t\t\t\t<\/div>\n\t\t<\/div>\n\t\t\t\t<div class=\"elementor-column elementor-col-50 elementor-top-column elementor-element elementor-element-b317ac0\" data-id=\"b317ac0\" data-element_type=\"column\">\n\t\t\t<div class=\"elementor-widget-wrap elementor-element-populated\">\n\t\t\t\t\t\t<div class=\"elementor-element elementor-element-24e3ba2 elementor-align-right elementor-widget elementor-widget-button\" data-id=\"24e3ba2\" data-element_type=\"widget\" data-widget_type=\"button.default\">\n\t\t\t\t\t\t\t\t\t\t<a class=\"elementor-button elementor-button-link elementor-size-sm\" href=\"https:\/\/ecocranes.hu\/szolgaltatasok\/\">\n\t\t\t\t\t\t<span class=\"elementor-button-content-wrapper\">\n\t\t\t\t\t\t\t\t\t<span class=\"elementor-button-text\">Szolg\u00e1ltat\u00e1saink<\/span>\n\t\t\t\t\t<\/span>\n\t\t\t\t\t<\/a>\n\t\t\t\t\t\t\t\t<\/div>\n\t\t\t\t\t<\/div>\n\t\t<\/div>\n\t\t\t\t\t<\/div>\n\t\t<\/section>\n\t\t\t\t<\/div>\n\t\t","protected":false},"excerpt":{"rendered":"<p>\u00dczembe helyez\u00e9s el\u0151tti vizsg\u00e1lat A vizsg\u00e1latot haszn\u00e1lati utas\u00edt\u00e1s szerinti felt\u00e9telek, illetve \u00fczemi k\u00f6r\u00fclm\u00e9nyek k\u00f6z\u00f6tt az \u00fczemk\u00e9sz emel\u0151- eszk\u00f6z\u00f6n lehet elv\u00e9gezni. A vizsg\u00e1lat csak akkor kezdhet\u0151 meg, ha az \u00e9rint\u00e9sv\u00e9delmi \u00e9s a szigetel\u00e9si ellen\u00e1ll\u00e1s vizsg\u00e1lati jegyz\u0151- k\u00f6nyvben foglalt m\u00e9r\u00e9si eredm\u00e9nyei, illetve a k\u00fcl\u00f6nleges m\u00e9r\u00e9ses elj\u00e1r\u00e1ssal ellen\u0151rz\u00f6tt biztons\u00e1gi berendez\u00e9sek \u00e9s szerkezetek (p\u00e9ld\u00e1ul hidraulikus elemek) vizsg\u00e1lati eredm\u00e9nyei megfelelnek [&hellip;]<\/p>\n","protected":false},"author":1,"featured_media":0,"parent":0,"menu_order":0,"comment_status":"closed","ping_status":"open","template":"","meta":{"_acf_changed":false,"footnotes":""},"class_list":["post-7321","page","type-page","status-publish","hentry","no-thumb"],"acf":[],"yoast_head":"<!-- This site is optimized with the Yoast SEO Premium plugin v26.2 (Yoast SEO v26.6) - https:\/\/yoast.com\/wordpress\/plugins\/seo\/ -->\n<title>Daru- \u00e9s emel\u0151vizsg\u00e1latok t\u00edpusai - Eco-Cranes<\/title>\n<meta name=\"description\" content=\"\u00dczembe helyez\u00e9s el\u0151tti vizsg\u00e1lat A vizsg\u00e1latot haszn\u00e1lati utas\u00edt\u00e1s szerinti felt\u00e9telek, illetve \u00fczemi k\u00f6r\u00fclm\u00e9nyek k\u00f6z\u00f6tt az \u00fczemk\u00e9sz emel\u0151- eszk\u00f6z\u00f6n lehet\u2026\" \/>\n<meta name=\"robots\" content=\"index, follow, max-snippet:-1, max-image-preview:large, max-video-preview:-1\" \/>\n<link rel=\"canonical\" href=\"https:\/\/ecocranes.hu\/ro\/daru-es-emelovizsgalatok-tipusai\/\" \/>\n<meta property=\"og:locale\" content=\"ro_RO\" \/>\n<meta property=\"og:type\" content=\"article\" \/>\n<meta property=\"og:title\" content=\"Daru- \u00e9s emel\u0151vizsg\u00e1latok t\u00edpusai\" \/>\n<meta property=\"og:description\" content=\"\u00dczembe helyez\u00e9s el\u0151tti vizsg\u00e1lat A vizsg\u00e1latot haszn\u00e1lati utas\u00edt\u00e1s szerinti felt\u00e9telek, illetve \u00fczemi k\u00f6r\u00fclm\u00e9nyek k\u00f6z\u00f6tt az \u00fczemk\u00e9sz emel\u0151- eszk\u00f6z\u00f6n lehet\u2026\" \/>\n<meta property=\"og:url\" content=\"https:\/\/ecocranes.hu\/ro\/daru-es-emelovizsgalatok-tipusai\/\" \/>\n<meta property=\"og:site_name\" content=\"Eco-Cranes\" \/>\n<meta property=\"article:publisher\" content=\"https:\/\/www.facebook.com\/ecocranes\" \/>\n<meta property=\"article:modified_time\" content=\"2025-11-14T11:11:39+00:00\" \/>\n<meta property=\"og:image\" content=\"https:\/\/ecocranes.hu\/wp-content\/uploads\/2026\/09\/og_ecocranes.jpg\" \/>\n\t<meta property=\"og:image:width\" content=\"1200\" \/>\n\t<meta property=\"og:image:height\" content=\"630\" \/>\n\t<meta property=\"og:image:type\" content=\"image\/jpeg\" \/>\n<meta name=\"twitter:card\" content=\"summary_large_image\" \/>\n<meta name=\"twitter:label1\" content=\"Timp estimat pentru citire\" \/>\n\t<meta name=\"twitter:data1\" content=\"7 minute\" \/>\n<script type=\"application\/ld+json\" class=\"yoast-schema-graph\">{\"@context\":\"https:\/\/schema.org\",\"@graph\":[{\"@type\":\"WebPage\",\"@id\":\"https:\/\/ecocranes.hu\/daru-es-emelovizsgalatok-tipusai\/\",\"url\":\"https:\/\/ecocranes.hu\/daru-es-emelovizsgalatok-tipusai\/\",\"name\":\"Daru- \u00e9s emel\u0151vizsg\u00e1latok t\u00edpusai - Eco-Cranes\",\"isPartOf\":{\"@id\":\"https:\/\/ecocranes.hu\/#website\"},\"datePublished\":\"2020-06-25T08:15:23+00:00\",\"dateModified\":\"2025-11-14T11:11:39+00:00\",\"description\":\"\u00dczembe helyez\u00e9s el\u0151tti vizsg\u00e1lat A vizsg\u00e1latot haszn\u00e1lati utas\u00edt\u00e1s szerinti felt\u00e9telek, illetve \u00fczemi k\u00f6r\u00fclm\u00e9nyek k\u00f6z\u00f6tt az \u00fczemk\u00e9sz emel\u0151- eszk\u00f6z\u00f6n lehet\u2026\",\"breadcrumb\":{\"@id\":\"https:\/\/ecocranes.hu\/daru-es-emelovizsgalatok-tipusai\/#breadcrumb\"},\"inLanguage\":\"ro-RO\",\"potentialAction\":[{\"@type\":\"ReadAction\",\"target\":[\"https:\/\/ecocranes.hu\/daru-es-emelovizsgalatok-tipusai\/\"]}],\"speakable\":{\"@type\":\"SpeakableSpecification\",\"cssSelector\":[\"h1\",\".elementor-widget-text-editor\"]}},{\"@type\":\"BreadcrumbList\",\"@id\":\"https:\/\/ecocranes.hu\/daru-es-emelovizsgalatok-tipusai\/#breadcrumb\",\"itemListElement\":[{\"@type\":\"ListItem\",\"position\":1,\"name\":\"Home\",\"item\":\"https:\/\/ecocranes.hu\/en\/\"},{\"@type\":\"ListItem\",\"position\":2,\"name\":\"Daru- \u00e9s emel\u0151vizsg\u00e1latok t\u00edpusai\"}]},{\"@type\":\"WebSite\",\"@id\":\"https:\/\/ecocranes.hu\/#website\",\"url\":\"https:\/\/ecocranes.hu\/\",\"name\":\"Eco-Cranes\",\"description\":\"Daruk \u00e9s emel\u0151g\u00e9pek\",\"publisher\":{\"@id\":\"https:\/\/ecocranes.hu\/#organization\"},\"potentialAction\":[{\"@type\":\"SearchAction\",\"target\":{\"@type\":\"EntryPoint\",\"urlTemplate\":\"https:\/\/ecocranes.hu\/?s={search_term_string}\"},\"query-input\":{\"@type\":\"PropertyValueSpecification\",\"valueRequired\":true,\"valueName\":\"search_term_string\"}}],\"inLanguage\":\"ro-RO\"},{\"@type\":\"Organization\",\"@id\":\"https:\/\/ecocranes.hu\/#organization\",\"name\":\"Eco-Cranes\",\"url\":\"https:\/\/ecocranes.hu\/\",\"logo\":{\"@type\":\"ImageObject\",\"inLanguage\":\"ro-RO\",\"@id\":\"https:\/\/ecocranes.hu\/#\/schema\/logo\/image\/\",\"url\":\"https:\/\/ecocranes.hu\/wp-content\/uploads\/2025\/09\/eco-cranes-logo.png\",\"contentUrl\":\"https:\/\/ecocranes.hu\/wp-content\/uploads\/2025\/09\/eco-cranes-logo.png\",\"width\":180,\"height\":18,\"caption\":\"Eco-Cranes\"},\"image\":{\"@id\":\"https:\/\/ecocranes.hu\/#\/schema\/logo\/image\/\"},\"sameAs\":[\"https:\/\/www.facebook.com\/ecocranes\"],\"address\":{\"@type\":\"PostalAddress\",\"streetAddress\":\"Ybl Mikl\u00f3s utca 42.\",\"addressLocality\":\"F\u00f3t\",\"postalCode\":\"2151\",\"addressCountry\":\"HU\"},\"geo\":{\"@type\":\"GeoCoordinates\",\"latitude\":47.61583300000000207319317269138991832733154296875,\"longitude\":19.181837000000001580701791681349277496337890625},\"openingHoursSpecification\":[{\"@type\":\"OpeningHoursSpecification\",\"dayOfWeek\":[\"Monday\",\"Tuesday\",\"Wednesday\",\"Thursday\",\"Friday\"],\"opens\":\"08:00\",\"closes\":\"17:00\"}],\"description\":\"Daruk, h\u00edddaruk, forg\u00f3daruk \u00e9s hidraulikus emel\u0151asztalok tervez\u00e9se, gy\u00e1rt\u00e1sa, telep\u00edt\u00e9se, szervize \u00e9s id\u0151szakos vizsg\u00e1lata.\",\"email\":\"info@ecocranes.hu\",\"telephone\":\"+36 27 360823\",\"legalName\":\"ECO-CRANES HUNGARY Daruk \u00e9s Emel\u0151g\u00e9pek Korl\u00e1tolt Felel\u0151ss\u00e9g\u0171 T\u00e1rsas\u00e1g\",\"vatID\":\"11912606-2-13\"}]}<\/script>\n<!-- \/ Yoast SEO Premium plugin. -->","yoast_head_json":{"title":"Daru- \u00e9s emel\u0151vizsg\u00e1latok t\u00edpusai - Eco-Cranes","description":"\u00dczembe helyez\u00e9s el\u0151tti vizsg\u00e1lat A vizsg\u00e1latot haszn\u00e1lati utas\u00edt\u00e1s szerinti felt\u00e9telek, illetve \u00fczemi k\u00f6r\u00fclm\u00e9nyek k\u00f6z\u00f6tt az \u00fczemk\u00e9sz emel\u0151- eszk\u00f6z\u00f6n lehet\u2026","robots":{"index":"index","follow":"follow","max-snippet":"max-snippet:-1","max-image-preview":"max-image-preview:large","max-video-preview":"max-video-preview:-1"},"canonical":"https:\/\/ecocranes.hu\/ro\/daru-es-emelovizsgalatok-tipusai\/","og_locale":"ro_RO","og_type":"article","og_title":"Daru- \u00e9s emel\u0151vizsg\u00e1latok t\u00edpusai","og_description":"\u00dczembe helyez\u00e9s el\u0151tti vizsg\u00e1lat A vizsg\u00e1latot haszn\u00e1lati utas\u00edt\u00e1s szerinti felt\u00e9telek, illetve \u00fczemi k\u00f6r\u00fclm\u00e9nyek k\u00f6z\u00f6tt az \u00fczemk\u00e9sz emel\u0151- eszk\u00f6z\u00f6n lehet\u2026","og_url":"https:\/\/ecocranes.hu\/ro\/daru-es-emelovizsgalatok-tipusai\/","og_site_name":"Eco-Cranes","article_publisher":"https:\/\/www.facebook.com\/ecocranes","article_modified_time":"2025-11-14T11:11:39+00:00","og_image":[{"width":1200,"height":630,"url":"https:\/\/ecocranes.hu\/wp-content\/uploads\/2026\/09\/og_ecocranes.jpg","type":"image\/jpeg"}],"twitter_card":"summary_large_image","twitter_misc":{"Timp estimat pentru citire":"7 minute"},"schema":{"@context":"https:\/\/schema.org","@graph":[{"@type":"WebPage","@id":"https:\/\/ecocranes.hu\/daru-es-emelovizsgalatok-tipusai\/","url":"https:\/\/ecocranes.hu\/daru-es-emelovizsgalatok-tipusai\/","name":"Daru- \u00e9s emel\u0151vizsg\u00e1latok t\u00edpusai - Eco-Cranes","isPartOf":{"@id":"https:\/\/ecocranes.hu\/#website"},"datePublished":"2020-06-25T08:15:23+00:00","dateModified":"2025-11-14T11:11:39+00:00","description":"\u00dczembe helyez\u00e9s el\u0151tti vizsg\u00e1lat A vizsg\u00e1latot haszn\u00e1lati utas\u00edt\u00e1s szerinti felt\u00e9telek, illetve \u00fczemi k\u00f6r\u00fclm\u00e9nyek k\u00f6z\u00f6tt az \u00fczemk\u00e9sz emel\u0151- eszk\u00f6z\u00f6n lehet\u2026","breadcrumb":{"@id":"https:\/\/ecocranes.hu\/daru-es-emelovizsgalatok-tipusai\/#breadcrumb"},"inLanguage":"ro-RO","potentialAction":[{"@type":"ReadAction","target":["https:\/\/ecocranes.hu\/daru-es-emelovizsgalatok-tipusai\/"]}],"speakable":{"@type":"SpeakableSpecification","cssSelector":["h1",".elementor-widget-text-editor"]}},{"@type":"BreadcrumbList","@id":"https:\/\/ecocranes.hu\/daru-es-emelovizsgalatok-tipusai\/#breadcrumb","itemListElement":[{"@type":"ListItem","position":1,"name":"Home","item":"https:\/\/ecocranes.hu\/en\/"},{"@type":"ListItem","position":2,"name":"Daru- \u00e9s emel\u0151vizsg\u00e1latok t\u00edpusai"}]},{"@type":"WebSite","@id":"https:\/\/ecocranes.hu\/#website","url":"https:\/\/ecocranes.hu\/","name":"Eco-Cranes","description":"Macarale \u0219i utilaje de ridicare","publisher":{"@id":"https:\/\/ecocranes.hu\/#organization"},"potentialAction":[{"@type":"SearchAction","target":{"@type":"EntryPoint","urlTemplate":"https:\/\/ecocranes.hu\/?s={search_term_string}"},"query-input":{"@type":"PropertyValueSpecification","valueRequired":true,"valueName":"search_term_string"}}],"inLanguage":"ro-RO"},{"@type":"Organization","@id":"https:\/\/ecocranes.hu\/#organization","name":"Eco-Cranes","url":"https:\/\/ecocranes.hu\/","logo":{"@type":"ImageObject","inLanguage":"ro-RO","@id":"https:\/\/ecocranes.hu\/#\/schema\/logo\/image\/","url":"https:\/\/ecocranes.hu\/wp-content\/uploads\/2025\/09\/eco-cranes-logo.png","contentUrl":"https:\/\/ecocranes.hu\/wp-content\/uploads\/2025\/09\/eco-cranes-logo.png","width":180,"height":18,"caption":"Eco-Cranes"},"image":{"@id":"https:\/\/ecocranes.hu\/#\/schema\/logo\/image\/"},"sameAs":["https:\/\/www.facebook.com\/ecocranes"],"address":{"@type":"PostalAddress","streetAddress":"Ybl Mikl\u00f3s utca 42.","addressLocality":"F\u00f3t","postalCode":"2151","addressCountry":"HU"},"geo":{"@type":"GeoCoordinates","latitude":47.61583300000000207319317269138991832733154296875,"longitude":19.181837000000001580701791681349277496337890625},"openingHoursSpecification":[{"@type":"OpeningHoursSpecification","dayOfWeek":["Monday","Tuesday","Wednesday","Thursday","Friday"],"opens":"08:00","closes":"17:00"}],"description":"Daruk, h\u00edddaruk, forg\u00f3daruk \u00e9s hidraulikus emel\u0151asztalok tervez\u00e9se, gy\u00e1rt\u00e1sa, telep\u00edt\u00e9se, szervize \u00e9s id\u0151szakos vizsg\u00e1lata.","email":"info@ecocranes.hu","telephone":"+36 27 360823","legalName":"ECO-CRANES HUNGARY Daruk \u00e9s Emel\u0151g\u00e9pek Korl\u00e1tolt Felel\u0151ss\u00e9g\u0171 T\u00e1rsas\u00e1g","vatID":"11912606-2-13"}]}},"_links":{"self":[{"href":"https:\/\/ecocranes.hu\/ro\/wp-json\/wp\/v2\/pages\/7321","targetHints":{"allow":["GET"]}}],"collection":[{"href":"https:\/\/ecocranes.hu\/ro\/wp-json\/wp\/v2\/pages"}],"about":[{"href":"https:\/\/ecocranes.hu\/ro\/wp-json\/wp\/v2\/types\/page"}],"author":[{"embeddable":true,"href":"https:\/\/ecocranes.hu\/ro\/wp-json\/wp\/v2\/users\/1"}],"replies":[{"embeddable":true,"href":"https:\/\/ecocranes.hu\/ro\/wp-json\/wp\/v2\/comments?post=7321"}],"version-history":[{"count":0,"href":"https:\/\/ecocranes.hu\/ro\/wp-json\/wp\/v2\/pages\/7321\/revisions"}],"wp:attachment":[{"href":"https:\/\/ecocranes.hu\/ro\/wp-json\/wp\/v2\/media?parent=7321"}],"curies":[{"name":"wp","href":"https:\/\/api.w.org\/{rel}","templated":true}]}}