{"id":7317,"date":"2019-08-21T09:17:11","date_gmt":"2019-08-21T07:17:11","guid":{"rendered":"https:\/\/ecocranes.hu\/autoemelo-emeloasztal-ajanlatkeres\/"},"modified":"2026-09-04T14:36:42","modified_gmt":"2026-09-04T12:36:42","slug":"autoemelo-emeloasztal-ajanlatkeres","status":"publish","type":"page","link":"https:\/\/ecocranes.hu\/ro\/autoemelo-emeloasztal-ajanlatkeres\/","title":{"rendered":"Cerere de ofert\u0103 pentru o mas\u0103 de ridicare auto"},"content":{"rendered":"\t\t<div data-elementor-type=\"wp-page\" data-elementor-id=\"7317\" class=\"elementor elementor-7317\" data-elementor-post-type=\"page\">\n\t\t\t\t\t\t<section class=\"elementor-section elementor-top-section elementor-element elementor-element-51b76ff elementor-section-boxed elementor-section-height-default elementor-section-height-default\" data-id=\"51b76ff\" data-element_type=\"section\" data-settings=\"{&quot;jet_parallax_layout_list&quot;:[{&quot;jet_parallax_layout_image&quot;:{&quot;url&quot;:&quot;&quot;,&quot;id&quot;:&quot;&quot;,&quot;size&quot;:&quot;&quot;},&quot;_id&quot;:&quot;fe28e4a&quot;,&quot;jet_parallax_layout_image_tablet&quot;:{&quot;url&quot;:&quot;&quot;,&quot;id&quot;:&quot;&quot;,&quot;size&quot;:&quot;&quot;},&quot;jet_parallax_layout_image_mobile&quot;:{&quot;url&quot;:&quot;&quot;,&quot;id&quot;:&quot;&quot;,&quot;size&quot;:&quot;&quot;},&quot;jet_parallax_layout_speed&quot;:{&quot;unit&quot;:&quot;%&quot;,&quot;size&quot;:50,&quot;sizes&quot;:[]},&quot;jet_parallax_layout_type&quot;:&quot;scroll&quot;,&quot;jet_parallax_layout_direction&quot;:&quot;1&quot;,&quot;jet_parallax_layout_fx_direction&quot;:null,&quot;jet_parallax_layout_z_index&quot;:&quot;&quot;,&quot;jet_parallax_layout_bg_x&quot;:50,&quot;jet_parallax_layout_bg_x_tablet&quot;:&quot;&quot;,&quot;jet_parallax_layout_bg_x_mobile&quot;:&quot;&quot;,&quot;jet_parallax_layout_bg_y&quot;:50,&quot;jet_parallax_layout_bg_y_tablet&quot;:&quot;&quot;,&quot;jet_parallax_layout_bg_y_mobile&quot;:&quot;&quot;,&quot;jet_parallax_layout_bg_size&quot;:&quot;auto&quot;,&quot;jet_parallax_layout_bg_size_tablet&quot;:&quot;&quot;,&quot;jet_parallax_layout_bg_size_mobile&quot;:&quot;&quot;,&quot;jet_parallax_layout_animation_prop&quot;:&quot;transform&quot;,&quot;jet_parallax_layout_on&quot;:[&quot;desktop&quot;,&quot;tablet&quot;]}]}\">\n\t\t\t\t\t\t<div class=\"elementor-container elementor-column-gap-default\">\n\t\t\t\t\t<div class=\"elementor-column elementor-col-100 elementor-top-column elementor-element elementor-element-25625dc\" data-id=\"25625dc\" data-element_type=\"column\">\n\t\t\t<div class=\"elementor-widget-wrap elementor-element-populated\">\n\t\t\t\t\t\t<div class=\"elementor-element elementor-element-ba8b9d9 elementor-widget elementor-widget-text-editor\" data-id=\"ba8b9d9\" data-element_type=\"widget\" data-widget_type=\"text-editor.default\">\n\t\t\t\t\t\t\t\t\t\n<div class=\"wp-block-image\">\n<figure class=\"aligncenter\"><img decoding=\"async\" class=\"wp-image-4308\" src=\"https:\/\/ecocranes.hu\/wp-content\/uploads\/2019\/08\/autoemelo_emeloasztal_ajanlati_abra.png\" alt=\"Aut\u00f3emel\u0151 oll\u00f3s emel\u0151asztal v\u00e1zlatrajza m\u00e9retjel\u00f6l\u00e9sekkel\" \/><\/figure>\n<\/div>\n\n\n<div class=\"wpcf7 no-js\" id=\"wpcf7-f7345-o1\" lang=\"en-US\" dir=\"ltr\" data-wpcf7-id=\"7345\">\n<div class=\"screen-reader-response\">\n<p role=\"status\" aria-live=\"polite\" aria-atomic=\"true\">\n<ul><\/ul>\n<\/div>\n<form action=\"\/ro\/wp-json\/wp\/v2\/pages\/7317#wpcf7-f7345-o1\" method=\"post\" class=\"wpcf7-form init\" aria-label=\"Contact form\" novalidate=\"novalidate\" data-status=\"init\">\n<fieldset class=\"hidden-fields-container\"><input type=\"hidden\" name=\"_wpcf7\" value=\"7345\" \/><input type=\"hidden\" name=\"_wpcf7_version\" value=\"6.1.4\" \/><input type=\"hidden\" name=\"_wpcf7_locale\" value=\"en_US\" \/><input type=\"hidden\" name=\"_wpcf7_unit_tag\" value=\"wpcf7-f7345-o1\" \/><input type=\"hidden\" name=\"_wpcf7_container_post\" value=\"0\" \/><input type=\"hidden\" name=\"_wpcf7_posted_data_hash\" value=\"\" \/><input type=\"hidden\" name=\"_wpcf7_recaptcha_response\" value=\"\" \/><br \/>\n<\/fieldset>\n<div class=\"dn-flex-wrapper\">\n<div>\n<p><label><span class=\"label-text h6-style\">C\u00e9gn\u00e9v <span class=\"reqired_icon\">*<\/span><\/span><br \/>\n<span class=\"wpcf7-form-control-wrap\" data-name=\"company-name\"><input size=\"40\" maxlength=\"400\" class=\"wpcf7-form-control wpcf7-text wpcf7-validates-as-required\" aria-required=\"true\" aria-invalid=\"false\" value=\"\" type=\"text\" name=\"company-name\" \/><\/span><\/label>\n\t\t<\/p>\n<\/p><\/div>\n<div>\n<p><label><span class=\"label-text h6-style\">Kapcsolattart\u00f3 neve <span class=\"reqired_icon\">*<\/span><\/span><br \/>\n<span class=\"wpcf7-form-control-wrap\" data-name=\"your-name\"><input size=\"40\" maxlength=\"400\" class=\"wpcf7-form-control wpcf7-text wpcf7-validates-as-required\" aria-required=\"true\" aria-invalid=\"false\" value=\"\" type=\"text\" name=\"your-name\" \/><\/span><\/label>\n\t\t<\/p>\n<\/p><\/div>\n<div>\n<p><label><span class=\"label-text h6-style\">Telefonsz\u00e1m<\/span><br \/>\n<span class=\"wpcf7-form-control-wrap\" data-name=\"phone\"><input size=\"40\" maxlength=\"400\" class=\"wpcf7-form-control wpcf7-tel wpcf7-text wpcf7-validates-as-tel\" aria-invalid=\"false\" value=\"\" type=\"tel\" name=\"phone\" \/><\/span><\/label>\n\t\t<\/p>\n<\/p><\/div>\n<div>\n<p><label><span class=\"label-text h6-style\">Mobil<\/span><br \/>\n<span class=\"wpcf7-form-control-wrap\" data-name=\"mobile\"><input size=\"40\" maxlength=\"400\" class=\"wpcf7-form-control wpcf7-tel wpcf7-text wpcf7-validates-as-tel\" aria-invalid=\"false\" value=\"\" type=\"tel\" name=\"mobile\" \/><\/span><\/label>\n\t\t<\/p>\n<\/p><\/div>\n<div>\n<p><label><span class=\"label-text h6-style\">E-mail c\u00edm <span class=\"reqired_icon\">*<\/span><\/span><br \/>\n<span class=\"wpcf7-form-control-wrap\" data-name=\"your-email\"><input size=\"40\" maxlength=\"400\" class=\"wpcf7-form-control wpcf7-email wpcf7-validates-as-required wpcf7-text wpcf7-validates-as-email\" aria-required=\"true\" aria-invalid=\"false\" value=\"\" type=\"email\" name=\"your-email\" \/><\/span><\/label>\n\t\t<\/p>\n<\/p><\/div>\n<div style=\"align-self: center;\">\n<p>Megjegyz\u00e9s: K\u00e9rj\u00fck pontosan adja meg el\u00e9rhet\u0151s\u00e9geit, mert ellenkez\u0151 esetben nem \u00e1ll m\u00f3dunkban aj\u00e1nlatot k\u00fcldeni!\n\t\t<\/p>\n<\/p><\/div>\n<div>\n<p><label><span class=\"label-text h6-style\">Egy\u00e9ni param\u00e9terek &#8222;A &#8211; asztal sz\u00e9less\u00e9g&#8221;<\/span><br \/>\n<span class=\"wpcf7-form-control-wrap\" data-name=\"asztal-szelesseg\"><input size=\"40\" maxlength=\"400\" class=\"wpcf7-form-control wpcf7-text\" aria-invalid=\"false\" value=\"\" type=\"text\" name=\"asztal-szelesseg\" \/><\/span><\/label><span class=\"small\">K\u00e9rj\u00fck a m\u00e9retet mm-ben adja meg!<\/span>\n\t\t<\/p>\n<\/p><\/div>\n<div>\n<p><label><span class=\"label-text h6-style\">Egy\u00e9ni param\u00e9terek &#8222;B &#8211; asztal hossz\u00fas\u00e1g&#8221;<\/span><br \/>\n<span class=\"wpcf7-form-control-wrap\" data-name=\"asztal-hosszusag\"><input size=\"40\" maxlength=\"400\" class=\"wpcf7-form-control wpcf7-text\" aria-invalid=\"false\" value=\"\" type=\"text\" name=\"asztal-hosszusag\" \/><\/span><\/label><span class=\"small\">K\u00e9rj\u00fck a m\u00e9retet mm-ben adja meg!<\/span>\n\t\t<\/p>\n<\/p><\/div>\n<div>\n<p><label><span class=\"label-text h6-style\">Egy\u00e9ni param\u00e9terek &#8222;C &#8211; teljes magass\u00e1g&#8221;<\/span><\/label><br \/>\n<span>E + D<\/span>\n\t\t<\/p>\n<\/p><\/div>\n<div>\n<p><label><span class=\"label-text h6-style\">Egy\u00e9ni param\u00e9terek &#8222;D &#8211; emel\u00e9si magass\u00e1g&#8221;<\/span><br \/>\n<span class=\"wpcf7-form-control-wrap\" data-name=\"emelesi-magassag\"><input size=\"40\" maxlength=\"400\" class=\"wpcf7-form-control wpcf7-text\" aria-invalid=\"false\" value=\"\" type=\"text\" name=\"emelesi-magassag\" \/><\/span><\/label><span class=\"small\">K\u00e9rj\u00fck a m\u00e9retet mm-ben adja meg!<\/span>\n\t\t<\/p>\n<\/p><\/div>\n<div>\n<p><label><span class=\"label-text h6-style\">Egy\u00e9ni param\u00e9terek &#8222;E &#8211; szerkezeti magass\u00e1g&#8221;<\/span><\/label><br \/>\n<span>Tervez\u00e9sn\u00e9l ker\u00fcl meghat\u00e1roz\u00e1sra.<\/span>\n\t\t<\/p>\n<\/p><\/div>\n<div>\n<p><label><span class=\"label-text h6-style\">Egy\u00e9ni param\u00e9terek &#8222;Teherb\u00edr\u00e1s&#8221;<\/span><br \/>\n<span class=\"wpcf7-form-control-wrap\" data-name=\"teherbiras\"><input size=\"40\" maxlength=\"400\" class=\"wpcf7-form-control wpcf7-text\" aria-invalid=\"false\" value=\"\" type=\"text\" name=\"teherbiras\" \/><\/span><\/label><span class=\"small\">K\u00e9rj\u00fck a teherb\u00edr\u00e1st kg-ban adja meg!<\/span>\n\t\t<\/p>\n<\/p><\/div>\n<div>\n<p><label><span class=\"label-text h6-style\">Speci\u00e1lis \u00fczemeltet\u00e9si k\u00f6r\u00fclm\u00e9nyek<\/span><\/label><br \/>\n<span class=\"wpcf7-form-control-wrap\" data-name=\"korulmenyek\"><span class=\"wpcf7-form-control wpcf7-checkbox\"><span class=\"wpcf7-list-item first\"><input type=\"checkbox\" name=\"korulmenyek[]\" value=\"K\u00fclt\u00e9ri\" \/><span class=\"wpcf7-list-item-label\">K\u00fclt\u00e9ri<\/span><\/span><span class=\"wpcf7-list-item\"><input type=\"checkbox\" name=\"korulmenyek[]\" value=\"\u00c9lelmiszer ipari\" \/><span class=\"wpcf7-list-item-label\">\u00c9lelmiszer ipari<\/span><\/span><span class=\"wpcf7-list-item\"><input type=\"checkbox\" name=\"korulmenyek[]\" value=\"Robban\u00e1svesz\u00e9lyes\" \/><span class=\"wpcf7-list-item-label\">Robban\u00e1svesz\u00e9lyes<\/span><\/span><span class=\"wpcf7-list-item last\"><input type=\"checkbox\" name=\"korulmenyek[]\" value=\"Egy\u00e9b speci\u00e1lis hely\" \/><span class=\"wpcf7-list-item-label\">Egy\u00e9b speci\u00e1lis hely<\/span><\/span><\/span><\/span>\n\t\t<\/p>\n<\/p><\/div>\n<div>\n<p><label><span class=\"label-text h6-style\">Sz\u00edn k\u00e9r\u00e9se, ha van ilyen ig\u00e9ny<\/span><br \/>\n<span class=\"wpcf7-form-control-wrap\" data-name=\"szin\"><input size=\"40\" maxlength=\"400\" class=\"wpcf7-form-control wpcf7-text\" aria-invalid=\"false\" value=\"\" type=\"text\" name=\"szin\" \/><\/span><\/label>\n\t\t<\/p>\n<\/p><\/div>\n<div>\n<p><label><span class=\"label-text h6-style\">Egy\u00e9b k\u00e9r\u00e9s, vagy megjegyz\u00e9s<\/span><br \/>\n<span class=\"wpcf7-form-control-wrap\" data-name=\"megjegyzes\"><textarea cols=\"40\" rows=\"10\" maxlength=\"2000\" class=\"wpcf7-form-control wpcf7-textarea\" aria-invalid=\"false\" name=\"megjegyzes\"><\/textarea><\/span><\/label>\n\t\t<\/p>\n<\/p><\/div>\n<div class=\"dn-chk\">\n<p><span class=\"wpcf7-form-control-wrap\" data-name=\"adatkezeles\"><span class=\"wpcf7-form-control wpcf7-acceptance\"><span class=\"wpcf7-list-item\"><input type=\"checkbox\" name=\"adatkezeles\" value=\"1\" aria-invalid=\"false\" \/><\/span><\/span><\/span><span class=\"reqired_icon\">*<\/span>A checkbox pip\u00e1l\u00e1s\u00e1val &#8211; az \u00c1ltal\u00e1nos Adatv\u00e9delmi Rendelet (GDPR) 6. cikk (1) bekezd\u00e9s a) pontja, tov\u00e1bb\u00e1 a 7. cikk rendelkez\u00e9se alapj\u00e1n &#8211; hozz\u00e1j\u00e1rulok, hogy az adatkezel\u0151 a most megadott szem\u00e9lyes adataimat a GDPR, tov\u00e1bb\u00e1 a <a href=\"\/adatkezelesi-tajekoztato\/\" target=\"_blank\">saj\u00e1t adatkezel\u00e9si t\u00e1j\u00e9koztat\u00f3j\u00e1nak<\/a> felt\u00e9telei szerint kezelje. Tudom\u00e1sul veszem, hogy a GDPR 7. cikk (3) bekezd\u00e9se szerint a hozz\u00e1j\u00e1rul\u00e1somat b\u00e1rmikor visszavonhatom, ak\u00e1r egy kattint\u00e1ssal.\n\t\t<\/p>\n<\/p><\/div>\n<\/div>\n<p><a class=\"btn btn__text\" onclick=\"window.history.back();\">Vissza<\/a><span class=\"eco-hp\" aria-hidden=\"true\"><span class=\"wpcf7-form-control-wrap\" data-name=\"hpot-check\"><input size=\"40\" maxlength=\"400\" class=\"wpcf7-form-control wpcf7-text\" aria-invalid=\"false\" value=\"\" type=\"text\" name=\"hpot-check\" \/><\/span><\/span><br \/>\n<input class=\"wpcf7-form-control wpcf7-hidden\" value=\"\" type=\"hidden\" name=\"utm_source\" \/><br \/>\n<input class=\"wpcf7-form-control wpcf7-hidden\" value=\"\" type=\"hidden\" name=\"utm_medium\" \/><br \/>\n<input class=\"wpcf7-form-control wpcf7-hidden\" value=\"\" type=\"hidden\" name=\"utm_campaign\" \/><br \/>\n<input class=\"wpcf7-form-control wpcf7-hidden\" value=\"\" type=\"hidden\" name=\"gclid\" \/><input class=\"wpcf7-form-control wpcf7-submit has-spinner dn-nomargin\" type=\"submit\" value=\"Elk\u00fcld\" \/>\n<\/p>\n<div class=\"wpcf7-response-output\" aria-hidden=\"true\"><\/div>\n<\/form>\n<\/div>\n\t\t\t\t\t\t\t\t<\/div>\n\t\t\t\t<div class=\"elementor-element elementor-element-40b42db elementor-widget elementor-widget-spacer\" data-id=\"40b42db\" data-element_type=\"widget\" data-widget_type=\"spacer.default\">\n\t\t\t\t\t\t\t<div class=\"elementor-spacer\">\n\t\t\t<div class=\"elementor-spacer-inner\"><\/div>\n\t\t<\/div>\n\t\t\t\t\t\t<\/div>\n\t\t\t\t\t<\/div>\n\t\t<\/div>\n\t\t\t\t\t<\/div>\n\t\t<\/section>\n\t\t\t\t<\/div>\n\t\t","protected":false},"excerpt":{"rendered":"","protected":false},"author":1,"featured_media":0,"parent":0,"menu_order":0,"comment_status":"closed","ping_status":"open","template":"","meta":{"_acf_changed":false,"footnotes":""},"class_list":["post-7317","page","type-page","status-publish","hentry","no-thumb"],"acf":[],"yoast_head":"<!-- This site is optimized with the Yoast SEO Premium plugin v26.2 (Yoast SEO v26.6) - https:\/\/yoast.com\/wordpress\/plugins\/seo\/ -->\n<title>Aut\u00f3emel\u0151 emel\u0151asztal aj\u00e1nlatk\u00e9r\u00e9s - Eco-Cranes<\/title>\n<meta name=\"description\" content=\"K\u00e9rjen egyedi \u00e1raj\u00e1nlatot aut\u00f3emel\u0151 emel\u0151asztalhoz. T\u00f6ltse ki az \u0171rlapot, \u00e9s koll\u00e9g\u00e1nk munkaid\u0151ben 24 \u00f3r\u00e1n bel\u00fcl felveszi \u00d6nnel a kapcsolatot.\" \/>\n<meta name=\"robots\" content=\"index, follow, max-snippet:-1, max-image-preview:large, max-video-preview:-1\" \/>\n<link rel=\"canonical\" href=\"https:\/\/ecocranes.hu\/ro\/autoemelo-emeloasztal-ajanlatkeres\/\" \/>\n<meta property=\"og:locale\" content=\"ro_RO\" \/>\n<meta property=\"og:type\" content=\"article\" \/>\n<meta property=\"og:title\" content=\"Aut\u00f3emel\u0151 emel\u0151asztal aj\u00e1nlatk\u00e9r\u00e9s\" \/>\n<meta property=\"og:description\" content=\"K\u00e9rjen egyedi \u00e1raj\u00e1nlatot aut\u00f3emel\u0151 emel\u0151asztalhoz. T\u00f6ltse ki az \u0171rlapot, \u00e9s koll\u00e9g\u00e1nk munkaid\u0151ben 24 \u00f3r\u00e1n bel\u00fcl felveszi \u00d6nnel a kapcsolatot.\" \/>\n<meta property=\"og:url\" content=\"https:\/\/ecocranes.hu\/ro\/autoemelo-emeloasztal-ajanlatkeres\/\" \/>\n<meta property=\"og:site_name\" content=\"Eco-Cranes\" \/>\n<meta property=\"article:publisher\" content=\"https:\/\/www.facebook.com\/ecocranes\" \/>\n<meta property=\"article:modified_time\" content=\"2026-09-04T12:36:42+00:00\" \/>\n<meta property=\"og:image\" content=\"https:\/\/ecocranes.hu\/wp-content\/uploads\/2026\/09\/og_ecocranes.jpg\" \/>\n\t<meta property=\"og:image:width\" content=\"1200\" \/>\n\t<meta property=\"og:image:height\" content=\"630\" \/>\n\t<meta property=\"og:image:type\" content=\"image\/jpeg\" \/>\n<meta name=\"twitter:card\" content=\"summary_large_image\" \/>\n<script type=\"application\/ld+json\" class=\"yoast-schema-graph\">{\"@context\":\"https:\/\/schema.org\",\"@graph\":[{\"@type\":\"WebPage\",\"@id\":\"https:\/\/ecocranes.hu\/autoemelo-emeloasztal-ajanlatkeres\/\",\"url\":\"https:\/\/ecocranes.hu\/autoemelo-emeloasztal-ajanlatkeres\/\",\"name\":\"Aut\u00f3emel\u0151 emel\u0151asztal aj\u00e1nlatk\u00e9r\u00e9s - Eco-Cranes\",\"isPartOf\":{\"@id\":\"https:\/\/ecocranes.hu\/#website\"},\"primaryImageOfPage\":{\"@id\":\"https:\/\/ecocranes.hu\/autoemelo-emeloasztal-ajanlatkeres\/#primaryimage\"},\"image\":{\"@id\":\"https:\/\/ecocranes.hu\/autoemelo-emeloasztal-ajanlatkeres\/#primaryimage\"},\"thumbnailUrl\":\"https:\/\/ecocranes.hu\/wp-content\/uploads\/2019\/08\/autoemelo_emeloasztal_ajanlati_abra.png\",\"datePublished\":\"2019-08-21T07:17:11+00:00\",\"dateModified\":\"2026-09-04T12:36:42+00:00\",\"description\":\"K\u00e9rjen egyedi \u00e1raj\u00e1nlatot aut\u00f3emel\u0151 emel\u0151asztalhoz. T\u00f6ltse ki az \u0171rlapot, \u00e9s koll\u00e9g\u00e1nk munkaid\u0151ben 24 \u00f3r\u00e1n bel\u00fcl felveszi \u00d6nnel a kapcsolatot.\",\"breadcrumb\":{\"@id\":\"https:\/\/ecocranes.hu\/autoemelo-emeloasztal-ajanlatkeres\/#breadcrumb\"},\"inLanguage\":\"ro-RO\",\"potentialAction\":[{\"@type\":\"ReadAction\",\"target\":[\"https:\/\/ecocranes.hu\/autoemelo-emeloasztal-ajanlatkeres\/\"]}],\"speakable\":{\"@type\":\"SpeakableSpecification\",\"cssSelector\":[\"h1\",\".elementor-widget-text-editor\"]}},{\"@type\":\"ImageObject\",\"inLanguage\":\"ro-RO\",\"@id\":\"https:\/\/ecocranes.hu\/autoemelo-emeloasztal-ajanlatkeres\/#primaryimage\",\"url\":\"https:\/\/ecocranes.hu\/wp-content\/uploads\/2019\/08\/autoemelo_emeloasztal_ajanlati_abra.png\",\"contentUrl\":\"https:\/\/ecocranes.hu\/wp-content\/uploads\/2019\/08\/autoemelo_emeloasztal_ajanlati_abra.png\"},{\"@type\":\"BreadcrumbList\",\"@id\":\"https:\/\/ecocranes.hu\/autoemelo-emeloasztal-ajanlatkeres\/#breadcrumb\",\"itemListElement\":[{\"@type\":\"ListItem\",\"position\":1,\"name\":\"Home\",\"item\":\"https:\/\/ecocranes.hu\/en\/\"},{\"@type\":\"ListItem\",\"position\":2,\"name\":\"Aut\u00f3emel\u0151 emel\u0151asztal aj\u00e1nlatk\u00e9r\u00e9s\"}]},{\"@type\":\"WebSite\",\"@id\":\"https:\/\/ecocranes.hu\/#website\",\"url\":\"https:\/\/ecocranes.hu\/\",\"name\":\"Eco-Cranes\",\"description\":\"Daruk \u00e9s emel\u0151g\u00e9pek\",\"publisher\":{\"@id\":\"https:\/\/ecocranes.hu\/#organization\"},\"potentialAction\":[{\"@type\":\"SearchAction\",\"target\":{\"@type\":\"EntryPoint\",\"urlTemplate\":\"https:\/\/ecocranes.hu\/?s={search_term_string}\"},\"query-input\":{\"@type\":\"PropertyValueSpecification\",\"valueRequired\":true,\"valueName\":\"search_term_string\"}}],\"inLanguage\":\"ro-RO\"},{\"@type\":\"Organization\",\"@id\":\"https:\/\/ecocranes.hu\/#organization\",\"name\":\"Eco-Cranes\",\"url\":\"https:\/\/ecocranes.hu\/\",\"logo\":{\"@type\":\"ImageObject\",\"inLanguage\":\"ro-RO\",\"@id\":\"https:\/\/ecocranes.hu\/#\/schema\/logo\/image\/\",\"url\":\"https:\/\/ecocranes.hu\/wp-content\/uploads\/2025\/09\/eco-cranes-logo.png\",\"contentUrl\":\"https:\/\/ecocranes.hu\/wp-content\/uploads\/2025\/09\/eco-cranes-logo.png\",\"width\":180,\"height\":18,\"caption\":\"Eco-Cranes\"},\"image\":{\"@id\":\"https:\/\/ecocranes.hu\/#\/schema\/logo\/image\/\"},\"sameAs\":[\"https:\/\/www.facebook.com\/ecocranes\"],\"address\":{\"@type\":\"PostalAddress\",\"streetAddress\":\"Ybl Mikl\u00f3s utca 42.\",\"addressLocality\":\"F\u00f3t\",\"postalCode\":\"2151\",\"addressCountry\":\"HU\"},\"geo\":{\"@type\":\"GeoCoordinates\",\"latitude\":47.61583300000000207319317269138991832733154296875,\"longitude\":19.181837000000001580701791681349277496337890625},\"openingHoursSpecification\":[{\"@type\":\"OpeningHoursSpecification\",\"dayOfWeek\":[\"Monday\",\"Tuesday\",\"Wednesday\",\"Thursday\",\"Friday\"],\"opens\":\"08:00\",\"closes\":\"17:00\"}],\"description\":\"Daruk, h\u00edddaruk, forg\u00f3daruk \u00e9s hidraulikus emel\u0151asztalok tervez\u00e9se, gy\u00e1rt\u00e1sa, telep\u00edt\u00e9se, szervize \u00e9s id\u0151szakos vizsg\u00e1lata.\",\"email\":\"info@ecocranes.hu\",\"telephone\":\"+36 27 360823\",\"legalName\":\"ECO-CRANES HUNGARY Daruk \u00e9s Emel\u0151g\u00e9pek Korl\u00e1tolt Felel\u0151ss\u00e9g\u0171 T\u00e1rsas\u00e1g\",\"vatID\":\"11912606-2-13\"}]}<\/script>\n<!-- \/ Yoast SEO Premium plugin. -->","yoast_head_json":{"title":"Aut\u00f3emel\u0151 emel\u0151asztal aj\u00e1nlatk\u00e9r\u00e9s - Eco-Cranes","description":"K\u00e9rjen egyedi \u00e1raj\u00e1nlatot aut\u00f3emel\u0151 emel\u0151asztalhoz. T\u00f6ltse ki az \u0171rlapot, \u00e9s koll\u00e9g\u00e1nk munkaid\u0151ben 24 \u00f3r\u00e1n bel\u00fcl felveszi \u00d6nnel a kapcsolatot.","robots":{"index":"index","follow":"follow","max-snippet":"max-snippet:-1","max-image-preview":"max-image-preview:large","max-video-preview":"max-video-preview:-1"},"canonical":"https:\/\/ecocranes.hu\/ro\/autoemelo-emeloasztal-ajanlatkeres\/","og_locale":"ro_RO","og_type":"article","og_title":"Aut\u00f3emel\u0151 emel\u0151asztal aj\u00e1nlatk\u00e9r\u00e9s","og_description":"K\u00e9rjen egyedi \u00e1raj\u00e1nlatot aut\u00f3emel\u0151 emel\u0151asztalhoz. T\u00f6ltse ki az \u0171rlapot, \u00e9s koll\u00e9g\u00e1nk munkaid\u0151ben 24 \u00f3r\u00e1n bel\u00fcl felveszi \u00d6nnel a kapcsolatot.","og_url":"https:\/\/ecocranes.hu\/ro\/autoemelo-emeloasztal-ajanlatkeres\/","og_site_name":"Eco-Cranes","article_publisher":"https:\/\/www.facebook.com\/ecocranes","article_modified_time":"2026-09-04T12:36:42+00:00","og_image":[{"width":1200,"height":630,"url":"https:\/\/ecocranes.hu\/wp-content\/uploads\/2026\/09\/og_ecocranes.jpg","type":"image\/jpeg"}],"twitter_card":"summary_large_image","schema":{"@context":"https:\/\/schema.org","@graph":[{"@type":"WebPage","@id":"https:\/\/ecocranes.hu\/autoemelo-emeloasztal-ajanlatkeres\/","url":"https:\/\/ecocranes.hu\/autoemelo-emeloasztal-ajanlatkeres\/","name":"Aut\u00f3emel\u0151 emel\u0151asztal aj\u00e1nlatk\u00e9r\u00e9s - Eco-Cranes","isPartOf":{"@id":"https:\/\/ecocranes.hu\/#website"},"primaryImageOfPage":{"@id":"https:\/\/ecocranes.hu\/autoemelo-emeloasztal-ajanlatkeres\/#primaryimage"},"image":{"@id":"https:\/\/ecocranes.hu\/autoemelo-emeloasztal-ajanlatkeres\/#primaryimage"},"thumbnailUrl":"https:\/\/ecocranes.hu\/wp-content\/uploads\/2019\/08\/autoemelo_emeloasztal_ajanlati_abra.png","datePublished":"2019-08-21T07:17:11+00:00","dateModified":"2026-09-04T12:36:42+00:00","description":"K\u00e9rjen egyedi \u00e1raj\u00e1nlatot aut\u00f3emel\u0151 emel\u0151asztalhoz. T\u00f6ltse ki az \u0171rlapot, \u00e9s koll\u00e9g\u00e1nk munkaid\u0151ben 24 \u00f3r\u00e1n bel\u00fcl felveszi \u00d6nnel a kapcsolatot.","breadcrumb":{"@id":"https:\/\/ecocranes.hu\/autoemelo-emeloasztal-ajanlatkeres\/#breadcrumb"},"inLanguage":"ro-RO","potentialAction":[{"@type":"ReadAction","target":["https:\/\/ecocranes.hu\/autoemelo-emeloasztal-ajanlatkeres\/"]}],"speakable":{"@type":"SpeakableSpecification","cssSelector":["h1",".elementor-widget-text-editor"]}},{"@type":"ImageObject","inLanguage":"ro-RO","@id":"https:\/\/ecocranes.hu\/autoemelo-emeloasztal-ajanlatkeres\/#primaryimage","url":"https:\/\/ecocranes.hu\/wp-content\/uploads\/2019\/08\/autoemelo_emeloasztal_ajanlati_abra.png","contentUrl":"https:\/\/ecocranes.hu\/wp-content\/uploads\/2019\/08\/autoemelo_emeloasztal_ajanlati_abra.png"},{"@type":"BreadcrumbList","@id":"https:\/\/ecocranes.hu\/autoemelo-emeloasztal-ajanlatkeres\/#breadcrumb","itemListElement":[{"@type":"ListItem","position":1,"name":"Home","item":"https:\/\/ecocranes.hu\/en\/"},{"@type":"ListItem","position":2,"name":"Aut\u00f3emel\u0151 emel\u0151asztal aj\u00e1nlatk\u00e9r\u00e9s"}]},{"@type":"WebSite","@id":"https:\/\/ecocranes.hu\/#website","url":"https:\/\/ecocranes.hu\/","name":"Eco-Cranes","description":"Macarale \u0219i utilaje de ridicare","publisher":{"@id":"https:\/\/ecocranes.hu\/#organization"},"potentialAction":[{"@type":"SearchAction","target":{"@type":"EntryPoint","urlTemplate":"https:\/\/ecocranes.hu\/?s={search_term_string}"},"query-input":{"@type":"PropertyValueSpecification","valueRequired":true,"valueName":"search_term_string"}}],"inLanguage":"ro-RO"},{"@type":"Organization","@id":"https:\/\/ecocranes.hu\/#organization","name":"Eco-Cranes","url":"https:\/\/ecocranes.hu\/","logo":{"@type":"ImageObject","inLanguage":"ro-RO","@id":"https:\/\/ecocranes.hu\/#\/schema\/logo\/image\/","url":"https:\/\/ecocranes.hu\/wp-content\/uploads\/2025\/09\/eco-cranes-logo.png","contentUrl":"https:\/\/ecocranes.hu\/wp-content\/uploads\/2025\/09\/eco-cranes-logo.png","width":180,"height":18,"caption":"Eco-Cranes"},"image":{"@id":"https:\/\/ecocranes.hu\/#\/schema\/logo\/image\/"},"sameAs":["https:\/\/www.facebook.com\/ecocranes"],"address":{"@type":"PostalAddress","streetAddress":"Ybl Mikl\u00f3s utca 42.","addressLocality":"F\u00f3t","postalCode":"2151","addressCountry":"HU"},"geo":{"@type":"GeoCoordinates","latitude":47.61583300000000207319317269138991832733154296875,"longitude":19.181837000000001580701791681349277496337890625},"openingHoursSpecification":[{"@type":"OpeningHoursSpecification","dayOfWeek":["Monday","Tuesday","Wednesday","Thursday","Friday"],"opens":"08:00","closes":"17:00"}],"description":"Daruk, h\u00edddaruk, forg\u00f3daruk \u00e9s hidraulikus emel\u0151asztalok tervez\u00e9se, gy\u00e1rt\u00e1sa, telep\u00edt\u00e9se, szervize \u00e9s id\u0151szakos vizsg\u00e1lata.","email":"info@ecocranes.hu","telephone":"+36 27 360823","legalName":"ECO-CRANES HUNGARY Daruk \u00e9s Emel\u0151g\u00e9pek Korl\u00e1tolt Felel\u0151ss\u00e9g\u0171 T\u00e1rsas\u00e1g","vatID":"11912606-2-13"}]}},"_links":{"self":[{"href":"https:\/\/ecocranes.hu\/ro\/wp-json\/wp\/v2\/pages\/7317","targetHints":{"allow":["GET"]}}],"collection":[{"href":"https:\/\/ecocranes.hu\/ro\/wp-json\/wp\/v2\/pages"}],"about":[{"href":"https:\/\/ecocranes.hu\/ro\/wp-json\/wp\/v2\/types\/page"}],"author":[{"embeddable":true,"href":"https:\/\/ecocranes.hu\/ro\/wp-json\/wp\/v2\/users\/1"}],"replies":[{"embeddable":true,"href":"https:\/\/ecocranes.hu\/ro\/wp-json\/wp\/v2\/comments?post=7317"}],"version-history":[{"count":1,"href":"https:\/\/ecocranes.hu\/ro\/wp-json\/wp\/v2\/pages\/7317\/revisions"}],"predecessor-version":[{"id":11919,"href":"https:\/\/ecocranes.hu\/ro\/wp-json\/wp\/v2\/pages\/7317\/revisions\/11919"}],"wp:attachment":[{"href":"https:\/\/ecocranes.hu\/ro\/wp-json\/wp\/v2\/media?parent=7317"}],"curies":[{"name":"wp","href":"https:\/\/api.w.org\/{rel}","templated":true}]}}