{"id":7293,"date":"2019-06-17T13:14:33","date_gmt":"2019-06-17T11:14:33","guid":{"rendered":"https:\/\/ecocranes.hu\/eco4-oszlopos-forgodaru-ajanlatkeres\/"},"modified":"2026-09-04T14:36:49","modified_gmt":"2026-09-04T12:36:49","slug":"eco4-oszlopos-forgodaru-ajanlatkeres","status":"publish","type":"page","link":"https:\/\/ecocranes.hu\/ro\/eco4-oszlopos-forgodaru-ajanlatkeres\/","title":{"rendered":"Cerere de ofert\u0103 pentru macaraua rotativ\u0103 cu coloan\u0103 ECO4"},"content":{"rendered":"<div class=\"wp-block-image\"><figure class=\"aligncenter\"><img decoding=\"async\" src=\"https:\/\/ecocranes.hu\/wp-content\/uploads\/2019\/06\/eco4_ajanlati_abra.jpg\" alt=\"Oszlopos forg\u00f3daru v\u00e1zlatrajza 270 fokos elfordul\u00e1ssal \u00e9s kiny\u00fal\u00e1s-jel\u00f6l\u00e9ssel\" class=\"wp-image-4325\"\/><\/figure><\/div>\n\n\n\n<div class=\"wpcf7 no-js\" id=\"wpcf7-f7337-o1\" lang=\"en-US\" dir=\"ltr\" data-wpcf7-id=\"7337\">\n<div class=\"screen-reader-response\"><p role=\"status\" aria-live=\"polite\" aria-atomic=\"true\"><\/p> <ul><\/ul><\/div>\n<form action=\"\/ro\/wp-json\/wp\/v2\/pages\/7293#wpcf7-f7337-o1\" method=\"post\" class=\"wpcf7-form init\" aria-label=\"Contact form\" novalidate=\"novalidate\" data-status=\"init\" data-trp-original-action=\"\/ro\/wp-json\/wp\/v2\/pages\/7293#wpcf7-f7337-o1\">\n<fieldset class=\"hidden-fields-container\"><input type=\"hidden\" name=\"_wpcf7\" value=\"7337\" \/><input type=\"hidden\" name=\"_wpcf7_version\" value=\"6.1.4\" \/><input type=\"hidden\" name=\"_wpcf7_locale\" value=\"en_US\" \/><input type=\"hidden\" name=\"_wpcf7_unit_tag\" value=\"wpcf7-f7337-o1\" \/><input type=\"hidden\" name=\"_wpcf7_container_post\" value=\"0\" \/><input type=\"hidden\" name=\"_wpcf7_posted_data_hash\" value=\"\" \/><input type=\"hidden\" name=\"_wpcf7_recaptcha_response\" value=\"\" \/>\n<\/fieldset>\n<div class=\"dn-flex-wrapper\">\n\t<div>\n\t\t<p><label><span class=\"label-text h6-style\">Denumirea societ\u0103\u021bii <span class=\"reqired_icon\">*<\/span><\/span><br \/>\n<span class=\"wpcf7-form-control-wrap\" data-name=\"company-name\"><input size=\"40\" maxlength=\"400\" class=\"wpcf7-form-control wpcf7-text wpcf7-validates-as-required\" aria-required=\"true\" aria-invalid=\"false\" value=\"\" type=\"text\" name=\"company-name\" \/><\/span><\/label>\n\t\t<\/p>\n\t<\/div>\n\t<div>\n\t\t<p><label><span class=\"label-text h6-style\">Numele persoanei de contact <span class=\"reqired_icon\">*<\/span><\/span><br \/>\n<span class=\"wpcf7-form-control-wrap\" data-name=\"your-name\"><input size=\"40\" maxlength=\"400\" class=\"wpcf7-form-control wpcf7-text wpcf7-validates-as-required\" aria-required=\"true\" aria-invalid=\"false\" value=\"\" type=\"text\" name=\"your-name\" \/><\/span><\/label>\n\t\t<\/p>\n\t<\/div>\n\t<div>\n\t\t<p><label><span class=\"label-text h6-style\">Num\u0103r de telefon<\/span><br \/>\n<span class=\"wpcf7-form-control-wrap\" data-name=\"phone\"><input size=\"40\" maxlength=\"400\" class=\"wpcf7-form-control wpcf7-tel wpcf7-text wpcf7-validates-as-tel\" aria-invalid=\"false\" value=\"\" type=\"tel\" name=\"phone\" \/><\/span><\/label>\n\t\t<\/p>\n\t<\/div>\n\t<div>\n\t\t<p><label><span class=\"label-text h6-style\">Mobil<\/span><br \/>\n<span class=\"wpcf7-form-control-wrap\" data-name=\"mobile\"><input size=\"40\" maxlength=\"400\" class=\"wpcf7-form-control wpcf7-tel wpcf7-text wpcf7-validates-as-tel\" aria-invalid=\"false\" value=\"\" type=\"tel\" name=\"mobile\" \/><\/span><\/label>\n\t\t<\/p>\n\t<\/div>\n\t<div>\n\t\t<p><label><span class=\"label-text h6-style\">Adres\u0103 de e-mail <span class=\"reqired_icon\">*<\/span><\/span><br \/>\n<span class=\"wpcf7-form-control-wrap\" data-name=\"your-email\"><input size=\"40\" maxlength=\"400\" class=\"wpcf7-form-control wpcf7-email wpcf7-validates-as-required wpcf7-text wpcf7-validates-as-email\" aria-required=\"true\" aria-invalid=\"false\" value=\"\" type=\"email\" name=\"your-email\" \/><\/span><\/label>\n\t\t<\/p>\n\t<\/div>\n\t<div style=\"align-self: center;\">\n\t\t<p>Not\u0103: V\u0103 rug\u0103m s\u0103 ne furniza\u021bi datele de contact corecte, deoarece, \u00een caz contrar, nu vom putea s\u0103 v\u0103 trimitem o ofert\u0103!\n\t\t<\/p>\n\t<\/div>\n\t<div>\n\t\t<p><label><span class=\"label-text h6-style\">Tipul sta\u021biei de pompare<\/span><\/label><br \/>\n<span class=\"wpcf7-form-control-wrap\" data-name=\"Emelomu_tipusa\"><span class=\"wpcf7-form-control wpcf7-radio\"><span class=\"wpcf7-list-item first\"><input type=\"radio\" name=\"Emelomu_tipusa\" value=\"Elektromos\" checked=\"checked\" \/><span class=\"wpcf7-list-item-label\">Electric<\/span><\/span><span class=\"wpcf7-list-item last\"><input type=\"radio\" name=\"Emelomu_tipusa\" value=\"K\u00e9zil\u00e1ncos\" \/><span class=\"wpcf7-list-item-label\">Cu lan\u021b de m\u00e2n\u0103<\/span><\/span><\/span><\/span>\n\t\t<\/p>\n\t<\/div>\n\t<div>\n\t\t<p><label><span class=\"label-text h6-style\">Mecanism de transmisie<\/span><\/label><br \/>\n<span class=\"wpcf7-form-control-wrap\" data-name=\"haladomu\"><span class=\"wpcf7-form-control wpcf7-radio\"><span class=\"wpcf7-list-item first\"><input type=\"radio\" name=\"haladomu\" value=\"Elektromos\" checked=\"checked\" \/><span class=\"wpcf7-list-item-label\">Electric<\/span><\/span><span class=\"wpcf7-list-item\"><input type=\"radio\" name=\"haladomu\" value=\"K\u00e9zil\u00e1ncos\" \/><span class=\"wpcf7-list-item-label\">Cu lan\u021b de m\u00e2n\u0103<\/span><\/span><span class=\"wpcf7-list-item last\"><input type=\"radio\" name=\"haladomu\" value=\"Szabadonfut\u00f3\" \/><span class=\"wpcf7-list-item-label\">Alegere liber\u0103<\/span><\/span><\/span><\/span>\n\t\t<\/p>\n\t<\/div>\n\t<div>\n\t\t<p><label><span class=\"label-text h6-style\">\u00cen\u0103l\u021bimea interioar\u0103 a spa\u021biului de lucru<\/span><\/label><br \/>\n<span class=\"wpcf7-form-control-wrap\" data-name=\"belmagassag\"><input size=\"40\" maxlength=\"400\" class=\"wpcf7-form-control wpcf7-text\" aria-invalid=\"false\" value=\"\" type=\"text\" name=\"belmagassag\" \/><\/span><span class=\"small\">V\u0103 rug\u0103m s\u0103 indica\u021bi dimensiunea \u00een mm!<\/span>\n\t\t<\/p>\n\t<\/div>\n\t<div>\n\t\t<p><label><span class=\"label-text h6-style\">Parametri individuali \"\u00cen\u0103l\u021bimea de ridicare H \u2013 Lungimea bra\u021bului\"<\/span><br \/>\n<span class=\"wpcf7-form-control-wrap\" data-name=\"h-magassag\"><input size=\"40\" maxlength=\"400\" class=\"wpcf7-form-control wpcf7-text\" aria-invalid=\"false\" value=\"\" type=\"text\" name=\"h-magassag\" \/><\/span><\/label><span class=\"small\">V\u0103 rug\u0103m s\u0103 indica\u021bi dimensiunea \u00een mm!<\/span>\n\t\t<\/p>\n\t<\/div>\n\t<div>\n\t\t<p><label><span class=\"label-text h6-style\">Parametri individuali \"L \u2013 avansul bra\u021bului\"<\/span><br \/>\n<span class=\"wpcf7-form-control-wrap\" data-name=\"gemkinyulas\"><input size=\"40\" maxlength=\"400\" class=\"wpcf7-form-control wpcf7-text\" aria-invalid=\"false\" value=\"\" type=\"text\" name=\"gemkinyulas\" \/><\/span><\/label><span class=\"small\">V\u0103 rug\u0103m s\u0103 indica\u021bi dimensiunea \u00een mm!<\/span>\n\t\t<\/p>\n\t<\/div>\n\t<div>\n\t\t<p><label><span class=\"label-text h6-style\">Parametri individuali \"Capacitate de \u00eenc\u0103rcare\"<\/span><br \/>\n<span class=\"wpcf7-form-control-wrap\" data-name=\"teherbiras\"><input size=\"40\" maxlength=\"400\" class=\"wpcf7-form-control wpcf7-text\" aria-invalid=\"false\" value=\"\" type=\"text\" name=\"teherbiras\" \/><\/span><\/label><span class=\"small\">V\u0103 rug\u0103m s\u0103 indica\u021bi capacitatea de \u00eenc\u0103rcare \u00een kg!<\/span>\n\t\t<\/p>\n\t<\/div>\n\t<div>\n\t\t<p><label><span class=\"label-text h6-style\">Condi\u021bii speciale de func\u021bionare<\/span><\/label><br \/>\n<span class=\"wpcf7-form-control-wrap\" data-name=\"korulmenyek\"><span class=\"wpcf7-form-control wpcf7-checkbox\"><span class=\"wpcf7-list-item first\"><input type=\"checkbox\" name=\"korulmenyek[]\" value=\"K\u00fclt\u00e9ri\" \/><span class=\"wpcf7-list-item-label\">\u00cen aer liber<\/span><\/span><span class=\"wpcf7-list-item\"><input type=\"checkbox\" name=\"korulmenyek[]\" value=\"\u00c9lelmiszer ipari\" \/><span class=\"wpcf7-list-item-label\">Industria alimentar\u0103<\/span><\/span><span class=\"wpcf7-list-item\"><input type=\"checkbox\" name=\"korulmenyek[]\" value=\"Robban\u00e1svesz\u00e9lyes\" \/><span class=\"wpcf7-list-item-label\">Pericol de explozie<\/span><\/span><span class=\"wpcf7-list-item last\"><input type=\"checkbox\" name=\"korulmenyek[]\" value=\"Egy\u00e9b speci\u00e1lis hely\" \/><span class=\"wpcf7-list-item-label\">Un alt loc special<\/span><\/span><\/span><\/span>\n\t\t<\/p>\n\t<\/div>\n\t<div>\n\t\t<p><label><span class=\"label-text h6-style\">Solicitarea unei culori, dac\u0103 exist\u0103 o astfel de cerin\u021b\u0103<\/span><br \/>\n<span class=\"wpcf7-form-control-wrap\" data-name=\"szin\"><input size=\"40\" maxlength=\"400\" class=\"wpcf7-form-control wpcf7-text\" aria-invalid=\"false\" value=\"\" type=\"text\" name=\"szin\" \/><\/span><\/label>\n\t\t<\/p>\n\t<\/div>\n\t<div>\n\t\t<p><label><span class=\"label-text h6-style\">Alte solicit\u0103ri sau observa\u021bii<\/span><br \/>\n<span class=\"wpcf7-form-control-wrap\" data-name=\"megjegyzes\"><textarea cols=\"40\" rows=\"10\" maxlength=\"2000\" class=\"wpcf7-form-control wpcf7-textarea\" aria-invalid=\"false\" name=\"megjegyzes\"><\/textarea><\/span><\/label>\n\t\t<\/p>\n\t<\/div>\n\t<div class=\"dn-chk\">\n\t\t<p><span class=\"wpcf7-form-control-wrap\" data-name=\"adatkezeles\"><span class=\"wpcf7-form-control wpcf7-acceptance\"><span class=\"wpcf7-list-item\"><input type=\"checkbox\" name=\"adatkezeles\" value=\"1\" aria-invalid=\"false\" \/><\/span><\/span><\/span><span class=\"reqired_icon\">*<\/span>Prin bifarea casetei de selectare \u2013 \u00een temeiul articolului 6 alineatul (1) litera (a) din Regulamentul general privind protec\u021bia datelor (GDPR), precum \u0219i \u00een temeiul dispozi\u021biilor articolului 7 \u2013 \u00eemi dau consim\u021b\u0103m\u00e2ntul ca operatorul de date s\u0103 prelucreze datele mele cu caracter personal furnizate \u00een prezent, \u00een conformitate cu GDPR, precum \u0219i cu <a href=\"\/ro\/adatkezelesi-tajekoztato\/\" target=\"_blank\">\u00een propria sa not\u0103 de informare privind prelucrarea datelor<\/a> s\u0103 le prelucreze \u00een conformitate cu condi\u021biile prev\u0103zute. Iau la cuno\u0219tin\u021b\u0103 c\u0103, \u00een conformitate cu articolul 7 alineatul (3) din RGPD, \u00eemi pot retrage consim\u021b\u0103m\u00e2ntul \u00een orice moment, chiar \u0219i printr-un singur clic.\n\t\t<\/p>\n\t<\/div>\n<\/div>\n<p><a class=\"btn btn__text\" onclick=\"window.history.back();\">\u00cenapoi<\/a><span class=\"eco-hp\" aria-hidden=\"true\"><span class=\"wpcf7-form-control-wrap\" data-name=\"hpot-check\"><input size=\"40\" maxlength=\"400\" class=\"wpcf7-form-control wpcf7-text\" aria-invalid=\"false\" value=\"\" type=\"text\" name=\"hpot-check\" \/><\/span><\/span>\n<input class=\"wpcf7-form-control wpcf7-hidden\" value=\"\" type=\"hidden\" name=\"utm_source\" \/>\n<input class=\"wpcf7-form-control wpcf7-hidden\" value=\"\" type=\"hidden\" name=\"utm_medium\" \/>\n<input class=\"wpcf7-form-control wpcf7-hidden\" value=\"\" type=\"hidden\" name=\"utm_campaign\" \/>\n<input class=\"wpcf7-form-control wpcf7-hidden\" value=\"\" type=\"hidden\" name=\"gclid\" \/><input class=\"wpcf7-form-control wpcf7-submit has-spinner dn-nomargin\" type=\"submit\" value=\"Trimite\" \/>\n<\/p><div class=\"wpcf7-response-output\" aria-hidden=\"true\"><\/div>\n<input type=\"hidden\" name=\"trp-form-language\" value=\"ro\"\/><\/form>\n<\/div>","protected":false},"excerpt":{"rendered":"","protected":false},"author":1,"featured_media":0,"parent":0,"menu_order":0,"comment_status":"closed","ping_status":"open","template":"","meta":{"_acf_changed":false,"footnotes":""},"class_list":["post-7293","page","type-page","status-publish","hentry","no-thumb"],"acf":[],"yoast_head":"<!-- This site is optimized with the Yoast SEO Premium plugin v26.2 (Yoast SEO v26.6) - https:\/\/yoast.com\/wordpress\/plugins\/seo\/ -->\n<title>ECO4 oszlopos forg\u00f3daru aj\u00e1nlatk\u00e9r\u00e9s - Eco-Cranes<\/title>\n<meta name=\"description\" content=\"K\u00e9rjen egyedi \u00e1raj\u00e1nlatot ECO4 oszlopos forg\u00f3daruhoz. T\u00f6ltse ki az \u0171rlapot, \u00e9s koll\u00e9g\u00e1nk munkaid\u0151ben 24 \u00f3r\u00e1n bel\u00fcl felveszi \u00d6nnel a kapcsolatot.\" \/>\n<meta name=\"robots\" content=\"index, follow, max-snippet:-1, max-image-preview:large, max-video-preview:-1\" \/>\n<link rel=\"canonical\" href=\"https:\/\/ecocranes.hu\/ro\/eco4-oszlopos-forgodaru-ajanlatkeres\/\" \/>\n<meta property=\"og:locale\" content=\"ro_RO\" \/>\n<meta property=\"og:type\" content=\"article\" \/>\n<meta property=\"og:title\" content=\"ECO4 oszlopos forg\u00f3daru aj\u00e1nlatk\u00e9r\u00e9s\" \/>\n<meta property=\"og:description\" content=\"K\u00e9rjen egyedi \u00e1raj\u00e1nlatot ECO4 oszlopos forg\u00f3daruhoz. T\u00f6ltse ki az \u0171rlapot, \u00e9s koll\u00e9g\u00e1nk munkaid\u0151ben 24 \u00f3r\u00e1n bel\u00fcl felveszi \u00d6nnel a kapcsolatot.\" \/>\n<meta property=\"og:url\" content=\"https:\/\/ecocranes.hu\/ro\/eco4-oszlopos-forgodaru-ajanlatkeres\/\" \/>\n<meta property=\"og:site_name\" content=\"Eco-Cranes\" \/>\n<meta property=\"article:publisher\" content=\"https:\/\/www.facebook.com\/ecocranes\" \/>\n<meta property=\"article:modified_time\" content=\"2026-09-04T12:36:49+00:00\" \/>\n<meta property=\"og:image\" content=\"https:\/\/ecocranes.hu\/wp-content\/uploads\/2026\/09\/og_ecocranes.jpg\" \/>\n\t<meta property=\"og:image:width\" content=\"1200\" \/>\n\t<meta property=\"og:image:height\" content=\"630\" \/>\n\t<meta property=\"og:image:type\" content=\"image\/jpeg\" \/>\n<meta name=\"twitter:card\" content=\"summary_large_image\" \/>\n<script type=\"application\/ld+json\" class=\"yoast-schema-graph\">{\"@context\":\"https:\/\/schema.org\",\"@graph\":[{\"@type\":\"WebPage\",\"@id\":\"https:\/\/ecocranes.hu\/eco4-oszlopos-forgodaru-ajanlatkeres\/\",\"url\":\"https:\/\/ecocranes.hu\/eco4-oszlopos-forgodaru-ajanlatkeres\/\",\"name\":\"ECO4 oszlopos forg\u00f3daru aj\u00e1nlatk\u00e9r\u00e9s - Eco-Cranes\",\"isPartOf\":{\"@id\":\"https:\/\/ecocranes.hu\/#website\"},\"primaryImageOfPage\":{\"@id\":\"https:\/\/ecocranes.hu\/eco4-oszlopos-forgodaru-ajanlatkeres\/#primaryimage\"},\"image\":{\"@id\":\"https:\/\/ecocranes.hu\/eco4-oszlopos-forgodaru-ajanlatkeres\/#primaryimage\"},\"thumbnailUrl\":\"https:\/\/ecocranes.hu\/wp-content\/uploads\/2019\/06\/eco4_ajanlati_abra.jpg\",\"datePublished\":\"2019-06-17T11:14:33+00:00\",\"dateModified\":\"2026-09-04T12:36:49+00:00\",\"description\":\"K\u00e9rjen egyedi \u00e1raj\u00e1nlatot ECO4 oszlopos forg\u00f3daruhoz. T\u00f6ltse ki az \u0171rlapot, \u00e9s koll\u00e9g\u00e1nk munkaid\u0151ben 24 \u00f3r\u00e1n bel\u00fcl felveszi \u00d6nnel a kapcsolatot.\",\"breadcrumb\":{\"@id\":\"https:\/\/ecocranes.hu\/eco4-oszlopos-forgodaru-ajanlatkeres\/#breadcrumb\"},\"inLanguage\":\"ro-RO\",\"potentialAction\":[{\"@type\":\"ReadAction\",\"target\":[\"https:\/\/ecocranes.hu\/eco4-oszlopos-forgodaru-ajanlatkeres\/\"]}],\"speakable\":{\"@type\":\"SpeakableSpecification\",\"cssSelector\":[\"h1\",\".elementor-widget-text-editor\"]}},{\"@type\":\"ImageObject\",\"inLanguage\":\"ro-RO\",\"@id\":\"https:\/\/ecocranes.hu\/eco4-oszlopos-forgodaru-ajanlatkeres\/#primaryimage\",\"url\":\"https:\/\/ecocranes.hu\/wp-content\/uploads\/2019\/06\/eco4_ajanlati_abra.jpg\",\"contentUrl\":\"https:\/\/ecocranes.hu\/wp-content\/uploads\/2019\/06\/eco4_ajanlati_abra.jpg\"},{\"@type\":\"BreadcrumbList\",\"@id\":\"https:\/\/ecocranes.hu\/eco4-oszlopos-forgodaru-ajanlatkeres\/#breadcrumb\",\"itemListElement\":[{\"@type\":\"ListItem\",\"position\":1,\"name\":\"Home\",\"item\":\"https:\/\/ecocranes.hu\/en\/\"},{\"@type\":\"ListItem\",\"position\":2,\"name\":\"ECO4 oszlopos forg\u00f3daru aj\u00e1nlatk\u00e9r\u00e9s\"}]},{\"@type\":\"WebSite\",\"@id\":\"https:\/\/ecocranes.hu\/#website\",\"url\":\"https:\/\/ecocranes.hu\/\",\"name\":\"Eco-Cranes\",\"description\":\"Daruk \u00e9s emel\u0151g\u00e9pek\",\"publisher\":{\"@id\":\"https:\/\/ecocranes.hu\/#organization\"},\"potentialAction\":[{\"@type\":\"SearchAction\",\"target\":{\"@type\":\"EntryPoint\",\"urlTemplate\":\"https:\/\/ecocranes.hu\/?s={search_term_string}\"},\"query-input\":{\"@type\":\"PropertyValueSpecification\",\"valueRequired\":true,\"valueName\":\"search_term_string\"}}],\"inLanguage\":\"ro-RO\"},{\"@type\":\"Organization\",\"@id\":\"https:\/\/ecocranes.hu\/#organization\",\"name\":\"Eco-Cranes\",\"url\":\"https:\/\/ecocranes.hu\/\",\"logo\":{\"@type\":\"ImageObject\",\"inLanguage\":\"ro-RO\",\"@id\":\"https:\/\/ecocranes.hu\/#\/schema\/logo\/image\/\",\"url\":\"https:\/\/ecocranes.hu\/wp-content\/uploads\/2025\/09\/eco-cranes-logo.png\",\"contentUrl\":\"https:\/\/ecocranes.hu\/wp-content\/uploads\/2025\/09\/eco-cranes-logo.png\",\"width\":180,\"height\":18,\"caption\":\"Eco-Cranes\"},\"image\":{\"@id\":\"https:\/\/ecocranes.hu\/#\/schema\/logo\/image\/\"},\"sameAs\":[\"https:\/\/www.facebook.com\/ecocranes\"],\"address\":{\"@type\":\"PostalAddress\",\"streetAddress\":\"Ybl Mikl\u00f3s utca 42.\",\"addressLocality\":\"F\u00f3t\",\"postalCode\":\"2151\",\"addressCountry\":\"HU\"},\"geo\":{\"@type\":\"GeoCoordinates\",\"latitude\":47.61583300000000207319317269138991832733154296875,\"longitude\":19.181837000000001580701791681349277496337890625},\"openingHoursSpecification\":[{\"@type\":\"OpeningHoursSpecification\",\"dayOfWeek\":[\"Monday\",\"Tuesday\",\"Wednesday\",\"Thursday\",\"Friday\"],\"opens\":\"08:00\",\"closes\":\"17:00\"}],\"description\":\"Daruk, h\u00edddaruk, forg\u00f3daruk \u00e9s hidraulikus emel\u0151asztalok tervez\u00e9se, gy\u00e1rt\u00e1sa, telep\u00edt\u00e9se, szervize \u00e9s id\u0151szakos vizsg\u00e1lata.\",\"email\":\"info@ecocranes.hu\",\"telephone\":\"+36 27 360823\",\"legalName\":\"ECO-CRANES HUNGARY Daruk \u00e9s Emel\u0151g\u00e9pek Korl\u00e1tolt Felel\u0151ss\u00e9g\u0171 T\u00e1rsas\u00e1g\",\"vatID\":\"11912606-2-13\"}]}<\/script>\n<!-- \/ Yoast SEO Premium plugin. -->","yoast_head_json":{"title":"ECO4 oszlopos forg\u00f3daru aj\u00e1nlatk\u00e9r\u00e9s - Eco-Cranes","description":"K\u00e9rjen egyedi \u00e1raj\u00e1nlatot ECO4 oszlopos forg\u00f3daruhoz. T\u00f6ltse ki az \u0171rlapot, \u00e9s koll\u00e9g\u00e1nk munkaid\u0151ben 24 \u00f3r\u00e1n bel\u00fcl felveszi \u00d6nnel a kapcsolatot.","robots":{"index":"index","follow":"follow","max-snippet":"max-snippet:-1","max-image-preview":"max-image-preview:large","max-video-preview":"max-video-preview:-1"},"canonical":"https:\/\/ecocranes.hu\/ro\/eco4-oszlopos-forgodaru-ajanlatkeres\/","og_locale":"ro_RO","og_type":"article","og_title":"ECO4 oszlopos forg\u00f3daru aj\u00e1nlatk\u00e9r\u00e9s","og_description":"K\u00e9rjen egyedi \u00e1raj\u00e1nlatot ECO4 oszlopos forg\u00f3daruhoz. T\u00f6ltse ki az \u0171rlapot, \u00e9s koll\u00e9g\u00e1nk munkaid\u0151ben 24 \u00f3r\u00e1n bel\u00fcl felveszi \u00d6nnel a kapcsolatot.","og_url":"https:\/\/ecocranes.hu\/ro\/eco4-oszlopos-forgodaru-ajanlatkeres\/","og_site_name":"Eco-Cranes","article_publisher":"https:\/\/www.facebook.com\/ecocranes","article_modified_time":"2026-09-04T12:36:49+00:00","og_image":[{"width":1200,"height":630,"url":"https:\/\/ecocranes.hu\/wp-content\/uploads\/2026\/09\/og_ecocranes.jpg","type":"image\/jpeg"}],"twitter_card":"summary_large_image","schema":{"@context":"https:\/\/schema.org","@graph":[{"@type":"WebPage","@id":"https:\/\/ecocranes.hu\/eco4-oszlopos-forgodaru-ajanlatkeres\/","url":"https:\/\/ecocranes.hu\/eco4-oszlopos-forgodaru-ajanlatkeres\/","name":"ECO4 oszlopos forg\u00f3daru aj\u00e1nlatk\u00e9r\u00e9s - Eco-Cranes","isPartOf":{"@id":"https:\/\/ecocranes.hu\/#website"},"primaryImageOfPage":{"@id":"https:\/\/ecocranes.hu\/eco4-oszlopos-forgodaru-ajanlatkeres\/#primaryimage"},"image":{"@id":"https:\/\/ecocranes.hu\/eco4-oszlopos-forgodaru-ajanlatkeres\/#primaryimage"},"thumbnailUrl":"https:\/\/ecocranes.hu\/wp-content\/uploads\/2019\/06\/eco4_ajanlati_abra.jpg","datePublished":"2019-06-17T11:14:33+00:00","dateModified":"2026-09-04T12:36:49+00:00","description":"K\u00e9rjen egyedi \u00e1raj\u00e1nlatot ECO4 oszlopos forg\u00f3daruhoz. T\u00f6ltse ki az \u0171rlapot, \u00e9s koll\u00e9g\u00e1nk munkaid\u0151ben 24 \u00f3r\u00e1n bel\u00fcl felveszi \u00d6nnel a kapcsolatot.","breadcrumb":{"@id":"https:\/\/ecocranes.hu\/eco4-oszlopos-forgodaru-ajanlatkeres\/#breadcrumb"},"inLanguage":"ro-RO","potentialAction":[{"@type":"ReadAction","target":["https:\/\/ecocranes.hu\/eco4-oszlopos-forgodaru-ajanlatkeres\/"]}],"speakable":{"@type":"SpeakableSpecification","cssSelector":["h1",".elementor-widget-text-editor"]}},{"@type":"ImageObject","inLanguage":"ro-RO","@id":"https:\/\/ecocranes.hu\/eco4-oszlopos-forgodaru-ajanlatkeres\/#primaryimage","url":"https:\/\/ecocranes.hu\/wp-content\/uploads\/2019\/06\/eco4_ajanlati_abra.jpg","contentUrl":"https:\/\/ecocranes.hu\/wp-content\/uploads\/2019\/06\/eco4_ajanlati_abra.jpg"},{"@type":"BreadcrumbList","@id":"https:\/\/ecocranes.hu\/eco4-oszlopos-forgodaru-ajanlatkeres\/#breadcrumb","itemListElement":[{"@type":"ListItem","position":1,"name":"Home","item":"https:\/\/ecocranes.hu\/en\/"},{"@type":"ListItem","position":2,"name":"ECO4 oszlopos forg\u00f3daru aj\u00e1nlatk\u00e9r\u00e9s"}]},{"@type":"WebSite","@id":"https:\/\/ecocranes.hu\/#website","url":"https:\/\/ecocranes.hu\/","name":"Eco-Cranes","description":"Macarale \u0219i utilaje de ridicare","publisher":{"@id":"https:\/\/ecocranes.hu\/#organization"},"potentialAction":[{"@type":"SearchAction","target":{"@type":"EntryPoint","urlTemplate":"https:\/\/ecocranes.hu\/?s={search_term_string}"},"query-input":{"@type":"PropertyValueSpecification","valueRequired":true,"valueName":"search_term_string"}}],"inLanguage":"ro-RO"},{"@type":"Organization","@id":"https:\/\/ecocranes.hu\/#organization","name":"Eco-Cranes","url":"https:\/\/ecocranes.hu\/","logo":{"@type":"ImageObject","inLanguage":"ro-RO","@id":"https:\/\/ecocranes.hu\/#\/schema\/logo\/image\/","url":"https:\/\/ecocranes.hu\/wp-content\/uploads\/2025\/09\/eco-cranes-logo.png","contentUrl":"https:\/\/ecocranes.hu\/wp-content\/uploads\/2025\/09\/eco-cranes-logo.png","width":180,"height":18,"caption":"Eco-Cranes"},"image":{"@id":"https:\/\/ecocranes.hu\/#\/schema\/logo\/image\/"},"sameAs":["https:\/\/www.facebook.com\/ecocranes"],"address":{"@type":"PostalAddress","streetAddress":"Ybl Mikl\u00f3s utca 42.","addressLocality":"F\u00f3t","postalCode":"2151","addressCountry":"HU"},"geo":{"@type":"GeoCoordinates","latitude":47.61583300000000207319317269138991832733154296875,"longitude":19.181837000000001580701791681349277496337890625},"openingHoursSpecification":[{"@type":"OpeningHoursSpecification","dayOfWeek":["Monday","Tuesday","Wednesday","Thursday","Friday"],"opens":"08:00","closes":"17:00"}],"description":"Daruk, h\u00edddaruk, forg\u00f3daruk \u00e9s hidraulikus emel\u0151asztalok tervez\u00e9se, gy\u00e1rt\u00e1sa, telep\u00edt\u00e9se, szervize \u00e9s id\u0151szakos vizsg\u00e1lata.","email":"info@ecocranes.hu","telephone":"+36 27 360823","legalName":"ECO-CRANES HUNGARY Daruk \u00e9s Emel\u0151g\u00e9pek Korl\u00e1tolt Felel\u0151ss\u00e9g\u0171 T\u00e1rsas\u00e1g","vatID":"11912606-2-13"}]}},"_links":{"self":[{"href":"https:\/\/ecocranes.hu\/ro\/wp-json\/wp\/v2\/pages\/7293","targetHints":{"allow":["GET"]}}],"collection":[{"href":"https:\/\/ecocranes.hu\/ro\/wp-json\/wp\/v2\/pages"}],"about":[{"href":"https:\/\/ecocranes.hu\/ro\/wp-json\/wp\/v2\/types\/page"}],"author":[{"embeddable":true,"href":"https:\/\/ecocranes.hu\/ro\/wp-json\/wp\/v2\/users\/1"}],"replies":[{"embeddable":true,"href":"https:\/\/ecocranes.hu\/ro\/wp-json\/wp\/v2\/comments?post=7293"}],"version-history":[{"count":1,"href":"https:\/\/ecocranes.hu\/ro\/wp-json\/wp\/v2\/pages\/7293\/revisions"}],"predecessor-version":[{"id":11928,"href":"https:\/\/ecocranes.hu\/ro\/wp-json\/wp\/v2\/pages\/7293\/revisions\/11928"}],"wp:attachment":[{"href":"https:\/\/ecocranes.hu\/ro\/wp-json\/wp\/v2\/media?parent=7293"}],"curies":[{"name":"wp","href":"https:\/\/api.w.org\/{rel}","templated":true}]}}