{"id":11739,"date":"2026-09-01T20:41:25","date_gmt":"2026-09-01T18:41:25","guid":{"rendered":"https:\/\/ecocranes.hu\/?page_id=11739"},"modified":"2026-09-01T20:41:25","modified_gmt":"2026-09-01T18:41:25","slug":"gyartasi-referenciak","status":"publish","type":"page","link":"https:\/\/ecocranes.hu\/ro\/referenciak\/gyartasi-referenciak\/","title":{"rendered":"Noi sisteme de ridicare"},"content":{"rendered":"<p class=\"wp-block-paragraph\">Referin\u021bele de mai jos prezint\u0103 tipurile de macarale, echipamente de ridicare \u0219i solu\u021bii personalizate proiectate \u0219i fabricate de Eco-Cranes, precum \u0219i mediul industrial \u00een care au fost utilizate \u0219i parametrii tehnici ai acestora.<\/p>\n\n\n<div class=\"eco-ref-list\"><form class=\"eco-ref-filters\" method=\"get\" action=\"https:\/\/ecocranes.hu\/ro\/referenciak\/gyartasi-referenciak\/\" data-trp-original-action=\"https:\/\/ecocranes.hu\/ro\/referenciak\/gyartasi-referenciak\/\"><label class=\"eco-ref-filters__field\"><span>Echipament<\/span><select name=\"berendezes\"><option value=\"\">Toate<\/option><option value=\"bakdaru\">Bakdaru<\/option><option value=\"darupalya\">Pista de decolare<\/option><option value=\"emeloasztal\">Mas\u0103 hidraulic\u0103<\/option><option value=\"emelomu-es-futomacska\">Dispozitiv de ridicare \u0219i c\u0103rucior de transport<\/option><option value=\"forgodaru\">Macara rotativ\u0103<\/option><option value=\"fuggesztek-es-kotozoeszkoz\">Dispozitiv de suspendare \u0219i de legare<\/option><option value=\"hiddaru\">Macara de pod<\/option><option value=\"teheremelo-es-lift\">Echipamente de ridicare \u0219i ascensoare<\/option><option value=\"tehermegfogo-es-emelogerenda\">Grind\u0103 de sus\u021binere \u0219i ridicare<\/option><option value=\"vegyes-emelogep-allomany\">Parcul mixt de utilaje de ridicare<\/option><\/select><\/label><label class=\"eco-ref-filters__field\"><span>Sector industrial<\/span><select name=\"iparag\"><option value=\"\">Toate<\/option><option value=\"agrarium\">Agricultur\u0103<\/option><option value=\"banyaszat-es-nyersanyag\">Minerit \u0219i materii prime<\/option><option value=\"egyeb-gyartoipar\">Alte sectoare industriale<\/option><option value=\"elelmiszer-es-csomagoloipar\">Industria alimentar\u0103 \u0219i a ambalajelor<\/option><option value=\"energiaipar\">Sectorul energetic<\/option><option value=\"epitoipar-es-epitoanyag\">Construc\u021bii \u0219i materiale de construc\u021bii<\/option><option value=\"femipar-es-acelszerkezet\">Industria metalurgic\u0103 \u0219i structuri din o\u021bel<\/option><option value=\"gepipar-es-gepgyartas\">Industria mecanic\u0103 \u0219i construc\u021bia de ma\u0219ini<\/option><option value=\"gyogyszer-es-egeszsegipar\">Industria farmaceutic\u0103 \u0219i a s\u0103n\u0103t\u0103\u021bii<\/option><option value=\"ipari-gyartas-nem-azonositott\">Produc\u021bie industrial\u0103 (neidentificat\u0103)<\/option><option value=\"ipari-kereskedelem-es-szolgaltatas\">Comer\u021b industrial \u0219i servicii<\/option><option value=\"jarmuipar\">Industria auto<\/option><option value=\"vegyipar-es-muanyagipar\">Industria chimic\u0103 \u0219i industria materialelor plastice<\/option><option value=\"villamosipar-es-automatizalas\">Industria electric\u0103 \u0219i automatizarea<\/option><option value=\"viz-es-kozmuipar\">Sectorul apei \u0219i al utilit\u0103\u021bilor publice<\/option><\/select><\/label><label class=\"eco-ref-filters__field\"><span>Problem\u0103<\/span><select name=\"problema\"><option value=\"\">Toate<\/option><option value=\"attelepites\">Relocare<\/option><option value=\"hibajavitas\">Remedierea erorilor<\/option><option value=\"karbantartas\">\u00centre\u021binere<\/option><option value=\"modernizacio\">Modernizare<\/option><option value=\"uj-telepites\">Instalare nou\u0103<\/option><option value=\"vizsgalat\">Ancheta<\/option><\/select><\/label><button type=\"submit\" class=\"eco-ref-btn\">Filtrare<\/button><input type=\"hidden\" name=\"trp-form-language\" value=\"ro\"\/><\/form><p class=\"eco-ref-list__count\">63 de referin\u021be<\/p><div class=\"eco-ref-grid\"><article class=\"eco-ref-card\"><a class=\"eco-ref-card__link\" href=\"https:\/\/ecocranes.hu\/ro\/referenciak\/25-tonnas-ketfotartos-hiddaru-aceltekercs-feldolgozo-uzemben\/\"><div class=\"eco-ref-card__media\"><img loading=\"lazy\" decoding=\"async\" width=\"768\" height=\"576\" src=\"https:\/\/ecocranes.hu\/wp-content\/uploads\/2025\/11\/F.2-1-768x576.jpg\" class=\"eco-ref-card__img wp-post-image\" alt=\"K\u00e9tf\u0151tart\u00f3s h\u00edddaru ipari csarnokban\" srcset=\"https:\/\/ecocranes.hu\/wp-content\/uploads\/2025\/11\/F.2-1-768x576.jpg 768w, https:\/\/ecocranes.hu\/wp-content\/uploads\/2025\/11\/F.2-1-300x225.jpg 300w, https:\/\/ecocranes.hu\/wp-content\/uploads\/2025\/11\/F.2-1-1024x768.jpg 1024w, https:\/\/ecocranes.hu\/wp-content\/uploads\/2025\/11\/F.2-1-1536x1152.jpg 1536w, https:\/\/ecocranes.hu\/wp-content\/uploads\/2025\/11\/F.2-1-2048x1536.jpg 2048w, https:\/\/ecocranes.hu\/wp-content\/uploads\/2025\/11\/F.2-1-16x12.jpg 16w, https:\/\/ecocranes.hu\/wp-content\/uploads\/2025\/11\/F.2-1-560x420.jpg 560w, https:\/\/ecocranes.hu\/wp-content\/uploads\/2025\/11\/F.2-1-100x76.jpg 100w, https:\/\/ecocranes.hu\/wp-content\/uploads\/2025\/11\/F.2-1-270x203.jpg 270w, https:\/\/ecocranes.hu\/wp-content\/uploads\/2025\/11\/F.2-1-370x278.jpg 370w, https:\/\/ecocranes.hu\/wp-content\/uploads\/2025\/11\/F.2-1-420x316.jpg 420w, https:\/\/ecocranes.hu\/wp-content\/uploads\/2025\/11\/F.2-1-480x361.jpg 480w, https:\/\/ecocranes.hu\/wp-content\/uploads\/2025\/11\/F.2-1-570x428.jpg 570w, https:\/\/ecocranes.hu\/wp-content\/uploads\/2025\/11\/F.2-1-770x578.jpg 770w\" sizes=\"auto, (max-width: 768px) 100vw, 768px\" \/><\/div><div class=\"eco-ref-card__body\"><span class=\"eco-ref-chip\">Industria metalurgic\u0103 \u0219i structuri din o\u021bel<\/span><h3 class=\"eco-ref-card__title\">Macara de pod cu dou\u0103 coloane, de 25 de tone, \u00eentr-o fabric\u0103 de prelucrare a bobinelor de o\u021bel<\/h3><p class=\"eco-ref-card__lead\">Egy hazai ac\u00e9l- \u00e9s alum\u00edniumlemez-, illetve tekercsfeldolgoz\u00f3 \u00fczem sz\u00e1m\u00e1ra 25 tonna teherb\u00edr\u00e1s\u00fa, k\u00e9tf\u0151tart\u00f3s fel\u00fclfut\u00f3 h\u00edddaru k\u00e9sz\u00fclt t\u00f6bb mint 50 m\u00e9ter&hellip;<\/p><span class=\"eco-ref-card__more\">Mai departe<\/span><\/div><\/a><\/article><article class=\"eco-ref-card\"><a class=\"eco-ref-card__link\" href=\"https:\/\/ecocranes.hu\/ro\/referenciak\/munkahelyi-forgodaruk-femipari-gyartouzem-tobb-emelesi-pontjara\/\"><div class=\"eco-ref-card__media\"><img loading=\"lazy\" decoding=\"async\" width=\"768\" height=\"576\" src=\"https:\/\/ecocranes.hu\/wp-content\/uploads\/2025\/11\/OSZLOPOS-ALULMEREVITETT-11-768x576.jpg\" class=\"eco-ref-card__img wp-post-image\" alt=\"Forg\u00f3daru \u00fczemi munka\u00e1llom\u00e1son\" srcset=\"https:\/\/ecocranes.hu\/wp-content\/uploads\/2025\/11\/OSZLOPOS-ALULMEREVITETT-11-768x576.jpg 768w, https:\/\/ecocranes.hu\/wp-content\/uploads\/2025\/11\/OSZLOPOS-ALULMEREVITETT-11-300x225.jpg 300w, https:\/\/ecocranes.hu\/wp-content\/uploads\/2025\/11\/OSZLOPOS-ALULMEREVITETT-11-1024x768.jpg 1024w, https:\/\/ecocranes.hu\/wp-content\/uploads\/2025\/11\/OSZLOPOS-ALULMEREVITETT-11-1536x1152.jpg 1536w, https:\/\/ecocranes.hu\/wp-content\/uploads\/2025\/11\/OSZLOPOS-ALULMEREVITETT-11-2048x1536.jpg 2048w, https:\/\/ecocranes.hu\/wp-content\/uploads\/2025\/11\/OSZLOPOS-ALULMEREVITETT-11-16x12.jpg 16w, https:\/\/ecocranes.hu\/wp-content\/uploads\/2025\/11\/OSZLOPOS-ALULMEREVITETT-11-560x420.jpg 560w, https:\/\/ecocranes.hu\/wp-content\/uploads\/2025\/11\/OSZLOPOS-ALULMEREVITETT-11-100x76.jpg 100w, https:\/\/ecocranes.hu\/wp-content\/uploads\/2025\/11\/OSZLOPOS-ALULMEREVITETT-11-270x203.jpg 270w, https:\/\/ecocranes.hu\/wp-content\/uploads\/2025\/11\/OSZLOPOS-ALULMEREVITETT-11-370x278.jpg 370w, https:\/\/ecocranes.hu\/wp-content\/uploads\/2025\/11\/OSZLOPOS-ALULMEREVITETT-11-420x316.jpg 420w, https:\/\/ecocranes.hu\/wp-content\/uploads\/2025\/11\/OSZLOPOS-ALULMEREVITETT-11-480x361.jpg 480w, https:\/\/ecocranes.hu\/wp-content\/uploads\/2025\/11\/OSZLOPOS-ALULMEREVITETT-11-570x428.jpg 570w, https:\/\/ecocranes.hu\/wp-content\/uploads\/2025\/11\/OSZLOPOS-ALULMEREVITETT-11-770x578.jpg 770w\" sizes=\"auto, (max-width: 768px) 100vw, 768px\" \/><\/div><div class=\"eco-ref-card__body\"><span class=\"eco-ref-chip\">Industria metalurgic\u0103 \u0219i structuri din o\u021bel<\/span><h3 class=\"eco-ref-card__title\">Macarale rotative de lucru pentru mai multe puncte de ridicare dintr-o fabric\u0103 de prelucrare a metalelor<\/h3><p class=\"eco-ref-card__lead\">Egy hazai f\u00e9mipari gy\u00e1rt\u00f3\u00fczemben t\u00f6bb munka\u00e1llom\u00e1s helyi emel\u00e9s\u00e9t kellett elt\u00e9r\u0151 kapacit\u00e1s\u00fa forg\u00f3darukkal megoldani. A kialak\u00edt\u00e1s a kisebb, rendszeresen kezelt terhekt\u0151l&hellip;<\/p><span class=\"eco-ref-card__more\">Mai departe<\/span><\/div><\/a><\/article><article class=\"eco-ref-card\"><a class=\"eco-ref-card__link\" href=\"https:\/\/ecocranes.hu\/ro\/referenciak\/harom-egyfotartos-hiddaru-ketfele-teherbirassal\/\"><div class=\"eco-ref-card__media\"><img loading=\"lazy\" decoding=\"async\" width=\"768\" height=\"576\" src=\"https:\/\/ecocranes.hu\/wp-content\/uploads\/2025\/11\/K.-EL.-R.-32t-11-768x576.jpg\" class=\"eco-ref-card__img wp-post-image\" alt=\"Egyf\u0151tart\u00f3s h\u00edddaru ipari csarnokban\" srcset=\"https:\/\/ecocranes.hu\/wp-content\/uploads\/2025\/11\/K.-EL.-R.-32t-11-768x576.jpg 768w, https:\/\/ecocranes.hu\/wp-content\/uploads\/2025\/11\/K.-EL.-R.-32t-11-300x225.jpg 300w, https:\/\/ecocranes.hu\/wp-content\/uploads\/2025\/11\/K.-EL.-R.-32t-11-1024x768.jpg 1024w, https:\/\/ecocranes.hu\/wp-content\/uploads\/2025\/11\/K.-EL.-R.-32t-11-1536x1152.jpg 1536w, https:\/\/ecocranes.hu\/wp-content\/uploads\/2025\/11\/K.-EL.-R.-32t-11-2048x1536.jpg 2048w, https:\/\/ecocranes.hu\/wp-content\/uploads\/2025\/11\/K.-EL.-R.-32t-11-16x12.jpg 16w, https:\/\/ecocranes.hu\/wp-content\/uploads\/2025\/11\/K.-EL.-R.-32t-11-560x420.jpg 560w, https:\/\/ecocranes.hu\/wp-content\/uploads\/2025\/11\/K.-EL.-R.-32t-11-100x76.jpg 100w, https:\/\/ecocranes.hu\/wp-content\/uploads\/2025\/11\/K.-EL.-R.-32t-11-270x203.jpg 270w, https:\/\/ecocranes.hu\/wp-content\/uploads\/2025\/11\/K.-EL.-R.-32t-11-370x278.jpg 370w, https:\/\/ecocranes.hu\/wp-content\/uploads\/2025\/11\/K.-EL.-R.-32t-11-420x316.jpg 420w, https:\/\/ecocranes.hu\/wp-content\/uploads\/2025\/11\/K.-EL.-R.-32t-11-480x361.jpg 480w, https:\/\/ecocranes.hu\/wp-content\/uploads\/2025\/11\/K.-EL.-R.-32t-11-570x428.jpg 570w, https:\/\/ecocranes.hu\/wp-content\/uploads\/2025\/11\/K.-EL.-R.-32t-11-770x578.jpg 770w\" sizes=\"auto, (max-width: 768px) 100vw, 768px\" \/><\/div><div class=\"eco-ref-card__body\"><span class=\"eco-ref-chip\">Industria mecanic\u0103 \u0219i construc\u021bia de ma\u0219ini<\/span><h3 class=\"eco-ref-card__title\">Trei macarale de pod cu un singur st\u00e2lp, cu dou\u0103 tipuri de capacitate de \u00eenc\u0103rcare<\/h3><p class=\"eco-ref-card__lead\">Egy ipari berendez\u00e9s- \u00e9s f\u00e9mszerkezetgy\u00e1rt\u00f3 \u00fczem sz\u00e1m\u00e1ra h\u00e1rom egyf\u0151tart\u00f3s fel\u00fclfut\u00f3 h\u00edddaru k\u00e9sz\u00fclt. A nagyobb \u00e9s kisebb emel\u00e9si feladatok k\u00fcl\u00f6n teherb\u00edr\u00e1si&hellip;<\/p><span class=\"eco-ref-card__more\">Mai departe<\/span><\/div><\/a><\/article><article class=\"eco-ref-card\"><a class=\"eco-ref-card__link\" href=\"https:\/\/ecocranes.hu\/ro\/referenciak\/hiddaruk-es-eco5-forgodaru-egy-muanyagipari-vallalat-projektjeiben\/\"><div class=\"eco-ref-card__media\"><img loading=\"lazy\" decoding=\"async\" width=\"768\" height=\"576\" src=\"https:\/\/ecocranes.hu\/wp-content\/uploads\/2025\/11\/K.-EL.-R.-3t-1-768x576.jpg\" class=\"eco-ref-card__img wp-post-image\" alt=\"H\u00edddaru ipari csarnokban\" srcset=\"https:\/\/ecocranes.hu\/wp-content\/uploads\/2025\/11\/K.-EL.-R.-3t-1-768x576.jpg 768w, https:\/\/ecocranes.hu\/wp-content\/uploads\/2025\/11\/K.-EL.-R.-3t-1-300x225.jpg 300w, https:\/\/ecocranes.hu\/wp-content\/uploads\/2025\/11\/K.-EL.-R.-3t-1-1024x768.jpg 1024w, https:\/\/ecocranes.hu\/wp-content\/uploads\/2025\/11\/K.-EL.-R.-3t-1-1536x1152.jpg 1536w, https:\/\/ecocranes.hu\/wp-content\/uploads\/2025\/11\/K.-EL.-R.-3t-1-2048x1536.jpg 2048w, https:\/\/ecocranes.hu\/wp-content\/uploads\/2025\/11\/K.-EL.-R.-3t-1-16x12.jpg 16w, https:\/\/ecocranes.hu\/wp-content\/uploads\/2025\/11\/K.-EL.-R.-3t-1-560x420.jpg 560w, https:\/\/ecocranes.hu\/wp-content\/uploads\/2025\/11\/K.-EL.-R.-3t-1-100x76.jpg 100w, https:\/\/ecocranes.hu\/wp-content\/uploads\/2025\/11\/K.-EL.-R.-3t-1-270x203.jpg 270w, https:\/\/ecocranes.hu\/wp-content\/uploads\/2025\/11\/K.-EL.-R.-3t-1-370x278.jpg 370w, https:\/\/ecocranes.hu\/wp-content\/uploads\/2025\/11\/K.-EL.-R.-3t-1-420x316.jpg 420w, https:\/\/ecocranes.hu\/wp-content\/uploads\/2025\/11\/K.-EL.-R.-3t-1-480x361.jpg 480w, https:\/\/ecocranes.hu\/wp-content\/uploads\/2025\/11\/K.-EL.-R.-3t-1-570x428.jpg 570w, https:\/\/ecocranes.hu\/wp-content\/uploads\/2025\/11\/K.-EL.-R.-3t-1-770x578.jpg 770w\" sizes=\"auto, (max-width: 768px) 100vw, 768px\" \/><\/div><div class=\"eco-ref-card__body\"><span class=\"eco-ref-chip\">Industria chimic\u0103 \u0219i industria materialelor plastice<\/span><h3 class=\"eco-ref-card__title\">Macarale de pod \u0219i macarale rotative ECO5 \u00een proiectele unei companii din industria plasticului<\/h3><p class=\"eco-ref-card__lead\">Egy m\u0171anyagipari gy\u00e1rt\u00f3v\u00e1llalat k\u00e9t projektj\u00e9ben a csarnoki \u00e9s a munkahelyi emel\u00e9si feladatokhoz elt\u00e9r\u0151 darut\u00edpusok k\u00e9sz\u00fcltek. A csarnok nagyobb ter\u00fclet\u00e9t fel\u00fclfut\u00f3&hellip;<\/p><span class=\"eco-ref-card__more\">Mai departe<\/span><\/div><\/a><\/article><article class=\"eco-ref-card\"><a class=\"eco-ref-card__link\" href=\"https:\/\/ecocranes.hu\/ro\/referenciak\/19-2-meter-fesztavu-egyfotartos-hiddaru-hosszu-darupalyaval\/\"><div class=\"eco-ref-card__media\"><img loading=\"lazy\" decoding=\"async\" width=\"768\" height=\"576\" src=\"https:\/\/ecocranes.hu\/wp-content\/uploads\/2025\/11\/K.-EL.-R.-2t-2-768x576.jpg\" class=\"eco-ref-card__img wp-post-image\" alt=\"Egyf\u0151tart\u00f3s h\u00edddaru ipari csarnokban\" srcset=\"https:\/\/ecocranes.hu\/wp-content\/uploads\/2025\/11\/K.-EL.-R.-2t-2-768x576.jpg 768w, https:\/\/ecocranes.hu\/wp-content\/uploads\/2025\/11\/K.-EL.-R.-2t-2-300x225.jpg 300w, https:\/\/ecocranes.hu\/wp-content\/uploads\/2025\/11\/K.-EL.-R.-2t-2-1024x768.jpg 1024w, https:\/\/ecocranes.hu\/wp-content\/uploads\/2025\/11\/K.-EL.-R.-2t-2-1536x1152.jpg 1536w, https:\/\/ecocranes.hu\/wp-content\/uploads\/2025\/11\/K.-EL.-R.-2t-2-2048x1536.jpg 2048w, https:\/\/ecocranes.hu\/wp-content\/uploads\/2025\/11\/K.-EL.-R.-2t-2-16x12.jpg 16w, https:\/\/ecocranes.hu\/wp-content\/uploads\/2025\/11\/K.-EL.-R.-2t-2-560x420.jpg 560w, https:\/\/ecocranes.hu\/wp-content\/uploads\/2025\/11\/K.-EL.-R.-2t-2-100x76.jpg 100w, https:\/\/ecocranes.hu\/wp-content\/uploads\/2025\/11\/K.-EL.-R.-2t-2-270x203.jpg 270w, https:\/\/ecocranes.hu\/wp-content\/uploads\/2025\/11\/K.-EL.-R.-2t-2-370x278.jpg 370w, https:\/\/ecocranes.hu\/wp-content\/uploads\/2025\/11\/K.-EL.-R.-2t-2-420x316.jpg 420w, https:\/\/ecocranes.hu\/wp-content\/uploads\/2025\/11\/K.-EL.-R.-2t-2-480x361.jpg 480w, https:\/\/ecocranes.hu\/wp-content\/uploads\/2025\/11\/K.-EL.-R.-2t-2-570x428.jpg 570w, https:\/\/ecocranes.hu\/wp-content\/uploads\/2025\/11\/K.-EL.-R.-2t-2-770x578.jpg 770w\" sizes=\"auto, (max-width: 768px) 100vw, 768px\" \/><\/div><div class=\"eco-ref-card__body\"><span class=\"eco-ref-chip\">Construc\u021bii \u0219i materiale de construc\u021bii<\/span><h3 class=\"eco-ref-card__title\">Macara de pod cu o singur\u0103 consol\u0103, cu o anvergur\u0103 de 19,2 metri \u0219i o cale de rulare lung\u0103<\/h3><p class=\"eco-ref-card__lead\">Egy hazai \u00e9p\u00edt\u0151- \u00e9s szerel\u0151ipari v\u00e1llalat \u00fczemi k\u00f6rnyezet\u00e9ben 19,2 m\u00e9ter feszt\u00e1v\u00fa egyf\u0151tart\u00f3s fel\u00fclfut\u00f3 h\u00edddaru k\u00e9sz\u00fclt hossz\u00fa darup\u00e1ly\u00e1val. A megold\u00e1s a&hellip;<\/p><span class=\"eco-ref-card__more\">Mai departe<\/span><\/div><\/a><\/article><article class=\"eco-ref-card\"><a class=\"eco-ref-card__link\" href=\"https:\/\/ecocranes.hu\/ro\/referenciak\/500-kg-teherbirasu-munkahelyi-forgodaru-femipari-gyartouzem-szamara\/\"><div class=\"eco-ref-card__media\"><img loading=\"lazy\" decoding=\"async\" width=\"768\" height=\"647\" src=\"https:\/\/ecocranes.hu\/wp-content\/uploads\/2025\/11\/OSZLOPOS-ALULMEREVITETT-4-768x647.jpg\" class=\"eco-ref-card__img wp-post-image\" alt=\"Forg\u00f3daru \u00fczemi munka\u00e1llom\u00e1son\" srcset=\"https:\/\/ecocranes.hu\/wp-content\/uploads\/2025\/11\/OSZLOPOS-ALULMEREVITETT-4-768x647.jpg 768w, https:\/\/ecocranes.hu\/wp-content\/uploads\/2025\/11\/OSZLOPOS-ALULMEREVITETT-4-300x253.jpg 300w, https:\/\/ecocranes.hu\/wp-content\/uploads\/2025\/11\/OSZLOPOS-ALULMEREVITETT-4-1024x862.jpg 1024w, https:\/\/ecocranes.hu\/wp-content\/uploads\/2025\/11\/OSZLOPOS-ALULMEREVITETT-4-1536x1294.jpg 1536w, https:\/\/ecocranes.hu\/wp-content\/uploads\/2025\/11\/OSZLOPOS-ALULMEREVITETT-4-2048x1725.jpg 2048w, https:\/\/ecocranes.hu\/wp-content\/uploads\/2025\/11\/OSZLOPOS-ALULMEREVITETT-4-14x12.jpg 14w, https:\/\/ecocranes.hu\/wp-content\/uploads\/2025\/11\/OSZLOPOS-ALULMEREVITETT-4-560x472.jpg 560w\" sizes=\"auto, (max-width: 768px) 100vw, 768px\" \/><\/div><div class=\"eco-ref-card__body\"><span class=\"eco-ref-chip\">Industria metalurgic\u0103 \u0219i structuri din o\u021bel<\/span><h3 class=\"eco-ref-card__title\">Macara rotativ\u0103 de \u0219antier cu o capacitate de \u00eenc\u0103rcare de 500 kg pentru o fabric\u0103 din industria metalurgic\u0103<\/h3><p class=\"eco-ref-card__lead\">A fost realizat\u0103 o macara rotativ\u0103 cu st\u00e2lp pentru opera\u021biunile de ridicare dintr-o fabric\u0103 din industria metalurgic\u0103.<\/p><span class=\"eco-ref-card__more\">Mai departe<\/span><\/div><\/a><\/article><article class=\"eco-ref-card\"><a class=\"eco-ref-card__link\" href=\"https:\/\/ecocranes.hu\/ro\/referenciak\/10-t-teherbirasu-hiddaru-20-meteres-fesztavval-epitoanyag-ipari-uzem-szamara\/\"><div class=\"eco-ref-card__media\"><img loading=\"lazy\" decoding=\"async\" width=\"768\" height=\"576\" src=\"https:\/\/ecocranes.hu\/wp-content\/uploads\/2025\/11\/K.-EL.-R.-25t-2-768x576.jpg\" class=\"eco-ref-card__img wp-post-image\" alt=\"H\u00edddaru ipari csarnokban\" srcset=\"https:\/\/ecocranes.hu\/wp-content\/uploads\/2025\/11\/K.-EL.-R.-25t-2-768x576.jpg 768w, https:\/\/ecocranes.hu\/wp-content\/uploads\/2025\/11\/K.-EL.-R.-25t-2-300x225.jpg 300w, https:\/\/ecocranes.hu\/wp-content\/uploads\/2025\/11\/K.-EL.-R.-25t-2-1024x768.jpg 1024w, https:\/\/ecocranes.hu\/wp-content\/uploads\/2025\/11\/K.-EL.-R.-25t-2-1536x1152.jpg 1536w, https:\/\/ecocranes.hu\/wp-content\/uploads\/2025\/11\/K.-EL.-R.-25t-2-2048x1536.jpg 2048w, https:\/\/ecocranes.hu\/wp-content\/uploads\/2025\/11\/K.-EL.-R.-25t-2-16x12.jpg 16w, https:\/\/ecocranes.hu\/wp-content\/uploads\/2025\/11\/K.-EL.-R.-25t-2-560x420.jpg 560w, https:\/\/ecocranes.hu\/wp-content\/uploads\/2025\/11\/K.-EL.-R.-25t-2-100x76.jpg 100w, https:\/\/ecocranes.hu\/wp-content\/uploads\/2025\/11\/K.-EL.-R.-25t-2-270x203.jpg 270w, https:\/\/ecocranes.hu\/wp-content\/uploads\/2025\/11\/K.-EL.-R.-25t-2-370x278.jpg 370w, https:\/\/ecocranes.hu\/wp-content\/uploads\/2025\/11\/K.-EL.-R.-25t-2-420x316.jpg 420w, https:\/\/ecocranes.hu\/wp-content\/uploads\/2025\/11\/K.-EL.-R.-25t-2-480x361.jpg 480w, https:\/\/ecocranes.hu\/wp-content\/uploads\/2025\/11\/K.-EL.-R.-25t-2-570x428.jpg 570w, https:\/\/ecocranes.hu\/wp-content\/uploads\/2025\/11\/K.-EL.-R.-25t-2-770x578.jpg 770w\" sizes=\"auto, (max-width: 768px) 100vw, 768px\" \/><\/div><div class=\"eco-ref-card__body\"><span class=\"eco-ref-chip\">Construc\u021bii \u0219i materiale de construc\u021bii<\/span><h3 class=\"eco-ref-card__title\">Macara de pod cu o capacitate de \u00eenc\u0103rcare de 10 t \u0219i o deschidere de 20 de metri, destinat\u0103 unei fabrici din industria materialelor de construc\u021bii<\/h3><p class=\"eco-ref-card__lead\">A fost realizat\u0103 o macara cu pod mobil pentru opera\u021biunile de ridicare dintr-o fabric\u0103 din industria materialelor de construc\u021bii.<\/p><span class=\"eco-ref-card__more\">Mai departe<\/span><\/div><\/a><\/article><article class=\"eco-ref-card\"><a class=\"eco-ref-card__link\" href=\"https:\/\/ecocranes.hu\/ro\/referenciak\/125-kg-teherbirasu-forgodaru-es-500-kg-teherbirasu-mobil-bakdaru-ipari-munkahelyekhez\/\"><div class=\"eco-ref-card__media\"><img loading=\"lazy\" decoding=\"async\" width=\"768\" height=\"576\" src=\"https:\/\/ecocranes.hu\/wp-content\/uploads\/2025\/11\/BAKDARU-1.-2-768x576.jpg\" class=\"eco-ref-card__img wp-post-image\" alt=\"Mobil bakdaru \u00fczemi k\u00f6rnyezetben\" srcset=\"https:\/\/ecocranes.hu\/wp-content\/uploads\/2025\/11\/BAKDARU-1.-2-768x576.jpg 768w, https:\/\/ecocranes.hu\/wp-content\/uploads\/2025\/11\/BAKDARU-1.-2-300x225.jpg 300w, https:\/\/ecocranes.hu\/wp-content\/uploads\/2025\/11\/BAKDARU-1.-2-1024x768.jpg 1024w, https:\/\/ecocranes.hu\/wp-content\/uploads\/2025\/11\/BAKDARU-1.-2-1536x1152.jpg 1536w, https:\/\/ecocranes.hu\/wp-content\/uploads\/2025\/11\/BAKDARU-1.-2-2048x1536.jpg 2048w, https:\/\/ecocranes.hu\/wp-content\/uploads\/2025\/11\/BAKDARU-1.-2-16x12.jpg 16w, https:\/\/ecocranes.hu\/wp-content\/uploads\/2025\/11\/BAKDARU-1.-2-560x420.jpg 560w, https:\/\/ecocranes.hu\/wp-content\/uploads\/2025\/11\/BAKDARU-1.-2-100x76.jpg 100w, https:\/\/ecocranes.hu\/wp-content\/uploads\/2025\/11\/BAKDARU-1.-2-270x203.jpg 270w, https:\/\/ecocranes.hu\/wp-content\/uploads\/2025\/11\/BAKDARU-1.-2-370x278.jpg 370w, https:\/\/ecocranes.hu\/wp-content\/uploads\/2025\/11\/BAKDARU-1.-2-420x316.jpg 420w, https:\/\/ecocranes.hu\/wp-content\/uploads\/2025\/11\/BAKDARU-1.-2-480x361.jpg 480w, https:\/\/ecocranes.hu\/wp-content\/uploads\/2025\/11\/BAKDARU-1.-2-570x428.jpg 570w, https:\/\/ecocranes.hu\/wp-content\/uploads\/2025\/11\/BAKDARU-1.-2-770x578.jpg 770w\" sizes=\"auto, (max-width: 768px) 100vw, 768px\" \/><\/div><div class=\"eco-ref-card__body\"><span class=\"eco-ref-chip\">Industria electric\u0103 \u0219i automatizarea<\/span><h3 class=\"eco-ref-card__title\">Macara rotativ\u0103 cu o capacitate de \u00eenc\u0103rcare de 125 kg \u0219i macara mobil\u0103 pe platform\u0103 cu o capacitate de \u00eenc\u0103rcare de 500 kg pentru \u0219antiere industriale<\/h3><p class=\"eco-ref-card__lead\">A fost realizat\u0103 o macara rotativ\u0103 cu coloan\u0103 pentru o opera\u021biune de ridicare \u00eentr-un mediu de automatizare industrial\u0103.<\/p><span class=\"eco-ref-card__more\">Mai departe<\/span><\/div><\/a><\/article><article class=\"eco-ref-card\"><a class=\"eco-ref-card__link\" href=\"https:\/\/ecocranes.hu\/ro\/referenciak\/5-t-teherbirasu-hiddaru-7-35-meteres-fesztavval-ipari-gepgyartasi-munkakornyezet-szamara\/\"><div class=\"eco-ref-card__media\"><img loading=\"lazy\" decoding=\"async\" width=\"768\" height=\"576\" src=\"https:\/\/ecocranes.hu\/wp-content\/uploads\/2025\/11\/K.-EL.-R.-32t-6-768x576.jpg\" class=\"eco-ref-card__img wp-post-image\" alt=\"H\u00edddaru ipari csarnokban\" srcset=\"https:\/\/ecocranes.hu\/wp-content\/uploads\/2025\/11\/K.-EL.-R.-32t-6-768x576.jpg 768w, https:\/\/ecocranes.hu\/wp-content\/uploads\/2025\/11\/K.-EL.-R.-32t-6-300x225.jpg 300w, https:\/\/ecocranes.hu\/wp-content\/uploads\/2025\/11\/K.-EL.-R.-32t-6-1024x768.jpg 1024w, https:\/\/ecocranes.hu\/wp-content\/uploads\/2025\/11\/K.-EL.-R.-32t-6-1536x1152.jpg 1536w, https:\/\/ecocranes.hu\/wp-content\/uploads\/2025\/11\/K.-EL.-R.-32t-6-2048x1536.jpg 2048w, https:\/\/ecocranes.hu\/wp-content\/uploads\/2025\/11\/K.-EL.-R.-32t-6-16x12.jpg 16w, https:\/\/ecocranes.hu\/wp-content\/uploads\/2025\/11\/K.-EL.-R.-32t-6-560x420.jpg 560w, https:\/\/ecocranes.hu\/wp-content\/uploads\/2025\/11\/K.-EL.-R.-32t-6-100x76.jpg 100w, https:\/\/ecocranes.hu\/wp-content\/uploads\/2025\/11\/K.-EL.-R.-32t-6-270x203.jpg 270w, https:\/\/ecocranes.hu\/wp-content\/uploads\/2025\/11\/K.-EL.-R.-32t-6-370x278.jpg 370w, https:\/\/ecocranes.hu\/wp-content\/uploads\/2025\/11\/K.-EL.-R.-32t-6-420x316.jpg 420w, https:\/\/ecocranes.hu\/wp-content\/uploads\/2025\/11\/K.-EL.-R.-32t-6-480x361.jpg 480w, https:\/\/ecocranes.hu\/wp-content\/uploads\/2025\/11\/K.-EL.-R.-32t-6-570x428.jpg 570w, https:\/\/ecocranes.hu\/wp-content\/uploads\/2025\/11\/K.-EL.-R.-32t-6-770x578.jpg 770w\" sizes=\"auto, (max-width: 768px) 100vw, 768px\" \/><\/div><div class=\"eco-ref-card__body\"><span class=\"eco-ref-chip\">Industria mecanic\u0103 \u0219i construc\u021bia de ma\u0219ini<\/span><h3 class=\"eco-ref-card__title\">Macara de pod cu o capacitate de \u00eenc\u0103rcare de 5 t \u0219i o deschidere de 7,35 metri, destinat\u0103 mediilor de lucru din domeniul produc\u021biei industriale de ma\u0219ini<\/h3><p class=\"eco-ref-card__lead\">A fost realizat un pod rulant pentru opera\u021biunile de ridicare dintr-un mediu de lucru din domeniul construc\u021biilor de ma\u0219ini industriale.<\/p><span class=\"eco-ref-card__more\">Mai departe<\/span><\/div><\/a><\/article><article class=\"eco-ref-card\"><a class=\"eco-ref-card__link\" href=\"https:\/\/ecocranes.hu\/ro\/referenciak\/forgodaruk-mobil-bakdaru-es-tehermegfogok-csomagoloipari-gyartouzem-szamara\/\"><div class=\"eco-ref-card__media\"><img loading=\"lazy\" decoding=\"async\" width=\"768\" height=\"612\" src=\"https:\/\/ecocranes.hu\/wp-content\/uploads\/2025\/11\/BAKDARU-1.-7-768x612.jpg\" class=\"eco-ref-card__img wp-post-image\" alt=\"Mobil bakdaru \u00fczemi k\u00f6rnyezetben\" srcset=\"https:\/\/ecocranes.hu\/wp-content\/uploads\/2025\/11\/BAKDARU-1.-7-768x612.jpg 768w, https:\/\/ecocranes.hu\/wp-content\/uploads\/2025\/11\/BAKDARU-1.-7-300x239.jpg 300w, https:\/\/ecocranes.hu\/wp-content\/uploads\/2025\/11\/BAKDARU-1.-7-1024x816.jpg 1024w, https:\/\/ecocranes.hu\/wp-content\/uploads\/2025\/11\/BAKDARU-1.-7-1536x1224.jpg 1536w, https:\/\/ecocranes.hu\/wp-content\/uploads\/2025\/11\/BAKDARU-1.-7-2048x1632.jpg 2048w, https:\/\/ecocranes.hu\/wp-content\/uploads\/2025\/11\/BAKDARU-1.-7-15x12.jpg 15w, https:\/\/ecocranes.hu\/wp-content\/uploads\/2025\/11\/BAKDARU-1.-7-560x446.jpg 560w\" sizes=\"auto, (max-width: 768px) 100vw, 768px\" \/><\/div><div class=\"eco-ref-card__body\"><span class=\"eco-ref-chip\">Industria alimentar\u0103 \u0219i a ambalajelor<\/span><h3 class=\"eco-ref-card__title\">Macarale rotative, macarale mobile pe stativ \u0219i dispozitive de prindere a \u00eenc\u0103rc\u0103turilor pentru o fabric\u0103 din industria ambalajelor<\/h3><p class=\"eco-ref-card__lead\">A fost realizat\u0103 o macara rotativ\u0103 cu coloan\u0103 pentru opera\u021biunile de ridicare dintr-o fabric\u0103 din industria ambalajelor.<\/p><span class=\"eco-ref-card__more\">Mai departe<\/span><\/div><\/a><\/article><article class=\"eco-ref-card\"><a class=\"eco-ref-card__link\" href=\"https:\/\/ecocranes.hu\/ro\/referenciak\/2-t-teherbirasu-hiddaru-17-2-meteres-fesztavval-femipari-gyartouzem-szamara\/\"><div class=\"eco-ref-card__media\"><img loading=\"lazy\" decoding=\"async\" width=\"768\" height=\"576\" src=\"https:\/\/ecocranes.hu\/wp-content\/uploads\/2025\/11\/K.-EL.-R.-2t-10-768x576.jpg\" class=\"eco-ref-card__img wp-post-image\" alt=\"H\u00edddaru ipari csarnokban\" srcset=\"https:\/\/ecocranes.hu\/wp-content\/uploads\/2025\/11\/K.-EL.-R.-2t-10-768x576.jpg 768w, https:\/\/ecocranes.hu\/wp-content\/uploads\/2025\/11\/K.-EL.-R.-2t-10-300x225.jpg 300w, https:\/\/ecocranes.hu\/wp-content\/uploads\/2025\/11\/K.-EL.-R.-2t-10-1024x768.jpg 1024w, https:\/\/ecocranes.hu\/wp-content\/uploads\/2025\/11\/K.-EL.-R.-2t-10-1536x1152.jpg 1536w, https:\/\/ecocranes.hu\/wp-content\/uploads\/2025\/11\/K.-EL.-R.-2t-10-2048x1536.jpg 2048w, https:\/\/ecocranes.hu\/wp-content\/uploads\/2025\/11\/K.-EL.-R.-2t-10-16x12.jpg 16w, https:\/\/ecocranes.hu\/wp-content\/uploads\/2025\/11\/K.-EL.-R.-2t-10-560x420.jpg 560w, https:\/\/ecocranes.hu\/wp-content\/uploads\/2025\/11\/K.-EL.-R.-2t-10-100x76.jpg 100w, https:\/\/ecocranes.hu\/wp-content\/uploads\/2025\/11\/K.-EL.-R.-2t-10-270x203.jpg 270w, https:\/\/ecocranes.hu\/wp-content\/uploads\/2025\/11\/K.-EL.-R.-2t-10-370x278.jpg 370w, https:\/\/ecocranes.hu\/wp-content\/uploads\/2025\/11\/K.-EL.-R.-2t-10-420x316.jpg 420w, https:\/\/ecocranes.hu\/wp-content\/uploads\/2025\/11\/K.-EL.-R.-2t-10-480x361.jpg 480w, https:\/\/ecocranes.hu\/wp-content\/uploads\/2025\/11\/K.-EL.-R.-2t-10-570x428.jpg 570w, https:\/\/ecocranes.hu\/wp-content\/uploads\/2025\/11\/K.-EL.-R.-2t-10-770x578.jpg 770w\" sizes=\"auto, (max-width: 768px) 100vw, 768px\" \/><\/div><div class=\"eco-ref-card__body\"><span class=\"eco-ref-chip\">Industria metalurgic\u0103 \u0219i structuri din o\u021bel<\/span><h3 class=\"eco-ref-card__title\">Macara de pod cu o capacitate de \u00eenc\u0103rcare de 2 t \u0219i o deschidere de 17,2 metri, destinat\u0103 unei fabrici din industria metalurgic\u0103<\/h3><p class=\"eco-ref-card__lead\">A fost realizat\u0103 o macara cu pod rulant pentru opera\u021biunile de ridicare dintr-o fabric\u0103 din industria metalurgic\u0103.<\/p><span class=\"eco-ref-card__more\">Mai departe<\/span><\/div><\/a><\/article><article class=\"eco-ref-card\"><a class=\"eco-ref-card__link\" href=\"https:\/\/ecocranes.hu\/ro\/referenciak\/2-5-t-teherbirasu-hiddaru-4-7-meteres-fesztavval-gepipari-gyartasi-kornyezet-szamara\/\"><div class=\"eco-ref-card__media\"><img loading=\"lazy\" decoding=\"async\" width=\"768\" height=\"576\" src=\"https:\/\/ecocranes.hu\/wp-content\/uploads\/2025\/11\/K.-EL.-R.-2t-5-768x576.jpg\" class=\"eco-ref-card__img wp-post-image\" alt=\"H\u00edddaru ipari csarnokban\" srcset=\"https:\/\/ecocranes.hu\/wp-content\/uploads\/2025\/11\/K.-EL.-R.-2t-5-768x576.jpg 768w, https:\/\/ecocranes.hu\/wp-content\/uploads\/2025\/11\/K.-EL.-R.-2t-5-300x225.jpg 300w, https:\/\/ecocranes.hu\/wp-content\/uploads\/2025\/11\/K.-EL.-R.-2t-5-1024x768.jpg 1024w, https:\/\/ecocranes.hu\/wp-content\/uploads\/2025\/11\/K.-EL.-R.-2t-5-1536x1152.jpg 1536w, https:\/\/ecocranes.hu\/wp-content\/uploads\/2025\/11\/K.-EL.-R.-2t-5-2048x1536.jpg 2048w, https:\/\/ecocranes.hu\/wp-content\/uploads\/2025\/11\/K.-EL.-R.-2t-5-16x12.jpg 16w, https:\/\/ecocranes.hu\/wp-content\/uploads\/2025\/11\/K.-EL.-R.-2t-5-560x420.jpg 560w, https:\/\/ecocranes.hu\/wp-content\/uploads\/2025\/11\/K.-EL.-R.-2t-5-100x76.jpg 100w, https:\/\/ecocranes.hu\/wp-content\/uploads\/2025\/11\/K.-EL.-R.-2t-5-270x203.jpg 270w, https:\/\/ecocranes.hu\/wp-content\/uploads\/2025\/11\/K.-EL.-R.-2t-5-370x278.jpg 370w, https:\/\/ecocranes.hu\/wp-content\/uploads\/2025\/11\/K.-EL.-R.-2t-5-420x316.jpg 420w, https:\/\/ecocranes.hu\/wp-content\/uploads\/2025\/11\/K.-EL.-R.-2t-5-480x361.jpg 480w, https:\/\/ecocranes.hu\/wp-content\/uploads\/2025\/11\/K.-EL.-R.-2t-5-570x428.jpg 570w, https:\/\/ecocranes.hu\/wp-content\/uploads\/2025\/11\/K.-EL.-R.-2t-5-770x578.jpg 770w\" sizes=\"auto, (max-width: 768px) 100vw, 768px\" \/><\/div><div class=\"eco-ref-card__body\"><span class=\"eco-ref-chip\">Industria mecanic\u0103 \u0219i construc\u021bia de ma\u0219ini<\/span><h3 class=\"eco-ref-card__title\">Macara de pod cu o capacitate de \u00eenc\u0103rcare de 2,5 t \u0219i o deschidere de 4,7 metri, destinat\u0103 mediilor de produc\u021bie din industria mecanic\u0103<\/h3><p class=\"eco-ref-card__lead\">A fost realizat\u0103 o macara pod suspendat\u0103 pentru opera\u021biunile de ridicare dintr-un mediu de produc\u021bie din industria mecanic\u0103. Capacitate de \u00eenc\u0103rcare: 2,5 t, deschidere: 4,7 m, 4,3 m.<\/p><span class=\"eco-ref-card__more\">Mai departe<\/span><\/div><\/a><\/article><\/div><nav class=\"eco-ref-pagination\"><span aria-current=\"page\" class=\"page-numbers current\">1<\/span> <a class=\"page-numbers\" href=\"\/ro\/wp-json\/wp\/v2\/pages\/11739?ref_oldal=2\">2<\/a> <a class=\"page-numbers\" href=\"\/ro\/wp-json\/wp\/v2\/pages\/11739?ref_oldal=3\">3<\/a> <span class=\"page-numbers dots\">&hellip;<\/span> <a class=\"page-numbers\" href=\"\/ro\/wp-json\/wp\/v2\/pages\/11739?ref_oldal=6\">6<\/a> <a class=\"next page-numbers\" href=\"\/ro\/wp-json\/wp\/v2\/pages\/11739?ref_oldal=2\">Urm\u0103torul \u203a<\/a><\/nav><\/div>","protected":false},"excerpt":{"rendered":"<p>Referin\u021bele de mai jos prezint\u0103 tipurile de macarale, echipamente de ridicare \u0219i solu\u021bii personalizate proiectate \u0219i fabricate de Eco-Cranes, precum \u0219i mediul industrial \u00een care au fost utilizate \u0219i parametrii tehnici ai acestora.<\/p>","protected":false},"author":0,"featured_media":0,"parent":11738,"menu_order":0,"comment_status":"closed","ping_status":"closed","template":"","meta":{"_acf_changed":false,"footnotes":""},"class_list":["post-11739","page","type-page","status-publish","hentry","no-thumb"],"acf":[],"yoast_head":"<!-- This site is optimized with the Yoast SEO Premium plugin v26.2 (Yoast SEO v26.6) - https:\/\/yoast.com\/wordpress\/plugins\/seo\/ -->\n<title>\u00daj emel\u00e9stechnikai rendszerek - Eco-Cranes<\/title>\n<meta name=\"description\" content=\"\u00daj daruk \u00e9s emel\u0151berendez\u00e9sek tervez\u00e9se, gy\u00e1rt\u00e1sa, telep\u00edt\u00e9se \u2014 63 megval\u00f3sult h\u00edddaru-, forg\u00f3daru-, bakdaru- \u00e9s darup\u00e1lya-projekt.\" \/>\n<meta name=\"robots\" content=\"index, follow, max-snippet:-1, max-image-preview:large, max-video-preview:-1\" \/>\n<link rel=\"canonical\" href=\"https:\/\/ecocranes.hu\/ro\/referenciak\/gyartasi-referenciak\/\" \/>\n<meta property=\"og:locale\" content=\"ro_RO\" \/>\n<meta property=\"og:type\" content=\"article\" \/>\n<meta property=\"og:title\" content=\"\u00daj emel\u00e9stechnikai rendszerek\" \/>\n<meta property=\"og:description\" content=\"\u00daj daruk \u00e9s emel\u0151berendez\u00e9sek tervez\u00e9se, gy\u00e1rt\u00e1sa, telep\u00edt\u00e9se \u2014 63 megval\u00f3sult h\u00edddaru-, forg\u00f3daru-, bakdaru- \u00e9s darup\u00e1lya-projekt.\" \/>\n<meta property=\"og:url\" content=\"https:\/\/ecocranes.hu\/ro\/referenciak\/gyartasi-referenciak\/\" \/>\n<meta property=\"og:site_name\" content=\"Eco-Cranes\" \/>\n<meta property=\"article:publisher\" content=\"https:\/\/www.facebook.com\/ecocranes\" \/>\n<meta property=\"og:image\" content=\"https:\/\/ecocranes.hu\/wp-content\/uploads\/2026\/09\/og_ecocranes.jpg\" \/>\n\t<meta property=\"og:image:width\" content=\"1200\" \/>\n\t<meta property=\"og:image:height\" content=\"630\" \/>\n\t<meta property=\"og:image:type\" content=\"image\/jpeg\" \/>\n<meta name=\"twitter:card\" content=\"summary_large_image\" \/>\n<script type=\"application\/ld+json\" class=\"yoast-schema-graph\">{\"@context\":\"https:\/\/schema.org\",\"@graph\":[{\"@type\":\"WebPage\",\"@id\":\"https:\/\/ecocranes.hu\/referenciak\/gyartasi-referenciak\/\",\"url\":\"https:\/\/ecocranes.hu\/referenciak\/gyartasi-referenciak\/\",\"name\":\"\u00daj emel\u00e9stechnikai rendszerek - Eco-Cranes\",\"isPartOf\":{\"@id\":\"https:\/\/ecocranes.hu\/#website\"},\"datePublished\":\"2026-09-01T18:41:25+00:00\",\"description\":\"\u00daj daruk \u00e9s emel\u0151berendez\u00e9sek tervez\u00e9se, gy\u00e1rt\u00e1sa, telep\u00edt\u00e9se \u2014 63 megval\u00f3sult h\u00edddaru-, forg\u00f3daru-, bakdaru- \u00e9s darup\u00e1lya-projekt.\",\"breadcrumb\":{\"@id\":\"https:\/\/ecocranes.hu\/referenciak\/gyartasi-referenciak\/#breadcrumb\"},\"inLanguage\":\"ro-RO\",\"potentialAction\":[{\"@type\":\"ReadAction\",\"target\":[\"https:\/\/ecocranes.hu\/referenciak\/gyartasi-referenciak\/\"]}],\"speakable\":{\"@type\":\"SpeakableSpecification\",\"cssSelector\":[\"h1\",\".elementor-widget-text-editor\"]}},{\"@type\":\"BreadcrumbList\",\"@id\":\"https:\/\/ecocranes.hu\/referenciak\/gyartasi-referenciak\/#breadcrumb\",\"itemListElement\":[{\"@type\":\"ListItem\",\"position\":1,\"name\":\"Home\",\"item\":\"https:\/\/ecocranes.hu\/en\/\"},{\"@type\":\"ListItem\",\"position\":2,\"name\":\"Referenci\u00e1k\",\"item\":\"https:\/\/ecocranes.hu\/referenciak\/\"},{\"@type\":\"ListItem\",\"position\":3,\"name\":\"\u00daj emel\u00e9stechnikai rendszerek\"}]},{\"@type\":\"WebSite\",\"@id\":\"https:\/\/ecocranes.hu\/#website\",\"url\":\"https:\/\/ecocranes.hu\/\",\"name\":\"Eco-Cranes\",\"description\":\"Daruk \u00e9s emel\u0151g\u00e9pek\",\"publisher\":{\"@id\":\"https:\/\/ecocranes.hu\/#organization\"},\"potentialAction\":[{\"@type\":\"SearchAction\",\"target\":{\"@type\":\"EntryPoint\",\"urlTemplate\":\"https:\/\/ecocranes.hu\/?s={search_term_string}\"},\"query-input\":{\"@type\":\"PropertyValueSpecification\",\"valueRequired\":true,\"valueName\":\"search_term_string\"}}],\"inLanguage\":\"ro-RO\"},{\"@type\":\"Organization\",\"@id\":\"https:\/\/ecocranes.hu\/#organization\",\"name\":\"Eco-Cranes\",\"url\":\"https:\/\/ecocranes.hu\/\",\"logo\":{\"@type\":\"ImageObject\",\"inLanguage\":\"ro-RO\",\"@id\":\"https:\/\/ecocranes.hu\/#\/schema\/logo\/image\/\",\"url\":\"https:\/\/ecocranes.hu\/wp-content\/uploads\/2025\/09\/eco-cranes-logo.png\",\"contentUrl\":\"https:\/\/ecocranes.hu\/wp-content\/uploads\/2025\/09\/eco-cranes-logo.png\",\"width\":180,\"height\":18,\"caption\":\"Eco-Cranes\"},\"image\":{\"@id\":\"https:\/\/ecocranes.hu\/#\/schema\/logo\/image\/\"},\"sameAs\":[\"https:\/\/www.facebook.com\/ecocranes\"],\"address\":{\"@type\":\"PostalAddress\",\"streetAddress\":\"Ybl Mikl\u00f3s utca 42.\",\"addressLocality\":\"F\u00f3t\",\"postalCode\":\"2151\",\"addressCountry\":\"HU\"},\"geo\":{\"@type\":\"GeoCoordinates\",\"latitude\":47.61583300000000207319317269138991832733154296875,\"longitude\":19.181837000000001580701791681349277496337890625},\"openingHoursSpecification\":[{\"@type\":\"OpeningHoursSpecification\",\"dayOfWeek\":[\"Monday\",\"Tuesday\",\"Wednesday\",\"Thursday\",\"Friday\"],\"opens\":\"08:00\",\"closes\":\"17:00\"}],\"description\":\"Daruk, h\u00edddaruk, forg\u00f3daruk \u00e9s hidraulikus emel\u0151asztalok tervez\u00e9se, gy\u00e1rt\u00e1sa, telep\u00edt\u00e9se, szervize \u00e9s id\u0151szakos vizsg\u00e1lata.\",\"email\":\"info@ecocranes.hu\",\"telephone\":\"+36 27 360823\",\"legalName\":\"ECO-CRANES HUNGARY Daruk \u00e9s Emel\u0151g\u00e9pek Korl\u00e1tolt Felel\u0151ss\u00e9g\u0171 T\u00e1rsas\u00e1g\",\"vatID\":\"11912606-2-13\"}]}<\/script>\n<!-- \/ Yoast SEO Premium plugin. -->","yoast_head_json":{"title":"\u00daj emel\u00e9stechnikai rendszerek - Eco-Cranes","description":"\u00daj daruk \u00e9s emel\u0151berendez\u00e9sek tervez\u00e9se, gy\u00e1rt\u00e1sa, telep\u00edt\u00e9se \u2014 63 megval\u00f3sult h\u00edddaru-, forg\u00f3daru-, bakdaru- \u00e9s darup\u00e1lya-projekt.","robots":{"index":"index","follow":"follow","max-snippet":"max-snippet:-1","max-image-preview":"max-image-preview:large","max-video-preview":"max-video-preview:-1"},"canonical":"https:\/\/ecocranes.hu\/ro\/referenciak\/gyartasi-referenciak\/","og_locale":"ro_RO","og_type":"article","og_title":"\u00daj emel\u00e9stechnikai rendszerek","og_description":"\u00daj daruk \u00e9s emel\u0151berendez\u00e9sek tervez\u00e9se, gy\u00e1rt\u00e1sa, telep\u00edt\u00e9se \u2014 63 megval\u00f3sult h\u00edddaru-, forg\u00f3daru-, bakdaru- \u00e9s darup\u00e1lya-projekt.","og_url":"https:\/\/ecocranes.hu\/ro\/referenciak\/gyartasi-referenciak\/","og_site_name":"Eco-Cranes","article_publisher":"https:\/\/www.facebook.com\/ecocranes","og_image":[{"width":1200,"height":630,"url":"https:\/\/ecocranes.hu\/wp-content\/uploads\/2026\/09\/og_ecocranes.jpg","type":"image\/jpeg"}],"twitter_card":"summary_large_image","schema":{"@context":"https:\/\/schema.org","@graph":[{"@type":"WebPage","@id":"https:\/\/ecocranes.hu\/referenciak\/gyartasi-referenciak\/","url":"https:\/\/ecocranes.hu\/referenciak\/gyartasi-referenciak\/","name":"\u00daj emel\u00e9stechnikai rendszerek - Eco-Cranes","isPartOf":{"@id":"https:\/\/ecocranes.hu\/#website"},"datePublished":"2026-09-01T18:41:25+00:00","description":"\u00daj daruk \u00e9s emel\u0151berendez\u00e9sek tervez\u00e9se, gy\u00e1rt\u00e1sa, telep\u00edt\u00e9se \u2014 63 megval\u00f3sult h\u00edddaru-, forg\u00f3daru-, bakdaru- \u00e9s darup\u00e1lya-projekt.","breadcrumb":{"@id":"https:\/\/ecocranes.hu\/referenciak\/gyartasi-referenciak\/#breadcrumb"},"inLanguage":"ro-RO","potentialAction":[{"@type":"ReadAction","target":["https:\/\/ecocranes.hu\/referenciak\/gyartasi-referenciak\/"]}],"speakable":{"@type":"SpeakableSpecification","cssSelector":["h1",".elementor-widget-text-editor"]}},{"@type":"BreadcrumbList","@id":"https:\/\/ecocranes.hu\/referenciak\/gyartasi-referenciak\/#breadcrumb","itemListElement":[{"@type":"ListItem","position":1,"name":"Home","item":"https:\/\/ecocranes.hu\/en\/"},{"@type":"ListItem","position":2,"name":"Referenci\u00e1k","item":"https:\/\/ecocranes.hu\/referenciak\/"},{"@type":"ListItem","position":3,"name":"\u00daj emel\u00e9stechnikai rendszerek"}]},{"@type":"WebSite","@id":"https:\/\/ecocranes.hu\/#website","url":"https:\/\/ecocranes.hu\/","name":"Eco-Cranes","description":"Macarale \u0219i utilaje de ridicare","publisher":{"@id":"https:\/\/ecocranes.hu\/#organization"},"potentialAction":[{"@type":"SearchAction","target":{"@type":"EntryPoint","urlTemplate":"https:\/\/ecocranes.hu\/?s={search_term_string}"},"query-input":{"@type":"PropertyValueSpecification","valueRequired":true,"valueName":"search_term_string"}}],"inLanguage":"ro-RO"},{"@type":"Organization","@id":"https:\/\/ecocranes.hu\/#organization","name":"Eco-Cranes","url":"https:\/\/ecocranes.hu\/","logo":{"@type":"ImageObject","inLanguage":"ro-RO","@id":"https:\/\/ecocranes.hu\/#\/schema\/logo\/image\/","url":"https:\/\/ecocranes.hu\/wp-content\/uploads\/2025\/09\/eco-cranes-logo.png","contentUrl":"https:\/\/ecocranes.hu\/wp-content\/uploads\/2025\/09\/eco-cranes-logo.png","width":180,"height":18,"caption":"Eco-Cranes"},"image":{"@id":"https:\/\/ecocranes.hu\/#\/schema\/logo\/image\/"},"sameAs":["https:\/\/www.facebook.com\/ecocranes"],"address":{"@type":"PostalAddress","streetAddress":"Ybl Mikl\u00f3s utca 42.","addressLocality":"F\u00f3t","postalCode":"2151","addressCountry":"HU"},"geo":{"@type":"GeoCoordinates","latitude":47.61583300000000207319317269138991832733154296875,"longitude":19.181837000000001580701791681349277496337890625},"openingHoursSpecification":[{"@type":"OpeningHoursSpecification","dayOfWeek":["Monday","Tuesday","Wednesday","Thursday","Friday"],"opens":"08:00","closes":"17:00"}],"description":"Daruk, h\u00edddaruk, forg\u00f3daruk \u00e9s hidraulikus emel\u0151asztalok tervez\u00e9se, gy\u00e1rt\u00e1sa, telep\u00edt\u00e9se, szervize \u00e9s id\u0151szakos vizsg\u00e1lata.","email":"info@ecocranes.hu","telephone":"+36 27 360823","legalName":"ECO-CRANES HUNGARY Daruk \u00e9s Emel\u0151g\u00e9pek Korl\u00e1tolt Felel\u0151ss\u00e9g\u0171 T\u00e1rsas\u00e1g","vatID":"11912606-2-13"}]}},"_links":{"self":[{"href":"https:\/\/ecocranes.hu\/ro\/wp-json\/wp\/v2\/pages\/11739","targetHints":{"allow":["GET"]}}],"collection":[{"href":"https:\/\/ecocranes.hu\/ro\/wp-json\/wp\/v2\/pages"}],"about":[{"href":"https:\/\/ecocranes.hu\/ro\/wp-json\/wp\/v2\/types\/page"}],"replies":[{"embeddable":true,"href":"https:\/\/ecocranes.hu\/ro\/wp-json\/wp\/v2\/comments?post=11739"}],"version-history":[{"count":1,"href":"https:\/\/ecocranes.hu\/ro\/wp-json\/wp\/v2\/pages\/11739\/revisions"}],"predecessor-version":[{"id":11744,"href":"https:\/\/ecocranes.hu\/ro\/wp-json\/wp\/v2\/pages\/11739\/revisions\/11744"}],"up":[{"embeddable":true,"href":"https:\/\/ecocranes.hu\/ro\/wp-json\/wp\/v2\/pages\/11738"}],"wp:attachment":[{"href":"https:\/\/ecocranes.hu\/ro\/wp-json\/wp\/v2\/media?parent=11739"}],"curies":[{"name":"wp","href":"https:\/\/api.w.org\/{rel}","templated":true}]}}