{"id":11644,"date":"2026-09-01T20:41:29","date_gmt":"2026-09-01T18:41:29","guid":{"rendered":"https:\/\/ecocranes.hu\/?post_type=referencia&#038;p=11644"},"modified":"2026-09-03T14:33:55","modified_gmt":"2026-09-03T12:33:55","slug":"fuggesztekek-es-teherfelvevo-eszkozok-vizsgalata-biztonsagosan-hasznalhatok-meg","status":"publish","type":"referencia","link":"https:\/\/ecocranes.hu\/en\/referenciak\/fuggesztekek-es-teherfelvevo-eszkozok-vizsgalata-biztonsagosan-hasznalhatok-meg\/","title":{"rendered":"Inspection of slings and load-bearing equipment \u2013 are they still safe to use?"},"content":{"rendered":"<h2>Gyakorlati Eco-Cranes szerviztapasztalatok<\/h2>\n<p>Az Eco-Cranes munk\u00e1i k\u00f6z\u00f6tt f\u00fcggeszt\u00e9kek f\u0151vizsg\u00e1lata, szerkezeti vizsg\u00e1lata, 23 darab f\u00fcggeszt\u00e9k egy\u00fcttes f\u0151vizsg\u00e1lata, valamint daruk \u00e9s f\u00fcggeszt\u00e9kek k\u00f6z\u00f6s karbantart\u00e1si-vizsg\u00e1lati munk\u00e1i is szerepelnek.<\/p>\n<h2>Mikor melyik megold\u00e1s indokolt?<\/h2>\n<p>Az EBSZ a teherfelvev\u0151 eszk\u00f6z\u00f6kre is kiterjed, \u00e9s el\u0151\u00edrja a vizsg\u00e1lati eredm\u00e9nyek dokument\u00e1l\u00e1s\u00e1t. A publikus oldal nem helyettes\u00edti a szak\u00e9rt\u0151i vizsg\u00e1latot \u00e9s nem ad DIY selejtez\u00e9si hat\u00e1r\u00e9rt\u00e9keket.<\/p>\n<h2>Jogszab\u00e1lyi \/ vizsg\u00e1lati h\u00e1tt\u00e9r<\/h2>\n<p>A kapcsol\u00f3d\u00f3 \u00e1ll\u00edt\u00e1sokat a 47\/1999. (VIII. 4.) GM rendelettel kiadott Emel\u0151g\u00e9p Biztons\u00e1gi Szab\u00e1lyzat alapj\u00e1n ellen\u0151rizt\u00fck. Hivatalos forr\u00e1s: https:\/\/njt.jog.gov.hu\/jogszabaly\/1999-47-20-83.4<\/p>\n<p>Kapcsol\u00f3d\u00f3 szakmai oldal: Eco-Cranes szerviz, karbantart\u00e1s \u00e9s emel\u0151g\u00e9p-vizsg\u00e1lat<\/p>","protected":false},"excerpt":{"rendered":"<p>A f\u00fcggeszt\u00e9kek \u00e9s teherfelvev\u0151 eszk\u00f6z\u00f6k \u00e1llapot\u00e1t nem c\u00e9lszer\u0171 kiz\u00e1r\u00f3lag haszn\u00e1lat k\u00f6zbeni benyom\u00e1s alapj\u00e1n meg\u00edt\u00e9lni. A vizsg\u00e1lat c\u00e9lja az azonos\u00edthat\u00f3 \u00e1llapot \u00e9s a tov\u00e1bbi haszn\u00e1lhat\u00f3s\u00e1g szakszer\u0171 \u00e9rt\u00e9kel\u00e9se.<\/p>","protected":false},"featured_media":8838,"menu_order":0,"template":"","meta":{"_acf_changed":false,"footnotes":""},"ref_tipus":[238],"ref_berendezes":[259],"ref_iparag":[],"ref_problema":[267],"class_list":["post-11644","referencia","type-referencia","status-publish","has-post-thumbnail","hentry","ref_tipus-problemak-es-megoldasok","ref_berendezes-fuggesztek-es-kotozoeszkoz","ref_problema-vizsgalat","has-thumb"],"acf":[],"yoast_head":"<!-- This site is optimized with the Yoast SEO Premium plugin v26.2 (Yoast SEO v26.6) - https:\/\/yoast.com\/wordpress\/plugins\/seo\/ -->\n<title>F\u00fcggeszt\u00e9kek vizsg\u00e1lata \u2013 haszn\u00e1lhat\u00f3k m\u00e9g biztons\u00e1gosan?<\/title>\n<meta name=\"description\" content=\"A f\u00fcggeszt\u00e9kek \u00e1llapot\u00e1t nem c\u00e9lszer\u0171 haszn\u00e1lat k\u00f6zbeni benyom\u00e1s alapj\u00e1n meg\u00edt\u00e9lni. A vizsg\u00e1lat az \u00e1llapotot \u00e9s a tov\u00e1bbi haszn\u00e1lhat\u00f3s\u00e1got tiszt\u00e1zza.\" \/>\n<meta name=\"robots\" content=\"index, follow, max-snippet:-1, max-image-preview:large, max-video-preview:-1\" \/>\n<link rel=\"canonical\" href=\"https:\/\/ecocranes.hu\/en\/referenciak\/fuggesztekek-es-teherfelvevo-eszkozok-vizsgalata-biztonsagosan-hasznalhatok-meg\/\" \/>\n<meta property=\"og:locale\" content=\"en_GB\" \/>\n<meta property=\"og:type\" content=\"article\" \/>\n<meta property=\"og:title\" content=\"F\u00fcggeszt\u00e9kek \u00e9s teherfelvev\u0151 eszk\u00f6z\u00f6k vizsg\u00e1lata \u2013 biztons\u00e1gosan haszn\u00e1lhat\u00f3k m\u00e9g?\" \/>\n<meta property=\"og:description\" content=\"A f\u00fcggeszt\u00e9kek \u00e1llapot\u00e1t nem c\u00e9lszer\u0171 haszn\u00e1lat k\u00f6zbeni benyom\u00e1s alapj\u00e1n meg\u00edt\u00e9lni. A vizsg\u00e1lat az \u00e1llapotot \u00e9s a tov\u00e1bbi haszn\u00e1lhat\u00f3s\u00e1got tiszt\u00e1zza.\" \/>\n<meta property=\"og:url\" content=\"https:\/\/ecocranes.hu\/en\/referenciak\/fuggesztekek-es-teherfelvevo-eszkozok-vizsgalata-biztonsagosan-hasznalhatok-meg\/\" \/>\n<meta property=\"og:site_name\" content=\"Eco-Cranes\" \/>\n<meta property=\"article:publisher\" content=\"https:\/\/www.facebook.com\/ecocranes\" \/>\n<meta property=\"article:modified_time\" content=\"2026-09-03T12:33:55+00:00\" \/>\n<meta property=\"og:image\" content=\"https:\/\/ecocranes.hu\/wp-content\/uploads\/2025\/11\/egyedi_megfogok_09-1-400x300-1.jpg\" \/>\n\t<meta property=\"og:image:width\" content=\"400\" \/>\n\t<meta property=\"og:image:height\" content=\"300\" \/>\n\t<meta property=\"og:image:type\" content=\"image\/jpeg\" \/>\n<meta name=\"twitter:card\" content=\"summary_large_image\" \/>\n<meta name=\"twitter:label1\" content=\"Estimated reading time\" \/>\n\t<meta name=\"twitter:data1\" content=\"1 minute\" \/>\n<script type=\"application\/ld+json\" class=\"yoast-schema-graph\">{\"@context\":\"https:\/\/schema.org\",\"@graph\":[{\"@type\":\"WebPage\",\"@id\":\"https:\/\/ecocranes.hu\/referenciak\/fuggesztekek-es-teherfelvevo-eszkozok-vizsgalata-biztonsagosan-hasznalhatok-meg\/\",\"url\":\"https:\/\/ecocranes.hu\/referenciak\/fuggesztekek-es-teherfelvevo-eszkozok-vizsgalata-biztonsagosan-hasznalhatok-meg\/\",\"name\":\"F\u00fcggeszt\u00e9kek vizsg\u00e1lata \u2013 haszn\u00e1lhat\u00f3k m\u00e9g biztons\u00e1gosan?\",\"isPartOf\":{\"@id\":\"https:\/\/ecocranes.hu\/#website\"},\"primaryImageOfPage\":{\"@id\":\"https:\/\/ecocranes.hu\/referenciak\/fuggesztekek-es-teherfelvevo-eszkozok-vizsgalata-biztonsagosan-hasznalhatok-meg\/#primaryimage\"},\"image\":{\"@id\":\"https:\/\/ecocranes.hu\/referenciak\/fuggesztekek-es-teherfelvevo-eszkozok-vizsgalata-biztonsagosan-hasznalhatok-meg\/#primaryimage\"},\"thumbnailUrl\":\"https:\/\/ecocranes.hu\/wp-content\/uploads\/2025\/11\/egyedi_megfogok_09-1-400x300-1.jpg\",\"datePublished\":\"2026-09-01T18:41:29+00:00\",\"dateModified\":\"2026-09-03T12:33:55+00:00\",\"description\":\"A f\u00fcggeszt\u00e9kek \u00e1llapot\u00e1t nem c\u00e9lszer\u0171 haszn\u00e1lat k\u00f6zbeni benyom\u00e1s alapj\u00e1n meg\u00edt\u00e9lni. A vizsg\u00e1lat az \u00e1llapotot \u00e9s a tov\u00e1bbi haszn\u00e1lhat\u00f3s\u00e1got tiszt\u00e1zza.\",\"breadcrumb\":{\"@id\":\"https:\/\/ecocranes.hu\/referenciak\/fuggesztekek-es-teherfelvevo-eszkozok-vizsgalata-biztonsagosan-hasznalhatok-meg\/#breadcrumb\"},\"inLanguage\":\"en-GB\",\"potentialAction\":[{\"@type\":\"ReadAction\",\"target\":[\"https:\/\/ecocranes.hu\/referenciak\/fuggesztekek-es-teherfelvevo-eszkozok-vizsgalata-biztonsagosan-hasznalhatok-meg\/\"]}],\"speakable\":{\"@type\":\"SpeakableSpecification\",\"cssSelector\":[\"h1\",\".elementor-widget-text-editor\"]}},{\"@type\":\"ImageObject\",\"inLanguage\":\"en-GB\",\"@id\":\"https:\/\/ecocranes.hu\/referenciak\/fuggesztekek-es-teherfelvevo-eszkozok-vizsgalata-biztonsagosan-hasznalhatok-meg\/#primaryimage\",\"url\":\"https:\/\/ecocranes.hu\/wp-content\/uploads\/2025\/11\/egyedi_megfogok_09-1-400x300-1.jpg\",\"contentUrl\":\"https:\/\/ecocranes.hu\/wp-content\/uploads\/2025\/11\/egyedi_megfogok_09-1-400x300-1.jpg\",\"width\":400,\"height\":300,\"caption\":\"Teherfelvev\u0151 eszk\u00f6z emel\u00e9si feladathoz\"},{\"@type\":\"BreadcrumbList\",\"@id\":\"https:\/\/ecocranes.hu\/referenciak\/fuggesztekek-es-teherfelvevo-eszkozok-vizsgalata-biztonsagosan-hasznalhatok-meg\/#breadcrumb\",\"itemListElement\":[{\"@type\":\"ListItem\",\"position\":1,\"name\":\"Home\",\"item\":\"https:\/\/ecocranes.hu\/en\/\"},{\"@type\":\"ListItem\",\"position\":2,\"name\":\"F\u00fcggeszt\u00e9kek \u00e9s teherfelvev\u0151 eszk\u00f6z\u00f6k vizsg\u00e1lata \u2013 biztons\u00e1gosan haszn\u00e1lhat\u00f3k m\u00e9g?\"}]},{\"@type\":\"WebSite\",\"@id\":\"https:\/\/ecocranes.hu\/#website\",\"url\":\"https:\/\/ecocranes.hu\/\",\"name\":\"Eco-Cranes\",\"description\":\"Daruk \u00e9s emel\u0151g\u00e9pek\",\"publisher\":{\"@id\":\"https:\/\/ecocranes.hu\/#organization\"},\"potentialAction\":[{\"@type\":\"SearchAction\",\"target\":{\"@type\":\"EntryPoint\",\"urlTemplate\":\"https:\/\/ecocranes.hu\/?s={search_term_string}\"},\"query-input\":{\"@type\":\"PropertyValueSpecification\",\"valueRequired\":true,\"valueName\":\"search_term_string\"}}],\"inLanguage\":\"en-GB\"},{\"@type\":\"Organization\",\"@id\":\"https:\/\/ecocranes.hu\/#organization\",\"name\":\"Eco-Cranes\",\"url\":\"https:\/\/ecocranes.hu\/\",\"logo\":{\"@type\":\"ImageObject\",\"inLanguage\":\"en-GB\",\"@id\":\"https:\/\/ecocranes.hu\/#\/schema\/logo\/image\/\",\"url\":\"https:\/\/ecocranes.hu\/wp-content\/uploads\/2025\/09\/eco-cranes-logo.png\",\"contentUrl\":\"https:\/\/ecocranes.hu\/wp-content\/uploads\/2025\/09\/eco-cranes-logo.png\",\"width\":180,\"height\":18,\"caption\":\"Eco-Cranes\"},\"image\":{\"@id\":\"https:\/\/ecocranes.hu\/#\/schema\/logo\/image\/\"},\"sameAs\":[\"https:\/\/www.facebook.com\/ecocranes\"],\"address\":{\"@type\":\"PostalAddress\",\"streetAddress\":\"Ybl Mikl\u00f3s utca 42.\",\"addressLocality\":\"F\u00f3t\",\"postalCode\":\"2151\",\"addressCountry\":\"HU\"},\"geo\":{\"@type\":\"GeoCoordinates\",\"latitude\":47.61583300000000207319317269138991832733154296875,\"longitude\":19.181837000000001580701791681349277496337890625},\"openingHoursSpecification\":[{\"@type\":\"OpeningHoursSpecification\",\"dayOfWeek\":[\"Monday\",\"Tuesday\",\"Wednesday\",\"Thursday\",\"Friday\"],\"opens\":\"08:00\",\"closes\":\"17:00\"}],\"description\":\"Daruk, h\u00edddaruk, forg\u00f3daruk \u00e9s hidraulikus emel\u0151asztalok tervez\u00e9se, gy\u00e1rt\u00e1sa, telep\u00edt\u00e9se, szervize \u00e9s id\u0151szakos vizsg\u00e1lata.\",\"email\":\"info@ecocranes.hu\",\"telephone\":\"+36 27 360823\",\"legalName\":\"ECO-CRANES HUNGARY Daruk \u00e9s Emel\u0151g\u00e9pek Korl\u00e1tolt Felel\u0151ss\u00e9g\u0171 T\u00e1rsas\u00e1g\",\"vatID\":\"11912606-2-13\"}]}<\/script>\n<!-- \/ Yoast SEO Premium plugin. -->","yoast_head_json":{"title":"F\u00fcggeszt\u00e9kek vizsg\u00e1lata \u2013 haszn\u00e1lhat\u00f3k m\u00e9g biztons\u00e1gosan?","description":"A f\u00fcggeszt\u00e9kek \u00e1llapot\u00e1t nem c\u00e9lszer\u0171 haszn\u00e1lat k\u00f6zbeni benyom\u00e1s alapj\u00e1n meg\u00edt\u00e9lni. A vizsg\u00e1lat az \u00e1llapotot \u00e9s a tov\u00e1bbi haszn\u00e1lhat\u00f3s\u00e1got tiszt\u00e1zza.","robots":{"index":"index","follow":"follow","max-snippet":"max-snippet:-1","max-image-preview":"max-image-preview:large","max-video-preview":"max-video-preview:-1"},"canonical":"https:\/\/ecocranes.hu\/en\/referenciak\/fuggesztekek-es-teherfelvevo-eszkozok-vizsgalata-biztonsagosan-hasznalhatok-meg\/","og_locale":"en_GB","og_type":"article","og_title":"F\u00fcggeszt\u00e9kek \u00e9s teherfelvev\u0151 eszk\u00f6z\u00f6k vizsg\u00e1lata \u2013 biztons\u00e1gosan haszn\u00e1lhat\u00f3k m\u00e9g?","og_description":"A f\u00fcggeszt\u00e9kek \u00e1llapot\u00e1t nem c\u00e9lszer\u0171 haszn\u00e1lat k\u00f6zbeni benyom\u00e1s alapj\u00e1n meg\u00edt\u00e9lni. A vizsg\u00e1lat az \u00e1llapotot \u00e9s a tov\u00e1bbi haszn\u00e1lhat\u00f3s\u00e1got tiszt\u00e1zza.","og_url":"https:\/\/ecocranes.hu\/en\/referenciak\/fuggesztekek-es-teherfelvevo-eszkozok-vizsgalata-biztonsagosan-hasznalhatok-meg\/","og_site_name":"Eco-Cranes","article_publisher":"https:\/\/www.facebook.com\/ecocranes","article_modified_time":"2026-09-03T12:33:55+00:00","og_image":[{"width":400,"height":300,"url":"https:\/\/ecocranes.hu\/wp-content\/uploads\/2025\/11\/egyedi_megfogok_09-1-400x300-1.jpg","type":"image\/jpeg"}],"twitter_card":"summary_large_image","twitter_misc":{"Estimated reading time":"1 minute"},"schema":{"@context":"https:\/\/schema.org","@graph":[{"@type":"WebPage","@id":"https:\/\/ecocranes.hu\/referenciak\/fuggesztekek-es-teherfelvevo-eszkozok-vizsgalata-biztonsagosan-hasznalhatok-meg\/","url":"https:\/\/ecocranes.hu\/referenciak\/fuggesztekek-es-teherfelvevo-eszkozok-vizsgalata-biztonsagosan-hasznalhatok-meg\/","name":"F\u00fcggeszt\u00e9kek vizsg\u00e1lata \u2013 haszn\u00e1lhat\u00f3k m\u00e9g biztons\u00e1gosan?","isPartOf":{"@id":"https:\/\/ecocranes.hu\/#website"},"primaryImageOfPage":{"@id":"https:\/\/ecocranes.hu\/referenciak\/fuggesztekek-es-teherfelvevo-eszkozok-vizsgalata-biztonsagosan-hasznalhatok-meg\/#primaryimage"},"image":{"@id":"https:\/\/ecocranes.hu\/referenciak\/fuggesztekek-es-teherfelvevo-eszkozok-vizsgalata-biztonsagosan-hasznalhatok-meg\/#primaryimage"},"thumbnailUrl":"https:\/\/ecocranes.hu\/wp-content\/uploads\/2025\/11\/egyedi_megfogok_09-1-400x300-1.jpg","datePublished":"2026-09-01T18:41:29+00:00","dateModified":"2026-09-03T12:33:55+00:00","description":"A f\u00fcggeszt\u00e9kek \u00e1llapot\u00e1t nem c\u00e9lszer\u0171 haszn\u00e1lat k\u00f6zbeni benyom\u00e1s alapj\u00e1n meg\u00edt\u00e9lni. A vizsg\u00e1lat az \u00e1llapotot \u00e9s a tov\u00e1bbi haszn\u00e1lhat\u00f3s\u00e1got tiszt\u00e1zza.","breadcrumb":{"@id":"https:\/\/ecocranes.hu\/referenciak\/fuggesztekek-es-teherfelvevo-eszkozok-vizsgalata-biztonsagosan-hasznalhatok-meg\/#breadcrumb"},"inLanguage":"en-GB","potentialAction":[{"@type":"ReadAction","target":["https:\/\/ecocranes.hu\/referenciak\/fuggesztekek-es-teherfelvevo-eszkozok-vizsgalata-biztonsagosan-hasznalhatok-meg\/"]}],"speakable":{"@type":"SpeakableSpecification","cssSelector":["h1",".elementor-widget-text-editor"]}},{"@type":"ImageObject","inLanguage":"en-GB","@id":"https:\/\/ecocranes.hu\/referenciak\/fuggesztekek-es-teherfelvevo-eszkozok-vizsgalata-biztonsagosan-hasznalhatok-meg\/#primaryimage","url":"https:\/\/ecocranes.hu\/wp-content\/uploads\/2025\/11\/egyedi_megfogok_09-1-400x300-1.jpg","contentUrl":"https:\/\/ecocranes.hu\/wp-content\/uploads\/2025\/11\/egyedi_megfogok_09-1-400x300-1.jpg","width":400,"height":300,"caption":"Teherfelvev\u0151 eszk\u00f6z emel\u00e9si feladathoz"},{"@type":"BreadcrumbList","@id":"https:\/\/ecocranes.hu\/referenciak\/fuggesztekek-es-teherfelvevo-eszkozok-vizsgalata-biztonsagosan-hasznalhatok-meg\/#breadcrumb","itemListElement":[{"@type":"ListItem","position":1,"name":"Home","item":"https:\/\/ecocranes.hu\/en\/"},{"@type":"ListItem","position":2,"name":"F\u00fcggeszt\u00e9kek \u00e9s teherfelvev\u0151 eszk\u00f6z\u00f6k vizsg\u00e1lata \u2013 biztons\u00e1gosan haszn\u00e1lhat\u00f3k m\u00e9g?"}]},{"@type":"WebSite","@id":"https:\/\/ecocranes.hu\/#website","url":"https:\/\/ecocranes.hu\/","name":"Eco-Cranes","description":"Cranes and lifting equipment","publisher":{"@id":"https:\/\/ecocranes.hu\/#organization"},"potentialAction":[{"@type":"SearchAction","target":{"@type":"EntryPoint","urlTemplate":"https:\/\/ecocranes.hu\/?s={search_term_string}"},"query-input":{"@type":"PropertyValueSpecification","valueRequired":true,"valueName":"search_term_string"}}],"inLanguage":"en-GB"},{"@type":"Organization","@id":"https:\/\/ecocranes.hu\/#organization","name":"Eco-Cranes","url":"https:\/\/ecocranes.hu\/","logo":{"@type":"ImageObject","inLanguage":"en-GB","@id":"https:\/\/ecocranes.hu\/#\/schema\/logo\/image\/","url":"https:\/\/ecocranes.hu\/wp-content\/uploads\/2025\/09\/eco-cranes-logo.png","contentUrl":"https:\/\/ecocranes.hu\/wp-content\/uploads\/2025\/09\/eco-cranes-logo.png","width":180,"height":18,"caption":"Eco-Cranes"},"image":{"@id":"https:\/\/ecocranes.hu\/#\/schema\/logo\/image\/"},"sameAs":["https:\/\/www.facebook.com\/ecocranes"],"address":{"@type":"PostalAddress","streetAddress":"Ybl Mikl\u00f3s utca 42.","addressLocality":"F\u00f3t","postalCode":"2151","addressCountry":"HU"},"geo":{"@type":"GeoCoordinates","latitude":47.61583300000000207319317269138991832733154296875,"longitude":19.181837000000001580701791681349277496337890625},"openingHoursSpecification":[{"@type":"OpeningHoursSpecification","dayOfWeek":["Monday","Tuesday","Wednesday","Thursday","Friday"],"opens":"08:00","closes":"17:00"}],"description":"Design, manufacture, installation, servicing and periodic inspection of cranes, bridge cranes, slewing cranes and hydraulic lifting tables.","email":"info@ecocranes.hu","telephone":"+36 27 360823","legalName":"ECO-CRANES HUNGARY Daruk \u00e9s Emel\u0151g\u00e9pek Korl\u00e1tolt Felel\u0151ss\u00e9g\u0171 T\u00e1rsas\u00e1g","vatID":"11912606-2-13"}]}},"_links":{"self":[{"href":"https:\/\/ecocranes.hu\/en\/wp-json\/wp\/v2\/referencia\/11644","targetHints":{"allow":["GET"]}}],"collection":[{"href":"https:\/\/ecocranes.hu\/en\/wp-json\/wp\/v2\/referencia"}],"about":[{"href":"https:\/\/ecocranes.hu\/en\/wp-json\/wp\/v2\/types\/referencia"}],"version-history":[{"count":1,"href":"https:\/\/ecocranes.hu\/en\/wp-json\/wp\/v2\/referencia\/11644\/revisions"}],"predecessor-version":[{"id":11727,"href":"https:\/\/ecocranes.hu\/en\/wp-json\/wp\/v2\/referencia\/11644\/revisions\/11727"}],"wp:featuredmedia":[{"embeddable":true,"href":"https:\/\/ecocranes.hu\/en\/wp-json\/wp\/v2\/media\/8838"}],"wp:attachment":[{"href":"https:\/\/ecocranes.hu\/en\/wp-json\/wp\/v2\/media?parent=11644"}],"wp:term":[{"taxonomy":"ref_tipus","embeddable":true,"href":"https:\/\/ecocranes.hu\/en\/wp-json\/wp\/v2\/ref_tipus?post=11644"},{"taxonomy":"ref_berendezes","embeddable":true,"href":"https:\/\/ecocranes.hu\/en\/wp-json\/wp\/v2\/ref_berendezes?post=11644"},{"taxonomy":"ref_iparag","embeddable":true,"href":"https:\/\/ecocranes.hu\/en\/wp-json\/wp\/v2\/ref_iparag?post=11644"},{"taxonomy":"ref_problema","embeddable":true,"href":"https:\/\/ecocranes.hu\/en\/wp-json\/wp\/v2\/ref_problema?post=11644"}],"curies":[{"name":"wp","href":"https:\/\/api.w.org\/{rel}","templated":true}]}}