{"id":11592,"date":"2026-09-01T20:42:01","date_gmt":"2026-09-01T18:42:01","guid":{"rendered":"https:\/\/ecocranes.hu\/?post_type=referencia&#038;p=11592"},"modified":"2026-09-03T14:33:20","modified_gmt":"2026-09-03T12:33:20","slug":"8-t-teherbirasu-hiddaru-16-9-meteres-fesztavval-epitoipari-uzemi-kornyezet-szamara","status":"publish","type":"referencia","link":"https:\/\/ecocranes.hu\/en\/referenciak\/8-t-teherbirasu-hiddaru-16-9-meteres-fesztavval-epitoipari-uzemi-kornyezet-szamara\/","title":{"rendered":"8 t teherb\u00edr\u00e1s\u00fa h\u00edddaru 16,9 m\u00e9teres feszt\u00e1vval \u00e9p\u00edt\u0151ipari \u00fczemi k\u00f6rnyezet sz\u00e1m\u00e1ra"},"content":{"rendered":"<h2>A probl\u00e9ma \u00e9s a feladat<\/h2>\n<p>Az Eco-Cranes feladata a k\u00f6vetkez\u0151 megold\u00e1s kialak\u00edt\u00e1sa, illetve sz\u00e1ll\u00edt\u00e1sa volt: k\u00e9tf\u0151tart\u00f3s fel\u00fclfut\u00f3 h\u00edddaru, valamint egyf\u0151tart\u00f3s fel\u00fclfut\u00f3 h\u00edddaru, valamint darup\u00e1lya. A rendszert a megadott teherb\u00edr\u00e1sokhoz, a csarnok feszt\u00e1vj\u00e1hoz, a sz\u00fcks\u00e9ges hosszir\u00e1ny\u00fa mozg\u00e1si \u00fathoz kellett igaz\u00edtani. A m\u0171szaki kialak\u00edt\u00e1sn\u00e1l a mozgatand\u00f3 teher, a rendelkez\u00e9sre \u00e1ll\u00f3 t\u00e9r, a sz\u00fcks\u00e9ges mozg\u00e1si tartom\u00e1ny \u00e9s a fogad\u00f3szerkezet adotts\u00e1gai egy\u00fcttesen hat\u00e1rozt\u00e1k meg a megold\u00e1s f\u0151 param\u00e9tereit.<\/p>\n<h2>A gy\u00e1rt\u00e1si k\u00f6rnyezet<\/h2>\n<p>A megrendel\u0151 f\u0151 tev\u00e9kenys\u00e9gi ter\u00fclete: \u00e9p\u00edt\u0151ipar.<\/p>\n<p>A h\u00edddaru a munkater\u00fclet fels\u0151 z\u00f3n\u00e1j\u00e1ban mozog, ez\u00e9rt a terhet a csarnok sz\u00e9less\u00e9gi \u00e9s hosszir\u00e1ny\u00e1ban is el\u00e9rhet\u0151v\u00e9 teheti. A kialak\u00edt\u00e1sn\u00e1l a teherb\u00edr\u00e1s, a feszt\u00e1v, a p\u00e1lyahossz, az emel\u00e9si magass\u00e1g, a haszn\u00e1lati gyakoris\u00e1g \u00e9s a csarnok tart\u00f3szerkezete egym\u00e1ssal \u00f6sszef\u00fcgg\u0151 m\u0171szaki szempont.<\/p>\n<h2>The solution<\/h2>\n<ul>\n<li>F\u0151 megold\u00e1s: k\u00e9tf\u0151tart\u00f3s fel\u00fclfut\u00f3 h\u00edddaru, egyf\u0151tart\u00f3s fel\u00fclfut\u00f3 h\u00edddaru, darup\u00e1lya<\/li>\n<li>H\u00edddaru: 1 db<\/li>\n<li>N\u00e9vleges teherb\u00edr\u00e1s: 8 t, 20 t<\/li>\n<li>Feszt\u00e1v: 16,9 m, 12,2 m<\/li>\n<li>Darup\u00e1lya vagy p\u00e1lyahossz: 18 m, 19,4 m<\/li>\n<li>Kapcsol\u00f3d\u00f3 kialak\u00edt\u00e1s \u00e9s szolg\u00e1ltat\u00e1s: SWF emel\u0151berendez\u00e9s, telep\u00edt\u00e9s<\/li>\n<\/ul>\n<p>A daru \u00e9s a darup\u00e1lya egy\u00fctt alkotja a mozg\u00e1si rendszert. A f\u0151tart\u00f3 ment\u00e9n v\u00e9gzett keresztir\u00e1ny\u00fa mozg\u00e1s \u00e9s a darup\u00e1ly\u00e1n t\u00f6rt\u00e9n\u0151 hosszir\u00e1ny\u00fa halad\u00e1s hat\u00e1rozza meg a kiszolg\u00e1lhat\u00f3 ter\u00fcletet. A v\u00e9g\u00e1ll\u00e1sok, a megk\u00f6zel\u00edthet\u0151s\u00e9g \u00e9s a karbantart\u00e1si hozz\u00e1f\u00e9r\u00e9s a rendszer kialak\u00edt\u00e1s\u00e1nak r\u00e9sze.<\/p>\n<p>A rendszer haszn\u00e1lhat\u00f3s\u00e1g\u00e1t a n\u00e9vleges adatok mellett a teher megk\u00f6zel\u00edthet\u0151s\u00e9ge, a kezel\u0151 munkater\u00fclete, a v\u00e9ghelyzetek \u00e9s a karbantart\u00e1si hozz\u00e1f\u00e9r\u00e9s is meghat\u00e1rozza. Ezeket a berendez\u00e9s \u00e9s a k\u00f6rnyez\u0151 technol\u00f3gia kapcsolat\u00e1ban kell kezelni.<\/p>\n<p>A rendszer el\u0151k\u00e9sz\u00edt\u00e9s\u00e9n\u00e9l a n\u00e9vleges teher mellett a daru \u00f6ns\u00faly\u00e1t, a fut\u00f3m\u0171vek ker\u00e9kterhel\u00e9s\u00e9t, a p\u00e1lya megt\u00e1maszt\u00e1s\u00e1t \u00e9s az \u00e9p\u00fcletszerkezet teherfelv\u00e9tel\u00e9t is \u00f6ssze kell hangolni. A horog fels\u0151 \u00e9s oldals\u00f3 megk\u00f6zel\u00edt\u00e9se, az \u00e1ramell\u00e1t\u00e1s vezet\u00e9se, a vez\u00e9rl\u00e9s m\u00f3dja \u00e9s a tervezett \u00fczemi ciklus egyar\u00e1nt befoly\u00e1solja, hogy a daru a kijel\u00f6lt munkapontokat t\u00e9nylegesen el\u00e9rje.<\/p>\n<p>A m\u0171szaki egyeztet\u00e9sben a kiindul\u00e1si \u00e9s c\u00e9lpoz\u00edci\u00f3kat, az emel\u00e9s gyakoris\u00e1g\u00e1t, a kezel\u0151 mozg\u00e1s\u00e1t \u00e9s a k\u00f6rnyez\u0151 g\u00e9pek hely\u00e9t is \u00e9rdemes r\u00f6gz\u00edteni. \u00cdgy a n\u00e9vleges param\u00e9terek mellett az is l\u00e1that\u00f3v\u00e1 v\u00e1lik, hogyan kapcsol\u00f3dik az emel\u0151berendez\u00e9s a napi munkafolyamathoz.<\/p>\n<h2>Milyen probl\u00e9m\u00e1ra ad v\u00e1laszt?<\/h2>\n<p>A megold\u00e1s arra ad v\u00e1laszt, amikor a csarnokon bel\u00fcl nagyobb munkater\u00fcletet kell k\u00f6t\u00f6tt, j\u00f3l meghat\u00e1rozhat\u00f3 emel\u00e9si \u00fatvonallal kiszolg\u00e1lni. A fels\u0151 p\u00e1ly\u00e1n mozg\u00f3 daru nem foglal \u00e1lland\u00f3 padl\u00f3szinti k\u00f6zleked\u0151s\u00e1vot, ez\u00e9rt az emel\u00e9si feladat \u00f6sszehangolhat\u00f3 a gy\u00e1rt\u00e1si \u00e9s logisztikai \u00fatvonalakkal.<\/p>","protected":false},"excerpt":{"rendered":"<p>Egy \u00e9p\u00edt\u0151ipari \u00fczemi k\u00f6rnyezet emel\u00e9si feladat\u00e1hoz k\u00e9tf\u0151tart\u00f3s fel\u00fclfut\u00f3 h\u00edddaru k\u00e9sz\u00fclt. Teherb\u00edr\u00e1s 8 t, 20 t, feszt\u00e1v 16,9 m, 12,2 m.<\/p>","protected":false},"featured_media":9889,"menu_order":0,"template":"","meta":{"_acf_changed":false,"footnotes":""},"ref_tipus":[236],"ref_berendezes":[260],"ref_iparag":[253],"ref_problema":[269],"class_list":["post-11592","referencia","type-referencia","status-publish","has-post-thumbnail","hentry","ref_tipus-gyartasi-referenciak","ref_berendezes-hiddaru","ref_iparag-epitoipar-es-epitoanyag","ref_problema-uj-telepites","has-thumb"],"acf":[],"yoast_head":"<!-- This site is optimized with the Yoast SEO Premium plugin v26.2 (Yoast SEO v26.6) - https:\/\/yoast.com\/wordpress\/plugins\/seo\/ -->\n<title>8 t teherb\u00edr\u00e1s\u00fa h\u00edddaru 16,9 m\u00e9teres feszt\u00e1vval \u00e9p\u00edt\u0151ipa<\/title>\n<meta name=\"description\" content=\"8 t teherb\u00edr\u00e1s\u00fa h\u00edddaru 16,9 m\u00e9teres feszt\u00e1vval \u00e9p\u00edt\u0151ipari \u00fczemi k\u00f6rnyezet sz\u00e1m\u00e1ra. H\u00edddaru: 1 db, N\u00e9vleges teherb\u00edr\u00e1s: 8 t, 20 t.\" \/>\n<meta name=\"robots\" content=\"index, follow, max-snippet:-1, max-image-preview:large, max-video-preview:-1\" \/>\n<link rel=\"canonical\" href=\"https:\/\/ecocranes.hu\/en\/referenciak\/8-t-teherbirasu-hiddaru-16-9-meteres-fesztavval-epitoipari-uzemi-kornyezet-szamara\/\" \/>\n<meta property=\"og:locale\" content=\"en_GB\" \/>\n<meta property=\"og:type\" content=\"article\" \/>\n<meta property=\"og:title\" content=\"8 t teherb\u00edr\u00e1s\u00fa h\u00edddaru 16,9 m\u00e9teres feszt\u00e1vval \u00e9p\u00edt\u0151ipari \u00fczemi k\u00f6rnyezet sz\u00e1m\u00e1ra\" \/>\n<meta property=\"og:description\" content=\"8 t teherb\u00edr\u00e1s\u00fa h\u00edddaru 16,9 m\u00e9teres feszt\u00e1vval \u00e9p\u00edt\u0151ipari \u00fczemi k\u00f6rnyezet sz\u00e1m\u00e1ra. H\u00edddaru: 1 db, N\u00e9vleges teherb\u00edr\u00e1s: 8 t, 20 t.\" \/>\n<meta property=\"og:url\" content=\"https:\/\/ecocranes.hu\/en\/referenciak\/8-t-teherbirasu-hiddaru-16-9-meteres-fesztavval-epitoipari-uzemi-kornyezet-szamara\/\" \/>\n<meta property=\"og:site_name\" content=\"Eco-Cranes\" \/>\n<meta property=\"article:publisher\" content=\"https:\/\/www.facebook.com\/ecocranes\" \/>\n<meta property=\"article:modified_time\" content=\"2026-09-03T12:33:20+00:00\" \/>\n<meta property=\"og:image\" content=\"https:\/\/ecocranes.hu\/wp-content\/uploads\/2025\/11\/K.-EL.-R.-32t-10-scaled.jpg\" \/>\n\t<meta property=\"og:image:width\" content=\"2560\" \/>\n\t<meta property=\"og:image:height\" content=\"1920\" \/>\n\t<meta property=\"og:image:type\" content=\"image\/jpeg\" \/>\n<meta name=\"twitter:card\" content=\"summary_large_image\" \/>\n<meta name=\"twitter:label1\" content=\"Estimated reading time\" \/>\n\t<meta name=\"twitter:data1\" content=\"3 minutes\" \/>\n<script type=\"application\/ld+json\" class=\"yoast-schema-graph\">{\"@context\":\"https:\/\/schema.org\",\"@graph\":[{\"@type\":\"WebPage\",\"@id\":\"https:\/\/ecocranes.hu\/referenciak\/8-t-teherbirasu-hiddaru-16-9-meteres-fesztavval-epitoipari-uzemi-kornyezet-szamara\/\",\"url\":\"https:\/\/ecocranes.hu\/referenciak\/8-t-teherbirasu-hiddaru-16-9-meteres-fesztavval-epitoipari-uzemi-kornyezet-szamara\/\",\"name\":\"8 t teherb\u00edr\u00e1s\u00fa h\u00edddaru 16,9 m\u00e9teres feszt\u00e1vval \u00e9p\u00edt\u0151ipa\",\"isPartOf\":{\"@id\":\"https:\/\/ecocranes.hu\/#website\"},\"primaryImageOfPage\":{\"@id\":\"https:\/\/ecocranes.hu\/referenciak\/8-t-teherbirasu-hiddaru-16-9-meteres-fesztavval-epitoipari-uzemi-kornyezet-szamara\/#primaryimage\"},\"image\":{\"@id\":\"https:\/\/ecocranes.hu\/referenciak\/8-t-teherbirasu-hiddaru-16-9-meteres-fesztavval-epitoipari-uzemi-kornyezet-szamara\/#primaryimage\"},\"thumbnailUrl\":\"https:\/\/ecocranes.hu\/wp-content\/uploads\/2025\/11\/K.-EL.-R.-32t-10-scaled.jpg\",\"datePublished\":\"2026-09-01T18:42:01+00:00\",\"dateModified\":\"2026-09-03T12:33:20+00:00\",\"description\":\"8 t teherb\u00edr\u00e1s\u00fa h\u00edddaru 16,9 m\u00e9teres feszt\u00e1vval \u00e9p\u00edt\u0151ipari \u00fczemi k\u00f6rnyezet sz\u00e1m\u00e1ra. H\u00edddaru: 1 db, N\u00e9vleges teherb\u00edr\u00e1s: 8 t, 20 t.\",\"breadcrumb\":{\"@id\":\"https:\/\/ecocranes.hu\/referenciak\/8-t-teherbirasu-hiddaru-16-9-meteres-fesztavval-epitoipari-uzemi-kornyezet-szamara\/#breadcrumb\"},\"inLanguage\":\"en-GB\",\"potentialAction\":[{\"@type\":\"ReadAction\",\"target\":[\"https:\/\/ecocranes.hu\/referenciak\/8-t-teherbirasu-hiddaru-16-9-meteres-fesztavval-epitoipari-uzemi-kornyezet-szamara\/\"]}],\"speakable\":{\"@type\":\"SpeakableSpecification\",\"cssSelector\":[\"h1\",\".elementor-widget-text-editor\"]}},{\"@type\":\"ImageObject\",\"inLanguage\":\"en-GB\",\"@id\":\"https:\/\/ecocranes.hu\/referenciak\/8-t-teherbirasu-hiddaru-16-9-meteres-fesztavval-epitoipari-uzemi-kornyezet-szamara\/#primaryimage\",\"url\":\"https:\/\/ecocranes.hu\/wp-content\/uploads\/2025\/11\/K.-EL.-R.-32t-10-scaled.jpg\",\"contentUrl\":\"https:\/\/ecocranes.hu\/wp-content\/uploads\/2025\/11\/K.-EL.-R.-32t-10-scaled.jpg\",\"width\":2560,\"height\":1920,\"caption\":\"H\u00edddaru ipari csarnokban\"},{\"@type\":\"BreadcrumbList\",\"@id\":\"https:\/\/ecocranes.hu\/referenciak\/8-t-teherbirasu-hiddaru-16-9-meteres-fesztavval-epitoipari-uzemi-kornyezet-szamara\/#breadcrumb\",\"itemListElement\":[{\"@type\":\"ListItem\",\"position\":1,\"name\":\"Home\",\"item\":\"https:\/\/ecocranes.hu\/en\/\"},{\"@type\":\"ListItem\",\"position\":2,\"name\":\"8 t teherb\u00edr\u00e1s\u00fa h\u00edddaru 16,9 m\u00e9teres feszt\u00e1vval \u00e9p\u00edt\u0151ipari \u00fczemi k\u00f6rnyezet sz\u00e1m\u00e1ra\"}]},{\"@type\":\"WebSite\",\"@id\":\"https:\/\/ecocranes.hu\/#website\",\"url\":\"https:\/\/ecocranes.hu\/\",\"name\":\"Eco-Cranes\",\"description\":\"Daruk \u00e9s emel\u0151g\u00e9pek\",\"publisher\":{\"@id\":\"https:\/\/ecocranes.hu\/#organization\"},\"potentialAction\":[{\"@type\":\"SearchAction\",\"target\":{\"@type\":\"EntryPoint\",\"urlTemplate\":\"https:\/\/ecocranes.hu\/?s={search_term_string}\"},\"query-input\":{\"@type\":\"PropertyValueSpecification\",\"valueRequired\":true,\"valueName\":\"search_term_string\"}}],\"inLanguage\":\"en-GB\"},{\"@type\":\"Organization\",\"@id\":\"https:\/\/ecocranes.hu\/#organization\",\"name\":\"Eco-Cranes\",\"url\":\"https:\/\/ecocranes.hu\/\",\"logo\":{\"@type\":\"ImageObject\",\"inLanguage\":\"en-GB\",\"@id\":\"https:\/\/ecocranes.hu\/#\/schema\/logo\/image\/\",\"url\":\"https:\/\/ecocranes.hu\/wp-content\/uploads\/2025\/09\/eco-cranes-logo.png\",\"contentUrl\":\"https:\/\/ecocranes.hu\/wp-content\/uploads\/2025\/09\/eco-cranes-logo.png\",\"width\":180,\"height\":18,\"caption\":\"Eco-Cranes\"},\"image\":{\"@id\":\"https:\/\/ecocranes.hu\/#\/schema\/logo\/image\/\"},\"sameAs\":[\"https:\/\/www.facebook.com\/ecocranes\"],\"address\":{\"@type\":\"PostalAddress\",\"streetAddress\":\"Ybl Mikl\u00f3s utca 42.\",\"addressLocality\":\"F\u00f3t\",\"postalCode\":\"2151\",\"addressCountry\":\"HU\"},\"geo\":{\"@type\":\"GeoCoordinates\",\"latitude\":47.61583300000000207319317269138991832733154296875,\"longitude\":19.181837000000001580701791681349277496337890625},\"openingHoursSpecification\":[{\"@type\":\"OpeningHoursSpecification\",\"dayOfWeek\":[\"Monday\",\"Tuesday\",\"Wednesday\",\"Thursday\",\"Friday\"],\"opens\":\"08:00\",\"closes\":\"17:00\"}],\"description\":\"Daruk, h\u00edddaruk, forg\u00f3daruk \u00e9s hidraulikus emel\u0151asztalok tervez\u00e9se, gy\u00e1rt\u00e1sa, telep\u00edt\u00e9se, szervize \u00e9s id\u0151szakos vizsg\u00e1lata.\",\"email\":\"info@ecocranes.hu\",\"telephone\":\"+36 27 360823\",\"legalName\":\"ECO-CRANES HUNGARY Daruk \u00e9s Emel\u0151g\u00e9pek Korl\u00e1tolt Felel\u0151ss\u00e9g\u0171 T\u00e1rsas\u00e1g\",\"vatID\":\"11912606-2-13\"}]}<\/script>\n<!-- \/ Yoast SEO Premium plugin. -->","yoast_head_json":{"title":"8 t teherb\u00edr\u00e1s\u00fa h\u00edddaru 16,9 m\u00e9teres feszt\u00e1vval \u00e9p\u00edt\u0151ipa","description":"8 t teherb\u00edr\u00e1s\u00fa h\u00edddaru 16,9 m\u00e9teres feszt\u00e1vval \u00e9p\u00edt\u0151ipari \u00fczemi k\u00f6rnyezet sz\u00e1m\u00e1ra. H\u00edddaru: 1 db, N\u00e9vleges teherb\u00edr\u00e1s: 8 t, 20 t.","robots":{"index":"index","follow":"follow","max-snippet":"max-snippet:-1","max-image-preview":"max-image-preview:large","max-video-preview":"max-video-preview:-1"},"canonical":"https:\/\/ecocranes.hu\/en\/referenciak\/8-t-teherbirasu-hiddaru-16-9-meteres-fesztavval-epitoipari-uzemi-kornyezet-szamara\/","og_locale":"en_GB","og_type":"article","og_title":"8 t teherb\u00edr\u00e1s\u00fa h\u00edddaru 16,9 m\u00e9teres feszt\u00e1vval \u00e9p\u00edt\u0151ipari \u00fczemi k\u00f6rnyezet sz\u00e1m\u00e1ra","og_description":"8 t teherb\u00edr\u00e1s\u00fa h\u00edddaru 16,9 m\u00e9teres feszt\u00e1vval \u00e9p\u00edt\u0151ipari \u00fczemi k\u00f6rnyezet sz\u00e1m\u00e1ra. H\u00edddaru: 1 db, N\u00e9vleges teherb\u00edr\u00e1s: 8 t, 20 t.","og_url":"https:\/\/ecocranes.hu\/en\/referenciak\/8-t-teherbirasu-hiddaru-16-9-meteres-fesztavval-epitoipari-uzemi-kornyezet-szamara\/","og_site_name":"Eco-Cranes","article_publisher":"https:\/\/www.facebook.com\/ecocranes","article_modified_time":"2026-09-03T12:33:20+00:00","og_image":[{"width":2560,"height":1920,"url":"https:\/\/ecocranes.hu\/wp-content\/uploads\/2025\/11\/K.-EL.-R.-32t-10-scaled.jpg","type":"image\/jpeg"}],"twitter_card":"summary_large_image","twitter_misc":{"Estimated reading time":"3 minutes"},"schema":{"@context":"https:\/\/schema.org","@graph":[{"@type":"WebPage","@id":"https:\/\/ecocranes.hu\/referenciak\/8-t-teherbirasu-hiddaru-16-9-meteres-fesztavval-epitoipari-uzemi-kornyezet-szamara\/","url":"https:\/\/ecocranes.hu\/referenciak\/8-t-teherbirasu-hiddaru-16-9-meteres-fesztavval-epitoipari-uzemi-kornyezet-szamara\/","name":"8 t teherb\u00edr\u00e1s\u00fa h\u00edddaru 16,9 m\u00e9teres feszt\u00e1vval \u00e9p\u00edt\u0151ipa","isPartOf":{"@id":"https:\/\/ecocranes.hu\/#website"},"primaryImageOfPage":{"@id":"https:\/\/ecocranes.hu\/referenciak\/8-t-teherbirasu-hiddaru-16-9-meteres-fesztavval-epitoipari-uzemi-kornyezet-szamara\/#primaryimage"},"image":{"@id":"https:\/\/ecocranes.hu\/referenciak\/8-t-teherbirasu-hiddaru-16-9-meteres-fesztavval-epitoipari-uzemi-kornyezet-szamara\/#primaryimage"},"thumbnailUrl":"https:\/\/ecocranes.hu\/wp-content\/uploads\/2025\/11\/K.-EL.-R.-32t-10-scaled.jpg","datePublished":"2026-09-01T18:42:01+00:00","dateModified":"2026-09-03T12:33:20+00:00","description":"8 t teherb\u00edr\u00e1s\u00fa h\u00edddaru 16,9 m\u00e9teres feszt\u00e1vval \u00e9p\u00edt\u0151ipari \u00fczemi k\u00f6rnyezet sz\u00e1m\u00e1ra. H\u00edddaru: 1 db, N\u00e9vleges teherb\u00edr\u00e1s: 8 t, 20 t.","breadcrumb":{"@id":"https:\/\/ecocranes.hu\/referenciak\/8-t-teherbirasu-hiddaru-16-9-meteres-fesztavval-epitoipari-uzemi-kornyezet-szamara\/#breadcrumb"},"inLanguage":"en-GB","potentialAction":[{"@type":"ReadAction","target":["https:\/\/ecocranes.hu\/referenciak\/8-t-teherbirasu-hiddaru-16-9-meteres-fesztavval-epitoipari-uzemi-kornyezet-szamara\/"]}],"speakable":{"@type":"SpeakableSpecification","cssSelector":["h1",".elementor-widget-text-editor"]}},{"@type":"ImageObject","inLanguage":"en-GB","@id":"https:\/\/ecocranes.hu\/referenciak\/8-t-teherbirasu-hiddaru-16-9-meteres-fesztavval-epitoipari-uzemi-kornyezet-szamara\/#primaryimage","url":"https:\/\/ecocranes.hu\/wp-content\/uploads\/2025\/11\/K.-EL.-R.-32t-10-scaled.jpg","contentUrl":"https:\/\/ecocranes.hu\/wp-content\/uploads\/2025\/11\/K.-EL.-R.-32t-10-scaled.jpg","width":2560,"height":1920,"caption":"H\u00edddaru ipari csarnokban"},{"@type":"BreadcrumbList","@id":"https:\/\/ecocranes.hu\/referenciak\/8-t-teherbirasu-hiddaru-16-9-meteres-fesztavval-epitoipari-uzemi-kornyezet-szamara\/#breadcrumb","itemListElement":[{"@type":"ListItem","position":1,"name":"Home","item":"https:\/\/ecocranes.hu\/en\/"},{"@type":"ListItem","position":2,"name":"8 t teherb\u00edr\u00e1s\u00fa h\u00edddaru 16,9 m\u00e9teres feszt\u00e1vval \u00e9p\u00edt\u0151ipari \u00fczemi k\u00f6rnyezet sz\u00e1m\u00e1ra"}]},{"@type":"WebSite","@id":"https:\/\/ecocranes.hu\/#website","url":"https:\/\/ecocranes.hu\/","name":"Eco-Cranes","description":"Cranes and lifting equipment","publisher":{"@id":"https:\/\/ecocranes.hu\/#organization"},"potentialAction":[{"@type":"SearchAction","target":{"@type":"EntryPoint","urlTemplate":"https:\/\/ecocranes.hu\/?s={search_term_string}"},"query-input":{"@type":"PropertyValueSpecification","valueRequired":true,"valueName":"search_term_string"}}],"inLanguage":"en-GB"},{"@type":"Organization","@id":"https:\/\/ecocranes.hu\/#organization","name":"Eco-Cranes","url":"https:\/\/ecocranes.hu\/","logo":{"@type":"ImageObject","inLanguage":"en-GB","@id":"https:\/\/ecocranes.hu\/#\/schema\/logo\/image\/","url":"https:\/\/ecocranes.hu\/wp-content\/uploads\/2025\/09\/eco-cranes-logo.png","contentUrl":"https:\/\/ecocranes.hu\/wp-content\/uploads\/2025\/09\/eco-cranes-logo.png","width":180,"height":18,"caption":"Eco-Cranes"},"image":{"@id":"https:\/\/ecocranes.hu\/#\/schema\/logo\/image\/"},"sameAs":["https:\/\/www.facebook.com\/ecocranes"],"address":{"@type":"PostalAddress","streetAddress":"Ybl Mikl\u00f3s utca 42.","addressLocality":"F\u00f3t","postalCode":"2151","addressCountry":"HU"},"geo":{"@type":"GeoCoordinates","latitude":47.61583300000000207319317269138991832733154296875,"longitude":19.181837000000001580701791681349277496337890625},"openingHoursSpecification":[{"@type":"OpeningHoursSpecification","dayOfWeek":["Monday","Tuesday","Wednesday","Thursday","Friday"],"opens":"08:00","closes":"17:00"}],"description":"Design, manufacture, installation, servicing and periodic inspection of cranes, bridge cranes, slewing cranes and hydraulic lifting tables.","email":"info@ecocranes.hu","telephone":"+36 27 360823","legalName":"ECO-CRANES HUNGARY Daruk \u00e9s Emel\u0151g\u00e9pek Korl\u00e1tolt Felel\u0151ss\u00e9g\u0171 T\u00e1rsas\u00e1g","vatID":"11912606-2-13"}]}},"_links":{"self":[{"href":"https:\/\/ecocranes.hu\/en\/wp-json\/wp\/v2\/referencia\/11592","targetHints":{"allow":["GET"]}}],"collection":[{"href":"https:\/\/ecocranes.hu\/en\/wp-json\/wp\/v2\/referencia"}],"about":[{"href":"https:\/\/ecocranes.hu\/en\/wp-json\/wp\/v2\/types\/referencia"}],"version-history":[{"count":3,"href":"https:\/\/ecocranes.hu\/en\/wp-json\/wp\/v2\/referencia\/11592\/revisions"}],"predecessor-version":[{"id":11841,"href":"https:\/\/ecocranes.hu\/en\/wp-json\/wp\/v2\/referencia\/11592\/revisions\/11841"}],"wp:featuredmedia":[{"embeddable":true,"href":"https:\/\/ecocranes.hu\/en\/wp-json\/wp\/v2\/media\/9889"}],"wp:attachment":[{"href":"https:\/\/ecocranes.hu\/en\/wp-json\/wp\/v2\/media?parent=11592"}],"wp:term":[{"taxonomy":"ref_tipus","embeddable":true,"href":"https:\/\/ecocranes.hu\/en\/wp-json\/wp\/v2\/ref_tipus?post=11592"},{"taxonomy":"ref_berendezes","embeddable":true,"href":"https:\/\/ecocranes.hu\/en\/wp-json\/wp\/v2\/ref_berendezes?post=11592"},{"taxonomy":"ref_iparag","embeddable":true,"href":"https:\/\/ecocranes.hu\/en\/wp-json\/wp\/v2\/ref_iparag?post=11592"},{"taxonomy":"ref_problema","embeddable":true,"href":"https:\/\/ecocranes.hu\/en\/wp-json\/wp\/v2\/ref_problema?post=11592"}],"curies":[{"name":"wp","href":"https:\/\/api.w.org\/{rel}","templated":true}]}}