{"id":7319,"date":"2020-06-16T09:30:51","date_gmt":"2020-06-16T07:30:51","guid":{"rendered":"https:\/\/ecocranes.hu\/daru-emelo-vizsgalatokrol\/"},"modified":"2025-11-14T12:11:39","modified_gmt":"2025-11-14T11:11:39","slug":"daru-emelo-vizsgalatokrol","status":"publish","type":"page","link":"https:\/\/ecocranes.hu\/en\/daru-emelo-vizsgalatokrol\/","title":{"rendered":"Crane and hoist inspection procedures"},"content":{"rendered":"\t\t<div data-elementor-type=\"wp-page\" data-elementor-id=\"7319\" class=\"elementor elementor-7319\" data-elementor-post-type=\"page\">\n\t\t\t\t<div class=\"elementor-element elementor-element-e6469fd e-flex e-con-boxed e-con e-parent\" data-id=\"e6469fd\" data-element_type=\"container\" data-settings=\"{&quot;jet_parallax_layout_list&quot;:[]}\">\n\t\t\t\t\t<div class=\"e-con-inner\">\n\t\t\t\t<div class=\"elementor-element elementor-element-c17060e elementor-widget elementor-widget-n-accordion\" data-id=\"c17060e\" data-element_type=\"widget\" data-settings=\"{&quot;default_state&quot;:&quot;expanded&quot;,&quot;max_items_expended&quot;:&quot;one&quot;,&quot;n_accordion_animation_duration&quot;:{&quot;unit&quot;:&quot;ms&quot;,&quot;size&quot;:400,&quot;sizes&quot;:[]}}\" data-widget_type=\"nested-accordion.default\">\n\t\t\t\t\t\t\t<div class=\"e-n-accordion\" aria-label=\"Accordion. Open links with Enter or Space, close with Escape, and navigate with Arrow Keys\">\n\t\t\t\t\t\t<details id=\"e-n-accordion-item-2020\" class=\"e-n-accordion-item\" open>\n\t\t\t\t<summary class=\"e-n-accordion-item-title\" data-accordion-index=\"1\" tabindex=\"0\" aria-expanded=\"true\" aria-controls=\"e-n-accordion-item-2020\" >\n\t\t\t\t\t<span class='e-n-accordion-item-title-header'><div class=\"e-n-accordion-item-title-text\"> VIZSG\u00c1LATAINK EL\u0150NYEI <\/div><\/span>\n\t\t\t\t\t\t\t<span class='e-n-accordion-item-title-icon'>\n\t\t\t<span class='e-opened' ><svg aria-hidden=\"true\" class=\"e-font-icon-svg e-fas-minus\" viewBox=\"0 0 448 512\" xmlns=\"http:\/\/www.w3.org\/2000\/svg\"><path d=\"M416 208H32c-17.67 0-32 14.33-32 32v32c0 17.67 14.33 32 32 32h384c17.67 0 32-14.33 32-32v-32c0-17.67-14.33-32-32-32z\"><\/path><\/svg><\/span>\n\t\t\t<span class='e-closed'><svg aria-hidden=\"true\" class=\"e-font-icon-svg e-fas-plus\" viewBox=\"0 0 448 512\" xmlns=\"http:\/\/www.w3.org\/2000\/svg\"><path d=\"M416 208H272V64c0-17.67-14.33-32-32-32h-32c-17.67 0-32 14.33-32 32v144H32c-17.67 0-32 14.33-32 32v32c0 17.67 14.33 32 32 32h144v144c0 17.67 14.33 32 32 32h32c17.67 0 32-14.33 32-32V304h144c17.67 0 32-14.33 32-32v-32c0-17.67-14.33-32-32-32z\"><\/path><\/svg><\/span>\n\t\t<\/span>\n\n\t\t\t\t\t\t<\/summary>\n\t\t\t\t<div role=\"region\" aria-labelledby=\"e-n-accordion-item-2020\" class=\"elementor-element elementor-element-abd40b1 e-con-full e-flex e-con e-child\" data-id=\"abd40b1\" data-element_type=\"container\" data-settings=\"{&quot;jet_parallax_layout_list&quot;:[]}\">\n\t\t\t\t<div class=\"elementor-element elementor-element-70346f6 elementor-widget elementor-widget-text-editor\" data-id=\"70346f6\" data-element_type=\"widget\" data-widget_type=\"text-editor.default\">\n\t\t\t\t\t\t\t\t\t<p>Ha szerz\u0151d\u00f6tt \u00fcgyfel\u00fcnk, akkor \u00d6nnek nem kell eml\u00e9keznie mikor esed\u00e9kes a k\u00f6vetkez\u0151 vizsg\u00e1lat. Mi \u2013 egy \u00f6nnel egyeztetett id\u0151pontban \u2013\u00a0<strong>automatikusan megjelen\u00fcnk a vizsg\u00e1lat esed\u00e9kess\u00e9gekor<\/strong>\u00a0\u00e9s elv\u00e9gezz\u00fck azt.<\/p><pre>A <strong>kisebb jav\u00edt\u00e1sokra \u00e9s alkatr\u00e9szekre \u00e1rengedm\u00e9nyt adunk<\/strong>. <\/pre><p>Ha szerz\u0151d\u00f6tt \u00fcgyfel\u00fcnk, akkor a rendszeres karbantart\u00e1soknak k\u00f6sz\u00f6nhet\u0151en \u00fczembiztosabbak lesznek emel\u0151g\u00e9pei \u00e9s ez k\u00f6lts\u00e9gmegtakar\u00edt\u00e1s. \u00cdgy az \u00fczemnek nem kell egy esetlegesen meghib\u00e1sodott daru miatt \u00e1llnia.<\/p><p><strong>24 \u00f3r\u00e1n bel\u00fcli jav\u00edt\u00e1si garancia.<\/strong>\u00a0A rendszeres szervizek ellen\u00e9re is el\u0151fordulhatnak meghib\u00e1sod\u00e1sok. A termel\u00e9skies\u00e9s enyh\u00edt\u00e9se \u00e9rdek\u00e9ben arra t\u00f6reksz\u00fcnk, hogy a bejelent\u00e9st\u0151l sz\u00e1m\u00edtott 24 \u00f3r\u00e1n bel\u00fcl megkezdj\u00fck a hiba elh\u00e1r\u00edt\u00e1s\u00e1t.<\/p>\t\t\t\t\t\t\t\t<\/div>\n\t\t\t\t<\/div>\n\t\t\t\t\t<\/details>\n\t\t\t\t\t\t<details id=\"e-n-accordion-item-2021\" class=\"e-n-accordion-item\" >\n\t\t\t\t<summary class=\"e-n-accordion-item-title\" data-accordion-index=\"2\" tabindex=\"-1\" aria-expanded=\"false\" aria-controls=\"e-n-accordion-item-2021\" >\n\t\t\t\t\t<span class='e-n-accordion-item-title-header'><div class=\"e-n-accordion-item-title-text\"> A VIZSG\u00c1LATOK RENDJE <\/div><\/span>\n\t\t\t\t\t\t\t<span class='e-n-accordion-item-title-icon'>\n\t\t\t<span class='e-opened' ><svg aria-hidden=\"true\" class=\"e-font-icon-svg e-fas-minus\" viewBox=\"0 0 448 512\" xmlns=\"http:\/\/www.w3.org\/2000\/svg\"><path d=\"M416 208H32c-17.67 0-32 14.33-32 32v32c0 17.67 14.33 32 32 32h384c17.67 0 32-14.33 32-32v-32c0-17.67-14.33-32-32-32z\"><\/path><\/svg><\/span>\n\t\t\t<span class='e-closed'><svg aria-hidden=\"true\" class=\"e-font-icon-svg e-fas-plus\" viewBox=\"0 0 448 512\" xmlns=\"http:\/\/www.w3.org\/2000\/svg\"><path d=\"M416 208H272V64c0-17.67-14.33-32-32-32h-32c-17.67 0-32 14.33-32 32v144H32c-17.67 0-32 14.33-32 32v32c0 17.67 14.33 32 32 32h144v144c0 17.67 14.33 32 32 32h32c17.67 0 32-14.33 32-32V304h144c17.67 0 32-14.33 32-32v-32c0-17.67-14.33-32-32-32z\"><\/path><\/svg><\/span>\n\t\t<\/span>\n\n\t\t\t\t\t\t<\/summary>\n\t\t\t\t<div role=\"region\" aria-labelledby=\"e-n-accordion-item-2021\" class=\"elementor-element elementor-element-7cda4a2 e-con-full e-flex e-con e-child\" data-id=\"7cda4a2\" data-element_type=\"container\" data-settings=\"{&quot;jet_parallax_layout_list&quot;:[]}\">\n\t\t\t\t<div class=\"elementor-element elementor-element-08190c4 elementor-widget elementor-widget-text-editor\" data-id=\"08190c4\" data-element_type=\"widget\" data-widget_type=\"text-editor.default\">\n\t\t\t\t\t\t\t\t\t<h4>Magyar Szabv\u00e1ny szerint<\/h4><p>A szerkezeti-, f\u0151- \u00e9s biztons\u00e1gi vizsg\u00e1latok rendje az<a href=\"http:\/\/www.mszt.hu\/web\/guest\/ingyenes-szabvanylista?p_p_id=msztwebshop_WAR_MsztWAportlet&amp;p_p_lifecycle=1&amp;p_p_state=normal&amp;p_p_mode=view&amp;p_p_col_id=column-1&amp;p_p_col_count=1&amp;_msztwebshop_WAR_MsztWAportlet_ref=148715&amp;_msztwebshop_WAR_MsztWAportlet_javax.portlet.action=search\" target=\"_blank\" rel=\"noopener\"><strong>\u00a0MSZ 9721\/1:2009<\/strong>\u00a0<\/a>szerint:<\/p><p>Az \u00fczembe helyez\u00e9s k\u00f6vet\u0151en, az emel\u0151g\u00e9p \u00fczemi csoportsz\u00e1m\u00e1t\u00f3l f\u00fcgg\u0151en meghat\u00e1rozott id\u0151k\u00f6z\u00f6nk\u00e9nt, szerkezeti-, f\u0151vizsg\u00e1latnak, illetve\u00a0<strong>legal\u00e1bb 5 \u00e9venk\u00e9nt esed\u00e9kes biztons\u00e1gi fel\u00fclvizsg\u00e1latnak kell al\u00e1vetni<\/strong>.<\/p><pre>A vizsg\u00e1latok elv\u00e9gz\u00e9s\u00e9r\u0151l, a sz\u00fcks\u00e9ges szakmai k\u00e9pzetts\u00e9g hi\u00e1ny\u00e1ban az elv\u00e9geztet\u00e9s\u00e9r\u0151l \u2013 elt\u00e9r\u0151 meg\u00e1llapod\u00e1s hi\u00e1ny\u00e1ban \u2013 az emel\u0151g\u00e9p tulajdonos\u00e1nak kell gondoskodni.<\/pre><p>Az id\u0151szakos vizsg\u00e1lat alkalm\u00e1val ellen\u0151rizni kell, hogy az emel\u0151g\u00e9p \u00fczemeltethet\u0151-e rendeltet\u00e9sszer\u0171en \u00e9s biztons\u00e1gosan, valamint megfelel-e az\u00a0<a href=\"http:\/\/www.mszt.hu\/web\/guest\/ingyenes-szabvanylista?p_p_id=msztwebshop_WAR_MsztWAportlet&amp;p_p_lifecycle=1&amp;p_p_state=normal&amp;p_p_mode=view&amp;p_p_col_id=column-1&amp;p_p_col_count=1&amp;_msztwebshop_WAR_MsztWAportlet_javax.portlet.action=search\" target=\"_blank\" rel=\"noopener\"><strong>MSZ 19170 szabv\u00e1nysorozat<\/strong><\/a>\u00a0el\u0151\u00edr\u00e1sainak.<\/p><h4>Daru \u00e9s emel\u0151vizsg\u00e1latokr\u00f3l<\/h4><p>A szerkezeti vizsg\u00e1lat sor\u00e1n vizsg\u00e1lni kell, hogy nincs-e az emel\u0151g\u00e9p szerkezeti elemein s\u00e9r\u00fcl\u00e9s, kop\u00e1s, maradand\u00f3 alakv\u00e1ltoz\u00e1s vagy egy\u00e9b rendelleness\u00e9g (pl.: csavar- vagy \u00e9k- k\u00f6t\u00e9slazul\u00e1s, reped\u00e9s, t\u00f6r\u00e9s).<\/p><p>A f\u0151vizsg\u00e1lat sor\u00e1n, az el\u0151z\u0151eken t\u00fal,\u00a0<strong>vizsg\u00e1lni kell az emel\u0151g\u00e9p \u00e9s k\u00f6rnyezete kapcsolat\u00e1t, az emel\u0151g\u00e9p szab\u00e1lyszer\u0171 \u00fczemeltet\u00e9s\u00e9t, f\u0151 m\u0171szaki jellemz\u0151it.<\/strong>\u00a0Megegyeznek-e a g\u00e9pk\u00f6nyvben megadottakkal, tov\u00e1bb\u00e1, hogy az emel\u0151g\u00e9pnek megvannak-e az el\u0151\u00edrt biztons\u00e1gtechnikai berendez\u00e9sei \u00e9s dokument\u00e1ci\u00f3ja.<\/p><p>A biztons\u00e1gi fel\u00fcletvizsg\u00e1lat alkalm\u00e1val vizsg\u00e1lni kell, hogy az emel\u0151g\u00e9p szerkezeti kialak\u00edt\u00e1sa, g\u00e9p\u00e9szeti \u00e9s villamos berendez\u00e9se, valamint az emel\u0151g\u00e9p biztons\u00e1gi berendez\u00e9sei megfelelnek-e\u00a0<strong>a vizsg\u00e1lat id\u0151pontj\u00e1ban \u00e9rv\u00e9nyes biztons\u00e1gi k\u00f6vetelm\u00e9nyeknek.<\/strong>\u00a0Eredeti funkci\u00f3j\u00e1nak megfelel\u0151en \u00fczemel-e, k\u00f6rnyezet\u00e9nek jellemz\u0151i azonosak-e a tervez\u00e9skor \u00e9s a gy\u00e1rt\u00e1skor figyelembe vettekkel.<\/p><p>Vizsg\u00e1lni kell az<strong>\u00a0emel\u0151g\u00e9p korszer\u0171s\u00edt\u00e9s\u00e9nek<\/strong>\u00a0sz\u00fcks\u00e9gess\u00e9g\u00e9t, els\u0151sorban a balesetvesz\u00e9ly cs\u00f6kkent\u00e9se \u00e9rdek\u00e9ben pl.: csupasz munkavezet\u00e9kek lecser\u00e9l\u00e9se \u00fasz\u00f3k\u00e1belre, nyitott hajt\u00e1sok helyett z\u00e1rt hajt\u00f3m\u0171vek, mell\u00e9k\u00e1ramk\u00f6r\u0171 vez\u00e9rl\u00e9s alkalmaz\u00e1sa.<\/p><p>Meg kell vizsg\u00e1lni az\u00a0<strong>emel\u0151g\u00e9p dokument\u00e1ci\u00f3j\u00e1nak megl\u00e9t\u00e9t<\/strong>\u00a0valamint azt, hogy a dokument\u00e1ci\u00f3 megfelel-e a t\u00e9nyleges \u00e1llapotnak.<\/p><p>Minden vizsg\u00e1latr\u00f3l jegyz\u0151k\u00f6nyvet kell k\u00e9sz\u00edteni.<\/p><h4>Vizsg\u00e1latok esed\u00e9kess\u00e9ge<\/h4><p>A vizsg\u00e1latok elv\u00e9gz\u00e9s\u00e9t az emel\u0151g\u00e9p k\u00eds\u00e9r\u0151dokument\u00e1ci\u00f3j\u00e1ban, pl.: (daruk\u00f6nyvben) (MSZ 9725) kell igazolni.\u00a0<strong>Utalni kell a vizsg\u00e1latr\u00f3l k\u00e9sz\u00fclt jegyz\u0151k\u00f6nyv, m\u00e9r\u00e9si napl\u00f3 vagy egy\u00e9b dokumentum azonos\u00edt\u00f3 jelz\u00e9s\u00e9re<\/strong>. A vizsg\u00e1latok meg\u00e1llap\u00edt\u00e1sait, eredm\u00e9nyeit tartalmaz\u00f3 \u00edr\u00e1sbeli anyagokat \u00e9s dokumentumokat az emel\u0151g\u00e9p k\u00eds\u00e9r\u0151dokument\u00e1ci\u00f3j\u00e1nak mell\u00e9kletek\u00e9nt meg kell \u0151rizni.<\/p><pre><strong>A szerkezeti \u00e9s f\u0151vizsg\u00e1latot<\/strong> az emel\u0151g\u00e9p \u00fczemi csoportsz\u00e1mt\u00f3l f\u00fcggv\u00e9ny\u00e9ben kell elv\u00e9gezni. K\u00fcl\u00f6nleges kialak\u00edt\u00e1s\u00fa \u00e9s rendeltet\u00e9s\u0171 emel\u0151g\u00e9p eset\u00e9n az el\u0151\u00edrtn\u00e1l s\u0171r\u0171bb vizsg\u00e1lat is el\u0151\u00edrhat\u00f3.<\/pre><p>A biztons\u00e1gi fel\u00fclvizsg\u00e1latot az \u00fczemi csoportsz\u00e1mt\u00f3l f\u00fcggetlen\u00fcl legal\u00e1bb \u00f6t\u00e9venk\u00e9nt, vagy az emel\u0151g\u00e9p k\u00f6rnyezet\u00e9nek megv\u00e1ltoztat\u00e1sakor (pl.: a kiszolg\u00e1lt technol\u00f3gia megv\u00e1ltoz\u00e1sa) kell elv\u00e9gezni.<\/p>\t\t\t\t\t\t\t\t<\/div>\n\t\t\t\t<\/div>\n\t\t\t\t\t<\/details>\n\t\t\t\t\t\t<details id=\"e-n-accordion-item-2022\" class=\"e-n-accordion-item\" >\n\t\t\t\t<summary class=\"e-n-accordion-item-title\" data-accordion-index=\"3\" tabindex=\"-1\" aria-expanded=\"false\" aria-controls=\"e-n-accordion-item-2022\" >\n\t\t\t\t\t<span class='e-n-accordion-item-title-header'><div class=\"e-n-accordion-item-title-text\"> A VIZSG\u00c1LATOK M\u00d3DJA <\/div><\/span>\n\t\t\t\t\t\t\t<span class='e-n-accordion-item-title-icon'>\n\t\t\t<span class='e-opened' ><svg aria-hidden=\"true\" class=\"e-font-icon-svg e-fas-minus\" viewBox=\"0 0 448 512\" xmlns=\"http:\/\/www.w3.org\/2000\/svg\"><path d=\"M416 208H32c-17.67 0-32 14.33-32 32v32c0 17.67 14.33 32 32 32h384c17.67 0 32-14.33 32-32v-32c0-17.67-14.33-32-32-32z\"><\/path><\/svg><\/span>\n\t\t\t<span class='e-closed'><svg aria-hidden=\"true\" class=\"e-font-icon-svg e-fas-plus\" viewBox=\"0 0 448 512\" xmlns=\"http:\/\/www.w3.org\/2000\/svg\"><path d=\"M416 208H272V64c0-17.67-14.33-32-32-32h-32c-17.67 0-32 14.33-32 32v144H32c-17.67 0-32 14.33-32 32v32c0 17.67 14.33 32 32 32h144v144c0 17.67 14.33 32 32 32h32c17.67 0 32-14.33 32-32V304h144c17.67 0 32-14.33 32-32v-32c0-17.67-14.33-32-32-32z\"><\/path><\/svg><\/span>\n\t\t<\/span>\n\n\t\t\t\t\t\t<\/summary>\n\t\t\t\t<div role=\"region\" aria-labelledby=\"e-n-accordion-item-2022\" class=\"elementor-element elementor-element-957f165 e-con-full e-flex e-con e-child\" data-id=\"957f165\" data-element_type=\"container\" data-settings=\"{&quot;jet_parallax_layout_list&quot;:[]}\">\n\t\t\t\t<div class=\"elementor-element elementor-element-d8ed942 elementor-widget elementor-widget-text-editor\" data-id=\"d8ed942\" data-element_type=\"widget\" data-widget_type=\"text-editor.default\">\n\t\t\t\t\t\t\t\t\t<p>Az emel\u0151g\u00e9pet id\u0151szakos vizsg\u00e1latok sor\u00e1n szemrev\u00e9telez\u00e9ssel, tapint\u00e1ssal, m\u00e9r\u0151eszk\u00f6z\u00f6kkel, m\u00e9r\u0151m\u0171szerrel, terhel\u00e9s n\u00e9lk\u00fcl \u00e9s terhel\u00e9ssel kell vizsg\u00e1lni.<\/p><h5>Emel\u00e9stechnikai vizsg\u00e1latok \u00e9s elv\u00e9gz\u00e9s\u00fck<\/h5><p><strong>A szerkezeti vizsg\u00e1latkor<\/strong>\u00a0szemrev\u00e9telez\u00e9ses, tapint\u00e1sos, m\u00e9r\u0151eszk\u00f6z\u00f6s, m\u00e9r\u0151m\u0171szeres, \u00fcresj\u00e1rati (m\u0171k\u00f6d\u00e9si) vizsg\u00e1latot kell v\u00e9gezni.<\/p><p><strong>A f\u0151vizsg\u00e1latkor<\/strong>\u00a0szemrev\u00e9telez\u00e9ses, tapint\u00e1sos, m\u00e9r\u0151eszk\u00f6z\u00f6s, m\u00e9r\u0151m\u0171szeres, \u00fcresj\u00e1rati, \u00fczemi, terhel\u00e9ses \u00e9s statikai vizsg\u00e1latot kell v\u00e9gezni.<\/p><p><strong>A biztons\u00e1gi fel\u00fcletvizsg\u00e1latkor<\/strong>\u00a0szemrev\u00e9telez\u00e9ses \u00e9s m\u0171k\u00f6d\u00e9si vizsg\u00e1latot kell v\u00e9gezni.<\/p><p><strong>Szemrev\u00e9telez\u00e9ses vizsg\u00e1latot<\/strong>\u00a0az emel\u0151g\u00e9p szerkezet\u00e9nek megbont\u00e1sa n\u00e9lk\u00fcl vagy egyes szerkezeti r\u00e9szek megbont\u00e1s\u00e1val (pl.: a k\u00e9mlel\u0151ny\u00edl\u00e1s fedel\u00e9nek, a v\u00e9d\u0151burkolatnak a leszerel\u00e9s\u00e9vel) szabad szemmel kell elv\u00e9gezni. \u00cdgy meg\u00e1llap\u00edthat\u00f3 az esetleges kop\u00e1s, reped\u00e9s, t\u00f6r\u00e9s, ill. a marad\u00f3 alakv\u00e1ltoz\u00e1s.<\/p><p>Az egyes szerkezeti r\u00e9szek megbont\u00e1s\u00e1nak sz\u00fcks\u00e9gess\u00e9g\u00e9t \u00e9s a bont\u00e1s m\u00e9rt\u00e9k\u00e9t a vizsg\u00e1lat alkalm\u00e1val esetenk\u00e9nt kell meghat\u00e1rozni.<\/p><p><strong>A tapint\u00e1sos vizsg\u00e1latot<\/strong>\u00a0az emel\u0151g\u00e9p szerkezet\u00e9nek vagy kiszerelt r\u00e9szeinek tapint\u00e1s\u00e1val vagy kopogtat\u00e1s\u00e1val kell v\u00e9gezni a s\u00e9r\u00fcl\u00e9sek, a reped\u00e9sek meg\u00e1llap\u00edt\u00e1sa c\u00e9lj\u00e1b\u00f3l.<\/p><p><strong>A m\u00e9r\u0151eszk\u00f6z\u00f6s vizsg\u00e1latot<\/strong>\u00a0villamosan nem vezet\u0151 m\u00e9r\u0151szalaggal, m\u00e9r\u0151l\u00e9ccel, sz\u00f6gm\u00e9r\u0151vel, stb. kell v\u00e9gezni az emel\u0151g\u00e9p ill. alkatr\u00e9szei m\u00e9reteinek, valamint m\u0171k\u00f6d\u00e9si k\u00f6rnyezete csatlakoz\u00f3 m\u00e9reteinek vizsg\u00e1lata c\u00e9lj\u00e1b\u00f3l.<\/p><p><strong>A m\u00e9r\u0151m\u0171szeres vizsg\u00e1latot<\/strong>\u00a0olyan m\u0171szerekkel kell v\u00e9gezni, amelyekkel vizsg\u00e1lhat\u00f3 az emel\u0151g\u00e9p mechanikai \u00e9s villamos m\u0171szaki jellemz\u0151i. A m\u00e9r\u0151eszk\u00f6z\u00f6kkel nem m\u00e9rhet\u0151 geometriai m\u00e9retei, \u00e9s m\u0171k\u00f6d\u00e9si hely\u00e9nek geometriai jellemz\u0151i (pl.: darup\u00e1lya lejt\u00e9s, szintk\u00fcl\u00f6nbs\u00e9g, k\u00edgy\u00f3z\u00e1s) is a mer\u0151eszk\u00f6z\u00f6s vizsg\u00e1lat c\u00e9lter\u00fclete.<\/p><p><strong>\u00dcresj\u00e1rati (m\u0171k\u00f6d\u00e9si) vizsg\u00e1latot<\/strong>\u00a0terhel\u00e9s n\u00e9lk\u00fcl kell v\u00e9gezni.\u00a0<\/p><p>A vizsg\u00e1lat el\u0151tt r\u00f6vid idej\u0171 bekapcsol\u00e1ssal ellen\u0151rizni kell a vez\u00e9rl\u0151berendez\u00e9sek m\u0171k\u00f6d\u0151k\u00e9pess\u00e9g\u00e9t, ir\u00e1nyh\u0171s\u00e9g\u00e9t.\u00a0<\/p><p>A vizsg\u00e1lat sor\u00e1n valamennyi mozgat\u00f3m\u0171vet (emel\u0151m\u0171, halad\u00f3m\u0171, stb.) mozg\u00e1sba kell hozni a tervdokument\u00e1ci\u00f3 szerinti \u00f6sszes lehets\u00e9ges, illetve megengedett mozg\u00e1skombin\u00e1ci\u00f3k \u00e9s mozg\u00e1startom\u00e1ny figyelembev\u00e9tel\u00e9vel, a v\u00e9ghelyzet kapcsol\u00f3k m\u0171k\u00f6dtet\u00e9s\u00e9ig.<\/p><p><strong>\u00dczemi terhel\u00e9s vizsg\u00e1latkor<\/strong>\u00a0az emel\u0151g\u00e9pet n\u00e9vleges teherb\u00edr\u00e1ssal kell terhelni. A vizsg\u00e1lat sor\u00e1n valamennyi mozgat\u00f3m\u0171vet (emel\u0151m\u0171, hajt\u00f3m\u0171, stb.) mozg\u00e1sba kell hozni a tervdokument\u00e1ci\u00f3 szerinti \u00f6sszes lehets\u00e9ges, ill. megengedett mozg\u00e1skombin\u00e1ci\u00f3k \u00e9s mozg\u00e1startom\u00e1ny figyelembev\u00e9tel\u00e9vel. Legal\u00e1bb k\u00e9t teljes ciklusban a v\u00e9ghelyzet kapcsol\u00f3k m\u0171k\u00f6dtet\u00e9s\u00e9ig kell a vizsg\u00e1latot elv\u00e9gezni.<\/p><p>V\u00e1ltoz\u00f3 teherb\u00edr\u00e1s\u00fa g\u00e9pet a kezel\u00e9si utas\u00edt\u00e1s (tervez\u0151 el\u0151\u00edr\u00e1s) szerint, el\u0151\u00edr\u00e1s hi\u00e1ny\u00e1ban pedig legal\u00e1bb a legnagyobb \u00e9s legkisebb teherb\u00edr\u00e1s\u00fa helyzetben is vizsg\u00e1lni kell.\u00a0<\/p><pre>A f\u00e9keket legal\u00e1bb h\u00e1rom alkalommal kell m\u0171k\u00f6dtetni. A k\u00e9tf\u00e9kes emel\u0151m\u0171 f\u00e9kjeinek el\u0151\u00edr\u00e1s szerinti m\u0171k\u00f6d\u00e9s\u00e9t k\u00fcl\u00f6n-k\u00fcl\u00f6n is vizsg\u00e1lni kell.<br \/><br \/>A vizsg\u00e1lat ut\u00e1n fokozott figyelemmel kell ellen\u0151rizni a tehermegfog\u00f3 szerkezetet nincs-e rajta k\u00e1rosod\u00e1s.<\/pre><p><strong>A dinamikai vizsg\u00e1lat<\/strong>\u00a0sor\u00e1n az emel\u0151g\u00e9pet a n\u00e9vleges teherb\u00edr\u00e1s\u00e1nak 1,1-szeres\u00e9vel kell terhelni. Majd a felemelt teherrel minden \u00fczemszer\u0171 mozg\u00e1st legal\u00e1bb k\u00e9tszer el kell v\u00e9gezni, k\u00fcl\u00f6n-k\u00fcl\u00f6n valamennyi mozg\u00e1s- ir\u00e1ny teljes hossz\u00e1ban a v\u00e9ghelyzetkapcsol\u00f3k m\u0171k\u00f6dtet\u00e9s\u00e9ig.<\/p><p><strong>A vizsg\u00e1lat ut\u00e1n<\/strong>\u00a0ellen\u0151rizni kell, hogy nem k\u00f6vetkezett-e be s\u00e9r\u00fcl\u00e9s vagy k\u00e1ros alakv\u00e1ltoz\u00e1s, valamint azt, hogy a\u00a0hajt\u00e1s \u00e9s a f\u00e9kek lehet\u0151v\u00e9 teszik-e a rendeltet\u00e9sszer\u0171 haszn\u00e1latot.<\/p><p>A dinamikai vizsg\u00e1lat sor\u00e1n emel\u00e9s k\u00f6zben a terhet ism\u00e9telten meg kell \u00e1ll\u00edtani k\u00fcl\u00f6nb\u00f6z\u0151 helyzetekben. K\u00e9tf\u00e9kes emel\u0151m\u0171 eset\u00e9n ezt a m\u0171veletet mindk\u00e9t f\u00e9kkel, k\u00fcl\u00f6n-k\u00fcl\u00f6n is v\u00e9gre kell hajtani.<\/p>\t\t\t\t\t\t\t\t<\/div>\n\t\t\t\t<\/div>\n\t\t\t\t\t<\/details>\n\t\t\t\t\t\t<details id=\"e-n-accordion-item-2023\" class=\"e-n-accordion-item\" >\n\t\t\t\t<summary class=\"e-n-accordion-item-title\" data-accordion-index=\"4\" tabindex=\"-1\" aria-expanded=\"false\" aria-controls=\"e-n-accordion-item-2023\" >\n\t\t\t\t\t<span class='e-n-accordion-item-title-header'><div class=\"e-n-accordion-item-title-text\"> A VIZSG\u00c1LATOK GYAKORIS\u00c1GA <\/div><\/span>\n\t\t\t\t\t\t\t<span class='e-n-accordion-item-title-icon'>\n\t\t\t<span class='e-opened' ><svg aria-hidden=\"true\" class=\"e-font-icon-svg e-fas-minus\" viewBox=\"0 0 448 512\" xmlns=\"http:\/\/www.w3.org\/2000\/svg\"><path d=\"M416 208H32c-17.67 0-32 14.33-32 32v32c0 17.67 14.33 32 32 32h384c17.67 0 32-14.33 32-32v-32c0-17.67-14.33-32-32-32z\"><\/path><\/svg><\/span>\n\t\t\t<span class='e-closed'><svg aria-hidden=\"true\" class=\"e-font-icon-svg e-fas-plus\" viewBox=\"0 0 448 512\" xmlns=\"http:\/\/www.w3.org\/2000\/svg\"><path d=\"M416 208H272V64c0-17.67-14.33-32-32-32h-32c-17.67 0-32 14.33-32 32v144H32c-17.67 0-32 14.33-32 32v32c0 17.67 14.33 32 32 32h144v144c0 17.67 14.33 32 32 32h32c17.67 0 32-14.33 32-32V304h144c17.67 0 32-14.33 32-32v-32c0-17.67-14.33-32-32-32z\"><\/path><\/svg><\/span>\n\t\t<\/span>\n\n\t\t\t\t\t\t<\/summary>\n\t\t\t\t<div role=\"region\" aria-labelledby=\"e-n-accordion-item-2023\" class=\"elementor-element elementor-element-266abb5 e-flex e-con-boxed e-con e-child\" data-id=\"266abb5\" data-element_type=\"container\" data-settings=\"{&quot;jet_parallax_layout_list&quot;:[]}\">\n\t\t\t\t\t<div class=\"e-con-inner\">\n\t\t\t\t<div class=\"elementor-element elementor-element-d5f3fac elementor-widget elementor-widget-text-editor\" data-id=\"d5f3fac\" data-element_type=\"widget\" data-widget_type=\"text-editor.default\">\n\t\t\t\t\t\t\t\t\t<pre><strong>Id\u0151szakos biztons\u00e1gi fel\u00fclvizsg\u00e1lat<\/strong> legal\u00e1bb 5 \u00e9vente esed\u00e9kes.<\/pre><p>Vizsg\u00e1lat elv\u00e9gz\u00e9s\u00e9re jogosult:\u00a0<strong>szakir\u00e1ny\u00fa k\u00e9pzetts\u00e9ggel \u00e9s munkav\u00e9delmi szakk\u00e9pzetts\u00e9ggel<\/strong>\u00a0rendelkez\u0151 szem\u00e9ly (munkabiztons\u00e1gi szaktev\u00e9kenys\u00e9g) vagy k\u00fcl\u00f6n jogszab\u00e1lyban erre feljogos\u00edtott szem\u00e9ly, illetve erre akkredit\u00e1lt int\u00e9zm\u00e9ny v\u00e9gezheti.<\/p><p>Az emel\u0151g\u00e9p id\u0151szakos vizsg\u00e1lat\u00e1ra (szerkezeti-, f\u0151vizsg\u00e1lat) emel\u0151g\u00e9p szak\u00e9rt\u0151 jogosult.\u00a0<strong>Az emel\u0151g\u00e9p f\u0151vizsg\u00e1lat\u00e1ra<\/strong>\u00a0\u2013 kiv\u00e9ve az 1000 kg-n\u00e1l nagyobb megengedett teherb\u00edr\u00e1s\u00fa emel\u0151g\u00e9pet \u00e9s az olyan emel\u0151g\u00e9pet, amelyn\u00e9l a kezel\u0151i munkahely az emel\u0151kocsin van, \u00e9s a kocsi 1,5 m-n\u00e9l magasabbra emelhet\u0151 \u2013 \u00e9s szerkezeti vizsg\u00e1lat\u00e1ra emel\u0151g\u00e9p \u00fcgyint\u00e9z\u0151, csak a szerkezeti vizsg\u00e1lat\u00e1ra emel\u0151g\u00e9p vizsg\u00e1l\u00f3 is jogosult.<\/p>\t\t\t\t\t\t\t\t<\/div>\n\t\t\t\t\t<\/div>\n\t\t\t\t<\/div>\n\t\t\t\t\t<\/details>\n\t\t\t\t\t<\/div>\n\t\t\t\t\t<script type=\"application\/ld+json\">{\"@context\":\"https:\\\/\\\/schema.org\",\"@type\":\"FAQPage\",\"mainEntity\":[{\"@type\":\"Question\",\"name\":\"VIZSG\\u00c1LATAINK EL\\u0150NYEI\",\"acceptedAnswer\":{\"@type\":\"Answer\",\"text\":\"Ha szerz\\u0151d\\u00f6tt \\u00fcgyfel\\u00fcnk, akkor \\u00d6nnek nem kell eml\\u00e9keznie mikor esed\\u00e9kes a k\\u00f6vetkez\\u0151 vizsg\\u00e1lat. Mi \\u2013 egy \\u00f6nnel egyeztetett id\\u0151pontban \\u2013\\u00a0automatikusan megjelen\\u00fcnk a vizsg\\u00e1lat esed\\u00e9kess\\u00e9gekor\\u00a0\\u00e9s elv\\u00e9gezz\\u00fck azt.A kisebb jav\\u00edt\\u00e1sokra \\u00e9s alkatr\\u00e9szekre \\u00e1rengedm\\u00e9nyt adunk. Ha szerz\\u0151d\\u00f6tt \\u00fcgyfel\\u00fcnk, akkor a rendszeres karbantart\\u00e1soknak k\\u00f6sz\\u00f6nhet\\u0151en \\u00fczembiztosabbak lesznek emel\\u0151g\\u00e9pei \\u00e9s ez k\\u00f6lts\\u00e9gmegtakar\\u00edt\\u00e1s. \\u00cdgy az \\u00fczemnek nem kell egy esetlegesen meghib\\u00e1sodott daru miatt \\u00e1llnia.24 \\u00f3r\\u00e1n bel\\u00fcli jav\\u00edt\\u00e1si garancia.\\u00a0A rendszeres szervizek ellen\\u00e9re is el\\u0151fordulhatnak meghib\\u00e1sod\\u00e1sok. A termel\\u00e9skies\\u00e9s enyh\\u00edt\\u00e9se \\u00e9rdek\\u00e9ben arra t\\u00f6reksz\\u00fcnk, hogy a bejelent\\u00e9st\\u0151l sz\\u00e1m\\u00edtott 24 \\u00f3r\\u00e1n bel\\u00fcl megkezdj\\u00fck a hiba elh\\u00e1r\\u00edt\\u00e1s\\u00e1t.\"}},{\"@type\":\"Question\",\"name\":\"A VIZSG\\u00c1LATOK RENDJE\",\"acceptedAnswer\":{\"@type\":\"Answer\",\"text\":\"Magyar Szabv\\u00e1ny szerintA szerkezeti-, f\\u0151- \\u00e9s biztons\\u00e1gi vizsg\\u00e1latok rendje az\\u00a0MSZ 9721\\\/1:2009\\u00a0szerint:Az \\u00fczembe helyez\\u00e9s k\\u00f6vet\\u0151en, az emel\\u0151g\\u00e9p \\u00fczemi csoportsz\\u00e1m\\u00e1t\\u00f3l f\\u00fcgg\\u0151en meghat\\u00e1rozott id\\u0151k\\u00f6z\\u00f6nk\\u00e9nt, szerkezeti-, f\\u0151vizsg\\u00e1latnak, illetve\\u00a0legal\\u00e1bb 5 \\u00e9venk\\u00e9nt esed\\u00e9kes biztons\\u00e1gi fel\\u00fclvizsg\\u00e1latnak kell al\\u00e1vetni.A vizsg\\u00e1latok elv\\u00e9gz\\u00e9s\\u00e9r\\u0151l, a sz\\u00fcks\\u00e9ges szakmai k\\u00e9pzetts\\u00e9g hi\\u00e1ny\\u00e1ban az elv\\u00e9geztet\\u00e9s\\u00e9r\\u0151l \\u2013 elt\\u00e9r\\u0151 meg\\u00e1llapod\\u00e1s hi\\u00e1ny\\u00e1ban \\u2013 az emel\\u0151g\\u00e9p tulajdonos\\u00e1nak kell gondoskodni.Az id\\u0151szakos vizsg\\u00e1lat alkalm\\u00e1val ellen\\u0151rizni kell, hogy az emel\\u0151g\\u00e9p \\u00fczemeltethet\\u0151-e rendeltet\\u00e9sszer\\u0171en \\u00e9s biztons\\u00e1gosan, valamint megfelel-e az\\u00a0MSZ 19170 szabv\\u00e1nysorozat\\u00a0el\\u0151\\u00edr\\u00e1sainak.Daru \\u00e9s emel\\u0151vizsg\\u00e1latokr\\u00f3lA szerkezeti vizsg\\u00e1lat sor\\u00e1n vizsg\\u00e1lni kell, hogy nincs-e az emel\\u0151g\\u00e9p szerkezeti elemein s\\u00e9r\\u00fcl\\u00e9s, kop\\u00e1s, maradand\\u00f3 alakv\\u00e1ltoz\\u00e1s vagy egy\\u00e9b rendelleness\\u00e9g (pl.: csavar- vagy \\u00e9k- k\\u00f6t\\u00e9slazul\\u00e1s, reped\\u00e9s, t\\u00f6r\\u00e9s).A f\\u0151vizsg\\u00e1lat sor\\u00e1n, az el\\u0151z\\u0151eken t\\u00fal,\\u00a0vizsg\\u00e1lni kell az emel\\u0151g\\u00e9p \\u00e9s k\\u00f6rnyezete kapcsolat\\u00e1t, az emel\\u0151g\\u00e9p szab\\u00e1lyszer\\u0171 \\u00fczemeltet\\u00e9s\\u00e9t, f\\u0151 m\\u0171szaki jellemz\\u0151it.\\u00a0Megegyeznek-e a g\\u00e9pk\\u00f6nyvben megadottakkal, tov\\u00e1bb\\u00e1, hogy az emel\\u0151g\\u00e9pnek megvannak-e az el\\u0151\\u00edrt biztons\\u00e1gtechnikai berendez\\u00e9sei \\u00e9s dokument\\u00e1ci\\u00f3ja.A biztons\\u00e1gi fel\\u00fcletvizsg\\u00e1lat alkalm\\u00e1val vizsg\\u00e1lni kell, hogy az emel\\u0151g\\u00e9p szerkezeti kialak\\u00edt\\u00e1sa, g\\u00e9p\\u00e9szeti \\u00e9s villamos berendez\\u00e9se, valamint az emel\\u0151g\\u00e9p biztons\\u00e1gi berendez\\u00e9sei megfelelnek-e\\u00a0a vizsg\\u00e1lat id\\u0151pontj\\u00e1ban \\u00e9rv\\u00e9nyes biztons\\u00e1gi k\\u00f6vetelm\\u00e9nyeknek.\\u00a0Eredeti funkci\\u00f3j\\u00e1nak megfelel\\u0151en \\u00fczemel-e, k\\u00f6rnyezet\\u00e9nek jellemz\\u0151i azonosak-e a tervez\\u00e9skor \\u00e9s a gy\\u00e1rt\\u00e1skor figyelembe vettekkel.Vizsg\\u00e1lni kell az\\u00a0emel\\u0151g\\u00e9p korszer\\u0171s\\u00edt\\u00e9s\\u00e9nek\\u00a0sz\\u00fcks\\u00e9gess\\u00e9g\\u00e9t, els\\u0151sorban a balesetvesz\\u00e9ly cs\\u00f6kkent\\u00e9se \\u00e9rdek\\u00e9ben pl.: csupasz munkavezet\\u00e9kek lecser\\u00e9l\\u00e9se \\u00fasz\\u00f3k\\u00e1belre, nyitott hajt\\u00e1sok helyett z\\u00e1rt hajt\\u00f3m\\u0171vek, mell\\u00e9k\\u00e1ramk\\u00f6r\\u0171 vez\\u00e9rl\\u00e9s alkalmaz\\u00e1sa.Meg kell vizsg\\u00e1lni az\\u00a0emel\\u0151g\\u00e9p dokument\\u00e1ci\\u00f3j\\u00e1nak megl\\u00e9t\\u00e9t\\u00a0valamint azt, hogy a dokument\\u00e1ci\\u00f3 megfelel-e a t\\u00e9nyleges \\u00e1llapotnak.Minden vizsg\\u00e1latr\\u00f3l jegyz\\u0151k\\u00f6nyvet kell k\\u00e9sz\\u00edteni.Vizsg\\u00e1latok esed\\u00e9kess\\u00e9geA vizsg\\u00e1latok elv\\u00e9gz\\u00e9s\\u00e9t az emel\\u0151g\\u00e9p k\\u00eds\\u00e9r\\u0151dokument\\u00e1ci\\u00f3j\\u00e1ban, pl.: (daruk\\u00f6nyvben) (MSZ 9725) kell igazolni.\\u00a0Utalni kell a vizsg\\u00e1latr\\u00f3l k\\u00e9sz\\u00fclt jegyz\\u0151k\\u00f6nyv, m\\u00e9r\\u00e9si napl\\u00f3 vagy egy\\u00e9b dokumentum azonos\\u00edt\\u00f3 jelz\\u00e9s\\u00e9re. A vizsg\\u00e1latok meg\\u00e1llap\\u00edt\\u00e1sait, eredm\\u00e9nyeit tartalmaz\\u00f3 \\u00edr\\u00e1sbeli anyagokat \\u00e9s dokumentumokat az emel\\u0151g\\u00e9p k\\u00eds\\u00e9r\\u0151dokument\\u00e1ci\\u00f3j\\u00e1nak mell\\u00e9kletek\\u00e9nt meg kell \\u0151rizni.A szerkezeti \\u00e9s f\\u0151vizsg\\u00e1latot az emel\\u0151g\\u00e9p \\u00fczemi csoportsz\\u00e1mt\\u00f3l f\\u00fcggv\\u00e9ny\\u00e9ben kell elv\\u00e9gezni. K\\u00fcl\\u00f6nleges kialak\\u00edt\\u00e1s\\u00fa \\u00e9s rendeltet\\u00e9s\\u0171 emel\\u0151g\\u00e9p eset\\u00e9n az el\\u0151\\u00edrtn\\u00e1l s\\u0171r\\u0171bb vizsg\\u00e1lat is el\\u0151\\u00edrhat\\u00f3.A biztons\\u00e1gi fel\\u00fclvizsg\\u00e1latot az \\u00fczemi csoportsz\\u00e1mt\\u00f3l f\\u00fcggetlen\\u00fcl legal\\u00e1bb \\u00f6t\\u00e9venk\\u00e9nt, vagy az emel\\u0151g\\u00e9p k\\u00f6rnyezet\\u00e9nek megv\\u00e1ltoztat\\u00e1sakor (pl.: a kiszolg\\u00e1lt technol\\u00f3gia megv\\u00e1ltoz\\u00e1sa) kell elv\\u00e9gezni.\"}},{\"@type\":\"Question\",\"name\":\"A VIZSG\\u00c1LATOK M\\u00d3DJA\",\"acceptedAnswer\":{\"@type\":\"Answer\",\"text\":\"Az emel\\u0151g\\u00e9pet id\\u0151szakos vizsg\\u00e1latok sor\\u00e1n szemrev\\u00e9telez\\u00e9ssel, tapint\\u00e1ssal, m\\u00e9r\\u0151eszk\\u00f6z\\u00f6kkel, m\\u00e9r\\u0151m\\u0171szerrel, terhel\\u00e9s n\\u00e9lk\\u00fcl \\u00e9s terhel\\u00e9ssel kell vizsg\\u00e1lni.Emel\\u00e9stechnikai vizsg\\u00e1latok \\u00e9s elv\\u00e9gz\\u00e9s\\u00fckA szerkezeti vizsg\\u00e1latkor\\u00a0szemrev\\u00e9telez\\u00e9ses, tapint\\u00e1sos, m\\u00e9r\\u0151eszk\\u00f6z\\u00f6s, m\\u00e9r\\u0151m\\u0171szeres, \\u00fcresj\\u00e1rati (m\\u0171k\\u00f6d\\u00e9si) vizsg\\u00e1latot kell v\\u00e9gezni.A f\\u0151vizsg\\u00e1latkor\\u00a0szemrev\\u00e9telez\\u00e9ses, tapint\\u00e1sos, m\\u00e9r\\u0151eszk\\u00f6z\\u00f6s, m\\u00e9r\\u0151m\\u0171szeres, \\u00fcresj\\u00e1rati, \\u00fczemi, terhel\\u00e9ses \\u00e9s statikai vizsg\\u00e1latot kell v\\u00e9gezni.A biztons\\u00e1gi fel\\u00fcletvizsg\\u00e1latkor\\u00a0szemrev\\u00e9telez\\u00e9ses \\u00e9s m\\u0171k\\u00f6d\\u00e9si vizsg\\u00e1latot kell v\\u00e9gezni.Szemrev\\u00e9telez\\u00e9ses vizsg\\u00e1latot\\u00a0az emel\\u0151g\\u00e9p szerkezet\\u00e9nek megbont\\u00e1sa n\\u00e9lk\\u00fcl vagy egyes szerkezeti r\\u00e9szek megbont\\u00e1s\\u00e1val (pl.: a k\\u00e9mlel\\u0151ny\\u00edl\\u00e1s fedel\\u00e9nek, a v\\u00e9d\\u0151burkolatnak a leszerel\\u00e9s\\u00e9vel) szabad szemmel kell elv\\u00e9gezni. \\u00cdgy meg\\u00e1llap\\u00edthat\\u00f3 az esetleges kop\\u00e1s, reped\\u00e9s, t\\u00f6r\\u00e9s, ill. a marad\\u00f3 alakv\\u00e1ltoz\\u00e1s.Az egyes szerkezeti r\\u00e9szek megbont\\u00e1s\\u00e1nak sz\\u00fcks\\u00e9gess\\u00e9g\\u00e9t \\u00e9s a bont\\u00e1s m\\u00e9rt\\u00e9k\\u00e9t a vizsg\\u00e1lat alkalm\\u00e1val esetenk\\u00e9nt kell meghat\\u00e1rozni.A tapint\\u00e1sos vizsg\\u00e1latot\\u00a0az emel\\u0151g\\u00e9p szerkezet\\u00e9nek vagy kiszerelt r\\u00e9szeinek tapint\\u00e1s\\u00e1val vagy kopogtat\\u00e1s\\u00e1val kell v\\u00e9gezni a s\\u00e9r\\u00fcl\\u00e9sek, a reped\\u00e9sek meg\\u00e1llap\\u00edt\\u00e1sa c\\u00e9lj\\u00e1b\\u00f3l.A m\\u00e9r\\u0151eszk\\u00f6z\\u00f6s vizsg\\u00e1latot\\u00a0villamosan nem vezet\\u0151 m\\u00e9r\\u0151szalaggal, m\\u00e9r\\u0151l\\u00e9ccel, sz\\u00f6gm\\u00e9r\\u0151vel, stb. kell v\\u00e9gezni az emel\\u0151g\\u00e9p ill. alkatr\\u00e9szei m\\u00e9reteinek, valamint m\\u0171k\\u00f6d\\u00e9si k\\u00f6rnyezete csatlakoz\\u00f3 m\\u00e9reteinek vizsg\\u00e1lata c\\u00e9lj\\u00e1b\\u00f3l.A m\\u00e9r\\u0151m\\u0171szeres vizsg\\u00e1latot\\u00a0olyan m\\u0171szerekkel kell v\\u00e9gezni, amelyekkel vizsg\\u00e1lhat\\u00f3 az emel\\u0151g\\u00e9p mechanikai \\u00e9s villamos m\\u0171szaki jellemz\\u0151i. A m\\u00e9r\\u0151eszk\\u00f6z\\u00f6kkel nem m\\u00e9rhet\\u0151 geometriai m\\u00e9retei, \\u00e9s m\\u0171k\\u00f6d\\u00e9si hely\\u00e9nek geometriai jellemz\\u0151i (pl.: darup\\u00e1lya lejt\\u00e9s, szintk\\u00fcl\\u00f6nbs\\u00e9g, k\\u00edgy\\u00f3z\\u00e1s) is a mer\\u0151eszk\\u00f6z\\u00f6s vizsg\\u00e1lat c\\u00e9lter\\u00fclete.\\u00dcresj\\u00e1rati (m\\u0171k\\u00f6d\\u00e9si) vizsg\\u00e1latot\\u00a0terhel\\u00e9s n\\u00e9lk\\u00fcl kell v\\u00e9gezni.\\u00a0A vizsg\\u00e1lat el\\u0151tt r\\u00f6vid idej\\u0171 bekapcsol\\u00e1ssal ellen\\u0151rizni kell a vez\\u00e9rl\\u0151berendez\\u00e9sek m\\u0171k\\u00f6d\\u0151k\\u00e9pess\\u00e9g\\u00e9t, ir\\u00e1nyh\\u0171s\\u00e9g\\u00e9t.\\u00a0A vizsg\\u00e1lat sor\\u00e1n valamennyi mozgat\\u00f3m\\u0171vet (emel\\u0151m\\u0171, halad\\u00f3m\\u0171, stb.) mozg\\u00e1sba kell hozni a tervdokument\\u00e1ci\\u00f3 szerinti \\u00f6sszes lehets\\u00e9ges, illetve megengedett mozg\\u00e1skombin\\u00e1ci\\u00f3k \\u00e9s mozg\\u00e1startom\\u00e1ny figyelembev\\u00e9tel\\u00e9vel, a v\\u00e9ghelyzet kapcsol\\u00f3k m\\u0171k\\u00f6dtet\\u00e9s\\u00e9ig.\\u00dczemi terhel\\u00e9s vizsg\\u00e1latkor\\u00a0az emel\\u0151g\\u00e9pet n\\u00e9vleges teherb\\u00edr\\u00e1ssal kell terhelni. A vizsg\\u00e1lat sor\\u00e1n valamennyi mozgat\\u00f3m\\u0171vet (emel\\u0151m\\u0171, hajt\\u00f3m\\u0171, stb.) mozg\\u00e1sba kell hozni a tervdokument\\u00e1ci\\u00f3 szerinti \\u00f6sszes lehets\\u00e9ges, ill. megengedett mozg\\u00e1skombin\\u00e1ci\\u00f3k \\u00e9s mozg\\u00e1startom\\u00e1ny figyelembev\\u00e9tel\\u00e9vel. Legal\\u00e1bb k\\u00e9t teljes ciklusban a v\\u00e9ghelyzet kapcsol\\u00f3k m\\u0171k\\u00f6dtet\\u00e9s\\u00e9ig kell a vizsg\\u00e1latot elv\\u00e9gezni.V\\u00e1ltoz\\u00f3 teherb\\u00edr\\u00e1s\\u00fa g\\u00e9pet a kezel\\u00e9si utas\\u00edt\\u00e1s (tervez\\u0151 el\\u0151\\u00edr\\u00e1s) szerint, el\\u0151\\u00edr\\u00e1s hi\\u00e1ny\\u00e1ban pedig legal\\u00e1bb a legnagyobb \\u00e9s legkisebb teherb\\u00edr\\u00e1s\\u00fa helyzetben is vizsg\\u00e1lni kell.\\u00a0A f\\u00e9keket legal\\u00e1bb h\\u00e1rom alkalommal kell m\\u0171k\\u00f6dtetni. A k\\u00e9tf\\u00e9kes emel\\u0151m\\u0171 f\\u00e9kjeinek el\\u0151\\u00edr\\u00e1s szerinti m\\u0171k\\u00f6d\\u00e9s\\u00e9t k\\u00fcl\\u00f6n-k\\u00fcl\\u00f6n is vizsg\\u00e1lni kell.A vizsg\\u00e1lat ut\\u00e1n fokozott figyelemmel kell ellen\\u0151rizni a tehermegfog\\u00f3 szerkezetet nincs-e rajta k\\u00e1rosod\\u00e1s.A dinamikai vizsg\\u00e1lat\\u00a0sor\\u00e1n az emel\\u0151g\\u00e9pet a n\\u00e9vleges teherb\\u00edr\\u00e1s\\u00e1nak 1,1-szeres\\u00e9vel kell terhelni. Majd a felemelt teherrel minden \\u00fczemszer\\u0171 mozg\\u00e1st legal\\u00e1bb k\\u00e9tszer el kell v\\u00e9gezni, k\\u00fcl\\u00f6n-k\\u00fcl\\u00f6n valamennyi mozg\\u00e1s- ir\\u00e1ny teljes hossz\\u00e1ban a v\\u00e9ghelyzetkapcsol\\u00f3k m\\u0171k\\u00f6dtet\\u00e9s\\u00e9ig.A vizsg\\u00e1lat ut\\u00e1n\\u00a0ellen\\u0151rizni kell, hogy nem k\\u00f6vetkezett-e be s\\u00e9r\\u00fcl\\u00e9s vagy k\\u00e1ros alakv\\u00e1ltoz\\u00e1s, valamint azt, hogy a\\u00a0hajt\\u00e1s \\u00e9s a f\\u00e9kek lehet\\u0151v\\u00e9 teszik-e a rendeltet\\u00e9sszer\\u0171 haszn\\u00e1latot.A dinamikai vizsg\\u00e1lat sor\\u00e1n emel\\u00e9s k\\u00f6zben a terhet ism\\u00e9telten meg kell \\u00e1ll\\u00edtani k\\u00fcl\\u00f6nb\\u00f6z\\u0151 helyzetekben. K\\u00e9tf\\u00e9kes emel\\u0151m\\u0171 eset\\u00e9n ezt a m\\u0171veletet mindk\\u00e9t f\\u00e9kkel, k\\u00fcl\\u00f6n-k\\u00fcl\\u00f6n is v\\u00e9gre kell hajtani.\"}},{\"@type\":\"Question\",\"name\":\"A VIZSG\\u00c1LATOK GYAKORIS\\u00c1GA\",\"acceptedAnswer\":{\"@type\":\"Answer\",\"text\":\"Id\\u0151szakos biztons\\u00e1gi fel\\u00fclvizsg\\u00e1lat legal\\u00e1bb 5 \\u00e9vente esed\\u00e9kes.Vizsg\\u00e1lat elv\\u00e9gz\\u00e9s\\u00e9re jogosult:\\u00a0szakir\\u00e1ny\\u00fa k\\u00e9pzetts\\u00e9ggel \\u00e9s munkav\\u00e9delmi szakk\\u00e9pzetts\\u00e9ggel\\u00a0rendelkez\\u0151 szem\\u00e9ly (munkabiztons\\u00e1gi szaktev\\u00e9kenys\\u00e9g) vagy k\\u00fcl\\u00f6n jogszab\\u00e1lyban erre feljogos\\u00edtott szem\\u00e9ly, illetve erre akkredit\\u00e1lt int\\u00e9zm\\u00e9ny v\\u00e9gezheti.Az emel\\u0151g\\u00e9p id\\u0151szakos vizsg\\u00e1lat\\u00e1ra (szerkezeti-, f\\u0151vizsg\\u00e1lat) emel\\u0151g\\u00e9p szak\\u00e9rt\\u0151 jogosult.\\u00a0Az emel\\u0151g\\u00e9p f\\u0151vizsg\\u00e1lat\\u00e1ra\\u00a0\\u2013 kiv\\u00e9ve az 1000 kg-n\\u00e1l nagyobb megengedett teherb\\u00edr\\u00e1s\\u00fa emel\\u0151g\\u00e9pet \\u00e9s az olyan emel\\u0151g\\u00e9pet, amelyn\\u00e9l a kezel\\u0151i munkahely az emel\\u0151kocsin van, \\u00e9s a kocsi 1,5 m-n\\u00e9l magasabbra emelhet\\u0151 \\u2013 \\u00e9s szerkezeti vizsg\\u00e1lat\\u00e1ra emel\\u0151g\\u00e9p \\u00fcgyint\\u00e9z\\u0151, csak a szerkezeti vizsg\\u00e1lat\\u00e1ra emel\\u0151g\\u00e9p vizsg\\u00e1l\\u00f3 is jogosult.\"}}]}<\/script>\n\t\t\t\t\t\t\t<\/div>\n\t\t\t\t\t<\/div>\n\t\t\t\t<\/div>\n\t\t\t\t<section class=\"elementor-section elementor-top-section elementor-element elementor-element-f3f2434 elementor-section-boxed elementor-section-height-default elementor-section-height-default\" data-id=\"f3f2434\" data-element_type=\"section\" data-settings=\"{&quot;jet_parallax_layout_list&quot;:[{&quot;jet_parallax_layout_image&quot;:{&quot;url&quot;:&quot;&quot;,&quot;id&quot;:&quot;&quot;,&quot;size&quot;:&quot;&quot;},&quot;_id&quot;:&quot;bbd2fa7&quot;,&quot;jet_parallax_layout_image_tablet&quot;:{&quot;url&quot;:&quot;&quot;,&quot;id&quot;:&quot;&quot;,&quot;size&quot;:&quot;&quot;},&quot;jet_parallax_layout_image_mobile&quot;:{&quot;url&quot;:&quot;&quot;,&quot;id&quot;:&quot;&quot;,&quot;size&quot;:&quot;&quot;},&quot;jet_parallax_layout_speed&quot;:{&quot;unit&quot;:&quot;%&quot;,&quot;size&quot;:50,&quot;sizes&quot;:[]},&quot;jet_parallax_layout_type&quot;:&quot;scroll&quot;,&quot;jet_parallax_layout_direction&quot;:&quot;1&quot;,&quot;jet_parallax_layout_fx_direction&quot;:null,&quot;jet_parallax_layout_z_index&quot;:&quot;&quot;,&quot;jet_parallax_layout_bg_x&quot;:50,&quot;jet_parallax_layout_bg_x_tablet&quot;:&quot;&quot;,&quot;jet_parallax_layout_bg_x_mobile&quot;:&quot;&quot;,&quot;jet_parallax_layout_bg_y&quot;:50,&quot;jet_parallax_layout_bg_y_tablet&quot;:&quot;&quot;,&quot;jet_parallax_layout_bg_y_mobile&quot;:&quot;&quot;,&quot;jet_parallax_layout_bg_size&quot;:&quot;auto&quot;,&quot;jet_parallax_layout_bg_size_tablet&quot;:&quot;&quot;,&quot;jet_parallax_layout_bg_size_mobile&quot;:&quot;&quot;,&quot;jet_parallax_layout_animation_prop&quot;:&quot;transform&quot;,&quot;jet_parallax_layout_on&quot;:[&quot;desktop&quot;,&quot;tablet&quot;]}]}\">\n\t\t\t\t\t\t<div class=\"elementor-container elementor-column-gap-default\">\n\t\t\t\t\t<div class=\"elementor-column elementor-col-50 elementor-top-column elementor-element elementor-element-b64b0a4\" data-id=\"b64b0a4\" data-element_type=\"column\">\n\t\t\t<div class=\"elementor-widget-wrap elementor-element-populated\">\n\t\t\t\t\t\t<div class=\"elementor-element elementor-element-36bd20e elementor-widget elementor-widget-button\" data-id=\"36bd20e\" data-element_type=\"widget\" data-widget_type=\"button.default\">\n\t\t\t\t\t\t\t\t\t\t<a class=\"elementor-button elementor-button-link elementor-size-sm\" href=\"https:\/\/ecocranes.hu\/szolgaltatasok\/\">\n\t\t\t\t\t\t<span class=\"elementor-button-content-wrapper\">\n\t\t\t\t\t\t\t\t\t<span class=\"elementor-button-text\">Szolg\u00e1ltat\u00e1saink<\/span>\n\t\t\t\t\t<\/span>\n\t\t\t\t\t<\/a>\n\t\t\t\t\t\t\t\t<\/div>\n\t\t\t\t\t<\/div>\n\t\t<\/div>\n\t\t\t\t<div class=\"elementor-column elementor-col-50 elementor-top-column elementor-element elementor-element-9143482\" data-id=\"9143482\" data-element_type=\"column\">\n\t\t\t<div class=\"elementor-widget-wrap elementor-element-populated\">\n\t\t\t\t\t\t<div class=\"elementor-element elementor-element-9805bc7 elementor-align-right elementor-widget elementor-widget-button\" data-id=\"9805bc7\" data-element_type=\"widget\" data-widget_type=\"button.default\">\n\t\t\t\t\t\t\t\t\t\t<a class=\"elementor-button elementor-button-link elementor-size-sm\" href=\"https:\/\/ecocranes.hu\/daru-es-emelovizsgalatok-tipusai\/\">\n\t\t\t\t\t\t<span class=\"elementor-button-content-wrapper\">\n\t\t\t\t\t\t\t\t\t<span class=\"elementor-button-text\">Daru- \u00e9s emel\u0151vizsg\u00e1latok t\u00edpusai<\/span>\n\t\t\t\t\t<\/span>\n\t\t\t\t\t<\/a>\n\t\t\t\t\t\t\t\t<\/div>\n\t\t\t\t\t<\/div>\n\t\t<\/div>\n\t\t\t\t\t<\/div>\n\t\t<\/section>\n\t\t\t\t<\/div>\n\t\t","protected":false},"excerpt":{"rendered":"<p>VIZSG\u00c1LATAINK EL\u0150NYEI Ha szerz\u0151d\u00f6tt \u00fcgyfel\u00fcnk, akkor \u00d6nnek nem kell eml\u00e9keznie mikor esed\u00e9kes a k\u00f6vetkez\u0151 vizsg\u00e1lat. Mi \u2013 egy \u00f6nnel egyeztetett id\u0151pontban \u2013\u00a0automatikusan megjelen\u00fcnk a vizsg\u00e1lat esed\u00e9kess\u00e9gekor\u00a0\u00e9s elv\u00e9gezz\u00fck azt. A kisebb jav\u00edt\u00e1sokra \u00e9s alkatr\u00e9szekre \u00e1rengedm\u00e9nyt adunk. Ha szerz\u0151d\u00f6tt \u00fcgyfel\u00fcnk, akkor a rendszeres karbantart\u00e1soknak k\u00f6sz\u00f6nhet\u0151en \u00fczembiztosabbak lesznek emel\u0151g\u00e9pei \u00e9s ez k\u00f6lts\u00e9gmegtakar\u00edt\u00e1s. \u00cdgy az \u00fczemnek nem kell egy [&hellip;]<\/p>\n","protected":false},"author":1,"featured_media":0,"parent":0,"menu_order":0,"comment_status":"closed","ping_status":"open","template":"","meta":{"_acf_changed":false,"footnotes":""},"class_list":["post-7319","page","type-page","status-publish","hentry","no-thumb"],"acf":[],"yoast_head":"<!-- This site is optimized with the Yoast SEO Premium plugin v26.2 (Yoast SEO v26.6) - https:\/\/yoast.com\/wordpress\/plugins\/seo\/ -->\n<title>Daru- \u00e9s emel\u0151vizsg\u00e1latok folyamatai - Eco-Cranes<\/title>\n<meta name=\"description\" content=\"VIZSG\u00c1LATAINK EL\u0150NYEI Ha szerz\u0151d\u00f6tt \u00fcgyfel\u00fcnk, akkor \u00d6nnek nem kell eml\u00e9keznie mikor esed\u00e9kes a k\u00f6vetkez\u0151 vizsg\u00e1lat. Mi \u2013 egy \u00f6nnel egyeztetett id\u0151pontban\u2026\" \/>\n<meta name=\"robots\" content=\"index, follow, max-snippet:-1, max-image-preview:large, max-video-preview:-1\" \/>\n<link rel=\"canonical\" href=\"https:\/\/ecocranes.hu\/en\/daru-emelo-vizsgalatokrol\/\" \/>\n<meta property=\"og:locale\" content=\"en_GB\" \/>\n<meta property=\"og:type\" content=\"article\" \/>\n<meta property=\"og:title\" content=\"Daru- \u00e9s emel\u0151vizsg\u00e1latok folyamatai\" \/>\n<meta property=\"og:description\" content=\"VIZSG\u00c1LATAINK EL\u0150NYEI Ha szerz\u0151d\u00f6tt \u00fcgyfel\u00fcnk, akkor \u00d6nnek nem kell eml\u00e9keznie mikor esed\u00e9kes a k\u00f6vetkez\u0151 vizsg\u00e1lat. Mi \u2013 egy \u00f6nnel egyeztetett id\u0151pontban\u2026\" \/>\n<meta property=\"og:url\" content=\"https:\/\/ecocranes.hu\/en\/daru-emelo-vizsgalatokrol\/\" \/>\n<meta property=\"og:site_name\" content=\"Eco-Cranes\" \/>\n<meta property=\"article:publisher\" content=\"https:\/\/www.facebook.com\/ecocranes\" \/>\n<meta property=\"article:modified_time\" content=\"2025-11-14T11:11:39+00:00\" \/>\n<meta property=\"og:image\" content=\"https:\/\/ecocranes.hu\/wp-content\/uploads\/2026\/09\/og_ecocranes.jpg\" \/>\n\t<meta property=\"og:image:width\" content=\"1200\" \/>\n\t<meta property=\"og:image:height\" content=\"630\" \/>\n\t<meta property=\"og:image:type\" content=\"image\/jpeg\" \/>\n<meta name=\"twitter:card\" content=\"summary_large_image\" \/>\n<meta name=\"twitter:label1\" content=\"Estimated reading time\" \/>\n\t<meta name=\"twitter:data1\" content=\"17 minutes\" \/>\n<script type=\"application\/ld+json\" class=\"yoast-schema-graph\">{\"@context\":\"https:\/\/schema.org\",\"@graph\":[{\"@type\":\"WebPage\",\"@id\":\"https:\/\/ecocranes.hu\/daru-emelo-vizsgalatokrol\/\",\"url\":\"https:\/\/ecocranes.hu\/daru-emelo-vizsgalatokrol\/\",\"name\":\"Daru- \u00e9s emel\u0151vizsg\u00e1latok folyamatai - Eco-Cranes\",\"isPartOf\":{\"@id\":\"https:\/\/ecocranes.hu\/#website\"},\"datePublished\":\"2020-06-16T07:30:51+00:00\",\"dateModified\":\"2025-11-14T11:11:39+00:00\",\"description\":\"VIZSG\u00c1LATAINK EL\u0150NYEI Ha szerz\u0151d\u00f6tt \u00fcgyfel\u00fcnk, akkor \u00d6nnek nem kell eml\u00e9keznie mikor esed\u00e9kes a k\u00f6vetkez\u0151 vizsg\u00e1lat. Mi \u2013 egy \u00f6nnel egyeztetett id\u0151pontban\u2026\",\"breadcrumb\":{\"@id\":\"https:\/\/ecocranes.hu\/daru-emelo-vizsgalatokrol\/#breadcrumb\"},\"inLanguage\":\"en-GB\",\"potentialAction\":[{\"@type\":\"ReadAction\",\"target\":[\"https:\/\/ecocranes.hu\/daru-emelo-vizsgalatokrol\/\"]}],\"speakable\":{\"@type\":\"SpeakableSpecification\",\"cssSelector\":[\"h1\",\".elementor-widget-text-editor\"]}},{\"@type\":\"BreadcrumbList\",\"@id\":\"https:\/\/ecocranes.hu\/daru-emelo-vizsgalatokrol\/#breadcrumb\",\"itemListElement\":[{\"@type\":\"ListItem\",\"position\":1,\"name\":\"Home\",\"item\":\"https:\/\/ecocranes.hu\/en\/\"},{\"@type\":\"ListItem\",\"position\":2,\"name\":\"Daru- \u00e9s emel\u0151vizsg\u00e1latok folyamatai\"}]},{\"@type\":\"WebSite\",\"@id\":\"https:\/\/ecocranes.hu\/#website\",\"url\":\"https:\/\/ecocranes.hu\/\",\"name\":\"Eco-Cranes\",\"description\":\"Daruk \u00e9s emel\u0151g\u00e9pek\",\"publisher\":{\"@id\":\"https:\/\/ecocranes.hu\/#organization\"},\"potentialAction\":[{\"@type\":\"SearchAction\",\"target\":{\"@type\":\"EntryPoint\",\"urlTemplate\":\"https:\/\/ecocranes.hu\/?s={search_term_string}\"},\"query-input\":{\"@type\":\"PropertyValueSpecification\",\"valueRequired\":true,\"valueName\":\"search_term_string\"}}],\"inLanguage\":\"en-GB\"},{\"@type\":\"Organization\",\"@id\":\"https:\/\/ecocranes.hu\/#organization\",\"name\":\"Eco-Cranes\",\"url\":\"https:\/\/ecocranes.hu\/\",\"logo\":{\"@type\":\"ImageObject\",\"inLanguage\":\"en-GB\",\"@id\":\"https:\/\/ecocranes.hu\/#\/schema\/logo\/image\/\",\"url\":\"https:\/\/ecocranes.hu\/wp-content\/uploads\/2025\/09\/eco-cranes-logo.png\",\"contentUrl\":\"https:\/\/ecocranes.hu\/wp-content\/uploads\/2025\/09\/eco-cranes-logo.png\",\"width\":180,\"height\":18,\"caption\":\"Eco-Cranes\"},\"image\":{\"@id\":\"https:\/\/ecocranes.hu\/#\/schema\/logo\/image\/\"},\"sameAs\":[\"https:\/\/www.facebook.com\/ecocranes\"],\"address\":{\"@type\":\"PostalAddress\",\"streetAddress\":\"Ybl Mikl\u00f3s utca 42.\",\"addressLocality\":\"F\u00f3t\",\"postalCode\":\"2151\",\"addressCountry\":\"HU\"},\"geo\":{\"@type\":\"GeoCoordinates\",\"latitude\":47.61583300000000207319317269138991832733154296875,\"longitude\":19.181837000000001580701791681349277496337890625},\"openingHoursSpecification\":[{\"@type\":\"OpeningHoursSpecification\",\"dayOfWeek\":[\"Monday\",\"Tuesday\",\"Wednesday\",\"Thursday\",\"Friday\"],\"opens\":\"08:00\",\"closes\":\"17:00\"}],\"description\":\"Daruk, h\u00edddaruk, forg\u00f3daruk \u00e9s hidraulikus emel\u0151asztalok tervez\u00e9se, gy\u00e1rt\u00e1sa, telep\u00edt\u00e9se, szervize \u00e9s id\u0151szakos vizsg\u00e1lata.\",\"email\":\"info@ecocranes.hu\",\"telephone\":\"+36 27 360823\",\"legalName\":\"ECO-CRANES HUNGARY Daruk \u00e9s Emel\u0151g\u00e9pek Korl\u00e1tolt Felel\u0151ss\u00e9g\u0171 T\u00e1rsas\u00e1g\",\"vatID\":\"11912606-2-13\"}]}<\/script>\n<!-- \/ Yoast SEO Premium plugin. -->","yoast_head_json":{"title":"Crane and Lifting Tests \u2013 Eco-Cranes","description":"VIZSG\u00c1LATAINK EL\u0150NYEI Ha szerz\u0151d\u00f6tt \u00fcgyfel\u00fcnk, akkor \u00d6nnek nem kell eml\u00e9keznie mikor esed\u00e9kes a k\u00f6vetkez\u0151 vizsg\u00e1lat. Mi \u2013 egy \u00f6nnel egyeztetett id\u0151pontban\u2026","robots":{"index":"index","follow":"follow","max-snippet":"max-snippet:-1","max-image-preview":"max-image-preview:large","max-video-preview":"max-video-preview:-1"},"canonical":"https:\/\/ecocranes.hu\/en\/daru-emelo-vizsgalatokrol\/","og_locale":"en_GB","og_type":"article","og_title":"Daru- \u00e9s emel\u0151vizsg\u00e1latok folyamatai","og_description":"VIZSG\u00c1LATAINK EL\u0150NYEI Ha szerz\u0151d\u00f6tt \u00fcgyfel\u00fcnk, akkor \u00d6nnek nem kell eml\u00e9keznie mikor esed\u00e9kes a k\u00f6vetkez\u0151 vizsg\u00e1lat. Mi \u2013 egy \u00f6nnel egyeztetett id\u0151pontban\u2026","og_url":"https:\/\/ecocranes.hu\/en\/daru-emelo-vizsgalatokrol\/","og_site_name":"Eco-Cranes","article_publisher":"https:\/\/www.facebook.com\/ecocranes","article_modified_time":"2025-11-14T11:11:39+00:00","og_image":[{"width":1200,"height":630,"url":"https:\/\/ecocranes.hu\/wp-content\/uploads\/2026\/09\/og_ecocranes.jpg","type":"image\/jpeg"}],"twitter_card":"summary_large_image","twitter_misc":{"Estimated reading time":"17 minutes"},"schema":{"@context":"https:\/\/schema.org","@graph":[{"@type":"WebPage","@id":"https:\/\/ecocranes.hu\/daru-emelo-vizsgalatokrol\/","url":"https:\/\/ecocranes.hu\/daru-emelo-vizsgalatokrol\/","name":"Crane and Lifting Tests \u2013 Eco-Cranes","isPartOf":{"@id":"https:\/\/ecocranes.hu\/#website"},"datePublished":"2020-06-16T07:30:51+00:00","dateModified":"2025-11-14T11:11:39+00:00","description":"VIZSG\u00c1LATAINK EL\u0150NYEI Ha szerz\u0151d\u00f6tt \u00fcgyfel\u00fcnk, akkor \u00d6nnek nem kell eml\u00e9keznie mikor esed\u00e9kes a k\u00f6vetkez\u0151 vizsg\u00e1lat. Mi \u2013 egy \u00f6nnel egyeztetett id\u0151pontban\u2026","breadcrumb":{"@id":"https:\/\/ecocranes.hu\/daru-emelo-vizsgalatokrol\/#breadcrumb"},"inLanguage":"en-GB","potentialAction":[{"@type":"ReadAction","target":["https:\/\/ecocranes.hu\/daru-emelo-vizsgalatokrol\/"]}],"speakable":{"@type":"SpeakableSpecification","cssSelector":["h1",".elementor-widget-text-editor"]}},{"@type":"BreadcrumbList","@id":"https:\/\/ecocranes.hu\/daru-emelo-vizsgalatokrol\/#breadcrumb","itemListElement":[{"@type":"ListItem","position":1,"name":"Home","item":"https:\/\/ecocranes.hu\/en\/"},{"@type":"ListItem","position":2,"name":"Daru- \u00e9s emel\u0151vizsg\u00e1latok folyamatai"}]},{"@type":"WebSite","@id":"https:\/\/ecocranes.hu\/#website","url":"https:\/\/ecocranes.hu\/","name":"Eco-Cranes","description":"Cranes and lifting equipment","publisher":{"@id":"https:\/\/ecocranes.hu\/#organization"},"potentialAction":[{"@type":"SearchAction","target":{"@type":"EntryPoint","urlTemplate":"https:\/\/ecocranes.hu\/?s={search_term_string}"},"query-input":{"@type":"PropertyValueSpecification","valueRequired":true,"valueName":"search_term_string"}}],"inLanguage":"en-GB"},{"@type":"Organization","@id":"https:\/\/ecocranes.hu\/#organization","name":"Eco-Cranes","url":"https:\/\/ecocranes.hu\/","logo":{"@type":"ImageObject","inLanguage":"en-GB","@id":"https:\/\/ecocranes.hu\/#\/schema\/logo\/image\/","url":"https:\/\/ecocranes.hu\/wp-content\/uploads\/2025\/09\/eco-cranes-logo.png","contentUrl":"https:\/\/ecocranes.hu\/wp-content\/uploads\/2025\/09\/eco-cranes-logo.png","width":180,"height":18,"caption":"Eco-Cranes"},"image":{"@id":"https:\/\/ecocranes.hu\/#\/schema\/logo\/image\/"},"sameAs":["https:\/\/www.facebook.com\/ecocranes"],"address":{"@type":"PostalAddress","streetAddress":"Ybl Mikl\u00f3s utca 42.","addressLocality":"F\u00f3t","postalCode":"2151","addressCountry":"HU"},"geo":{"@type":"GeoCoordinates","latitude":47.61583300000000207319317269138991832733154296875,"longitude":19.181837000000001580701791681349277496337890625},"openingHoursSpecification":[{"@type":"OpeningHoursSpecification","dayOfWeek":["Monday","Tuesday","Wednesday","Thursday","Friday"],"opens":"08:00","closes":"17:00"}],"description":"Design, manufacture, installation, servicing and periodic inspection of cranes, bridge cranes, slewing cranes and hydraulic lifting tables.","email":"info@ecocranes.hu","telephone":"+36 27 360823","legalName":"ECO-CRANES HUNGARY Daruk \u00e9s Emel\u0151g\u00e9pek Korl\u00e1tolt Felel\u0151ss\u00e9g\u0171 T\u00e1rsas\u00e1g","vatID":"11912606-2-13"}]}},"_links":{"self":[{"href":"https:\/\/ecocranes.hu\/en\/wp-json\/wp\/v2\/pages\/7319","targetHints":{"allow":["GET"]}}],"collection":[{"href":"https:\/\/ecocranes.hu\/en\/wp-json\/wp\/v2\/pages"}],"about":[{"href":"https:\/\/ecocranes.hu\/en\/wp-json\/wp\/v2\/types\/page"}],"author":[{"embeddable":true,"href":"https:\/\/ecocranes.hu\/en\/wp-json\/wp\/v2\/users\/1"}],"replies":[{"embeddable":true,"href":"https:\/\/ecocranes.hu\/en\/wp-json\/wp\/v2\/comments?post=7319"}],"version-history":[{"count":0,"href":"https:\/\/ecocranes.hu\/en\/wp-json\/wp\/v2\/pages\/7319\/revisions"}],"wp:attachment":[{"href":"https:\/\/ecocranes.hu\/en\/wp-json\/wp\/v2\/media?parent=7319"}],"curies":[{"name":"wp","href":"https:\/\/api.w.org\/{rel}","templated":true}]}}