{"id":7287,"date":"2018-01-24T14:00:53","date_gmt":"2018-01-24T13:00:53","guid":{"rendered":"https:\/\/ecocranes.hu\/adatkezelesi-tajekoztato\/"},"modified":"2026-08-10T16:58:36","modified_gmt":"2026-08-10T14:58:36","slug":"adatkezelesi-tajekoztato","status":"publish","type":"page","link":"https:\/\/ecocranes.hu\/en\/adatkezelesi-tajekoztato\/","title":{"rendered":"Data processing information"},"content":{"rendered":"\t\t<div data-elementor-type=\"wp-page\" data-elementor-id=\"7287\" class=\"elementor elementor-7287\" data-elementor-post-type=\"page\">\n\t\t\t\t\t\t<section class=\"elementor-section elementor-top-section elementor-element elementor-element-f19976d elementor-section-boxed elementor-section-height-default elementor-section-height-default\" data-id=\"f19976d\" data-element_type=\"section\" data-settings=\"{&quot;jet_parallax_layout_list&quot;:[{&quot;jet_parallax_layout_image&quot;:{&quot;url&quot;:&quot;&quot;,&quot;id&quot;:&quot;&quot;,&quot;size&quot;:&quot;&quot;},&quot;_id&quot;:&quot;fe0f3eb&quot;,&quot;jet_parallax_layout_image_tablet&quot;:{&quot;url&quot;:&quot;&quot;,&quot;id&quot;:&quot;&quot;,&quot;size&quot;:&quot;&quot;},&quot;jet_parallax_layout_image_mobile&quot;:{&quot;url&quot;:&quot;&quot;,&quot;id&quot;:&quot;&quot;,&quot;size&quot;:&quot;&quot;},&quot;jet_parallax_layout_speed&quot;:{&quot;unit&quot;:&quot;%&quot;,&quot;size&quot;:50,&quot;sizes&quot;:[]},&quot;jet_parallax_layout_type&quot;:&quot;scroll&quot;,&quot;jet_parallax_layout_direction&quot;:&quot;1&quot;,&quot;jet_parallax_layout_fx_direction&quot;:null,&quot;jet_parallax_layout_z_index&quot;:&quot;&quot;,&quot;jet_parallax_layout_bg_x&quot;:50,&quot;jet_parallax_layout_bg_x_tablet&quot;:&quot;&quot;,&quot;jet_parallax_layout_bg_x_mobile&quot;:&quot;&quot;,&quot;jet_parallax_layout_bg_y&quot;:50,&quot;jet_parallax_layout_bg_y_tablet&quot;:&quot;&quot;,&quot;jet_parallax_layout_bg_y_mobile&quot;:&quot;&quot;,&quot;jet_parallax_layout_bg_size&quot;:&quot;auto&quot;,&quot;jet_parallax_layout_bg_size_tablet&quot;:&quot;&quot;,&quot;jet_parallax_layout_bg_size_mobile&quot;:&quot;&quot;,&quot;jet_parallax_layout_animation_prop&quot;:&quot;transform&quot;,&quot;jet_parallax_layout_on&quot;:[&quot;desktop&quot;,&quot;tablet&quot;]}]}\">\n\t\t\t\t\t\t<div class=\"elementor-container elementor-column-gap-default\">\n\t\t\t\t\t<div class=\"elementor-column elementor-col-100 elementor-top-column elementor-element elementor-element-656ec89\" data-id=\"656ec89\" data-element_type=\"column\">\n\t\t\t<div class=\"elementor-widget-wrap elementor-element-populated\">\n\t\t\t\t\t\t<div class=\"elementor-element elementor-element-cc4dbcb elementor-widget elementor-widget-toggle\" data-id=\"cc4dbcb\" data-element_type=\"widget\" data-widget_type=\"toggle.default\">\n\t\t\t\t\t\t\t<div class=\"elementor-toggle\">\n\t\t\t\t\t\t\t<div class=\"elementor-toggle-item\">\n\t\t\t\t\t<div id=\"elementor-tab-title-2141\" class=\"elementor-tab-title\" data-tab=\"1\" role=\"button\" aria-controls=\"elementor-tab-content-2141\" aria-expanded=\"false\">\n\t\t\t\t\t\t\t\t\t\t\t\t<span class=\"elementor-toggle-icon elementor-toggle-icon-left\" aria-hidden=\"true\">\n\t\t\t\t\t\t\t\t\t\t\t\t\t\t\t<span class=\"elementor-toggle-icon-closed\"><svg class=\"e-font-icon-svg e-fas-caret-right\" viewBox=\"0 0 192 512\" xmlns=\"http:\/\/www.w3.org\/2000\/svg\"><path d=\"M0 384.662V127.338c0-17.818 21.543-26.741 34.142-14.142l128.662 128.662c7.81 7.81 7.81 20.474 0 28.284L34.142 398.804C21.543 411.404 0 402.48 0 384.662z\"><\/path><\/svg><\/span>\n\t\t\t\t\t\t\t\t<span class=\"elementor-toggle-icon-opened\"><svg class=\"elementor-toggle-icon-opened e-font-icon-svg e-fas-caret-up\" viewBox=\"0 0 320 512\" xmlns=\"http:\/\/www.w3.org\/2000\/svg\"><path d=\"M288.662 352H31.338c-17.818 0-26.741-21.543-14.142-34.142l128.662-128.662c7.81-7.81 20.474-7.81 28.284 0l128.662 128.662c12.6 12.599 3.676 34.142-14.142 34.142z\"><\/path><\/svg><\/span>\n\t\t\t\t\t\t\t\t\t\t\t\t\t<\/span>\n\t\t\t\t\t\t\t\t\t\t\t\t<a class=\"elementor-toggle-title\" tabindex=\"0\">Bevezet\u00e9s<\/a>\n\t\t\t\t\t<\/div>\n\n\t\t\t\t\t<div id=\"elementor-tab-content-2141\" class=\"elementor-tab-content elementor-clearfix\" data-tab=\"1\" role=\"region\" aria-labelledby=\"elementor-tab-title-2141\"><p style=\"font-size: 16px; margin-bottom: 10px; caret-color: #595959; color: #595959; font-family: Arial, Helvetica, sans-serif;\">Az\u00a0<span style=\"font-weight: bold;\">ECO-CRANES HUNGARY Daruk \u00e9s Emel\u0151g\u00e9pek Korl\u00e1tolt Felel\u0151ss\u00e9g\u0171 T\u00e1rsas\u00e1g<\/span>\u00a0(c\u00e9gjegyz\u00e9ksz\u00e1m: 13-09-083304, ad\u00f3sz\u00e1m: 11912606-2-13, sz\u00e9khely: 2151 F\u00f3t, Ybl Mikl\u00f3s utca 42.)\u00a0 (a tov\u00e1bbiakban: Szolg\u00e1ltat\u00f3, adatkezel\u0151) al\u00e1 veti mag\u00e1t a k\u00f6vetkez\u0151 szab\u00e1lyzatnak:<\/p><p style=\"font-size: 16px; margin-bottom: 10px; caret-color: #595959; color: #595959; font-family: Arial, Helvetica, sans-serif;\">A term\u00e9szetes szem\u00e9lyeknek a szem\u00e9lyes adatok kezel\u00e9se tekintet\u00e9ben t\u00f6rt\u00e9n\u0151 v\u00e9delm\u00e9r\u0151l \u00e9s az ilyen adatok szabad \u00e1raml\u00e1s\u00e1r\u00f3l, valamint a 95\/46\/EK rendelet hat\u00e1lyon k\u00edv\u00fcl helyez\u00e9s\u00e9r\u0151l (\u00e1ltal\u00e1nos adatv\u00e9delmi rendelet) AZ EUR\u00d3PAI PARLAMENT \u00c9S A TAN\u00c1CS (EU) 2016\/679 RENDELETE (2016. \u00e1prilis 27.) szerint az al\u00e1bbi t\u00e1j\u00e9koztat\u00e1st adjuk.<\/p><p style=\"font-size: 16px; margin-bottom: 10px; caret-color: #595959; color: #595959; font-family: Arial, Helvetica, sans-serif;\">Jelen adatv\u00e9delmi szab\u00e1lyzat az al\u00e1bbi oldalak adatkezel\u00e9s\u00e9t szab\u00e1lyozza:\u00a0<a style=\"color: #8b8b8b; text-decoration: none; cursor: pointer;\" href=\"https:\/\/ecocranes.hu\/\">https:\/\/ecocranes.hu<\/a><br \/>Az adatv\u00e9delmi szab\u00e1lyzat el\u00e9rhet\u0151 az al\u00e1bbi oldalr\u00f3l:\u00a0<br \/><a href=\"https:\/\/ecocranes.hu\/adatkezelesi-tajekoztato\/\">https:\/\/ecocranes.hu\/adatkezelesi-tajekoztato\/<\/a><br \/>A szab\u00e1lyzat m\u00f3dos\u00edt\u00e1sai a fenti c\u00edmen t\u00f6rt\u00e9n\u0151 k\u00f6zz\u00e9t\u00e9tellel l\u00e9pnek hat\u00e1lyba.<\/p><\/div>\n\t\t\t\t<\/div>\n\t\t\t\t\t\t\t<div class=\"elementor-toggle-item\">\n\t\t\t\t\t<div id=\"elementor-tab-title-2142\" class=\"elementor-tab-title\" data-tab=\"2\" role=\"button\" aria-controls=\"elementor-tab-content-2142\" aria-expanded=\"false\">\n\t\t\t\t\t\t\t\t\t\t\t\t<span class=\"elementor-toggle-icon elementor-toggle-icon-left\" aria-hidden=\"true\">\n\t\t\t\t\t\t\t\t\t\t\t\t\t\t\t<span class=\"elementor-toggle-icon-closed\"><svg class=\"e-font-icon-svg e-fas-caret-right\" viewBox=\"0 0 192 512\" xmlns=\"http:\/\/www.w3.org\/2000\/svg\"><path d=\"M0 384.662V127.338c0-17.818 21.543-26.741 34.142-14.142l128.662 128.662c7.81 7.81 7.81 20.474 0 28.284L34.142 398.804C21.543 411.404 0 402.48 0 384.662z\"><\/path><\/svg><\/span>\n\t\t\t\t\t\t\t\t<span class=\"elementor-toggle-icon-opened\"><svg class=\"elementor-toggle-icon-opened e-font-icon-svg e-fas-caret-up\" viewBox=\"0 0 320 512\" xmlns=\"http:\/\/www.w3.org\/2000\/svg\"><path d=\"M288.662 352H31.338c-17.818 0-26.741-21.543-14.142-34.142l128.662-128.662c7.81-7.81 20.474-7.81 28.284 0l128.662 128.662c12.6 12.599 3.676 34.142-14.142 34.142z\"><\/path><\/svg><\/span>\n\t\t\t\t\t\t\t\t\t\t\t\t\t<\/span>\n\t\t\t\t\t\t\t\t\t\t\t\t<a class=\"elementor-toggle-title\" tabindex=\"0\">Az adatkezel\u0151 el\u00e9rhet\u0151s\u00e9gei<\/a>\n\t\t\t\t\t<\/div>\n\n\t\t\t\t\t<div id=\"elementor-tab-content-2142\" class=\"elementor-tab-content elementor-clearfix\" data-tab=\"2\" role=\"region\" aria-labelledby=\"elementor-tab-title-2142\"><p>N\u00e9v: ECO-CRANES HUNGARY Daruk \u00e9s Emel\u0151g\u00e9pek Korl\u00e1tolt Felel\u0151ss\u00e9g\u0171 T\u00e1rsas\u00e1g<br \/>Sz\u00e9khely: 2151 F\u00f3t, Ybl Mikl\u00f3s utca 42.<br \/>E-mail: <a href=\"mailto:info@ecocranes.hu\">info@ecocranes.hu<\/a><br \/>Telefon: 27 360823<\/p><\/div>\n\t\t\t\t<\/div>\n\t\t\t\t\t\t\t<div class=\"elementor-toggle-item\">\n\t\t\t\t\t<div id=\"elementor-tab-title-2143\" class=\"elementor-tab-title\" data-tab=\"3\" role=\"button\" aria-controls=\"elementor-tab-content-2143\" aria-expanded=\"false\">\n\t\t\t\t\t\t\t\t\t\t\t\t<span class=\"elementor-toggle-icon elementor-toggle-icon-left\" aria-hidden=\"true\">\n\t\t\t\t\t\t\t\t\t\t\t\t\t\t\t<span class=\"elementor-toggle-icon-closed\"><svg class=\"e-font-icon-svg e-fas-caret-right\" viewBox=\"0 0 192 512\" xmlns=\"http:\/\/www.w3.org\/2000\/svg\"><path d=\"M0 384.662V127.338c0-17.818 21.543-26.741 34.142-14.142l128.662 128.662c7.81 7.81 7.81 20.474 0 28.284L34.142 398.804C21.543 411.404 0 402.48 0 384.662z\"><\/path><\/svg><\/span>\n\t\t\t\t\t\t\t\t<span class=\"elementor-toggle-icon-opened\"><svg class=\"elementor-toggle-icon-opened e-font-icon-svg e-fas-caret-up\" viewBox=\"0 0 320 512\" xmlns=\"http:\/\/www.w3.org\/2000\/svg\"><path d=\"M288.662 352H31.338c-17.818 0-26.741-21.543-14.142-34.142l128.662-128.662c7.81-7.81 20.474-7.81 28.284 0l128.662 128.662c12.6 12.599 3.676 34.142-14.142 34.142z\"><\/path><\/svg><\/span>\n\t\t\t\t\t\t\t\t\t\t\t\t\t<\/span>\n\t\t\t\t\t\t\t\t\t\t\t\t<a class=\"elementor-toggle-title\" tabindex=\"0\">Fogalom meghat\u00e1roz\u00e1sok<\/a>\n\t\t\t\t\t<\/div>\n\n\t\t\t\t\t<div id=\"elementor-tab-content-2143\" class=\"elementor-tab-content elementor-clearfix\" data-tab=\"3\" role=\"region\" aria-labelledby=\"elementor-tab-title-2143\"><ol><li>\u201e<em>szem\u00e9lyes adat<\/em>\u201d: azonos\u00edtott vagy azonos\u00edthat\u00f3 term\u00e9szetes szem\u00e9lyre (\u201e\u00e9rintett\u201d) vonatkoz\u00f3 b\u00e1rmely inform\u00e1ci\u00f3; azonos\u00edthat\u00f3 az a term\u00e9szetes szem\u00e9ly, aki k\u00f6zvetlen vagy k\u00f6zvetett m\u00f3don, k\u00fcl\u00f6n\u00f6sen valamely azonos\u00edt\u00f3, p\u00e9ld\u00e1ul n\u00e9v, sz\u00e1m, helymeghat\u00e1roz\u00f3 adat, online azonos\u00edt\u00f3 vagy a term\u00e9szetes szem\u00e9ly testi, fiziol\u00f3giai, genetikai, szellemi, gazdas\u00e1gi, kultur\u00e1lis vagy szoci\u00e1lis azonoss\u00e1g\u00e1ra vonatkoz\u00f3 egy vagy t\u00f6bb t\u00e9nyez\u0151 alapj\u00e1n azonos\u00edthat\u00f3;<\/li><\/ol><ol start=\"2\"><li>\u201e<em>adatkezel\u00e9s<\/em>\u201d: a szem\u00e9lyes adatokon vagy adat\u00e1llom\u00e1nyokon automatiz\u00e1lt vagy nem automatiz\u00e1lt m\u00f3don v\u00e9gzett b\u00e1rmely m\u0171velet vagy m\u0171veletek \u00f6sszess\u00e9ge, \u00edgy a gy\u0171jt\u00e9s, r\u00f6gz\u00edt\u00e9s, rendszerez\u00e9s, tagol\u00e1s, t\u00e1rol\u00e1s, \u00e1talak\u00edt\u00e1s vagy megv\u00e1ltoztat\u00e1s, lek\u00e9rdez\u00e9s, betekint\u00e9s, felhaszn\u00e1l\u00e1s, k\u00f6zl\u00e9s tov\u00e1bb\u00edt\u00e1s, terjeszt\u00e9s vagy egy\u00e9b m\u00f3don t\u00f6rt\u00e9n\u0151 hozz\u00e1f\u00e9rhet\u0151v\u00e9 t\u00e9tel \u00fatj\u00e1n, \u00f6sszehangol\u00e1s vagy \u00f6sszekapcsol\u00e1s, korl\u00e1toz\u00e1s, t\u00f6rl\u00e9s, illetve megsemmis\u00edt\u00e9s;<\/li><\/ol><ol start=\"3\"><li>\u201e<em>adatkezel\u0151<\/em>\u201d: az a term\u00e9szetes vagy jogi szem\u00e9ly, k\u00f6zhatalmi szerv, \u00fcgyn\u00f6ks\u00e9g vagy b\u00e1rmely egy\u00e9b szerv, amely a szem\u00e9lyes adatok kezel\u00e9s\u00e9nek c\u00e9ljait \u00e9s eszk\u00f6zeit \u00f6n\u00e1ll\u00f3an vagy m\u00e1sokkal egy\u00fctt meghat\u00e1rozza; ha az adatkezel\u00e9s c\u00e9ljait \u00e9s eszk\u00f6zeit az uni\u00f3s vagy a tag\u00e1llami jog hat\u00e1rozza meg, az adatkezel\u0151t vagy az adatkezel\u0151 kijel\u00f6l\u00e9s\u00e9re vonatkoz\u00f3 k\u00fcl\u00f6n\u00f6s szempontokat az uni\u00f3s vagy a tag\u00e1llami jog is meghat\u00e1rozhatja;<\/li><\/ol><ol start=\"4\"><li>\u201e<em>adatfeldolgoz\u00f3<\/em>\u201d: az a term\u00e9szetes vagy jogi szem\u00e9ly, k\u00f6zhatalmi szerv, \u00fcgyn\u00f6ks\u00e9g vagy b\u00e1rmely egy\u00e9b szerv, amely az adatkezel\u0151 nev\u00e9ben szem\u00e9lyes adatokat kezel;<\/li><\/ol><ol start=\"5\"><li>\u201e<em>c\u00edmzett<\/em>\u201d: az a term\u00e9szetes vagy jogi szem\u00e9ly, k\u00f6zhatalmi szerv, \u00fcgyn\u00f6ks\u00e9g vagy b\u00e1rmely egy\u00e9b szerv, akivel vagy amellyel a szem\u00e9lyes adatot k\u00f6zlik, f\u00fcggetlen\u00fcl att\u00f3l, hogy harmadik f\u00e9l-e. Azon k\u00f6zhatalmi szervek, amelyek egy egyedi vizsg\u00e1lat keret\u00e9ben az uni\u00f3s vagy a tag\u00e1llami joggal \u00f6sszhangban f\u00e9rhetnek hozz\u00e1 szem\u00e9lyes adatokhoz, nem min\u0151s\u00fclnek c\u00edmzettnek; az eml\u00edtett adatok e k\u00f6zhatalmi szervek \u00e1ltali kezel\u00e9se meg kell, hogy feleljen az adatkezel\u00e9s c\u00e9ljainak megfelel\u0151en az alkalmazand\u00f3 adatv\u00e9delmi szab\u00e1lyoknak;<\/li><\/ol><ol start=\"6\"><li>\u201e<em>az \u00e9rintett hozz\u00e1j\u00e1rul\u00e1sa<\/em>\u201d: az \u00e9rintett akarat\u00e1nak \u00f6nk\u00e9ntes, konkr\u00e9t \u00e9s megfelel\u0151 t\u00e1j\u00e9koztat\u00e1son alapul\u00f3 \u00e9s egy\u00e9rtelm\u0171 kinyilv\u00e1n\u00edt\u00e1sa, amellyel az \u00e9rintett nyilatkozat vagy a meger\u0151s\u00edt\u00e9st f\u00e9lre\u00e9rthetetlen\u00fcl kifejez\u0151 cselekedet \u00fatj\u00e1n jelzi, hogy beleegyez\u00e9s\u00e9t adja az \u0151t \u00e9rint\u0151 szem\u00e9lyes adatok kezel\u00e9s\u00e9hez;<\/li><\/ol><ol start=\"7\"><li>\u201e<em>adatv\u00e9delmi incidens<\/em>\u201d: a biztons\u00e1g olyan s\u00e9r\u00fcl\u00e9se, amely a tov\u00e1bb\u00edtott, t\u00e1rolt vagy m\u00e1s m\u00f3don kezelt szem\u00e9lyes adatok v\u00e9letlen vagy jogellenes megsemmis\u00edt\u00e9s\u00e9t, elveszt\u00e9s\u00e9t, megv\u00e1ltoztat\u00e1s\u00e1t, jogosulatlan k\u00f6zl\u00e9s\u00e9t vagy az azokhoz val\u00f3 jogosulatlan hozz\u00e1f\u00e9r\u00e9st eredm\u00e9nyezi.<\/li><\/ol><p><strong>A szem\u00e9lyes adatok kezel\u00e9s\u00e9re vonatkoz\u00f3 elvek<\/strong><\/p><p>A szem\u00e9lyes adatok:<\/p><ol><li>kezel\u00e9s\u00e9t jogszer\u0171en \u00e9s tisztess\u00e9gesen, valamint az \u00e9rintett sz\u00e1m\u00e1ra \u00e1tl\u00e1that\u00f3 m\u00f3don kell v\u00e9gezni (<em>\u201ejogszer\u0171s\u00e9g, tisztess\u00e9ges elj\u00e1r\u00e1s \u00e9s \u00e1tl\u00e1that\u00f3s\u00e1g\u201d<\/em>);<\/li><li>gy\u0171jt\u00e9se csak meghat\u00e1rozott, egy\u00e9rtelm\u0171 \u00e9s jogszer\u0171 c\u00e9lb\u00f3l t\u00f6rt\u00e9njen, \u00e9s azokat ne kezelj\u00e9k ezekkel a c\u00e9lokkal \u00f6ssze nem egyeztethet\u0151 m\u00f3don; a 89. cikk (1) bekezd\u00e9s\u00e9nek megfelel\u0151en nem min\u0151s\u00fcl az eredeti c\u00e9llal \u00f6ssze nem egyeztethet\u0151nek a k\u00f6z\u00e9rdek\u0171 archiv\u00e1l\u00e1s c\u00e9lj\u00e1b\u00f3l, tudom\u00e1nyos \u00e9s t\u00f6rt\u00e9nelmi kutat\u00e1si c\u00e9lb\u00f3l vagy statisztikai c\u00e9lb\u00f3l t\u00f6rt\u00e9n\u0151 tov\u00e1bbi adatkezel\u00e9s (<em>\u201ec\u00e9lhoz k\u00f6t\u00f6tts\u00e9g\u201d<\/em>);<\/li><li>az adatkezel\u00e9s c\u00e9ljai szempontj\u00e1b\u00f3l megfelel\u0151ek \u00e9s relev\u00e1nsak kell, hogy legyenek, \u00e9s a sz\u00fcks\u00e9gesre kell korl\u00e1toz\u00f3dniuk (<em>\u201eadattakar\u00e9koss\u00e1g\u201d<\/em>);<\/li><li>pontosnak \u00e9s sz\u00fcks\u00e9g eset\u00e9n naprak\u00e9sznek kell lenni\u00fck; minden \u00e9szszer\u0171 int\u00e9zked\u00e9st meg kell tenni annak \u00e9rdek\u00e9ben, hogy az adatkezel\u00e9s c\u00e9ljai szempontj\u00e1b\u00f3l pontatlan szem\u00e9lyes adatokat halad\u00e9ktalanul t\u00f6r\u00f6lj\u00e9k vagy helyesb\u00edts\u00e9k (<em>\u201epontoss\u00e1g\u201d<\/em>);<\/li><li>t\u00e1rol\u00e1s\u00e1nak olyan form\u00e1ban kell t\u00f6rt\u00e9nnie, amely az \u00e9rintettek azonos\u00edt\u00e1s\u00e1t csak a szem\u00e9lyes adatok kezel\u00e9se c\u00e9ljainak el\u00e9r\u00e9s\u00e9hez sz\u00fcks\u00e9ges ideig teszi lehet\u0151v\u00e9; a szem\u00e9lyes adatok enn\u00e9l hosszabb ideig t\u00f6rt\u00e9n\u0151 t\u00e1rol\u00e1s\u00e1ra csak akkor ker\u00fclhet sor, amennyiben a szem\u00e9lyes adatok kezel\u00e9s\u00e9re a 89. cikk (1) bekezd\u00e9s\u00e9nek megfelel\u0151en k\u00f6z\u00e9rdek\u0171 archiv\u00e1l\u00e1s c\u00e9lj\u00e1b\u00f3l, tudom\u00e1nyos \u00e9s t\u00f6rt\u00e9nelmi kutat\u00e1si c\u00e9lb\u00f3l vagy statisztikai c\u00e9lb\u00f3l ker\u00fcl majd sor, az e rendeletben az \u00e9rintettek jogainak \u00e9s szabads\u00e1gainak v\u00e9delme \u00e9rdek\u00e9ben el\u0151\u00edrt megfelel\u0151 technikai \u00e9s szervez\u00e9si int\u00e9zked\u00e9sek v\u00e9grehajt\u00e1s\u00e1ra is figyelemmel (<em>\u201ekorl\u00e1tozott t\u00e1rolhat\u00f3s\u00e1g\u201d<\/em>);<\/li><li>kezel\u00e9s\u00e9t oly m\u00f3don kell v\u00e9gezni, hogy megfelel\u0151 technikai vagy szervez\u00e9si int\u00e9zked\u00e9sek alkalmaz\u00e1s\u00e1val biztos\u00edtva legyen a szem\u00e9lyes adatok megfelel\u0151 biztons\u00e1ga, az adatok jogosulatlan vagy jogellenes kezel\u00e9s\u00e9vel, v\u00e9letlen elveszt\u00e9s\u00e9vel, megsemmis\u00edt\u00e9s\u00e9vel vagy k\u00e1rosod\u00e1s\u00e1val szembeni v\u00e9delmet is ide\u00e9rtve (<em>\u201eintegrit\u00e1s \u00e9s bizalmas jelleg\u201d<\/em>).<\/li><\/ol><p>Az adatkezel\u0151 felel\u0151s a fentiek megfelel\u00e9s\u00e9rt, tov\u00e1bb\u00e1 k\u00e9pesnek kell lennie e megfelel\u00e9s igazol\u00e1s\u00e1ra (\u201e<em>elsz\u00e1moltathat\u00f3s\u00e1g<\/em>\u201d).<\/p><p>Az adatkezel\u0151 nyilatkozik, hogy adatkezel\u00e9se a jelen pontban foglalt alapelveknek megfelel\u0151en t\u00f6rt\u00e9nik.<\/p><p><strong>Hirdet\u00e9si \u00e9s m\u00e9r\u00e9si fogalmak<\/strong><\/p><ul><li><em>\u201epixel \/ k\u00f6vet\u0151k\u00f3d\u201d<\/em>: a weboldalba \u00e1gyazott k\u00f3dr\u00e9szlet, amely s\u00fctik vagy hasonl\u00f3 technol\u00f3gi\u00e1k \u00fatj\u00e1n inform\u00e1ci\u00f3t gy\u0171jt a l\u00e1togat\u00f3 weboldalon v\u00e9gzett tev\u00e9kenys\u00e9g\u00e9r\u0151l hirdet\u00e9sm\u00e9r\u00e9s \u00e9s -c\u00e9lz\u00e1s c\u00e9lj\u00e1b\u00f3l (pl. Meta Pixel).<\/li><li><em>\u201eremarketing (retargeting)\u201d<\/em>: olyan hirdet\u00e9si megold\u00e1s, amely a weboldalt kor\u00e1bban felkeres\u0151 l\u00e1togat\u00f3k c\u00e9lzott el\u00e9r\u00e9s\u00e9t teszi lehet\u0151v\u00e9 a hirdet\u00e9si platformokon.<\/li><li><em>\u201eConversions API (CAPI)\u201d<\/em>: szerver-oldali esem\u00e9ny\u00e1tad\u00e1si megold\u00e1s, amely a weboldalon bek\u00f6vetkez\u0151 esem\u00e9nyeket \u00e1lneves\u00edtett (hash-elt) form\u00e1ban tov\u00e1bb\u00edtja a hirdet\u00e9si szolg\u00e1ltat\u00f3 fel\u00e9.<\/li><li><em>\u201eCustom Audience (egy\u00e9ni k\u00f6z\u00f6ns\u00e9g)\u201d<\/em>: az adatkezel\u0151 \u00e1ltal felt\u00f6lt\u00f6tt vagy a weboldali forgalomb\u00f3l k\u00e9pzett, hirdet\u00e9si c\u00e9lz\u00e1sra haszn\u00e1lt k\u00f6z\u00f6ns\u00e9g.<\/li><li><em>\u201ek\u00f6z\u00f6s adatkezel\u0151\u201d<\/em>: ha k\u00e9t vagy t\u00f6bb adatkezel\u0151 k\u00f6z\u00f6sen hat\u00e1rozza meg az adatkezel\u00e9s c\u00e9ljait \u00e9s eszk\u00f6zeit [GDPR 26. cikk].<\/li><li><em>\u201e\u00e1lneves\u00edt\u00e9s\u201d<\/em>: a szem\u00e9lyes adatok olyan kezel\u00e9se, amelynek k\u00f6vetkezt\u00e9ben tov\u00e1bbi inform\u00e1ci\u00f3 felhaszn\u00e1l\u00e1sa n\u00e9lk\u00fcl m\u00e1r nem \u00e1llap\u00edthat\u00f3 meg, hogy azok mely konkr\u00e9t \u00e9rintettre vonatkoznak (pl. hash-el\u00e9s).<\/li><\/ul><\/div>\n\t\t\t\t<\/div>\n\t\t\t\t\t\t\t<div class=\"elementor-toggle-item\">\n\t\t\t\t\t<div id=\"elementor-tab-title-2144\" class=\"elementor-tab-title\" data-tab=\"4\" role=\"button\" aria-controls=\"elementor-tab-content-2144\" aria-expanded=\"false\">\n\t\t\t\t\t\t\t\t\t\t\t\t<span class=\"elementor-toggle-icon elementor-toggle-icon-left\" aria-hidden=\"true\">\n\t\t\t\t\t\t\t\t\t\t\t\t\t\t\t<span class=\"elementor-toggle-icon-closed\"><svg class=\"e-font-icon-svg e-fas-caret-right\" viewBox=\"0 0 192 512\" xmlns=\"http:\/\/www.w3.org\/2000\/svg\"><path d=\"M0 384.662V127.338c0-17.818 21.543-26.741 34.142-14.142l128.662 128.662c7.81 7.81 7.81 20.474 0 28.284L34.142 398.804C21.543 411.404 0 402.48 0 384.662z\"><\/path><\/svg><\/span>\n\t\t\t\t\t\t\t\t<span class=\"elementor-toggle-icon-opened\"><svg class=\"elementor-toggle-icon-opened e-font-icon-svg e-fas-caret-up\" viewBox=\"0 0 320 512\" xmlns=\"http:\/\/www.w3.org\/2000\/svg\"><path d=\"M288.662 352H31.338c-17.818 0-26.741-21.543-14.142-34.142l128.662-128.662c7.81-7.81 20.474-7.81 28.284 0l128.662 128.662c12.6 12.599 3.676 34.142-14.142 34.142z\"><\/path><\/svg><\/span>\n\t\t\t\t\t\t\t\t\t\t\t\t\t<\/span>\n\t\t\t\t\t\t\t\t\t\t\t\t<a class=\"elementor-toggle-title\" tabindex=\"0\">Adatkezel\u00e9sek<\/a>\n\t\t\t\t\t<\/div>\n\n\t\t\t\t\t<div id=\"elementor-tab-content-2144\" class=\"elementor-tab-content elementor-clearfix\" data-tab=\"4\" role=\"region\" aria-labelledby=\"elementor-tab-title-2144\"><p><strong>AJ\u00c1NLATK\u00c9R\u00c9S<\/strong><\/p><ol><li>Az adatgy\u0171jt\u00e9s t\u00e9nye, a kezelt adatok k\u00f6re \u00e9s az <strong>adatkezel\u00e9s c\u00e9ljai<\/strong>:<br \/><table border=\"1\"><tbody><tr><td>Szem\u00e9lyes adat<\/td><td>Az adatkezel\u00e9s c\u00e9lja<\/td><\/tr><tr><td>N\u00e9v<\/td><td>Azonos\u00edt\u00e1s<\/td><\/tr><tr><td>Telefonsz\u00e1m<\/td><td>Kapcsolattart\u00e1s, egyeztet\u00e9s<\/td><\/tr><tr><td>E-mail c\u00edm<\/td><td>Kapcsolattart\u00e1s, az aj\u00e1nlat (v\u00e1lasz) megk\u00fcld\u00e9s\u00e9hez sz\u00fcks\u00e9ges.<\/td><\/tr><tr><td>\u00dczenet<\/td><td>Az aj\u00e1nlat kidolgoz\u00e1s\u00e1hoz \u00e9s testre szab\u00e1s\u00e1hoz sz\u00fcks\u00e9ges.<\/td><\/tr><tr><td>Az aj\u00e1nlatk\u00e9r\u00e9s id\u0151pontja<\/td><td>Technikai m\u0171velet v\u00e9grehajt\u00e1sa.<\/td><\/tr><tr><td>Az aj\u00e1nlatk\u00e9r\u00e9s kori IP c\u00edm<\/td><td>Technikai m\u0171velet v\u00e9grehajt\u00e1sa.<\/td><\/tr><\/tbody><\/table><p>Az e-mail c\u00edm eset\u00e9ben nem sz\u00fcks\u00e9ges, hogy szem\u00e9lyes adatot tartalmazzon.<\/p><\/li><li><strong>Az \u00e9rintettek k\u00f6re<\/strong>: a weboldalon aj\u00e1nlatot k\u00e9r\u0151 valamennyi \u00e9rintett.<\/li><li><strong>Az adatkezel\u00e9s id\u0151tartama, az adatok t\u00f6rl\u00e9s\u00e9nek hat\u00e1rideje<\/strong>: Az \u00e9rintett t\u00f6rl\u00e9si k\u00e9relm\u00e9ig tart. Az \u00e9rintett \u00e1ltal megadott b\u00e1rmely szem\u00e9lyes adat t\u00f6rl\u00e9s\u00e9r\u0151l az adatkezel\u0151 a GDPR 19. cikke alapj\u00e1n, elektronikus \u00faton t\u00e1j\u00e9koztatja az \u00e9rintettet. Ha az \u00e9rintett t\u00f6rl\u00e9si k\u00e9relme kiterjed az \u00e1ltala megadott e-mail c\u00edmre is, akkor az adatkezel\u0151 a t\u00e1j\u00e9koztat\u00e1st k\u00f6vet\u0151en az e-mail c\u00edmet is t\u00f6rli.<\/li><li><strong>Az adatok megismer\u00e9s\u00e9re jogosult lehets\u00e9ges adatkezel\u0151k szem\u00e9lye, a szem\u00e9lyes adatok c\u00edmzettjei<\/strong>: A szem\u00e9lyes adatokat az adatkezel\u0151nek az erre felhatalmazott munkat\u00e1rsai kezelhetik a jelen t\u00e1j\u00e9koztat\u00f3ban foglaltak alapj\u00e1n.<\/li><li><strong>A<\/strong><strong>z \u00e9rintettek adatkezel\u00e9ssel kapcsolatos jogainak ismertet\u00e9se<\/strong>:<ul><li>Az \u00e9rintett k\u00e9relmezheti az adatkezel\u0151t\u0151l a r\u00e1 vonatkoz\u00f3 szem\u00e9lyes adatokhoz val\u00f3 hozz\u00e1f\u00e9r\u00e9st, azok helyesb\u00edt\u00e9s\u00e9t, t\u00f6rl\u00e9s\u00e9t vagy kezel\u00e9s\u00e9nek korl\u00e1toz\u00e1s\u00e1t, \u00e9s<\/li><li>tiltakozhat az ilyen szem\u00e9lyes adatok kezel\u00e9se ellen, valamint<\/li><li>az \u00e9rintettnek joga van az adathordozhat\u00f3s\u00e1ghoz, tov\u00e1bb\u00e1 a hozz\u00e1j\u00e1rul\u00e1s b\u00e1rmely id\u0151pontban t\u00f6rt\u00e9n\u0151 visszavon\u00e1s\u00e1hoz.<\/li><\/ul><\/li><li><strong>A szem\u00e9lyes adatokhoz <\/strong><strong>val\u00f3 hozz\u00e1f\u00e9r\u00e9st<\/strong><strong>, azok t\u00f6rl\u00e9s\u00e9t, m\u00f3dos\u00edt\u00e1s\u00e1t, vagy kezel\u00e9s\u00e9nek korl\u00e1toz\u00e1s\u00e1t, az adatok hordozhat\u00f3s\u00e1g\u00e1t az al\u00e1bbi m\u00f3dokon tudja \u00e9rintett kezdem\u00e9nyezni<\/strong>:<ul><li>postai \u00faton a 2151 F\u00f3t, Ybl Mikl\u00f3s utca 42. c\u00edmen,<\/li><li>e-mail \u00fatj\u00e1n az <a href=\"mailto:info@ecocranes.hu\">info@ecocranes.hu<\/a> e-mail c\u00edmen,<\/li><li>telefonon a 27 360823 sz\u00e1mon<strong>.<\/strong><\/li><\/ul><\/li><li><strong>Az adatkezel\u00e9s jogalapja<\/strong>: a GDPR 6. cikk (1) bekezd\u00e9s b) pont.<\/li><li>T\u00e1j\u00e9koztatjuk, hogy<ul><li><strong><u>az adatkezel\u00e9s aj\u00e1nlat ad\u00e1s\u00e1hoz sz\u00fcks\u00e9ges.<\/u><\/strong><\/li><li><strong><u>k\u00f6teles<\/u><\/strong> a szem\u00e9lyes adatokat megadni, hogy aj\u00e1nlatot tudjunk k\u00fcldeni.<\/li><li>az adatszolg\u00e1ltat\u00e1s elmarad\u00e1sa azzal a <strong><u>k\u00f6vetkezm\u00e9nnyel j\u00e1r<\/u><\/strong>, hogy nem tudunk \u00d6nnek testre szabott aj\u00e1nlatot adni.<\/li><\/ul><\/li><\/ol><p><em>Az aj\u00e1nlatk\u00e9r\u00e9s be\u00e9rkezhet k\u00f6zvetlen\u00fcl a weboldal aj\u00e1nlatk\u00e9r\u0151 \u0171rlapj\u00e1n kereszt\u00fcl, illetve a Meta (Facebook\/Instagram) hirdet\u00e9si fel\u00fclet\u00e9n megjelen\u0151 azonnali \u0171rlapon (Lead Form) kereszt\u00fcl is. Ut\u00f3bbi esetben az \u00e9rintett \u00e1ltal megadott adatokat a Meta Platforms Ireland Ltd. tov\u00e1bb\u00edtja az adatkezel\u0151 r\u00e9sz\u00e9re. Az adatkezel\u00e9s jogalapja ebben az esetben is a GDPR 6. cikk (1) bekezd\u00e9s b) pontja, illetve f) pontja.<\/em><\/p><p><strong>AZ IG\u00c9NYBE VETT ADATFELDOLGOZ\u00d3K<\/strong><\/p><p><strong>T\u00e1rhely-szolg\u00e1ltat\u00f3<\/strong><\/p><ol><li>Adatfeldolgoz\u00f3 \u00e1ltal ell\u00e1tott tev\u00e9kenys\u00e9g: T\u00e1rhely-szolg\u00e1ltat\u00e1s<\/li><li>Adatfeldolgoz\u00f3 megnevez\u00e9se \u00e9s el\u00e9rhet\u0151s\u00e9ge:<br \/>bEcommerce.hu Kft.<br \/>Sz\u00e9khely: 1204 Budapest, Als\u00f3 hat\u00e1r\u00fat 109.<br \/>Telephely: 8411 Veszpr\u00e9m \u00d6regr\u00e9t utca 4.<br \/>Levelez\u00e9si c\u00edm: 8411 Veszpr\u00e9m \u00d6regr\u00e9t utca 4.<br \/>Email: <a href=\"mailto:hello@becommerce.hu\">hello@becommerce.hu<\/a><\/li><li>Az adatkezel\u00e9s t\u00e9nye, a kezelt adatok k\u00f6re: Az \u00e9rintett \u00e1ltal megadott valamennyi szem\u00e9lyes adat.<\/li><li>Az \u00e9rintettek k\u00f6re: A weboldalt haszn\u00e1l\u00f3 valamennyi \u00e9rintett.<\/li><li>Az adatkezel\u00e9s c\u00e9lja: A weboldal el\u00e9rhet\u0151v\u00e9 t\u00e9tele, megfelel\u0151 m\u0171k\u00f6dtet\u00e9se.<\/li><li>Az adatkezel\u00e9s id\u0151tartama, az adatok t\u00f6rl\u00e9s\u00e9nek hat\u00e1rideje: Az adatkezel\u0151 \u00e9s a t\u00e1rhely-szolg\u00e1ltat\u00f3 k\u00f6z\u00f6tti meg\u00e1llapod\u00e1s megsz\u0171n\u00e9s\u00e9ig, vagy az \u00e9rintettnek a t\u00e1rhely-szolg\u00e1ltat\u00f3 fel\u00e9 int\u00e9zett t\u00f6rl\u00e9si k\u00e9relm\u00e9ig tart az adatkezel\u00e9s.<\/li><li>Az adatfeldolgoz\u00e1s jogalapja: a GDPR, 6. cikk (1) bekezd\u00e9s f) pontja, illetve az elektronikus kereskedelemi szolg\u00e1ltat\u00e1sok, valamint az inform\u00e1ci\u00f3s t\u00e1rsadalommal \u00f6sszef\u00fcgg\u0151 szolg\u00e1ltat\u00e1sok egyes k\u00e9rd\u00e9seir\u0151l sz\u00f3l\u00f3 2001. \u00e9vi CVIII. t\u00f6rv\u00e9ny 13\/A. \u00a7 (3) bekezd\u00e9se.<\/li><\/ol><p><strong>Hirdet\u00e9si \u00e9s analitikai szolg\u00e1ltat\u00f3 (Meta)<\/strong><\/p><ol><li>Adatfeldolgoz\u00f3\/c\u00edmzett \u00e1ltal ell\u00e1tott tev\u00e9kenys\u00e9g: hirdet\u00e9skezel\u00e9s, Meta Pixel, Conversions API, Custom Audience, Lead Ads.<\/li><li>Megnevez\u00e9se \u00e9s el\u00e9rhet\u0151s\u00e9ge: Meta Platforms Ireland Ltd., 4 Grand Canal Square, Grand Canal Harbour, Dublin 2, \u00cdrorsz\u00e1g.<\/li><li>Az adatkezel\u00e9s t\u00e9nye, a kezelt adatok k\u00f6re: \u00e1lneves\u00edtett online azonos\u00edt\u00f3k, esem\u00e9nyadatok, hash-elt e-mail c\u00edm \u00e9s\/vagy telefonsz\u00e1m, a Lead Formon megadott adatok.<\/li><li>Az \u00e9rintettek k\u00f6re: a hirdet\u00e9si adatkezel\u00e9shez hozz\u00e1j\u00e1rul\u00f3 \u00e9rintettek.<\/li><li>Az adatkezel\u00e9s c\u00e9lja: hirdet\u00e9sek megjelen\u00edt\u00e9se, m\u00e9r\u00e9se, remarketing.<\/li><li>Az adatfeldolgoz\u00e1s jogalapja: az \u00e9rintett hozz\u00e1j\u00e1rul\u00e1sa [GDPR 6. cikk (1) bekezd\u00e9s a) pont].<\/li><\/ol><p><strong>Analitikai \u00e9s hirdet\u00e9si szolg\u00e1ltat\u00f3 (Google)<\/strong><\/p><ol><li>Adatfeldolgoz\u00f3\/c\u00edmzett \u00e1ltal ell\u00e1tott tev\u00e9kenys\u00e9g: webanalitika (Google Analytics 4), Google Ads konverzi\u00f3k\u00f6vet\u00e9s \u00e9s remarketing.<\/li><li>Megnevez\u00e9se \u00e9s el\u00e9rhet\u0151s\u00e9ge: Google Ireland Ltd., Gordon House, Barrow Street, Dublin 4, \u00cdrorsz\u00e1g.<\/li><li>Az adatkezel\u00e9s t\u00e9nye, a kezelt adatok k\u00f6re: \u00e1lneves\u00edtett felhaszn\u00e1l\u00f3-\/hirdet\u00e9si azonos\u00edt\u00f3k, r\u00f6vid\u00edtett IP-c\u00edm, esem\u00e9nyek, konverzi\u00f3s adatok.<\/li><li>Az \u00e9rintettek k\u00f6re: a s\u00fctikre\/hirdet\u00e9si adatkezel\u00e9sre hozz\u00e1j\u00e1rul\u00f3 \u00e9rintettek.<\/li><li>Az adatkezel\u00e9s c\u00e9lja: l\u00e1togatotts\u00e1g-elemz\u00e9s, hirdet\u00e9sm\u00e9r\u00e9s, remarketing.<\/li><li>Az adatfeldolgoz\u00e1s jogalapja: az \u00e9rintett hozz\u00e1j\u00e1rul\u00e1sa [GDPR 6. cikk (1) bekezd\u00e9s a) pont].<\/li><\/ol><p><strong>COOKIE-K (S\u00dcTIK) KEZEL\u00c9SE<\/strong><\/p><ol><li>Az adatkezel\u00e9s t\u00e9nye, a kezelt adatok k\u00f6re: Egyedi azonos\u00edt\u00f3sz\u00e1m, d\u00e1tumok, id\u0151pontok<\/li><li>Az \u00e9rintettek k\u00f6re: A weboldalt l\u00e1togat\u00f3 valamennyi \u00e9rintett.<\/li><li>Az adatkezel\u00e9s c\u00e9lja: A felhaszn\u00e1l\u00f3k azonos\u00edt\u00e1sa.<\/li><li>Az adatkezel\u00e9s id\u0151tartama, az adatok t\u00f6rl\u00e9s\u00e9nek hat\u00e1rideje:<br \/><table border=\"1\"><tbody><tr><td><strong>S\u00fcti t\u00edpusa<\/strong><\/td><td><strong>Adatkezel\u00e9s jogalapja<\/strong><\/td><td><strong>Adatkezel\u00e9s id\u0151tartama<\/strong><\/td><td><strong>Kezelt adatk\u00f6r<\/strong><\/td><\/tr><tr><td>Munkamenet s\u00fctik (session)<\/td><td>Az elektronikus kereskedelmi szolg\u00e1ltat\u00e1sok, valamint az inform\u00e1ci\u00f3s t\u00e1rsadalmi szolg\u00e1ltat\u00e1sok egyes k\u00e9rd\u00e9seir\u0151l sz\u00f3l\u00f3 2001. CVIII. t\u00f6rv\u00e9ny (Elkertv.) 13\/A. \u00a7 (3) bekezd\u00e9se<\/td><td>A vonatkoz\u00f3<br \/>l\u00e1togat\u00f3i munkamenet lez\u00e1r\u00e1s\u00e1ig tart\u00f3 id\u0151szak<\/td><td>connect.sid<\/td><\/tr><tr><td>\u00c1lland\u00f3 vagy mentett s\u00fctik<\/td><td>Az elektronikus kereskedelmi szolg\u00e1ltat\u00e1sok, valamint az inform\u00e1ci\u00f3s t\u00e1rsadalmi szolg\u00e1ltat\u00e1sok egyes k\u00e9rd\u00e9seir\u0151l sz\u00f3l\u00f3 2001. CVIII. t\u00f6rv\u00e9ny (Elkertv.) 13\/A. \u00a7 (3) bekezd\u00e9se<\/td><td>az \u00e9rintett t\u00f6rl\u00e9s\u00e9ig<\/td><td>\u00a0<\/td><\/tr><tr><td>Hirdet\u00e9si \u00e9s analitikai s\u00fctik (hozz\u00e1j\u00e1rul\u00e1shoz k\u00f6t\u00f6tt)<\/td><td>Az \u00e9rintett hozz\u00e1j\u00e1rul\u00e1sa [GDPR 6. cikk (1) bekezd\u00e9s a) pont]<\/td><td>legfeljebb kb. 13 h\u00f3nap<\/td><td>_fbp, fr (Meta); _ga, _ga_*, _gcl_au (Google)<\/td><\/tr><\/tbody><\/table><\/li><li>Az adatok megismer\u00e9s\u00e9re jogosult lehets\u00e9ges adatkezel\u0151k szem\u00e9lye: A cookie-k haszn\u00e1lat\u00e1val nem kezel szem\u00e9lyes adatokat az adatkezel\u0151.<\/li><li>Az \u00e9rintettek adatkezel\u00e9ssel kapcsolatos jogainak ismertet\u00e9se: Az \u00e9rintettnek lehet\u0151s\u00e9g\u00fck van a cookie-kat t\u00f6r\u00f6lni a b\u00f6ng\u00e9sz\u0151k Eszk\u00f6z\u00f6k\/Be\u00e1ll\u00edt\u00e1sok men\u00fcj\u00e9ben \u00e1ltal\u00e1ban az Adatv\u00e9delem men\u00fcpont be\u00e1ll\u00edt\u00e1sai alatt.<\/li><li>Az adatkezel\u00e9s jogalapja:\u00a0 Az \u00e9rintett\u0151l hozz\u00e1j\u00e1rul\u00e1s nem sz\u00fcks\u00e9ges, amennyiben a cookie-k haszn\u00e1lat\u00e1nak kiz\u00e1r\u00f3lagos c\u00e9lja az elektronikus h\u00edrk\u00f6zl\u0151 h\u00e1l\u00f3zaton kereszt\u00fcl t\u00f6rt\u00e9n\u0151 k\u00f6zl\u00e9stov\u00e1bb\u00edt\u00e1s vagy arra az el\u0151fizet\u0151 vagy felhaszn\u00e1l\u00f3 \u00e1ltal kifejezetten k\u00e9rt, az inform\u00e1ci\u00f3s t\u00e1rsadalommal \u00f6sszef\u00fcgg\u0151 szolg\u00e1ltat\u00e1s ny\u00fajt\u00e1s\u00e1hoz a szolg\u00e1ltat\u00f3nak felt\u00e9tlen\u00fcl sz\u00fcks\u00e9ge van.<\/li><li>A weboldalon haszn\u00e1lt hirdet\u00e9si \u00e9s analitikai s\u00fctik (pl. Meta Pixel, Google Analytics 4, Google Ads) alkalmaz\u00e1s\u00e1hoz az \u00e9rintett el\u0151zetes hozz\u00e1j\u00e1rul\u00e1sa sz\u00fcks\u00e9ges [GDPR 6. cikk (1) bekezd\u00e9s a) pont], amelyet a weboldal s\u00fcti-hozz\u00e1j\u00e1rul\u00e1s kezel\u0151je (cookie s\u00e1v) \u00fatj\u00e1n adhat meg, \u00e9s b\u00e1rmikor visszavonhat.<\/li><\/ol><p><strong>K\u00d6Z\u00d6SS\u00c9GI OLDALAK<\/strong><\/p><ol><li>Az adatgy\u0171jt\u00e9s t\u00e9nye, a kezelt adatok k\u00f6re: Facebook\/Instagram\/X (kor\u00e1bban Twitter)\/Pinterest\/YouTube\/LinkedIn stb. k\u00f6z\u00f6ss\u00e9gi oldalakon regisztr\u00e1lt neve, illetve a felhaszn\u00e1l\u00f3 nyilv\u00e1nos profilk\u00e9pe.<\/li><li>Az \u00e9rintettek k\u00f6re: Valamennyi \u00e9rintett, aki regisztr\u00e1lt a Facebook\/Instagram\/X (kor\u00e1bban Twitter)\/Pinterest\/YouTube\/LinkedIn stb. k\u00f6z\u00f6ss\u00e9gi oldalakon, \u00e9s \u201el\u00e1jkolta\u201d a weboldalt.<\/li><li>Az adatgy\u0171jt\u00e9s c\u00e9lja: A k\u00f6z\u00f6ss\u00e9gi oldalakon, a weboldal egyes tartalmi elemeinek, term\u00e9keinek, akci\u00f3inak vagy mag\u00e1nak a weboldalnak a megoszt\u00e1sa, illetve \u201el\u00e1jkol\u00e1sa\u201d, n\u00e9pszer\u0171s\u00edt\u00e9se.<\/li><li>Az adatkezel\u00e9s id\u0151tartama, az adatok t\u00f6rl\u00e9s\u00e9nek hat\u00e1rideje, az adatok megismer\u00e9s\u00e9re jogosult lehets\u00e9ges adatkezel\u0151k szem\u00e9lye \u00e9s az \u00e9rintettek adatkezel\u00e9ssel kapcsolatos jogainak ismertet\u00e9se: Az adatok forr\u00e1s\u00e1r\u00f3l, azok kezel\u00e9s\u00e9r\u0151l, illetve az \u00e1tad\u00e1s m\u00f3dj\u00e1r\u00f3l, \u00e9s jogalapj\u00e1r\u00f3l az adott k\u00f6z\u00f6ss\u00e9gi oldalon t\u00e1j\u00e9koz\u00f3dhat az \u00e9rintett. Az adatkezel\u00e9s a k\u00f6z\u00f6ss\u00e9gi oldalakon val\u00f3sul meg, \u00edgy az adatkezel\u00e9s id\u0151tartam\u00e1ra, m\u00f3dj\u00e1ra, illetve az adatok t\u00f6rl\u00e9si \u00e9s m\u00f3dos\u00edt\u00e1si lehet\u0151s\u00e9geire az adott k\u00f6z\u00f6ss\u00e9gi oldal szab\u00e1lyoz\u00e1sa vonatkozik.<\/li><li>Az adatkezel\u00e9s jogalapja: az \u00e9rintett \u00f6nk\u00e9ntes hozz\u00e1j\u00e1rul\u00e1sa szem\u00e9lyes adatai kezel\u00e9s\u00e9hez a k\u00f6z\u00f6ss\u00e9gi oldalakon.<\/li><\/ol><p><strong>META (FACEBOOK\/INSTAGRAM) LEAD ADS \u2013 AZONNALI \u0170RLAPOK<\/strong><\/p><ol><li>Az adatgy\u0171jt\u00e9s t\u00e9nye, a kezelt adatok k\u00f6re: a Meta (Facebook, Instagram) hirdet\u00e9s\u00e9hez kapcsol\u00f3d\u00f3 azonnali \u0171rlapon (Lead Form) megadott adatok: n\u00e9v, e-mail c\u00edm, telefonsz\u00e1m, az \u0171rlapon megadott egy\u00e9b adatok (pl. c\u00e9gn\u00e9v, \u00fczenet), valamint a Meta \u00e1ltal k\u00e9pzett lead-azonos\u00edt\u00f3.<\/li><li>Az \u00e9rintettek k\u00f6re: valamennyi \u00e9rintett, aki a Meta azonnali \u0171rlapj\u00e1t kit\u00f6lti \u00e9s bek\u00fcldi.<\/li><li>Az adatkezel\u00e9s c\u00e9lja: az \u00e9rintett aj\u00e1nlatk\u00e9r\u00e9s\u00e9nek fogad\u00e1sa \u00e9s megv\u00e1laszol\u00e1sa, kapcsolatfelv\u00e9tel.<\/li><li>Az adatkezel\u00e9s id\u0151tartama, az adatok t\u00f6rl\u00e9s\u00e9nek hat\u00e1rideje: az \u00e9rintett t\u00f6rl\u00e9si k\u00e9relm\u00e9ig, illetve az \u00fczleti kapcsolat lez\u00e1r\u00e1s\u00e1ig. A lead-adatokat az adatkezel\u0151 indokolatlan k\u00e9sedelem n\u00e9lk\u00fcl let\u00f6lti a Meta fel\u00fclet\u00e9r\u0151l; a Meta oldal\u00e1n t\u00e1rolt m\u00e1solat a Meta t\u00f6rl\u00e9si szab\u00e1lyai szerint (legfeljebb 90 nap) t\u00f6rl\u0151dik.<\/li><li>Az adatok megismer\u00e9s\u00e9re jogosult lehets\u00e9ges adatkezel\u0151k szem\u00e9lye, a szem\u00e9lyes adatok c\u00edmzettjei: az adatkezel\u0151 erre felhatalmazott munkat\u00e1rsai, valamint c\u00edmzettk\u00e9nt\/adatfeldolgoz\u00f3k\u00e9nt a Meta Platforms Ireland Ltd.<\/li><li>Az adatkezel\u00e9s jogalapja: a GDPR 6. cikk (1) bekezd\u00e9s b) pontja (a szerz\u0151d\u00e9s megk\u00f6t\u00e9s\u00e9t megel\u0151z\u0151en az \u00e9rintett k\u00e9r\u00e9s\u00e9re t\u00f6rt\u00e9n\u0151 l\u00e9p\u00e9sek), illetve f) pontja (az adatkezel\u0151 jogos \u00e9rdeke az \u00e9rdekl\u0151d\u00e9sek megv\u00e1laszol\u00e1s\u00e1ra).<\/li><\/ol><p><strong>META PIXEL \u00c9S REMARKETING (RETARGETING)<\/strong><\/p><ol><li>Az adatgy\u0171jt\u00e9s t\u00e9nye, a kezelt adatok k\u00f6re: a weboldalon elhelyezett Meta Pixel \u00e9s a hozz\u00e1 tartoz\u00f3 s\u00fctik (pl. _fbp, fr) r\u00e9v\u00e9n kezelt adatok: eszk\u00f6z- \u00e9s b\u00f6ng\u00e9sz\u0151adatok, IP-c\u00edm (r\u00f6vid\u00edtett\/\u00e1lneves\u00edtett form\u00e1ban), a weboldalon v\u00e9gzett m\u0171veletek (megtekintett oldalak, aj\u00e1nlatk\u00e9r\u00e9s-esem\u00e9ny), \u00e1lneves\u00edtett online azonos\u00edt\u00f3k.<\/li><li>Az \u00e9rintettek k\u00f6re: a weboldalt megl\u00e1togat\u00f3 valamennyi \u00e9rintett, aki a s\u00fctikre vonatkoz\u00f3 hozz\u00e1j\u00e1rul\u00e1st megadta.<\/li><li>Az adatkezel\u00e9s c\u00e9lja: a hirdet\u00e9sek hat\u00e9konys\u00e1g\u00e1nak m\u00e9r\u00e9se, konverzi\u00f3k k\u00f6vet\u00e9se, valamint remarketing \u2013 a weboldalt kor\u00e1bban felkeres\u0151 l\u00e1togat\u00f3k c\u00e9lzott el\u00e9r\u00e9se a Meta (Facebook, Instagram) hirdet\u00e9si fel\u00fcletein.<\/li><li>Az adatkezel\u00e9s id\u0151tartama, az adatok t\u00f6rl\u00e9s\u00e9nek hat\u00e1rideje: a vonatkoz\u00f3 s\u00fctik \u00e9lettartam\u00e1ig, illetve a hozz\u00e1j\u00e1rul\u00e1s visszavon\u00e1s\u00e1ig.<\/li><li>Az adatok megismer\u00e9s\u00e9re jogosult lehets\u00e9ges adatkezel\u0151k szem\u00e9lye, a szem\u00e9lyes adatok c\u00edmzettjei: Meta Platforms Ireland Ltd.<\/li><li>Az adatkezel\u00e9s jogalapja: az \u00e9rintett hozz\u00e1j\u00e1rul\u00e1sa [GDPR 6. cikk (1) bekezd\u00e9s a) pont], amelyet a weboldal s\u00fcti-hozz\u00e1j\u00e1rul\u00e1s kezel\u0151je (cookie s\u00e1v) \u00fatj\u00e1n ad meg. A Pixel \u00e9s a remarketing kiz\u00e1r\u00f3lag a hozz\u00e1j\u00e1rul\u00e1s megad\u00e1sa ut\u00e1n aktiv\u00e1l\u00f3dik, a hozz\u00e1j\u00e1rul\u00e1s b\u00e1rmikor visszavonhat\u00f3 a s\u00fcti-be\u00e1ll\u00edt\u00e1sok m\u00f3dos\u00edt\u00e1s\u00e1val.<\/li><\/ol><p><strong>META CONVERSIONS API (SZERVER-OLDALI ESEM\u00c9NY\u00c1TAD\u00c1S)<\/strong><\/p><ol><li>Az adatgy\u0171jt\u00e9s t\u00e9nye, a kezelt adatok k\u00f6re: az adatkezel\u0151 a Meta Conversions API (CAPI) megold\u00e1s\u00e1t haszn\u00e1lja, amelynek keret\u00e9ben a weboldalon bek\u00f6vetkez\u0151 esem\u00e9nyeket (pl. aj\u00e1nlatk\u00e9r\u00e9s) szerver-oldalon tov\u00e1bb\u00edtja a Meta fel\u00e9. A tov\u00e1bb\u00edtott adatok \u00e1lneves\u00edtett, titkos\u00edtott (hash-elt) form\u00e1ban ker\u00fclnek \u00e1tad\u00e1sra: hash-elt e-mail c\u00edm \u00e9s\/vagy telefonsz\u00e1m, esem\u00e9nyadatok, technikai azonos\u00edt\u00f3k.<\/li><li>Az \u00e9rintettek k\u00f6re: a weboldalon esem\u00e9nyt (pl. aj\u00e1nlatk\u00e9r\u00e9st) v\u00e9grehajt\u00f3, a hirdet\u00e9si adatkezel\u00e9sre hozz\u00e1j\u00e1rul\u00e1st ad\u00f3 \u00e9rintettek.<\/li><li>Az adatkezel\u00e9s c\u00e9lja: a hirdet\u00e9si konverzi\u00f3k pontosabb \u00e9s b\u00f6ng\u00e9sz\u0151f\u00fcggetlen m\u00e9r\u00e9se, a hirdet\u00e9sek optimaliz\u00e1l\u00e1sa.<\/li><li>Az adatok megismer\u00e9s\u00e9re jogosult lehets\u00e9ges adatkezel\u0151k szem\u00e9lye, a szem\u00e9lyes adatok c\u00edmzettjei: Meta Platforms Ireland Ltd.<\/li><li>Az adatkezel\u00e9s jogalapja: az \u00e9rintett hozz\u00e1j\u00e1rul\u00e1sa [GDPR 6. cikk (1) bekezd\u00e9s a) pont], a Meta Pixellel \u00f6sszhangban, a cookie s\u00e1von kereszt\u00fcl megadva \u00e9s visszavonva.<\/li><\/ol><p><strong>META CUSTOM AUDIENCE (EGY\u00c9NI K\u00d6Z\u00d6NS\u00c9G)<\/strong><\/p><ol><li>Az adatgy\u0171jt\u00e9s t\u00e9nye, a kezelt adatok k\u00f6re: az adatkezel\u0151 Meta Custom Audience (Egy\u00e9ni k\u00f6z\u00f6ns\u00e9g) szolg\u00e1ltat\u00e1st vesz ig\u00e9nybe, amelynek sor\u00e1n saj\u00e1t \u00fcgyf\u00e9l-\/\u00e9rdekl\u0151d\u0151i list\u00e1ib\u00f3l \u00e1lneves\u00edtett, hash-elt azonos\u00edt\u00f3kat (e-mail c\u00edm, telefonsz\u00e1m) t\u00f6lt fel a Meta rendszer\u00e9be, illetve a weboldali l\u00e1togat\u00f3kb\u00f3l k\u00e9pzett k\u00f6z\u00f6ns\u00e9get alkalmaz c\u00e9lzott hirdet\u00e9s c\u00e9lj\u00e1b\u00f3l.<\/li><li>Az \u00e9rintettek k\u00f6re: azok az \u00e9rintettek, akiknek adatai jogszer\u0171en az adatkezel\u0151 rendelkez\u00e9s\u00e9re \u00e1llnak, \u00e9s akik a hirdet\u00e9si c\u00e9l\u00fa adatkezel\u00e9shez hozz\u00e1j\u00e1rultak.<\/li><li>Az adatkezel\u00e9s c\u00e9lja: relev\u00e1ns hirdet\u00e9sek megjelen\u00edt\u00e9se megl\u00e9v\u0151 \u00e9s kor\u00e1bbi \u00e9rdekl\u0151d\u0151k sz\u00e1m\u00e1ra, valamint hasonl\u00f3 k\u00f6z\u00f6ns\u00e9gek (Lookalike) k\u00e9pz\u00e9se.<\/li><li>Az adatkezel\u00e9s id\u0151tartama, az adatok t\u00f6rl\u00e9s\u00e9nek hat\u00e1rideje: a hozz\u00e1j\u00e1rul\u00e1s visszavon\u00e1s\u00e1ig, illetve a k\u00f6z\u00f6ns\u00e9glista Meta rendszer\u00e9b\u0151l val\u00f3 t\u00f6rl\u00e9s\u00e9ig.<\/li><li>K\u00f6z\u00f6s adatkezel\u00e9s: az adatkezel\u0151 \u00e9s a Meta Platforms Ireland Ltd. a Custom Audience vonatkoz\u00e1s\u00e1ban \u2013 a Meta \u201eController Addendum\u201d dokumentuma szerint \u2013 k\u00f6z\u00f6s adatkezel\u0151nek min\u0151s\u00fcl. A k\u00f6z\u00f6s adatkezel\u00e9s l\u00e9nyegi tartalm\u00e1r\u00f3l \u00e9s az \u00e9rintetti jogok gyakorl\u00e1s\u00e1r\u00f3l a Meta vonatkoz\u00f3 felt\u00e9telei rendelkeznek.<\/li><li>Az adatkezel\u00e9s jogalapja: az \u00e9rintett hozz\u00e1j\u00e1rul\u00e1sa [GDPR 6. cikk (1) bekezd\u00e9s a) pont]. Az \u00e9rintett a hozz\u00e1j\u00e1rul\u00e1st b\u00e1rmikor visszavonhatja, \u00e9s tiltakozhat a k\u00f6zvetlen \u00fczletszerz\u00e9si c\u00e9l\u00fa adatkezel\u00e9s ellen [GDPR 21. cikk (2) bekezd\u00e9s].<\/li><\/ol><p><strong>GOOGLE ANALYTICS 4 (WEBANALITIKA)<\/strong><\/p><ol><li>Az adatgy\u0171jt\u00e9s t\u00e9nye, a kezelt adatok k\u00f6re: a weboldal a Google Analytics 4 szolg\u00e1ltat\u00e1st haszn\u00e1lja; a hozz\u00e1 tartoz\u00f3 s\u00fctik (pl. _ga, _ga_*) r\u00e9v\u00e9n kezelt adatok: \u00e1lneves\u00edtett felhaszn\u00e1l\u00f3-\/eszk\u00f6zazonos\u00edt\u00f3, r\u00f6vid\u00edtett IP-c\u00edm, a l\u00e1togat\u00e1s technikai adatai \u00e9s a weboldalon v\u00e9gzett interakci\u00f3k.<\/li><li>Az \u00e9rintettek k\u00f6re: a weboldalt megl\u00e1togat\u00f3, s\u00fctikre hozz\u00e1j\u00e1rul\u00e1st ad\u00f3 valamennyi \u00e9rintett.<\/li><li>Az adatkezel\u00e9s c\u00e9lja: a weboldal l\u00e1togatotts\u00e1g\u00e1nak \u00e9s haszn\u00e1lat\u00e1nak elemz\u00e9se, statisztika k\u00e9sz\u00edt\u00e9se, a szolg\u00e1ltat\u00e1s fejleszt\u00e9se.<\/li><li>Az adatok megismer\u00e9s\u00e9re jogosult lehets\u00e9ges adatkezel\u0151k szem\u00e9lye, a szem\u00e9lyes adatok c\u00edmzettjei: Google Ireland Ltd.<\/li><li>Az adatkezel\u00e9s jogalapja: az \u00e9rintett hozz\u00e1j\u00e1rul\u00e1sa [GDPR 6. cikk (1) bekezd\u00e9s a) pont], a cookie s\u00e1von kereszt\u00fcl.<\/li><\/ol><p><strong>GOOGLE ADS \u2013 KONVERZI\u00d3K\u00d6VET\u00c9S \u00c9S REMARKETING<\/strong><\/p><ol><li>Az adatgy\u0171jt\u00e9s t\u00e9nye, a kezelt adatok k\u00f6re: a Google Ads konverzi\u00f3k\u00f6vet\u00e9s \u00e9s remarketing s\u00fctijei (pl. _gcl_au, valamint a Google\/DoubleClick hirdet\u00e9si s\u00fctik) r\u00e9v\u00e9n kezelt adatok: \u00e1lneves\u00edtett hirdet\u00e9si azonos\u00edt\u00f3k, a weboldalon v\u00e9gzett m\u0171veletek, konverzi\u00f3s esem\u00e9nyek.<\/li><li>Az \u00e9rintettek k\u00f6re: a weboldalt megl\u00e1togat\u00f3, hozz\u00e1j\u00e1rul\u00e1st ad\u00f3 \u00e9rintettek.<\/li><li>Az adatkezel\u00e9s c\u00e9lja: a Google hirdet\u00e9sek hat\u00e9konys\u00e1g\u00e1nak m\u00e9r\u00e9se \u00e9s a kor\u00e1bbi l\u00e1togat\u00f3k c\u00e9lzott el\u00e9r\u00e9se (remarketing) a Google hirdet\u00e9si h\u00e1l\u00f3zat\u00e1ban.<\/li><li>Az adatok megismer\u00e9s\u00e9re jogosult lehets\u00e9ges adatkezel\u0151k szem\u00e9lye, a szem\u00e9lyes adatok c\u00edmzettjei: Google Ireland Ltd.<\/li><li>Az adatkezel\u00e9s jogalapja: az \u00e9rintett hozz\u00e1j\u00e1rul\u00e1sa [GDPR 6. cikk (1) bekezd\u00e9s a) pont]. Az adatkezel\u0151 a Google Consent Mode v2 megold\u00e1st alkalmazza, amely a hozz\u00e1j\u00e1rul\u00e1s \u00e1llapot\u00e1hoz igaz\u00edtja a Google-szolg\u00e1ltat\u00e1sok adatkezel\u00e9s\u00e9t.<\/li><\/ol><p><strong>NEMZETK\u00d6ZI ADATTOV\u00c1BB\u00cdT\u00c1S<\/strong><\/p><p>A Meta \u00e9s a Google szolg\u00e1ltat\u00e1sainak ig\u00e9nybev\u00e9tele sor\u00e1n a szem\u00e9lyes adatok az Eur\u00f3pai Gazdas\u00e1gi T\u00e9rs\u00e9gen k\u00edv\u00fclre, az Egyes\u00fclt \u00c1llamokba is tov\u00e1bb\u00edt\u00e1sra ker\u00fclhetnek. A tov\u00e1bb\u00edt\u00e1s megfelel\u0151 garanci\u00e1k mellett t\u00f6rt\u00e9nik: a szolg\u00e1ltat\u00f3k az EU\u2013USA Adatv\u00e9delmi Keret (Data Privacy Framework) tan\u00fas\u00edtott r\u00e9sztvev\u0151i, illetve az adattov\u00e1bb\u00edt\u00e1sra az Eur\u00f3pai Bizotts\u00e1g \u00e1ltal elfogadott \u00e1ltal\u00e1nos adatv\u00e9delmi kik\u00f6t\u00e9sek (SCC) vonatkoznak.<\/p><p><strong>\u00dcGYF\u00c9LKAPCSOLATOK \u00c9S EGY\u00c9B ADATKEZEL\u00c9SEK<\/strong><\/p><ol><li>Amennyiben az adatkezel\u0151 szolg\u00e1ltat\u00e1saink ig\u00e9nybev\u00e9tele sor\u00e1n k\u00e9rd\u00e9s mer\u00fclne fel, esetleg probl\u00e9m\u00e1ja lenne az \u00e9rintettnek, a honlapon megadott m\u00f3dokon (telefon, e-mail, k\u00f6z\u00f6ss\u00e9gi oldalak stb.) kapcsolatba l\u00e9phet az adatkezel\u0151vel.<\/li><li>Adatkezel\u0151 a be\u00e9rkezett e-maileket, \u00fczeneteket, telefonon, Facebook-on stb. megadott adatokat az \u00e9rdekl\u0151d\u0151 nev\u00e9vel \u00e9s e-mail c\u00edm\u00e9vel, valamint m\u00e1s, \u00f6nk\u00e9nt megadott szem\u00e9lyes adat\u00e1val egy\u00fctt, az adatk\u00f6zl\u00e9st\u0151l sz\u00e1m\u00edtott legfeljebb 2 \u00e9v eltelt\u00e9vel t\u00f6rli.<\/li><li>E t\u00e1j\u00e9koztat\u00f3ban fel nem sorolt adatkezel\u00e9sekr\u0151l az adat felv\u00e9telekor adunk t\u00e1j\u00e9koztat\u00e1st.<\/li><li>Kiv\u00e9teles hat\u00f3s\u00e1gi megkeres\u00e9sre, illet\u0151leg jogszab\u00e1ly felhatalmaz\u00e1sa alapj\u00e1n m\u00e1s szervek megkeres\u00e9se eset\u00e9n a Szolg\u00e1ltat\u00f3 k\u00f6teles t\u00e1j\u00e9koztat\u00e1s ad\u00e1s\u00e1ra, adatok k\u00f6zl\u00e9s\u00e9re, \u00e1tad\u00e1s\u00e1ra, illet\u0151leg iratok rendelkez\u00e9sre bocs\u00e1t\u00e1s\u00e1ra.<\/li><li>A Szolg\u00e1ltat\u00f3 ezen esetekben a megkeres\u0151 r\u00e9sz\u00e9re \u2013 amennyiben az a pontos c\u00e9lt \u00e9s az adatok k\u00f6r\u00e9t megjel\u00f6lte \u2013 szem\u00e9lyes adatot csak annyit \u00e9s olyan m\u00e9rt\u00e9kben ad ki, amely a megkeres\u00e9s c\u00e9lj\u00e1nak megval\u00f3s\u00edt\u00e1s\u00e1hoz elengedhetetlen\u00fcl sz\u00fcks\u00e9ges.<\/li><\/ol><p><strong>Az \u00e9rintettek jogai<\/strong><\/p><ol><li><strong>A hozz\u00e1f\u00e9r\u00e9s joga<br \/><\/strong>\u00d6n jogosult arra, hogy az adatkezel\u0151t\u0151l visszajelz\u00e9st kapjon arra vonatkoz\u00f3an, hogy szem\u00e9lyes adatainak kezel\u00e9se folyamatban van-e, \u00e9s ha ilyen adatkezel\u00e9s folyamatban van, jogosult arra, hogy a szem\u00e9lyes adatokhoz \u00e9s a rendeletben felsorolt inform\u00e1ci\u00f3khoz hozz\u00e1f\u00e9r\u00e9st kapjon.<\/li><li><strong>A helyesb\u00edt\u00e9shez val\u00f3 jog<br \/><\/strong>\u00d6n jogosult arra, hogy k\u00e9r\u00e9s\u00e9re az adatkezel\u0151 indokolatlan k\u00e9sedelem n\u00e9lk\u00fcl helyesb\u00edtse a r\u00e1 vonatkoz\u00f3 pontatlan szem\u00e9lyes adatokat. Figyelembe v\u00e9ve az adatkezel\u00e9s c\u00e9lj\u00e1t, \u00d6n jogosult arra, hogy k\u00e9rje a hi\u00e1nyos szem\u00e9lyes adatok \u2013 egyebek mellett kieg\u00e9sz\u00edt\u0151 nyilatkozat \u00fatj\u00e1n t\u00f6rt\u00e9n\u0151 \u2013 kieg\u00e9sz\u00edt\u00e9s\u00e9t.<\/li><li><strong>A t\u00f6rl\u00e9shez val\u00f3 jog<br \/><\/strong>\u00d6n jogosult arra, hogy k\u00e9r\u00e9s\u00e9re az adatkezel\u0151 indokolatlan k\u00e9sedelem n\u00e9lk\u00fcl t\u00f6r\u00f6lje a r\u00e1 vonatkoz\u00f3 szem\u00e9lyes adatokat, az adatkezel\u0151 pedig k\u00f6teles arra, hogy \u00d6nre vonatkoz\u00f3 szem\u00e9lyes adatokat indokolatlan k\u00e9sedelem n\u00e9lk\u00fcl t\u00f6r\u00f6lje meghat\u00e1rozott felt\u00e9telek eset\u00e9n.<\/li><li><strong>Az elfeledtet\u00e9shez val\u00f3 jog<br \/><\/strong>Ha az adatkezel\u0151 nyilv\u00e1noss\u00e1gra hozta a szem\u00e9lyes adatot, \u00e9s azt t\u00f6r\u00f6lni k\u00f6teles, az el\u00e9rhet\u0151 technol\u00f3gia \u00e9s a megval\u00f3s\u00edt\u00e1s k\u00f6lts\u00e9geinek figyelembev\u00e9tel\u00e9vel megteszi az \u00e9sszer\u0171en elv\u00e1rhat\u00f3 l\u00e9p\u00e9seket \u2013 ide\u00e9rtve technikai int\u00e9zked\u00e9seket \u2013 annak \u00e9rdek\u00e9ben, hogy t\u00e1j\u00e9koztassa az adatokat kezel\u0151 adatkezel\u0151ket, hogy \u00d6n k\u00e9relmezte a sz\u00f3ban forg\u00f3 szem\u00e9lyes adatokra mutat\u00f3 linkek vagy e szem\u00e9lyes adatok m\u00e1solat\u00e1nak, illetve m\u00e1sodp\u00e9ld\u00e1ny\u00e1nak t\u00f6rl\u00e9s\u00e9t.<\/li><li><strong>Az adatkezel\u00e9s korl\u00e1toz\u00e1s\u00e1hoz val\u00f3 jog<br \/><\/strong>\u00d6n jogosult arra, hogy k\u00e9r\u00e9s\u00e9re az adatkezel\u0151 korl\u00e1tozza az adatkezel\u00e9st, ha az al\u00e1bbi felt\u00e9telek valamelyike teljes\u00fcl:<ul><li>\u00d6n vitatja a szem\u00e9lyes adatok pontoss\u00e1g\u00e1t, ez esetben a korl\u00e1toz\u00e1s arra az id\u0151tartamra vonatkozik, amely lehet\u0151v\u00e9 teszi, hogy az adatkezel\u0151 ellen\u0151rizze a szem\u00e9lyes adatok pontoss\u00e1g\u00e1t;<\/li><li>az adatkezel\u00e9s jogellenes, \u00e9s \u00d6n ellenzi az adatok t\u00f6rl\u00e9s\u00e9t, \u00e9s ehelyett k\u00e9ri azok felhaszn\u00e1l\u00e1s\u00e1nak korl\u00e1toz\u00e1s\u00e1t;<\/li><li>az adatkezel\u0151nek m\u00e1r nincs sz\u00fcks\u00e9ge a szem\u00e9lyes adatokra adatkezel\u00e9s c\u00e9lj\u00e1b\u00f3l, de \u00d6n ig\u00e9nyli azokat jogi ig\u00e9nyek el\u0151terjeszt\u00e9s\u00e9hez, \u00e9rv\u00e9nyes\u00edt\u00e9s\u00e9hez vagy v\u00e9delm\u00e9hez;<\/li><li>\u00d6n tiltakozott az adatkezel\u00e9s ellen; ez esetben a korl\u00e1toz\u00e1s arra az id\u0151tartamra vonatkozik, am\u00edg meg\u00e1llap\u00edt\u00e1sra nem ker\u00fcl, hogy az adatkezel\u0151 jogos indokai els\u0151bbs\u00e9get \u00e9lveznek-e \u00d6n jogos indokaival szemben.<\/li><\/ul><\/li><li><strong>Az adathordozhat\u00f3s\u00e1ghoz val\u00f3 jog<br \/><\/strong>\u00d6n jogosult arra, hogy a r\u00e1 vonatkoz\u00f3, \u00e1ltala egy adatkezel\u0151 rendelkez\u00e9s\u00e9re bocs\u00e1tott szem\u00e9lyes adatokat tagolt, sz\u00e9les k\u00f6rben haszn\u00e1lt, g\u00e9ppel olvashat\u00f3 form\u00e1tumban megkapja, tov\u00e1bb\u00e1 jogosult arra, hogy ezeket az adatokat egy m\u00e1sik adatkezel\u0151nek tov\u00e1bb\u00edtsa an\u00e9lk\u00fcl, hogy ezt akad\u00e1lyozn\u00e1 az az adatkezel\u0151, amelynek a szem\u00e9lyes adatokat a rendelkez\u00e9s\u00e9re bocs\u00e1totta (\u2026)<\/li><li><strong>A tiltakoz\u00e1shoz val\u00f3 jog<br \/><\/strong>A jogos \u00e9rdeken, illetve a k\u00f6zhatalmi jogos\u00edtv\u00e1nyon, mint jogalapokon alapul\u00f3 adatkezel\u00e9sek eset\u00e9ben \u00d6n jogosult arra, hogy a saj\u00e1t helyzet\u00e9vel kapcsolatos okokb\u00f3l b\u00e1rmikor tiltakozzon szem\u00e9lyes adatainak a (\u2026) kezel\u00e9se ellen, ide\u00e9rtve az eml\u00edtett rendelkez\u00e9seken alapul\u00f3 profilalkot\u00e1st is.<\/li><li><strong>Tiltakoz\u00e1s k\u00f6zvetlen \u00fczletszerz\u00e9s est\u00e9n<br \/><\/strong>Ha a szem\u00e9lyes adatok kezel\u00e9se k\u00f6zvetlen \u00fczletszerz\u00e9s \u00e9rdek\u00e9ben t\u00f6rt\u00e9nik, \u00d6n jogosult arra, hogy b\u00e1rmikor tiltakozzon a r\u00e1 vonatkoz\u00f3 szem\u00e9lyes adatok e c\u00e9lb\u00f3l t\u00f6rt\u00e9n\u0151 kezel\u00e9se ellen, ide\u00e9rtve a profilalkot\u00e1st is, amennyiben az a k\u00f6zvetlen \u00fczletszerz\u00e9shez kapcsol\u00f3dik. Ha \u00d6n tiltakozik a szem\u00e9lyes adatok k\u00f6zvetlen \u00fczletszerz\u00e9s \u00e9rdek\u00e9ben t\u00f6rt\u00e9n\u0151 kezel\u00e9se ellen, akkor a szem\u00e9lyes adatok a tov\u00e1bbiakban e c\u00e9lb\u00f3l nem kezelhet\u0151k.<\/li><li><strong>Automatiz\u00e1lt d\u00f6nt\u00e9shozatal egyedi \u00fcgyekben, bele\u00e9rtve a profilalkot\u00e1st<br \/><\/strong>\u00d6n jogosult arra, hogy ne terjedjen ki r\u00e1 az olyan, kiz\u00e1r\u00f3lag automatiz\u00e1lt adatkezel\u00e9sen \u2013 ide\u00e9rtve a profilalkot\u00e1st is \u2013 alapul\u00f3 d\u00f6nt\u00e9s hat\u00e1lya, amely r\u00e1 n\u00e9zve joghat\u00e1ssal j\u00e1rna vagy \u0151t hasonl\u00f3k\u00e9ppen jelent\u0151s m\u00e9rt\u00e9kben \u00e9rinten\u00e9.<\/li><\/ol><p>Az el\u0151z\u0151 bekezd\u00e9s nem alkalmazand\u00f3 abban az esetben, ha a d\u00f6nt\u00e9s:<\/p><ul><li>\u00d6n \u00e9s az adatkezel\u0151 k\u00f6z\u00f6tti szerz\u0151d\u00e9s megk\u00f6t\u00e9se vagy teljes\u00edt\u00e9se \u00e9rdek\u00e9ben sz\u00fcks\u00e9ges;<\/li><li>meghozatal\u00e1t az adatkezel\u0151re alkalmazand\u00f3 olyan uni\u00f3s vagy tag\u00e1llami jog teszi lehet\u0151v\u00e9, amely \u00d6n jogainak \u00e9s szabads\u00e1gainak, valamint jogos \u00e9rdekeinek v\u00e9delm\u00e9t szolg\u00e1l\u00f3 megfelel\u0151 int\u00e9zked\u00e9seket is meg\u00e1llap\u00edt; vagy<\/li><li>\u00d6n kifejezett hozz\u00e1j\u00e1rul\u00e1s\u00e1n alapul.<\/li><\/ul><p><strong>Int\u00e9zked\u00e9si hat\u00e1rid\u0151<\/strong><\/p><p>Az adatkezel\u0151 indokolatlan k\u00e9sedelem n\u00e9lk\u00fcl, de mindenf\u00e9lek\u00e9ppen a k\u00e9relem be\u00e9rkez\u00e9s\u00e9t\u0151l sz\u00e1m\u00edtott <strong>1 h\u00f3napon bel\u00fcl<\/strong> t\u00e1j\u00e9koztatja \u00d6nt a fenti k\u00e9relmek nyom\u00e1n hozott int\u00e9zked\u00e9sekr\u0151l.<\/p><p>Sz\u00fcks\u00e9g eset\u00e9n ez <strong>2 h\u00f3nappal meghosszabb\u00edthat\u00f3<\/strong>. A hat\u00e1rid\u0151 meghosszabb\u00edt\u00e1s\u00e1r\u00f3l az adatkezel\u0151 a k\u00e9sedelem okainak megjel\u00f6l\u00e9s\u00e9vel a k\u00e9relem k\u00e9zhezv\u00e9tel\u00e9t\u0151l sz\u00e1m\u00edtott <strong>1 h\u00f3napon bel\u00fcl<\/strong> t\u00e1j\u00e9koztatja \u00d6nt.<\/p><p>Ha az adatkezel\u0151 nem tesz int\u00e9zked\u00e9seket \u00d6n k\u00e9relme nyom\u00e1n, <strong>k\u00e9sedelem n\u00e9lk\u00fcl, de legk\u00e9s\u0151bb a k\u00e9relem be\u00e9rkez\u00e9s\u00e9t\u0151l sz\u00e1m\u00edtott egy h\u00f3napon bel\u00fcl t\u00e1j\u00e9koztatja \u00d6nt az int\u00e9zked\u00e9s elmarad\u00e1s\u00e1nak okair\u00f3l<\/strong>, valamint arr\u00f3l, hogy \u00d6n panaszt ny\u00fajthat be valamely fel\u00fcgyeleti hat\u00f3s\u00e1gn\u00e1l, \u00e9s \u00e9lhet b\u00edr\u00f3s\u00e1gi jogorvoslati jog\u00e1val.<\/p><p><strong>Az adatkezel\u00e9s biztons\u00e1ga<\/strong><\/p><p>Az adatkezel\u0151 \u00e9s az adatfeldolgoz\u00f3 a tudom\u00e1ny \u00e9s technol\u00f3gia \u00e1ll\u00e1sa \u00e9s a megval\u00f3s\u00edt\u00e1s k\u00f6lts\u00e9gei, tov\u00e1bb\u00e1 az adatkezel\u00e9s jellege, hat\u00f3k\u00f6re, k\u00f6r\u00fclm\u00e9nyei \u00e9s c\u00e9ljai, valamint a term\u00e9szetes szem\u00e9lyek jogaira \u00e9s szabads\u00e1gaira jelentett, v\u00e1ltoz\u00f3 val\u00f3sz\u00edn\u0171s\u00e9g\u0171 \u00e9s s\u00falyoss\u00e1g\u00fa kock\u00e1zat figyelembev\u00e9tel\u00e9vel megfelel\u0151 technikai \u00e9s szervez\u00e9si int\u00e9zked\u00e9seket hajt v\u00e9gre annak \u00e9rdek\u00e9ben, hogy a kock\u00e1zat m\u00e9rt\u00e9k\u00e9nek megfelel\u0151 szint\u0171 adatbiztons\u00e1got garant\u00e1lja, ide\u00e9rtve, t\u00f6bbek k\u00f6z\u00f6tt, adott esetben:<\/p><ol><li>a szem\u00e9lyes adatok \u00e1lneves\u00edt\u00e9s\u00e9t \u00e9s titkos\u00edt\u00e1s\u00e1t;<\/li><li>a szem\u00e9lyes adatok kezel\u00e9s\u00e9re haszn\u00e1lt rendszerek \u00e9s szolg\u00e1ltat\u00e1sok folyamatos bizalmas jelleg\u00e9nek biztos\u00edt\u00e1s\u00e1t, integrit\u00e1s\u00e1t, rendelkez\u00e9sre \u00e1ll\u00e1s\u00e1t \u00e9s ellen\u00e1ll\u00f3 k\u00e9pess\u00e9g\u00e9t;<\/li><li>fizikai vagy m\u0171szaki incidens eset\u00e9n az arra val\u00f3 k\u00e9pess\u00e9get, hogy a szem\u00e9lyes adatokhoz val\u00f3 hozz\u00e1f\u00e9r\u00e9st \u00e9s az adatok rendelkez\u00e9sre \u00e1ll\u00e1s\u00e1t kell\u0151 id\u0151ben vissza lehet \u00e1ll\u00edtani;<\/li><li>az adatkezel\u00e9s biztons\u00e1g\u00e1nak garant\u00e1l\u00e1s\u00e1ra hozott technikai \u00e9s szervez\u00e9si int\u00e9zked\u00e9sek hat\u00e9konys\u00e1g\u00e1nak rendszeres tesztel\u00e9s\u00e9re, felm\u00e9r\u00e9s\u00e9re \u00e9s \u00e9rt\u00e9kel\u00e9s\u00e9re szolg\u00e1l\u00f3 elj\u00e1r\u00e1st.<\/li><\/ol><p><strong>Az \u00e9rintett t\u00e1j\u00e9koztat\u00e1sa az adatv\u00e9delmi incidensr\u0151l<\/strong><\/p><p>Ha az adatv\u00e9delmi incidens val\u00f3sz\u00edn\u0171s\u00edthet\u0151en magas kock\u00e1zattal j\u00e1r a term\u00e9szetes szem\u00e9lyek jogaira \u00e9s szabads\u00e1gaira n\u00e9zve, az adatkezel\u0151 indokolatlan k\u00e9sedelem n\u00e9lk\u00fcl t\u00e1j\u00e9koztatja az \u00e9rintettet az adatv\u00e9delmi incidensr\u0151l.<\/p><p>Az \u00e9rintett r\u00e9sz\u00e9re adott t\u00e1j\u00e9koztat\u00e1sban <strong>vil\u00e1gosan \u00e9s k\u00f6z\u00e9rthet\u0151en<\/strong> ismertetni kell az adatv\u00e9delmi incidens jelleg\u00e9t, \u00e9s k\u00f6z\u00f6lni kell az adatv\u00e9delmi tisztvisel\u0151 vagy a tov\u00e1bbi t\u00e1j\u00e9koztat\u00e1st ny\u00fajt\u00f3 egy\u00e9b kapcsolattart\u00f3 nev\u00e9t \u00e9s el\u00e9rhet\u0151s\u00e9geit; ismertetni kell az adatv\u00e9delmi incidensb\u0151l ered\u0151, val\u00f3sz\u00edn\u0171s\u00edthet\u0151 k\u00f6vetkezm\u00e9nyeket; ismertetni kell az adatkezel\u0151 \u00e1ltal az adatv\u00e9delmi incidens orvosl\u00e1s\u00e1ra tett vagy tervezett int\u00e9zked\u00e9seket, bele\u00e9rtve adott esetben az adatv\u00e9delmi incidensb\u0151l ered\u0151 esetleges h\u00e1tr\u00e1nyos k\u00f6vetkezm\u00e9nyek enyh\u00edt\u00e9s\u00e9t c\u00e9lz\u00f3 int\u00e9zked\u00e9seket.<\/p><p>Az \u00e9rintettet nem kell t\u00e1j\u00e9koztatni, ha a k\u00f6vetkez\u0151 felt\u00e9telek b\u00e1rmelyike teljes\u00fcl:<\/p><ul><li>az adatkezel\u0151 <strong>megfelel\u0151 technikai \u00e9s szervez\u00e9si v\u00e9delmi int\u00e9zked\u00e9seket hajtott v\u00e9gre<\/strong>, \u00e9s ezeket az int\u00e9zked\u00e9seket az adatv\u00e9delmi incidens \u00e1ltal \u00e9rintett adatok tekintet\u00e9ben alkalmazt\u00e1k, k\u00fcl\u00f6n\u00f6sen azokat az int\u00e9zked\u00e9seket \u2013 mint p\u00e9ld\u00e1ul a titkos\u00edt\u00e1s alkalmaz\u00e1sa \u2013, amelyek a szem\u00e9lyes adatokhoz val\u00f3 hozz\u00e1f\u00e9r\u00e9sre fel nem jogos\u00edtott szem\u00e9lyek sz\u00e1m\u00e1ra <strong>\u00e9rtelmezhetetlenn\u00e9 teszik az adatokat;<\/strong><\/li><li>az adatkezel\u0151 az adatv\u00e9delmi incidenst k\u00f6vet\u0151en olyan tov\u00e1bbi int\u00e9zked\u00e9seket tett, amelyek <strong>biztos\u00edtj\u00e1k, hogy az \u00e9rintett jogaira \u00e9s szabads\u00e1gaira jelentett, magas kock\u00e1zat a tov\u00e1bbiakban val\u00f3sz\u00edn\u0171s\u00edthet\u0151en nem val\u00f3sul meg<\/strong>;<\/li><li>a t\u00e1j\u00e9koztat\u00e1s <strong>ar\u00e1nytalan er\u0151fesz\u00edt\u00e9st tenne sz\u00fcks\u00e9gess\u00e9<\/strong>. Ilyen esetekben az \u00e9rintetteket nyilv\u00e1nosan k\u00f6zz\u00e9tett inform\u00e1ci\u00f3k \u00fatj\u00e1n kell t\u00e1j\u00e9koztatni, vagy olyan hasonl\u00f3 int\u00e9zked\u00e9st kell hozni, amely biztos\u00edtja az \u00e9rintettek hasonl\u00f3an hat\u00e9kony t\u00e1j\u00e9koztat\u00e1s\u00e1t.<\/li><\/ul><p>Ha az adatkezel\u0151 m\u00e9g nem \u00e9rtes\u00edtette az \u00e9rintettet az adatv\u00e9delmi incidensr\u0151l, a fel\u00fcgyeleti hat\u00f3s\u00e1g, miut\u00e1n m\u00e9rlegelte, hogy az adatv\u00e9delmi incidens val\u00f3sz\u00edn\u0171s\u00edthet\u0151en magas kock\u00e1zattal j\u00e1r-e, elrendelheti az \u00e9rintett t\u00e1j\u00e9koztat\u00e1s\u00e1t.<\/p><p><strong>Adatv\u00e9delmi incidens bejelent\u00e9se a hat\u00f3s\u00e1gnak<\/strong><\/p><p>Az adatv\u00e9delmi incidenst az adatkezel\u0151 indokolatlan k\u00e9sedelem n\u00e9lk\u00fcl, \u00e9s ha lehets\u00e9ges, legk\u00e9s\u0151bb 72 \u00f3r\u00e1val azut\u00e1n, hogy az adatv\u00e9delmi incidens a tudom\u00e1s\u00e1ra jutott, bejelenti az 55. cikk alapj\u00e1n illet\u00e9kes fel\u00fcgyeleti hat\u00f3s\u00e1gnak, kiv\u00e9ve, ha az adatv\u00e9delmi incidens val\u00f3sz\u00edn\u0171s\u00edthet\u0151en nem j\u00e1r kock\u00e1zattal a term\u00e9szetes szem\u00e9lyek jogaira \u00e9s szabads\u00e1gaira n\u00e9zve. Ha a bejelent\u00e9s nem t\u00f6rt\u00e9nik meg 72 \u00f3r\u00e1n bel\u00fcl, mell\u00e9kelni kell hozz\u00e1 a k\u00e9sedelem igazol\u00e1s\u00e1ra szolg\u00e1l\u00f3 indokokat is.<\/p><p><strong>Panaszt\u00e9teli lehet\u0151s\u00e9g<\/strong><\/p><p>Az adatkezel\u0151 esetleges jogs\u00e9rt\u00e9se ellen panasszal a Nemzeti Adatv\u00e9delmi \u00e9s Inform\u00e1ci\u00f3szabads\u00e1g Hat\u00f3s\u00e1gn\u00e1l lehet \u00e9lni:<\/p><p>Nemzeti Adatv\u00e9delmi \u00e9s Inform\u00e1ci\u00f3szabads\u00e1g Hat\u00f3s\u00e1g<br \/>1125 Budapest, Szil\u00e1gyi Erzs\u00e9bet fasor 22\/C.<br \/>Levelez\u00e9si c\u00edm: 1530 Budapest, Postafi\u00f3k: 5.<br \/>Telefon: +36 -1-391-1400<br \/>Fax: +36-1-391-1410<br \/>E-mail: <a href=\"mailto:ugyfelszolgalat@naih.hu\">ugyfelszolgalat@naih.hu<\/a><\/p><\/div>\n\t\t\t\t<\/div>\n\t\t\t\t\t\t\t\t<\/div>\n\t\t\t\t\t\t<\/div>\n\t\t\t\t\t<\/div>\n\t\t<\/div>\n\t\t\t\t\t<\/div>\n\t\t<\/section>\n\t\t\t\t<\/div>\n\t\t","protected":false},"excerpt":{"rendered":"<p>Bevezet\u00e9s Az\u00a0ECO-CRANES HUNGARY Daruk \u00e9s Emel\u0151g\u00e9pek Korl\u00e1tolt Felel\u0151ss\u00e9g\u0171 T\u00e1rsas\u00e1g\u00a0(c\u00e9gjegyz\u00e9ksz\u00e1m: 13-09-083304, ad\u00f3sz\u00e1m: 11912606-2-13, sz\u00e9khely: 2151 F\u00f3t, Ybl Mikl\u00f3s utca 42.)\u00a0 (a tov\u00e1bbiakban: Szolg\u00e1ltat\u00f3, adatkezel\u0151) al\u00e1 veti mag\u00e1t a k\u00f6vetkez\u0151 szab\u00e1lyzatnak: A term\u00e9szetes szem\u00e9lyeknek a szem\u00e9lyes adatok kezel\u00e9se tekintet\u00e9ben t\u00f6rt\u00e9n\u0151 v\u00e9delm\u00e9r\u0151l \u00e9s az ilyen adatok szabad \u00e1raml\u00e1s\u00e1r\u00f3l, valamint a 95\/46\/EK rendelet hat\u00e1lyon k\u00edv\u00fcl helyez\u00e9s\u00e9r\u0151l (\u00e1ltal\u00e1nos adatv\u00e9delmi rendelet) [&hellip;]<\/p>\n","protected":false},"author":1,"featured_media":0,"parent":0,"menu_order":0,"comment_status":"closed","ping_status":"open","template":"","meta":{"_acf_changed":false,"footnotes":""},"class_list":["post-7287","page","type-page","status-publish","hentry","no-thumb"],"acf":[],"yoast_head":"<!-- This site is optimized with the Yoast SEO Premium plugin v26.2 (Yoast SEO v26.6) - https:\/\/yoast.com\/wordpress\/plugins\/seo\/ -->\n<title>Adatkezel\u00e9si t\u00e1j\u00e9koztat\u00f3 - Eco-Cranes<\/title>\n<meta name=\"description\" content=\"Az ECO-CRANES HUNGARY Kft. adatkezel\u00e9si t\u00e1j\u00e9koztat\u00f3ja: milyen szem\u00e9lyes adatokat kezel\u00fcnk, milyen c\u00e9lb\u00f3l \u00e9s jogalapon, meddig, \u00e9s \u00d6n hogyan \u00e9lhet a jogaival.\" \/>\n<meta name=\"robots\" content=\"index, follow, max-snippet:-1, max-image-preview:large, max-video-preview:-1\" \/>\n<link rel=\"canonical\" href=\"https:\/\/ecocranes.hu\/en\/adatkezelesi-tajekoztato\/\" \/>\n<meta property=\"og:locale\" content=\"en_GB\" \/>\n<meta property=\"og:type\" content=\"article\" \/>\n<meta property=\"og:title\" content=\"Adatkezel\u00e9si t\u00e1j\u00e9koztat\u00f3\" \/>\n<meta property=\"og:description\" content=\"Az ECO-CRANES HUNGARY Kft. adatkezel\u00e9si t\u00e1j\u00e9koztat\u00f3ja: milyen szem\u00e9lyes adatokat kezel\u00fcnk, milyen c\u00e9lb\u00f3l \u00e9s jogalapon, meddig, \u00e9s \u00d6n hogyan \u00e9lhet a jogaival.\" \/>\n<meta property=\"og:url\" content=\"https:\/\/ecocranes.hu\/en\/adatkezelesi-tajekoztato\/\" \/>\n<meta property=\"og:site_name\" content=\"Eco-Cranes\" \/>\n<meta property=\"article:publisher\" content=\"https:\/\/www.facebook.com\/ecocranes\" \/>\n<meta property=\"article:modified_time\" content=\"2026-08-10T14:58:36+00:00\" \/>\n<meta property=\"og:image\" content=\"https:\/\/ecocranes.hu\/wp-content\/uploads\/2026\/09\/og_ecocranes.jpg\" \/>\n\t<meta property=\"og:image:width\" content=\"1200\" \/>\n\t<meta property=\"og:image:height\" content=\"630\" \/>\n\t<meta property=\"og:image:type\" content=\"image\/jpeg\" \/>\n<meta name=\"twitter:card\" content=\"summary_large_image\" \/>\n<meta name=\"twitter:label1\" content=\"Estimated reading time\" \/>\n\t<meta name=\"twitter:data1\" content=\"32 minutes\" \/>\n<script type=\"application\/ld+json\" class=\"yoast-schema-graph\">{\"@context\":\"https:\/\/schema.org\",\"@graph\":[{\"@type\":\"WebPage\",\"@id\":\"https:\/\/ecocranes.hu\/adatkezelesi-tajekoztato\/\",\"url\":\"https:\/\/ecocranes.hu\/adatkezelesi-tajekoztato\/\",\"name\":\"Adatkezel\u00e9si t\u00e1j\u00e9koztat\u00f3 - Eco-Cranes\",\"isPartOf\":{\"@id\":\"https:\/\/ecocranes.hu\/#website\"},\"datePublished\":\"2018-01-24T13:00:53+00:00\",\"dateModified\":\"2026-08-10T14:58:36+00:00\",\"description\":\"Az ECO-CRANES HUNGARY Kft. adatkezel\u00e9si t\u00e1j\u00e9koztat\u00f3ja: milyen szem\u00e9lyes adatokat kezel\u00fcnk, milyen c\u00e9lb\u00f3l \u00e9s jogalapon, meddig, \u00e9s \u00d6n hogyan \u00e9lhet a jogaival.\",\"breadcrumb\":{\"@id\":\"https:\/\/ecocranes.hu\/adatkezelesi-tajekoztato\/#breadcrumb\"},\"inLanguage\":\"en-GB\",\"potentialAction\":[{\"@type\":\"ReadAction\",\"target\":[\"https:\/\/ecocranes.hu\/adatkezelesi-tajekoztato\/\"]}],\"speakable\":{\"@type\":\"SpeakableSpecification\",\"cssSelector\":[\"h1\",\".elementor-widget-text-editor\"]}},{\"@type\":\"BreadcrumbList\",\"@id\":\"https:\/\/ecocranes.hu\/adatkezelesi-tajekoztato\/#breadcrumb\",\"itemListElement\":[{\"@type\":\"ListItem\",\"position\":1,\"name\":\"Home\",\"item\":\"https:\/\/ecocranes.hu\/en\/\"},{\"@type\":\"ListItem\",\"position\":2,\"name\":\"Adatkezel\u00e9si t\u00e1j\u00e9koztat\u00f3\"}]},{\"@type\":\"WebSite\",\"@id\":\"https:\/\/ecocranes.hu\/#website\",\"url\":\"https:\/\/ecocranes.hu\/\",\"name\":\"Eco-Cranes\",\"description\":\"Daruk \u00e9s emel\u0151g\u00e9pek\",\"publisher\":{\"@id\":\"https:\/\/ecocranes.hu\/#organization\"},\"potentialAction\":[{\"@type\":\"SearchAction\",\"target\":{\"@type\":\"EntryPoint\",\"urlTemplate\":\"https:\/\/ecocranes.hu\/?s={search_term_string}\"},\"query-input\":{\"@type\":\"PropertyValueSpecification\",\"valueRequired\":true,\"valueName\":\"search_term_string\"}}],\"inLanguage\":\"en-GB\"},{\"@type\":\"Organization\",\"@id\":\"https:\/\/ecocranes.hu\/#organization\",\"name\":\"Eco-Cranes\",\"url\":\"https:\/\/ecocranes.hu\/\",\"logo\":{\"@type\":\"ImageObject\",\"inLanguage\":\"en-GB\",\"@id\":\"https:\/\/ecocranes.hu\/#\/schema\/logo\/image\/\",\"url\":\"https:\/\/ecocranes.hu\/wp-content\/uploads\/2025\/09\/eco-cranes-logo.png\",\"contentUrl\":\"https:\/\/ecocranes.hu\/wp-content\/uploads\/2025\/09\/eco-cranes-logo.png\",\"width\":180,\"height\":18,\"caption\":\"Eco-Cranes\"},\"image\":{\"@id\":\"https:\/\/ecocranes.hu\/#\/schema\/logo\/image\/\"},\"sameAs\":[\"https:\/\/www.facebook.com\/ecocranes\"],\"address\":{\"@type\":\"PostalAddress\",\"streetAddress\":\"Ybl Mikl\u00f3s utca 42.\",\"addressLocality\":\"F\u00f3t\",\"postalCode\":\"2151\",\"addressCountry\":\"HU\"},\"geo\":{\"@type\":\"GeoCoordinates\",\"latitude\":47.61583300000000207319317269138991832733154296875,\"longitude\":19.181837000000001580701791681349277496337890625},\"openingHoursSpecification\":[{\"@type\":\"OpeningHoursSpecification\",\"dayOfWeek\":[\"Monday\",\"Tuesday\",\"Wednesday\",\"Thursday\",\"Friday\"],\"opens\":\"08:00\",\"closes\":\"17:00\"}],\"description\":\"Daruk, h\u00edddaruk, forg\u00f3daruk \u00e9s hidraulikus emel\u0151asztalok tervez\u00e9se, gy\u00e1rt\u00e1sa, telep\u00edt\u00e9se, szervize \u00e9s id\u0151szakos vizsg\u00e1lata.\",\"email\":\"info@ecocranes.hu\",\"telephone\":\"+36 27 360823\",\"legalName\":\"ECO-CRANES HUNGARY Daruk \u00e9s Emel\u0151g\u00e9pek Korl\u00e1tolt Felel\u0151ss\u00e9g\u0171 T\u00e1rsas\u00e1g\",\"vatID\":\"11912606-2-13\"}]}<\/script>\n<!-- \/ Yoast SEO Premium plugin. -->","yoast_head_json":{"title":"Privacy Notice - Eco-Cranes","description":"Az ECO-CRANES HUNGARY Kft. adatkezel\u00e9si t\u00e1j\u00e9koztat\u00f3ja: milyen szem\u00e9lyes adatokat kezel\u00fcnk, milyen c\u00e9lb\u00f3l \u00e9s jogalapon, meddig, \u00e9s \u00d6n hogyan \u00e9lhet a jogaival.","robots":{"index":"index","follow":"follow","max-snippet":"max-snippet:-1","max-image-preview":"max-image-preview:large","max-video-preview":"max-video-preview:-1"},"canonical":"https:\/\/ecocranes.hu\/en\/adatkezelesi-tajekoztato\/","og_locale":"en_GB","og_type":"article","og_title":"Adatkezel\u00e9si t\u00e1j\u00e9koztat\u00f3","og_description":"Az ECO-CRANES HUNGARY Kft. adatkezel\u00e9si t\u00e1j\u00e9koztat\u00f3ja: milyen szem\u00e9lyes adatokat kezel\u00fcnk, milyen c\u00e9lb\u00f3l \u00e9s jogalapon, meddig, \u00e9s \u00d6n hogyan \u00e9lhet a jogaival.","og_url":"https:\/\/ecocranes.hu\/en\/adatkezelesi-tajekoztato\/","og_site_name":"Eco-Cranes","article_publisher":"https:\/\/www.facebook.com\/ecocranes","article_modified_time":"2026-08-10T14:58:36+00:00","og_image":[{"width":1200,"height":630,"url":"https:\/\/ecocranes.hu\/wp-content\/uploads\/2026\/09\/og_ecocranes.jpg","type":"image\/jpeg"}],"twitter_card":"summary_large_image","twitter_misc":{"Estimated reading time":"32 minutes"},"schema":{"@context":"https:\/\/schema.org","@graph":[{"@type":"WebPage","@id":"https:\/\/ecocranes.hu\/adatkezelesi-tajekoztato\/","url":"https:\/\/ecocranes.hu\/adatkezelesi-tajekoztato\/","name":"Privacy Notice - Eco-Cranes","isPartOf":{"@id":"https:\/\/ecocranes.hu\/#website"},"datePublished":"2018-01-24T13:00:53+00:00","dateModified":"2026-08-10T14:58:36+00:00","description":"Az ECO-CRANES HUNGARY Kft. adatkezel\u00e9si t\u00e1j\u00e9koztat\u00f3ja: milyen szem\u00e9lyes adatokat kezel\u00fcnk, milyen c\u00e9lb\u00f3l \u00e9s jogalapon, meddig, \u00e9s \u00d6n hogyan \u00e9lhet a jogaival.","breadcrumb":{"@id":"https:\/\/ecocranes.hu\/adatkezelesi-tajekoztato\/#breadcrumb"},"inLanguage":"en-GB","potentialAction":[{"@type":"ReadAction","target":["https:\/\/ecocranes.hu\/adatkezelesi-tajekoztato\/"]}],"speakable":{"@type":"SpeakableSpecification","cssSelector":["h1",".elementor-widget-text-editor"]}},{"@type":"BreadcrumbList","@id":"https:\/\/ecocranes.hu\/adatkezelesi-tajekoztato\/#breadcrumb","itemListElement":[{"@type":"ListItem","position":1,"name":"Home","item":"https:\/\/ecocranes.hu\/en\/"},{"@type":"ListItem","position":2,"name":"Adatkezel\u00e9si t\u00e1j\u00e9koztat\u00f3"}]},{"@type":"WebSite","@id":"https:\/\/ecocranes.hu\/#website","url":"https:\/\/ecocranes.hu\/","name":"Eco-Cranes","description":"Cranes and lifting equipment","publisher":{"@id":"https:\/\/ecocranes.hu\/#organization"},"potentialAction":[{"@type":"SearchAction","target":{"@type":"EntryPoint","urlTemplate":"https:\/\/ecocranes.hu\/?s={search_term_string}"},"query-input":{"@type":"PropertyValueSpecification","valueRequired":true,"valueName":"search_term_string"}}],"inLanguage":"en-GB"},{"@type":"Organization","@id":"https:\/\/ecocranes.hu\/#organization","name":"Eco-Cranes","url":"https:\/\/ecocranes.hu\/","logo":{"@type":"ImageObject","inLanguage":"en-GB","@id":"https:\/\/ecocranes.hu\/#\/schema\/logo\/image\/","url":"https:\/\/ecocranes.hu\/wp-content\/uploads\/2025\/09\/eco-cranes-logo.png","contentUrl":"https:\/\/ecocranes.hu\/wp-content\/uploads\/2025\/09\/eco-cranes-logo.png","width":180,"height":18,"caption":"Eco-Cranes"},"image":{"@id":"https:\/\/ecocranes.hu\/#\/schema\/logo\/image\/"},"sameAs":["https:\/\/www.facebook.com\/ecocranes"],"address":{"@type":"PostalAddress","streetAddress":"Ybl Mikl\u00f3s utca 42.","addressLocality":"F\u00f3t","postalCode":"2151","addressCountry":"HU"},"geo":{"@type":"GeoCoordinates","latitude":47.61583300000000207319317269138991832733154296875,"longitude":19.181837000000001580701791681349277496337890625},"openingHoursSpecification":[{"@type":"OpeningHoursSpecification","dayOfWeek":["Monday","Tuesday","Wednesday","Thursday","Friday"],"opens":"08:00","closes":"17:00"}],"description":"Design, manufacture, installation, servicing and periodic inspection of cranes, bridge cranes, slewing cranes and hydraulic lifting tables.","email":"info@ecocranes.hu","telephone":"+36 27 360823","legalName":"ECO-CRANES HUNGARY Daruk \u00e9s Emel\u0151g\u00e9pek Korl\u00e1tolt Felel\u0151ss\u00e9g\u0171 T\u00e1rsas\u00e1g","vatID":"11912606-2-13"}]}},"_links":{"self":[{"href":"https:\/\/ecocranes.hu\/en\/wp-json\/wp\/v2\/pages\/7287","targetHints":{"allow":["GET"]}}],"collection":[{"href":"https:\/\/ecocranes.hu\/en\/wp-json\/wp\/v2\/pages"}],"about":[{"href":"https:\/\/ecocranes.hu\/en\/wp-json\/wp\/v2\/types\/page"}],"author":[{"embeddable":true,"href":"https:\/\/ecocranes.hu\/en\/wp-json\/wp\/v2\/users\/1"}],"replies":[{"embeddable":true,"href":"https:\/\/ecocranes.hu\/en\/wp-json\/wp\/v2\/comments?post=7287"}],"version-history":[{"count":2,"href":"https:\/\/ecocranes.hu\/en\/wp-json\/wp\/v2\/pages\/7287\/revisions"}],"predecessor-version":[{"id":11200,"href":"https:\/\/ecocranes.hu\/en\/wp-json\/wp\/v2\/pages\/7287\/revisions\/11200"}],"wp:attachment":[{"href":"https:\/\/ecocranes.hu\/en\/wp-json\/wp\/v2\/media?parent=7287"}],"curies":[{"name":"wp","href":"https:\/\/api.w.org\/{rel}","templated":true}]}}