{"id":7283,"date":"2017-12-22T11:46:13","date_gmt":"2017-12-22T10:46:13","guid":{"rendered":"https:\/\/ecocranes.hu\/termekeink\/"},"modified":"2026-09-04T13:47:52","modified_gmt":"2026-09-04T11:47:52","slug":"termekeink","status":"publish","type":"page","link":"https:\/\/ecocranes.hu\/en\/termekeink\/","title":{"rendered":"Our products"},"content":{"rendered":"\t\t<div data-elementor-type=\"wp-page\" data-elementor-id=\"7283\" class=\"elementor elementor-7283\" data-elementor-post-type=\"page\">\n\t\t\t\t\t\t<section class=\"elementor-section elementor-top-section elementor-element elementor-element-ef477b6 elementor-section-boxed elementor-section-height-default elementor-section-height-default\" data-id=\"ef477b6\" data-element_type=\"section\" data-settings=\"{&quot;jet_parallax_layout_list&quot;:[]}\">\n\t\t\t\t\t\t<div class=\"elementor-container elementor-column-gap-default\">\n\t\t\t\t\t\t<\/div>\n\t\t<\/section>\n\t\t<div class=\"elementor-element elementor-element-76ccc0e e-flex e-con-boxed e-con e-parent\" data-id=\"76ccc0e\" data-element_type=\"container\" data-settings=\"{&quot;jet_parallax_layout_list&quot;:[]}\">\n\t\t\t\t\t<div class=\"e-con-inner\">\n\t\t\t\t<div class=\"elementor-element elementor-element-f315ec3 elementor-widget elementor-widget-heading\" data-id=\"f315ec3\" data-element_type=\"widget\" data-widget_type=\"heading.default\">\n\t\t\t\t\t<h3 class=\"elementor-heading-title elementor-size-default\">Term\u00e9keink<\/h3>\t\t\t\t<\/div>\n\t\t\t\t\t<\/div>\n\t\t\t\t<\/div>\n\t\t<div class=\"elementor-element elementor-element-a0ae403 e-flex e-con-boxed e-con e-parent\" data-id=\"a0ae403\" data-element_type=\"container\" data-settings=\"{&quot;jet_parallax_layout_list&quot;:[]}\">\n\t\t\t\t\t<div class=\"e-con-inner\">\n\t\t\t\t<div class=\"elementor-element elementor-element-dd3e5c4 elementor-widget elementor-widget-text-editor\" data-id=\"dd3e5c4\" data-element_type=\"widget\" data-widget_type=\"text-editor.default\">\n\t\t\t\t\t\t\t\t\t<p>Daruk, emel\u0151k, megfog\u00f3k, emel\u0151asztalok, tehermegfog\u00f3k <em><strong>tervez\u00e9se, gy\u00e1rt\u00e1sa \u00e9s forgalmaz\u00e1sa<\/strong><\/em> egyedi ig\u00e9nyeknek is megfelelve. Keressen minket, hogy szakembereinkkel pontos felm\u00e9r\u00e9s k\u00f6vet\u0151en a legjobb megold\u00e1st k\u00edn\u00e1lhassuk c\u00e9g\u00e9nek!<\/p><p>Javaslatunk az <em><strong>ide\u00e1lis emel\u00e9stechnikai eszk\u00f6z<\/strong> <\/em>meghat\u00e1roz\u00e1sa mellett tartalmazza, hanem az \u00fczembe helyez\u00e9s felt\u00e9teleit, illetve t\u00e1j\u00e9koztatjuk arr\u00f3l is, hogy milyen id\u0151k\u00f6z\u00f6nk\u00e9nt sz\u00fcks\u00e9ges az eszk\u00f6z karbantart\u00e1sa.<\/p><p>\u00cdgy <em><strong>a vel\u00fcnk t\u00f6rt\u00e9n\u0151 munka sor\u00e1n<\/strong> <\/em>teljes k\u00e9pet kap arr\u00f3l, hogy daruj\u00e1t, emel\u0151j\u00e9t, teheremel\u0151j\u00e9t hogyan lehet szakszer\u0171en telep\u00edteni, hogyan kell \u00fczemeltetni \u00e9s karbantartani, hogy a lehet\u0151 legtov\u00e1bb \u00e9lvezz\u00e9k a tehermozgat\u00e1sban ny\u00fajtott seg\u00edts\u00e9g\u00e9t.<\/p>\t\t\t\t\t\t\t\t<\/div>\n\t\t\t\t\t<\/div>\n\t\t\t\t<\/div>\n\t\t\t\t<section class=\"elementor-section elementor-top-section elementor-element elementor-element-1d3b7f1 elementor-section-boxed elementor-section-height-default elementor-section-height-default\" data-id=\"1d3b7f1\" data-element_type=\"section\" data-settings=\"{&quot;jet_parallax_layout_list&quot;:[{&quot;jet_parallax_layout_image&quot;:{&quot;url&quot;:&quot;&quot;,&quot;id&quot;:&quot;&quot;,&quot;size&quot;:&quot;&quot;},&quot;_id&quot;:&quot;6f6cc46&quot;,&quot;jet_parallax_layout_image_tablet&quot;:{&quot;url&quot;:&quot;&quot;,&quot;id&quot;:&quot;&quot;,&quot;size&quot;:&quot;&quot;},&quot;jet_parallax_layout_image_mobile&quot;:{&quot;url&quot;:&quot;&quot;,&quot;id&quot;:&quot;&quot;,&quot;size&quot;:&quot;&quot;},&quot;jet_parallax_layout_speed&quot;:{&quot;unit&quot;:&quot;%&quot;,&quot;size&quot;:50,&quot;sizes&quot;:[]},&quot;jet_parallax_layout_type&quot;:&quot;scroll&quot;,&quot;jet_parallax_layout_direction&quot;:&quot;1&quot;,&quot;jet_parallax_layout_fx_direction&quot;:null,&quot;jet_parallax_layout_z_index&quot;:&quot;&quot;,&quot;jet_parallax_layout_bg_x&quot;:50,&quot;jet_parallax_layout_bg_x_tablet&quot;:&quot;&quot;,&quot;jet_parallax_layout_bg_x_mobile&quot;:&quot;&quot;,&quot;jet_parallax_layout_bg_y&quot;:50,&quot;jet_parallax_layout_bg_y_tablet&quot;:&quot;&quot;,&quot;jet_parallax_layout_bg_y_mobile&quot;:&quot;&quot;,&quot;jet_parallax_layout_bg_size&quot;:&quot;auto&quot;,&quot;jet_parallax_layout_bg_size_tablet&quot;:&quot;&quot;,&quot;jet_parallax_layout_bg_size_mobile&quot;:&quot;&quot;,&quot;jet_parallax_layout_animation_prop&quot;:&quot;transform&quot;,&quot;jet_parallax_layout_on&quot;:[&quot;desktop&quot;,&quot;tablet&quot;]}]}\">\n\t\t\t\t\t\t<div class=\"elementor-container elementor-column-gap-default\">\n\t\t\t\t\t<div class=\"elementor-column elementor-col-100 elementor-top-column elementor-element elementor-element-dbe1e0a\" data-id=\"dbe1e0a\" data-element_type=\"column\">\n\t\t\t<div class=\"elementor-widget-wrap elementor-element-populated\">\n\t\t\t\t\t\t<div class=\"elementor-element elementor-element-488bd31 elementor-widget-divider--view-line elementor-widget elementor-widget-divider\" data-id=\"488bd31\" data-element_type=\"widget\" data-widget_type=\"divider.default\">\n\t\t\t\t\t\t\t<div class=\"elementor-divider\">\n\t\t\t<span class=\"elementor-divider-separator\">\n\t\t\t\t\t\t<\/span>\n\t\t<\/div>\n\t\t\t\t\t\t<\/div>\n\t\t\t\t\t<\/div>\n\t\t<\/div>\n\t\t\t\t\t<\/div>\n\t\t<\/section>\n\t\t<div class=\"elementor-element elementor-element-b670d72 e-flex e-con-boxed e-con e-parent\" data-id=\"b670d72\" data-element_type=\"container\" data-settings=\"{&quot;jet_parallax_layout_list&quot;:[]}\">\n\t\t\t\t\t<div class=\"e-con-inner\">\n\t\t\t\t<div class=\"elementor-element elementor-element-047a3ff elementor-widget elementor-widget-text-editor\" data-id=\"047a3ff\" data-element_type=\"widget\" data-widget_type=\"text-editor.default\">\n\t\t\t\t\t\t\t\t\t<p><span style=\"font-size: 30px;\">Daru-, \u00e9s emel\u0151 tervez\u00e9se, gy\u00e1rt\u00e1sa &#8211; H\u00edvjon minket:<br \/><a href=\"tel:+3627360823\">+36 27 360-823<\/a><\/span><\/p>\t\t\t\t\t\t\t\t<\/div>\n\t\t\t\t\t<\/div>\n\t\t\t\t<\/div>\n\t\t\t\t<section class=\"elementor-section elementor-top-section elementor-element elementor-element-71c9a8b elementor-section-boxed elementor-section-height-default elementor-section-height-default\" data-id=\"71c9a8b\" data-element_type=\"section\" data-settings=\"{&quot;jet_parallax_layout_list&quot;:[{&quot;jet_parallax_layout_image&quot;:{&quot;url&quot;:&quot;&quot;,&quot;id&quot;:&quot;&quot;,&quot;size&quot;:&quot;&quot;},&quot;_id&quot;:&quot;6f6cc46&quot;,&quot;jet_parallax_layout_image_tablet&quot;:{&quot;url&quot;:&quot;&quot;,&quot;id&quot;:&quot;&quot;,&quot;size&quot;:&quot;&quot;},&quot;jet_parallax_layout_image_mobile&quot;:{&quot;url&quot;:&quot;&quot;,&quot;id&quot;:&quot;&quot;,&quot;size&quot;:&quot;&quot;},&quot;jet_parallax_layout_speed&quot;:{&quot;unit&quot;:&quot;%&quot;,&quot;size&quot;:50,&quot;sizes&quot;:[]},&quot;jet_parallax_layout_type&quot;:&quot;scroll&quot;,&quot;jet_parallax_layout_direction&quot;:&quot;1&quot;,&quot;jet_parallax_layout_fx_direction&quot;:null,&quot;jet_parallax_layout_z_index&quot;:&quot;&quot;,&quot;jet_parallax_layout_bg_x&quot;:50,&quot;jet_parallax_layout_bg_x_tablet&quot;:&quot;&quot;,&quot;jet_parallax_layout_bg_x_mobile&quot;:&quot;&quot;,&quot;jet_parallax_layout_bg_y&quot;:50,&quot;jet_parallax_layout_bg_y_tablet&quot;:&quot;&quot;,&quot;jet_parallax_layout_bg_y_mobile&quot;:&quot;&quot;,&quot;jet_parallax_layout_bg_size&quot;:&quot;auto&quot;,&quot;jet_parallax_layout_bg_size_tablet&quot;:&quot;&quot;,&quot;jet_parallax_layout_bg_size_mobile&quot;:&quot;&quot;,&quot;jet_parallax_layout_animation_prop&quot;:&quot;transform&quot;,&quot;jet_parallax_layout_on&quot;:[&quot;desktop&quot;,&quot;tablet&quot;]}]}\">\n\t\t\t\t\t\t<div class=\"elementor-container elementor-column-gap-default\">\n\t\t\t\t\t<div class=\"elementor-column elementor-col-100 elementor-top-column elementor-element elementor-element-6c33ac7\" data-id=\"6c33ac7\" data-element_type=\"column\">\n\t\t\t<div class=\"elementor-widget-wrap elementor-element-populated\">\n\t\t\t\t\t\t<div class=\"elementor-element elementor-element-16352e1 elementor-widget-divider--view-line elementor-widget elementor-widget-divider\" data-id=\"16352e1\" data-element_type=\"widget\" data-widget_type=\"divider.default\">\n\t\t\t\t\t\t\t<div class=\"elementor-divider\">\n\t\t\t<span class=\"elementor-divider-separator\">\n\t\t\t\t\t\t<\/span>\n\t\t<\/div>\n\t\t\t\t\t\t<\/div>\n\t\t\t\t\t<\/div>\n\t\t<\/div>\n\t\t\t\t\t<\/div>\n\t\t<\/section>\n\t\t\t\t<\/div>\n\t\t","protected":false},"excerpt":{"rendered":"<p>Term\u00e9keink Daruk, emel\u0151k, megfog\u00f3k, emel\u0151asztalok, tehermegfog\u00f3k tervez\u00e9se, gy\u00e1rt\u00e1sa \u00e9s forgalmaz\u00e1sa egyedi ig\u00e9nyeknek is megfelelve. Keressen minket, hogy szakembereinkkel pontos felm\u00e9r\u00e9s k\u00f6vet\u0151en a legjobb megold\u00e1st k\u00edn\u00e1lhassuk c\u00e9g\u00e9nek! Javaslatunk az ide\u00e1lis emel\u00e9stechnikai eszk\u00f6z meghat\u00e1roz\u00e1sa mellett tartalmazza, hanem az \u00fczembe helyez\u00e9s felt\u00e9teleit, illetve t\u00e1j\u00e9koztatjuk arr\u00f3l is, hogy milyen id\u0151k\u00f6z\u00f6nk\u00e9nt sz\u00fcks\u00e9ges az eszk\u00f6z karbantart\u00e1sa. \u00cdgy a vel\u00fcnk t\u00f6rt\u00e9n\u0151 munka [&hellip;]<\/p>\n","protected":false},"author":1,"featured_media":0,"parent":0,"menu_order":0,"comment_status":"closed","ping_status":"open","template":"","meta":{"_acf_changed":false,"footnotes":""},"class_list":["post-7283","page","type-page","status-publish","hentry","no-thumb"],"acf":[],"yoast_head":"<!-- This site is optimized with the Yoast SEO Premium plugin v26.2 (Yoast SEO v26.6) - https:\/\/yoast.com\/wordpress\/plugins\/seo\/ -->\n<title>Term\u00e9keink: daruk, emel\u0151k, emel\u0151asztalok - Eco-Cranes<\/title>\n<meta name=\"description\" content=\"Daruk, h\u00edddaruk, forg\u00f3daruk, hidraulikus emel\u0151asztalok \u00e9s tehermegfog\u00f3k tervez\u00e9se, gy\u00e1rt\u00e1sa, forgalmaz\u00e1sa egyedi ig\u00e9ny szerint. K\u00e9rjen felm\u00e9r\u00e9st: +36 27 360-823\" \/>\n<meta name=\"robots\" content=\"index, follow, max-snippet:-1, max-image-preview:large, max-video-preview:-1\" \/>\n<link rel=\"canonical\" href=\"https:\/\/ecocranes.hu\/en\/termekeink\/\" \/>\n<meta property=\"og:locale\" content=\"en_GB\" \/>\n<meta property=\"og:type\" content=\"article\" \/>\n<meta property=\"og:title\" content=\"Term\u00e9keink\" \/>\n<meta property=\"og:description\" content=\"Daruk, h\u00edddaruk, forg\u00f3daruk, hidraulikus emel\u0151asztalok \u00e9s tehermegfog\u00f3k tervez\u00e9se, gy\u00e1rt\u00e1sa, forgalmaz\u00e1sa egyedi ig\u00e9ny szerint. K\u00e9rjen felm\u00e9r\u00e9st: +36 27 360-823\" \/>\n<meta property=\"og:url\" content=\"https:\/\/ecocranes.hu\/en\/termekeink\/\" \/>\n<meta property=\"og:site_name\" content=\"Eco-Cranes\" \/>\n<meta property=\"article:publisher\" content=\"https:\/\/www.facebook.com\/ecocranes\" \/>\n<meta property=\"article:modified_time\" content=\"2026-09-04T11:47:52+00:00\" \/>\n<meta property=\"og:image\" content=\"https:\/\/ecocranes.hu\/wp-content\/uploads\/2026\/09\/og_ecocranes.jpg\" \/>\n\t<meta property=\"og:image:width\" content=\"1200\" \/>\n\t<meta property=\"og:image:height\" content=\"630\" \/>\n\t<meta property=\"og:image:type\" content=\"image\/jpeg\" \/>\n<meta name=\"twitter:card\" content=\"summary_large_image\" \/>\n<meta name=\"twitter:label1\" content=\"Estimated reading time\" \/>\n\t<meta name=\"twitter:data1\" content=\"1 minute\" \/>\n<script type=\"application\/ld+json\" class=\"yoast-schema-graph\">{\"@context\":\"https:\/\/schema.org\",\"@graph\":[{\"@type\":\"WebPage\",\"@id\":\"https:\/\/ecocranes.hu\/termekeink\/\",\"url\":\"https:\/\/ecocranes.hu\/termekeink\/\",\"name\":\"Term\u00e9keink: daruk, emel\u0151k, emel\u0151asztalok - Eco-Cranes\",\"isPartOf\":{\"@id\":\"https:\/\/ecocranes.hu\/#website\"},\"datePublished\":\"2017-12-22T10:46:13+00:00\",\"dateModified\":\"2026-09-04T11:47:52+00:00\",\"description\":\"Daruk, h\u00edddaruk, forg\u00f3daruk, hidraulikus emel\u0151asztalok \u00e9s tehermegfog\u00f3k tervez\u00e9se, gy\u00e1rt\u00e1sa, forgalmaz\u00e1sa egyedi ig\u00e9ny szerint. K\u00e9rjen felm\u00e9r\u00e9st: +36 27 360-823\",\"breadcrumb\":{\"@id\":\"https:\/\/ecocranes.hu\/termekeink\/#breadcrumb\"},\"inLanguage\":\"en-GB\",\"potentialAction\":[{\"@type\":\"ReadAction\",\"target\":[\"https:\/\/ecocranes.hu\/termekeink\/\"]}],\"speakable\":{\"@type\":\"SpeakableSpecification\",\"cssSelector\":[\"h1\",\".elementor-widget-text-editor\"]}},{\"@type\":\"BreadcrumbList\",\"@id\":\"https:\/\/ecocranes.hu\/termekeink\/#breadcrumb\",\"itemListElement\":[{\"@type\":\"ListItem\",\"position\":1,\"name\":\"Home\",\"item\":\"https:\/\/ecocranes.hu\/en\/\"},{\"@type\":\"ListItem\",\"position\":2,\"name\":\"Term\u00e9keink\"}]},{\"@type\":\"WebSite\",\"@id\":\"https:\/\/ecocranes.hu\/#website\",\"url\":\"https:\/\/ecocranes.hu\/\",\"name\":\"Eco-Cranes\",\"description\":\"Daruk \u00e9s emel\u0151g\u00e9pek\",\"publisher\":{\"@id\":\"https:\/\/ecocranes.hu\/#organization\"},\"potentialAction\":[{\"@type\":\"SearchAction\",\"target\":{\"@type\":\"EntryPoint\",\"urlTemplate\":\"https:\/\/ecocranes.hu\/?s={search_term_string}\"},\"query-input\":{\"@type\":\"PropertyValueSpecification\",\"valueRequired\":true,\"valueName\":\"search_term_string\"}}],\"inLanguage\":\"en-GB\"},{\"@type\":\"Organization\",\"@id\":\"https:\/\/ecocranes.hu\/#organization\",\"name\":\"Eco-Cranes\",\"url\":\"https:\/\/ecocranes.hu\/\",\"logo\":{\"@type\":\"ImageObject\",\"inLanguage\":\"en-GB\",\"@id\":\"https:\/\/ecocranes.hu\/#\/schema\/logo\/image\/\",\"url\":\"https:\/\/ecocranes.hu\/wp-content\/uploads\/2025\/09\/eco-cranes-logo.png\",\"contentUrl\":\"https:\/\/ecocranes.hu\/wp-content\/uploads\/2025\/09\/eco-cranes-logo.png\",\"width\":180,\"height\":18,\"caption\":\"Eco-Cranes\"},\"image\":{\"@id\":\"https:\/\/ecocranes.hu\/#\/schema\/logo\/image\/\"},\"sameAs\":[\"https:\/\/www.facebook.com\/ecocranes\"],\"address\":{\"@type\":\"PostalAddress\",\"streetAddress\":\"Ybl Mikl\u00f3s utca 42.\",\"addressLocality\":\"F\u00f3t\",\"postalCode\":\"2151\",\"addressCountry\":\"HU\"},\"geo\":{\"@type\":\"GeoCoordinates\",\"latitude\":47.61583300000000207319317269138991832733154296875,\"longitude\":19.181837000000001580701791681349277496337890625},\"openingHoursSpecification\":[{\"@type\":\"OpeningHoursSpecification\",\"dayOfWeek\":[\"Monday\",\"Tuesday\",\"Wednesday\",\"Thursday\",\"Friday\"],\"opens\":\"08:00\",\"closes\":\"17:00\"}],\"description\":\"Daruk, h\u00edddaruk, forg\u00f3daruk \u00e9s hidraulikus emel\u0151asztalok tervez\u00e9se, gy\u00e1rt\u00e1sa, telep\u00edt\u00e9se, szervize \u00e9s id\u0151szakos vizsg\u00e1lata.\",\"email\":\"info@ecocranes.hu\",\"telephone\":\"+36 27 360823\",\"legalName\":\"ECO-CRANES HUNGARY Daruk \u00e9s Emel\u0151g\u00e9pek Korl\u00e1tolt Felel\u0151ss\u00e9g\u0171 T\u00e1rsas\u00e1g\",\"vatID\":\"11912606-2-13\"}]}<\/script>\n<!-- \/ Yoast SEO Premium plugin. -->","yoast_head_json":{"title":"Term\u00e9keink: daruk, emel\u0151k, emel\u0151asztalok - Eco-Cranes","description":"Daruk, h\u00edddaruk, forg\u00f3daruk, hidraulikus emel\u0151asztalok \u00e9s tehermegfog\u00f3k tervez\u00e9se, gy\u00e1rt\u00e1sa, forgalmaz\u00e1sa egyedi ig\u00e9ny szerint. K\u00e9rjen felm\u00e9r\u00e9st: +36 27 360-823","robots":{"index":"index","follow":"follow","max-snippet":"max-snippet:-1","max-image-preview":"max-image-preview:large","max-video-preview":"max-video-preview:-1"},"canonical":"https:\/\/ecocranes.hu\/en\/termekeink\/","og_locale":"en_GB","og_type":"article","og_title":"Term\u00e9keink","og_description":"Daruk, h\u00edddaruk, forg\u00f3daruk, hidraulikus emel\u0151asztalok \u00e9s tehermegfog\u00f3k tervez\u00e9se, gy\u00e1rt\u00e1sa, forgalmaz\u00e1sa egyedi ig\u00e9ny szerint. K\u00e9rjen felm\u00e9r\u00e9st: +36 27 360-823","og_url":"https:\/\/ecocranes.hu\/en\/termekeink\/","og_site_name":"Eco-Cranes","article_publisher":"https:\/\/www.facebook.com\/ecocranes","article_modified_time":"2026-09-04T11:47:52+00:00","og_image":[{"width":1200,"height":630,"url":"https:\/\/ecocranes.hu\/wp-content\/uploads\/2026\/09\/og_ecocranes.jpg","type":"image\/jpeg"}],"twitter_card":"summary_large_image","twitter_misc":{"Estimated reading time":"1 minute"},"schema":{"@context":"https:\/\/schema.org","@graph":[{"@type":"WebPage","@id":"https:\/\/ecocranes.hu\/termekeink\/","url":"https:\/\/ecocranes.hu\/termekeink\/","name":"Term\u00e9keink: daruk, emel\u0151k, emel\u0151asztalok - Eco-Cranes","isPartOf":{"@id":"https:\/\/ecocranes.hu\/#website"},"datePublished":"2017-12-22T10:46:13+00:00","dateModified":"2026-09-04T11:47:52+00:00","description":"Daruk, h\u00edddaruk, forg\u00f3daruk, hidraulikus emel\u0151asztalok \u00e9s tehermegfog\u00f3k tervez\u00e9se, gy\u00e1rt\u00e1sa, forgalmaz\u00e1sa egyedi ig\u00e9ny szerint. K\u00e9rjen felm\u00e9r\u00e9st: +36 27 360-823","breadcrumb":{"@id":"https:\/\/ecocranes.hu\/termekeink\/#breadcrumb"},"inLanguage":"en-GB","potentialAction":[{"@type":"ReadAction","target":["https:\/\/ecocranes.hu\/termekeink\/"]}],"speakable":{"@type":"SpeakableSpecification","cssSelector":["h1",".elementor-widget-text-editor"]}},{"@type":"BreadcrumbList","@id":"https:\/\/ecocranes.hu\/termekeink\/#breadcrumb","itemListElement":[{"@type":"ListItem","position":1,"name":"Home","item":"https:\/\/ecocranes.hu\/en\/"},{"@type":"ListItem","position":2,"name":"Term\u00e9keink"}]},{"@type":"WebSite","@id":"https:\/\/ecocranes.hu\/#website","url":"https:\/\/ecocranes.hu\/","name":"Eco-Cranes","description":"Cranes and lifting equipment","publisher":{"@id":"https:\/\/ecocranes.hu\/#organization"},"potentialAction":[{"@type":"SearchAction","target":{"@type":"EntryPoint","urlTemplate":"https:\/\/ecocranes.hu\/?s={search_term_string}"},"query-input":{"@type":"PropertyValueSpecification","valueRequired":true,"valueName":"search_term_string"}}],"inLanguage":"en-GB"},{"@type":"Organization","@id":"https:\/\/ecocranes.hu\/#organization","name":"Eco-Cranes","url":"https:\/\/ecocranes.hu\/","logo":{"@type":"ImageObject","inLanguage":"en-GB","@id":"https:\/\/ecocranes.hu\/#\/schema\/logo\/image\/","url":"https:\/\/ecocranes.hu\/wp-content\/uploads\/2025\/09\/eco-cranes-logo.png","contentUrl":"https:\/\/ecocranes.hu\/wp-content\/uploads\/2025\/09\/eco-cranes-logo.png","width":180,"height":18,"caption":"Eco-Cranes"},"image":{"@id":"https:\/\/ecocranes.hu\/#\/schema\/logo\/image\/"},"sameAs":["https:\/\/www.facebook.com\/ecocranes"],"address":{"@type":"PostalAddress","streetAddress":"Ybl Mikl\u00f3s utca 42.","addressLocality":"F\u00f3t","postalCode":"2151","addressCountry":"HU"},"geo":{"@type":"GeoCoordinates","latitude":47.61583300000000207319317269138991832733154296875,"longitude":19.181837000000001580701791681349277496337890625},"openingHoursSpecification":[{"@type":"OpeningHoursSpecification","dayOfWeek":["Monday","Tuesday","Wednesday","Thursday","Friday"],"opens":"08:00","closes":"17:00"}],"description":"Design, manufacture, installation, servicing and periodic inspection of cranes, bridge cranes, slewing cranes and hydraulic lifting tables.","email":"info@ecocranes.hu","telephone":"+36 27 360823","legalName":"ECO-CRANES HUNGARY Daruk \u00e9s Emel\u0151g\u00e9pek Korl\u00e1tolt Felel\u0151ss\u00e9g\u0171 T\u00e1rsas\u00e1g","vatID":"11912606-2-13"}]}},"_links":{"self":[{"href":"https:\/\/ecocranes.hu\/en\/wp-json\/wp\/v2\/pages\/7283","targetHints":{"allow":["GET"]}}],"collection":[{"href":"https:\/\/ecocranes.hu\/en\/wp-json\/wp\/v2\/pages"}],"about":[{"href":"https:\/\/ecocranes.hu\/en\/wp-json\/wp\/v2\/types\/page"}],"author":[{"embeddable":true,"href":"https:\/\/ecocranes.hu\/en\/wp-json\/wp\/v2\/users\/1"}],"replies":[{"embeddable":true,"href":"https:\/\/ecocranes.hu\/en\/wp-json\/wp\/v2\/comments?post=7283"}],"version-history":[{"count":2,"href":"https:\/\/ecocranes.hu\/en\/wp-json\/wp\/v2\/pages\/7283\/revisions"}],"predecessor-version":[{"id":11907,"href":"https:\/\/ecocranes.hu\/en\/wp-json\/wp\/v2\/pages\/7283\/revisions\/11907"}],"wp:attachment":[{"href":"https:\/\/ecocranes.hu\/en\/wp-json\/wp\/v2\/media?parent=7283"}],"curies":[{"name":"wp","href":"https:\/\/api.w.org\/{rel}","templated":true}]}}